{"version":"1.0","provider_name":"UFB","provider_url":"https:\/\/ufb.be\/en\/","author_name":"ufb","author_url":"https:\/\/ufb.be\/en\/author\/ufb\/","title":"Emma\u00fcs Li\u00e8ge asbl - Logement d'insertion pour hommes - UFB","type":"rich","width":600,"height":338,"html":"<blockquote class=\"wp-embedded-content\" data-secret=\"N3FYZw1ZPE\"><a href=\"https:\/\/ufb.be\/en\/beneficiary\/emmaus-liege-asbl-logement-dinsertion-pour-hommes\/\">Emma\u00fcs Li\u00e8ge asbl &#8211; Logement d&#8217;insertion pour hommes<\/a><\/blockquote><iframe sandbox=\"allow-scripts\" security=\"restricted\" src=\"https:\/\/ufb.be\/en\/beneficiary\/emmaus-liege-asbl-logement-dinsertion-pour-hommes\/embed\/#?secret=N3FYZw1ZPE\" width=\"600\" height=\"338\" title=\"&#8220;Emma\u00fcs Li\u00e8ge asbl &#8211; Logement d&#8217;insertion pour hommes&#8221; &#8212; UFB\" data-secret=\"N3FYZw1ZPE\" frameborder=\"0\" marginwidth=\"0\" marginheight=\"0\" scrolling=\"no\" class=\"wp-embedded-content\"><\/iframe><script type=\"text\/javascript\">\n\/* <![CDATA[ *\/\n\/*! This file is auto-generated *\/\n!function(d,l){\"use strict\";l.querySelector&&d.addEventListener&&\"undefined\"!=typeof URL&&(d.wp=d.wp||{},d.wp.receiveEmbedMessage||(d.wp.receiveEmbedMessage=function(e){var t=e.data;if((t||t.secret||t.message||t.value)&&!\/[^a-zA-Z0-9]\/.test(t.secret)){for(var s,r,n,a=l.querySelectorAll('iframe[data-secret=\"'+t.secret+'\"]'),o=l.querySelectorAll('blockquote[data-secret=\"'+t.secret+'\"]'),c=new RegExp(\"^https?:$\",\"i\"),i=0;i<o.length;i++)o[i].style.display=\"none\";for(i=0;i<a.length;i++)s=a[i],e.source===s.contentWindow&&(s.removeAttribute(\"style\"),\"height\"===t.message?(1e3<(r=parseInt(t.value,10))?r=1e3:~~r<200&&(r=200),s.height=r):\"link\"===t.message&&(r=new URL(s.getAttribute(\"src\")),n=new URL(t.value),c.test(n.protocol))&&n.host===r.host&&l.activeElement===s&&(d.top.location.href=t.value))}},d.addEventListener(\"message\",d.wp.receiveEmbedMessage,!1),l.addEventListener(\"DOMContentLoaded\",function(){for(var e,t,s=l.querySelectorAll(\"iframe.wp-embedded-content\"),r=0;r<s.length;r++)(t=(e=s[r]).getAttribute(\"data-secret\"))||(t=Math.random().toString(36).substring(2,12),e.src+=\"#?secret=\"+t,e.setAttribute(\"data-secret\",t)),e.contentWindow.postMessage({message:\"ready\",secret:t},\"*\")},!1)))}(window,document);\n\/\/# sourceURL=https:\/\/ufb.be\/wp-includes\/js\/wp-embed.min.js\n\/* ]]> *\/\n<\/script>\n","thumbnail_url":"https:\/\/ufb.be\/wp-content\/uploads\/2022\/08\/imageemmausliege.png","thumbnail_width":1920,"thumbnail_height":1080,"description":"L&#8217;ORGANISATION EN QUELQUES LIGNES L\u2019Asbl Emma\u00fcs Li\u00e8ge cr\u00e9e en 1982,\u00a0 a pour mission d\u2019h\u00e9berger 12 hommes majeurs pr\u00e9sentant des difficult\u00e9s d\u2019ordres sociales, familiales, financi\u00e8res ou de logement.\u00a0 L\u2019h\u00e9bergement propos\u00e9 est un logement d\u2019insertion limit\u00e9 \u00e0\u00a0 9 mois. Notre petite structure permet d\u2019offrir \u00e0 chaque h\u00e9berg\u00e9, un logement de type familial avec un suivi individuel tr\u00e8s [&hellip;]"}