{"version":"1.0","provider_name":"UFB","provider_url":"https:\/\/ufb.be\/en\/","author_name":"ufb","author_url":"https:\/\/ufb.be\/en\/author\/ufb\/","title":"Les Cailloux asbl - Centre d'h\u00e9bergement pour enfants - UFB","type":"rich","width":600,"height":338,"html":"<blockquote class=\"wp-embedded-content\" data-secret=\"HIqLlAaa6k\"><a href=\"https:\/\/ufb.be\/en\/beneficiary\/les-cailloux-asbl-centre-dhebergement-pour-enfants\/\">Les Cailloux asbl &#8211; Centre d&#8217;h\u00e9bergement pour enfants<\/a><\/blockquote><iframe sandbox=\"allow-scripts\" security=\"restricted\" src=\"https:\/\/ufb.be\/en\/beneficiary\/les-cailloux-asbl-centre-dhebergement-pour-enfants\/embed\/#?secret=HIqLlAaa6k\" width=\"600\" height=\"338\" title=\"&#8220;Les Cailloux asbl &#8211; Centre d&#8217;h\u00e9bergement pour enfants&#8221; &#8212; UFB\" data-secret=\"HIqLlAaa6k\" frameborder=\"0\" marginwidth=\"0\" marginheight=\"0\" scrolling=\"no\" class=\"wp-embedded-content\"><\/iframe><script type=\"text\/javascript\">\n\/* <![CDATA[ *\/\n\/*! This file is auto-generated *\/\n!function(d,l){\"use strict\";l.querySelector&&d.addEventListener&&\"undefined\"!=typeof URL&&(d.wp=d.wp||{},d.wp.receiveEmbedMessage||(d.wp.receiveEmbedMessage=function(e){var t=e.data;if((t||t.secret||t.message||t.value)&&!\/[^a-zA-Z0-9]\/.test(t.secret)){for(var s,r,n,a=l.querySelectorAll('iframe[data-secret=\"'+t.secret+'\"]'),o=l.querySelectorAll('blockquote[data-secret=\"'+t.secret+'\"]'),c=new RegExp(\"^https?:$\",\"i\"),i=0;i<o.length;i++)o[i].style.display=\"none\";for(i=0;i<a.length;i++)s=a[i],e.source===s.contentWindow&&(s.removeAttribute(\"style\"),\"height\"===t.message?(1e3<(r=parseInt(t.value,10))?r=1e3:~~r<200&&(r=200),s.height=r):\"link\"===t.message&&(r=new URL(s.getAttribute(\"src\")),n=new URL(t.value),c.test(n.protocol))&&n.host===r.host&&l.activeElement===s&&(d.top.location.href=t.value))}},d.addEventListener(\"message\",d.wp.receiveEmbedMessage,!1),l.addEventListener(\"DOMContentLoaded\",function(){for(var e,t,s=l.querySelectorAll(\"iframe.wp-embedded-content\"),r=0;r<s.length;r++)(t=(e=s[r]).getAttribute(\"data-secret\"))||(t=Math.random().toString(36).substring(2,12),e.src+=\"#?secret=\"+t,e.setAttribute(\"data-secret\",t)),e.contentWindow.postMessage({message:\"ready\",secret:t},\"*\")},!1)))}(window,document);\n\/\/# sourceURL=https:\/\/ufb.be\/wp-includes\/js\/wp-embed.min.js\n\/* ]]> *\/\n<\/script>\n","thumbnail_url":"https:\/\/ufb.be\/wp-content\/uploads\/2022\/10\/image_lescailloux.png","thumbnail_width":750,"thumbnail_height":496,"description":"PR\u00c9SENTEZ L&#8217;ORGANISATION EN QUELQUES LIGNES L\u2019ASBL \u00ab Les Cailloux \u00bb a \u00e9t\u00e9 cr\u00e9\u00e9e en 1948 et est agr\u00e9\u00e9e comme centre d\u2019h\u00e9bergement (CH) par le service PHARE de la COCOF pour la prise en charge en r\u00e9gime d\u2019internat de trente enfants et adolescents (6-18 ans) pr\u00e9sentant des troubles du comportement. L\u2019ASBL offre une aide sp\u00e9cialis\u00e9e et [&hellip;]"}