{"id":17797,"date":"2021-08-24T16:10:44","date_gmt":"2021-08-24T16:10:44","guid":{"rendered":"https:\/\/ufb.be\/?post_type=beneficiary&#038;p=17797"},"modified":"2025-05-12T12:43:53","modified_gmt":"2025-05-12T11:43:53","slug":"nos-oignons-asbl-agriculture-sociale","status":"publish","type":"beneficiary","link":"https:\/\/ufb.be\/en\/beneficiary\/nos-oignons-asbl-agriculture-sociale\/","title":{"rendered":"Nos Oignons asbl &#8211; Agriculture sociale"},"content":{"rendered":"<p><span style=\"color: #b31218;\"><strong>PRESENTATION DE L&#8217;ORGANISATION<\/strong><\/span><\/p>\n<p>Fond\u00e9e en 2012, \u00ab Nos Oignons \u00bb organise des ateliers collectifs de mara\u00eechage et savoir-faire paysans \u00e0 Bruxelles et dans le Brabant wallon au profit des patients d\u2019institutions de soin en sant\u00e9 mentale, et plus largement au profit de b\u00e9n\u00e9ficiaires d\u2019aide sociale.<\/p>\n<p>L\u2019objectif de l\u2019asbl \u00ab\u00a0Nos Oignons\u00a0\u00bb est de renforcer l&#8217;inclusion sociale de diff\u00e9rents publics, tout en soutenant les dynamiques de transition vers une agriculture durable. D&#8217;autre part, Nos Oignons est associ\u00e9e \u00e0 deux projets-pilotes qui proposent des exp\u00e9riences individuelles dans des fermes wallonnes.<\/p>\n<p><img decoding=\"async\" class=\"size-medium wp-image-18070 aligncenter\" src=\"https:\/\/ufb.be\/wp-content\/uploads\/2021\/08\/logo-NO-300x164.png\" alt=\"\" width=\"300\" height=\"164\" srcset=\"https:\/\/ufb.be\/wp-content\/uploads\/2021\/08\/logo-NO-300x164.png 300w, https:\/\/ufb.be\/wp-content\/uploads\/2021\/08\/logo-NO-1024x559.png 1024w, https:\/\/ufb.be\/wp-content\/uploads\/2021\/08\/logo-NO-768x419.png 768w, https:\/\/ufb.be\/wp-content\/uploads\/2021\/08\/logo-NO-600x327.png 600w, https:\/\/ufb.be\/wp-content\/uploads\/2021\/08\/logo-NO.png 1252w\" sizes=\"(max-width: 300px) 100vw, 300px\" \/><\/p>\n<p><span style=\"color: #b31218;\"><strong>EVENEMENTS MARQUANTS DE L&#8217;ORGANISATION<\/strong><\/span><\/p>\n<p>Depuis 2012 et son premier atelier hebdomadaire men\u00e9 par des volontaires pour les patients du Club Antonin Artaud (Bruxelles), Nos Oignons a connu un d\u00e9veloppement progressif. En 2017, 3 partenaires agricoles (mara\u00eechers professionnels) et 10 institutions bruxelloises et braban\u00e7onnes partenaires \u00e9taient simultan\u00e9ment impliqu\u00e9s. 109 ateliers collectifs \u00e9taient organis\u00e9s sur l\u2019ann\u00e9e, touchant 45 personnes diff\u00e9rentes (en moyenne de 4,5\/atelier), et 13 volontaires. La situation in\u00e9dite du coronavirus a bien s\u00fbr constitu\u00e9 une \u00e9preuve. Mais l\u2019organisation de nos ateliers collectifs est rest\u00e9e possible gr\u00e2ce \u00e0 une bonne dose de cr\u00e9ativit\u00e9 et \u00e0 la vigueur de nos partenaires agricoles.<\/p>\n<p>&nbsp;<\/p>\n<p><span style=\"color: #b31218;\"><strong>PROJETS, MISIONS ET ACTIVITES<\/strong><\/span><\/p>\n<p>Nous sommes actuellement actifs sur 4 sites o\u00f9 nous organisons des ateliers collectifs : au \u00ab Jardin des Saules \u00bb \u00e0 Haut-Ittre, \u00e0 la \u00ab Ferme de la Distillerie \u00bb \u00e0 Bousval (Genappe), \u00e0 la Ferme Urbaine \u00e0 Neder-Over-Hembeek et au Champ du Chaudron \u00e0 Anderlecht. En 2021, nous avons \u00e9largis nos ambitions et avons lanc\u00e9 une large recherche de subsides afin, entre autres, de renforcer nos 4 partenariats existants et d\u00e9ployer un nouveau site en 2021 \u00e0 Ottignies. A partir de 2022 et sur base de ces 5 sites stables et p\u00e9rennes, nous aurions les moyens d\u2019ouvrir un cinqui\u00e8me lieu dans la r\u00e9gion de Grez-Doiceau et d\u2019accompagner de nouveaux sites, par exemple \u00e0 la demande d\u2019institutions, d\u2019agriculteurs ou de citoyens (qui nous en font d\u00e9j\u00e0 la demande explicite).<\/p>\n<p><img decoding=\"async\" class=\"alignnone wp-image-18077\" src=\"https:\/\/ufb.be\/wp-content\/uploads\/2021\/08\/Capture-decran-5-300x109.png\" alt=\"\" width=\"349\" height=\"127\" srcset=\"https:\/\/ufb.be\/wp-content\/uploads\/2021\/08\/Capture-decran-5-300x109.png 300w, https:\/\/ufb.be\/wp-content\/uploads\/2021\/08\/Capture-decran-5-1024x373.png 1024w, https:\/\/ufb.be\/wp-content\/uploads\/2021\/08\/Capture-decran-5-768x280.png 768w, https:\/\/ufb.be\/wp-content\/uploads\/2021\/08\/Capture-decran-5-600x218.png 600w, https:\/\/ufb.be\/wp-content\/uploads\/2021\/08\/Capture-decran-5.png 1376w\" sizes=\"(max-width: 349px) 100vw, 349px\" \/><\/p>\n<p><span style=\"color: #b31218;\"><strong>TEMOIGNAGE<\/strong><\/span><\/p>\n<p>Gr\u00e9gory, charg\u00e9 de mission pour le Brabant wallon\u00a0: &#8220;L&#8217;aventure avec Nos Oignons est quelque chose d&#8217;assez hors du commun : \u00e7a repr\u00e9sente travailler dans l&#8217;agriculture sociale, \u00eatre en contact avec le monde agricole ainsi qu&#8217;avec les r\u00e9alit\u00e9s sociales souvent taboues de notre soci\u00e9t\u00e9, et d\u00e9velopper un regard non jugeant, et surtout non paternaliste. C&#8217;est faire de la th\u00e9rapie communautaire et institutionnelle au milieu des champs. La dynamique des ateliers est aujourd\u2019hui de plus en plus auto-port\u00e9e par les personnes qui participent aux ateliers et petit \u00e0 petit nous voyons les b\u00e9n\u00e9fices que peut avoir ce genre de projet sur les personnes, c&#8217;est tr\u00e8s motivant !&#8221;<\/p>\n<p><img fetchpriority=\"high\" decoding=\"async\" class=\"size-medium wp-image-18080 aligncenter\" src=\"https:\/\/ufb.be\/wp-content\/uploads\/2021\/08\/Chalet-Nos-Oignons-Haut-Ittre-scaled-1-300x225.jpg\" alt=\"\" width=\"300\" height=\"225\" srcset=\"https:\/\/ufb.be\/wp-content\/uploads\/2021\/08\/Chalet-Nos-Oignons-Haut-Ittre-scaled-1-300x225.jpg 300w, https:\/\/ufb.be\/wp-content\/uploads\/2021\/08\/Chalet-Nos-Oignons-Haut-Ittre-scaled-1-1024x768.jpg 1024w, https:\/\/ufb.be\/wp-content\/uploads\/2021\/08\/Chalet-Nos-Oignons-Haut-Ittre-scaled-1-768x576.jpg 768w, https:\/\/ufb.be\/wp-content\/uploads\/2021\/08\/Chalet-Nos-Oignons-Haut-Ittre-scaled-1-1536x1152.jpg 1536w, https:\/\/ufb.be\/wp-content\/uploads\/2021\/08\/Chalet-Nos-Oignons-Haut-Ittre-scaled-1-2048x1536.jpg 2048w, https:\/\/ufb.be\/wp-content\/uploads\/2021\/08\/Chalet-Nos-Oignons-Haut-Ittre-scaled-1-600x450.jpg 600w\" sizes=\"(max-width: 300px) 100vw, 300px\" \/><\/p>\n<p>&nbsp;<\/p>\n<p><span style=\"color: #b31218;\"><strong>TEMOIGNAGE &#8211; REMERCIEMENT POUR UFB<\/strong><\/span><\/p>\n<p>\u00ab\u00a0<em>L&#8217;objectif de l&#8217;asbl Nos Oignons est de permettre \u00e0 un large public, et particuli\u00e8rement \u00e0 des personnes qui fr\u00e9quentent ou ont fr\u00e9quent\u00e9 des institutions du secteur de la sant\u00e9 mentale l&#8217;acc\u00e8s et la participation \u00e0 des processus de production s&#8217;inscrivant dans la lign\u00e9e d&#8217;une agriculture biologique.<\/em><\/p>\n<p><em>Nos Oignons d\u00e9veloppe actuellement ses ateliers collectifs sur quatre sites (Bousval, Haut-Ittre, Anderlecht et Neder-Over-Heembeek). Il est important pour le bon d\u00e9roulement des activit\u00e9s que les participants aux activit\u00e9s de Nos Oignons disposent d&#8217;un local confortable et \u00e9quip\u00e9 afin de leur permettre de s&#8217;abriter ou prendre une boisson chaude, se retrouver parfois un peu seul lors de moments plus difficiles, etc. Nous disposons d&#8217;une roulotte \u00e0 Anderlecht ; le site de Bousval a lui \u00e9t\u00e9 \u00e9quip\u00e9 d&#8217;une caravane, qui avait fait l&#8217;objet d&#8217;une ancienne demande de financement \u00e0 UFB ; \u00e0 Haut-Ittre, le local que l&#8217;agriculteur mettait \u00e0 notre disposition jusqu&#8217;\u00e0 pr\u00e9sent, n&#8217;\u00e9tait plus disponible. Gr\u00e2ce \u00e0 l&#8217;aide de UFB, nous avons pu installer un chalet confortable. Nous remercions chaleureusement UFB pour son aide pr\u00e9cieuse \u00e0 la r\u00e9alisation de ce projet !<\/em> \u00bb Samuel Hubaux, Coordinateur<\/p>\n<p>&nbsp;<\/p>\n","protected":false},"featured_media":18046,"parent":0,"template":"","meta":{"_acf_changed":false},"class_list":["post-17797","beneficiary","type-beneficiary","status-publish","has-post-thumbnail","hentry","year_type-242","province_type-brussels","social_type-personnes-en-situation-de-handicap"],"acf":[],"yoast_head":"<!-- This site is optimized with the Yoast SEO plugin v27.3 - https:\/\/yoast.com\/product\/yoast-seo-wordpress\/ -->\n<title>Nos Oignons asbl - Agriculture sociale - UFB<\/title>\n<meta name=\"robots\" content=\"index, follow, max-snippet:-1, max-image-preview:large, max-video-preview:-1\" \/>\n<link rel=\"canonical\" href=\"https:\/\/ufb.be\/en\/beneficiary\/nos-oignons-asbl-agriculture-sociale\/\" \/>\n<meta property=\"og:locale\" content=\"en_US\" \/>\n<meta property=\"og:type\" content=\"article\" \/>\n<meta property=\"og:title\" content=\"Nos Oignons asbl - Agriculture sociale - UFB\" \/>\n<meta property=\"og:description\" content=\"PRESENTATION DE L&#8217;ORGANISATION Fond\u00e9e en 2012, \u00ab Nos Oignons \u00bb organise des ateliers collectifs de mara\u00eechage et savoir-faire paysans \u00e0 Bruxelles et dans le Brabant wallon au profit des patients d\u2019institutions de soin en sant\u00e9 mentale, et plus largement au profit de b\u00e9n\u00e9ficiaires d\u2019aide sociale. L\u2019objectif de l\u2019asbl \u00ab\u00a0Nos Oignons\u00a0\u00bb est de renforcer l&#8217;inclusion sociale [&hellip;]\" \/>\n<meta property=\"og:url\" content=\"https:\/\/ufb.be\/en\/beneficiary\/nos-oignons-asbl-agriculture-sociale\/\" \/>\n<meta property=\"og:site_name\" content=\"UFB\" \/>\n<meta property=\"article:modified_time\" content=\"2025-05-12T11:43:53+00:00\" \/>\n<meta property=\"og:image\" content=\"https:\/\/ufb.be\/wp-content\/uploads\/2021\/08\/NosOignonsEntreMots-6-800x500-1.jpg\" \/>\n\t<meta property=\"og:image:width\" content=\"800\" \/>\n\t<meta property=\"og:image:height\" content=\"500\" \/>\n\t<meta property=\"og:image:type\" content=\"image\/jpeg\" \/>\n<meta name=\"twitter:card\" content=\"summary_large_image\" \/>\n<meta name=\"twitter:label1\" content=\"Est. reading time\" \/>\n\t<meta name=\"twitter:data1\" content=\"4 minutes\" \/>\n<script type=\"application\/ld+json\" class=\"yoast-schema-graph\">{\"@context\":\"https:\\\/\\\/schema.org\",\"@graph\":[{\"@type\":\"WebPage\",\"@id\":\"https:\\\/\\\/ufb.be\\\/en\\\/beneficiary\\\/nos-oignons-asbl-agriculture-sociale\\\/\",\"url\":\"https:\\\/\\\/ufb.be\\\/en\\\/beneficiary\\\/nos-oignons-asbl-agriculture-sociale\\\/\",\"name\":\"Nos Oignons asbl - Agriculture sociale - UFB\",\"isPartOf\":{\"@id\":\"https:\\\/\\\/ufb.be\\\/en\\\/#website\"},\"primaryImageOfPage\":{\"@id\":\"https:\\\/\\\/ufb.be\\\/en\\\/beneficiary\\\/nos-oignons-asbl-agriculture-sociale\\\/#primaryimage\"},\"image\":{\"@id\":\"https:\\\/\\\/ufb.be\\\/en\\\/beneficiary\\\/nos-oignons-asbl-agriculture-sociale\\\/#primaryimage\"},\"thumbnailUrl\":\"https:\\\/\\\/ufb.be\\\/wp-content\\\/uploads\\\/2021\\\/08\\\/NosOignonsEntreMots-6-800x500-1.jpg\",\"datePublished\":\"2021-08-24T16:10:44+00:00\",\"dateModified\":\"2025-05-12T11:43:53+00:00\",\"breadcrumb\":{\"@id\":\"https:\\\/\\\/ufb.be\\\/en\\\/beneficiary\\\/nos-oignons-asbl-agriculture-sociale\\\/#breadcrumb\"},\"inLanguage\":\"en-US\",\"potentialAction\":[{\"@type\":\"ReadAction\",\"target\":[\"https:\\\/\\\/ufb.be\\\/en\\\/beneficiary\\\/nos-oignons-asbl-agriculture-sociale\\\/\"]}]},{\"@type\":\"ImageObject\",\"inLanguage\":\"en-US\",\"@id\":\"https:\\\/\\\/ufb.be\\\/en\\\/beneficiary\\\/nos-oignons-asbl-agriculture-sociale\\\/#primaryimage\",\"url\":\"https:\\\/\\\/ufb.be\\\/wp-content\\\/uploads\\\/2021\\\/08\\\/NosOignonsEntreMots-6-800x500-1.jpg\",\"contentUrl\":\"https:\\\/\\\/ufb.be\\\/wp-content\\\/uploads\\\/2021\\\/08\\\/NosOignonsEntreMots-6-800x500-1.jpg\",\"width\":800,\"height\":500},{\"@type\":\"BreadcrumbList\",\"@id\":\"https:\\\/\\\/ufb.be\\\/en\\\/beneficiary\\\/nos-oignons-asbl-agriculture-sociale\\\/#breadcrumb\",\"itemListElement\":[{\"@type\":\"ListItem\",\"position\":1,\"name\":\"Accueil\",\"item\":\"https:\\\/\\\/ufb.be\\\/en\\\/\"},{\"@type\":\"ListItem\",\"position\":2,\"name\":\"Beneficiaries\",\"item\":\"https:\\\/\\\/ufb.be\\\/en\\\/beneficiary\\\/\"},{\"@type\":\"ListItem\",\"position\":3,\"name\":\"Nos Oignons asbl &#8211; Agriculture sociale\"}]},{\"@type\":\"WebSite\",\"@id\":\"https:\\\/\\\/ufb.be\\\/en\\\/#website\",\"url\":\"https:\\\/\\\/ufb.be\\\/en\\\/\",\"name\":\"United Fund for Belgium\",\"description\":\"Combattons l\u2019exclusion pour plus d\u2019int\u00e9gration sociale\",\"publisher\":{\"@id\":\"https:\\\/\\\/ufb.be\\\/en\\\/#organization\"},\"alternateName\":\"UFB\",\"potentialAction\":[{\"@type\":\"SearchAction\",\"target\":{\"@type\":\"EntryPoint\",\"urlTemplate\":\"https:\\\/\\\/ufb.be\\\/en\\\/?s={search_term_string}\"},\"query-input\":{\"@type\":\"PropertyValueSpecification\",\"valueRequired\":true,\"valueName\":\"search_term_string\"}}],\"inLanguage\":\"en-US\"},{\"@type\":\"Organization\",\"@id\":\"https:\\\/\\\/ufb.be\\\/en\\\/#organization\",\"name\":\"United Fund for Belgium\",\"alternateName\":\"UFB\",\"url\":\"https:\\\/\\\/ufb.be\\\/en\\\/\",\"logo\":{\"@type\":\"ImageObject\",\"inLanguage\":\"en-US\",\"@id\":\"https:\\\/\\\/ufb.be\\\/en\\\/#\\\/schema\\\/logo\\\/image\\\/\",\"url\":\"https:\\\/\\\/ufb.be\\\/wp-content\\\/uploads\\\/2025\\\/07\\\/Logo-UFB-RS.png\",\"contentUrl\":\"https:\\\/\\\/ufb.be\\\/wp-content\\\/uploads\\\/2025\\\/07\\\/Logo-UFB-RS.png\",\"width\":200,\"height\":200,\"caption\":\"United Fund for Belgium\"},\"image\":{\"@id\":\"https:\\\/\\\/ufb.be\\\/en\\\/#\\\/schema\\\/logo\\\/image\\\/\"}}]}<\/script>\n<!-- \/ Yoast SEO plugin. -->","yoast_head_json":{"title":"Nos Oignons asbl - Agriculture sociale - UFB","robots":{"index":"index","follow":"follow","max-snippet":"max-snippet:-1","max-image-preview":"max-image-preview:large","max-video-preview":"max-video-preview:-1"},"canonical":"https:\/\/ufb.be\/en\/beneficiary\/nos-oignons-asbl-agriculture-sociale\/","og_locale":"en_US","og_type":"article","og_title":"Nos Oignons asbl - Agriculture sociale - UFB","og_description":"PRESENTATION DE L&#8217;ORGANISATION Fond\u00e9e en 2012, \u00ab Nos Oignons \u00bb organise des ateliers collectifs de mara\u00eechage et savoir-faire paysans \u00e0 Bruxelles et dans le Brabant wallon au profit des patients d\u2019institutions de soin en sant\u00e9 mentale, et plus largement au profit de b\u00e9n\u00e9ficiaires d\u2019aide sociale. L\u2019objectif de l\u2019asbl \u00ab\u00a0Nos Oignons\u00a0\u00bb est de renforcer l&#8217;inclusion sociale [&hellip;]","og_url":"https:\/\/ufb.be\/en\/beneficiary\/nos-oignons-asbl-agriculture-sociale\/","og_site_name":"UFB","article_modified_time":"2025-05-12T11:43:53+00:00","og_image":[{"width":800,"height":500,"url":"https:\/\/ufb.be\/wp-content\/uploads\/2021\/08\/NosOignonsEntreMots-6-800x500-1.jpg","type":"image\/jpeg"}],"twitter_card":"summary_large_image","twitter_misc":{"Est. reading time":"4 minutes"},"schema":{"@context":"https:\/\/schema.org","@graph":[{"@type":"WebPage","@id":"https:\/\/ufb.be\/en\/beneficiary\/nos-oignons-asbl-agriculture-sociale\/","url":"https:\/\/ufb.be\/en\/beneficiary\/nos-oignons-asbl-agriculture-sociale\/","name":"Nos Oignons asbl - Agriculture sociale - UFB","isPartOf":{"@id":"https:\/\/ufb.be\/en\/#website"},"primaryImageOfPage":{"@id":"https:\/\/ufb.be\/en\/beneficiary\/nos-oignons-asbl-agriculture-sociale\/#primaryimage"},"image":{"@id":"https:\/\/ufb.be\/en\/beneficiary\/nos-oignons-asbl-agriculture-sociale\/#primaryimage"},"thumbnailUrl":"https:\/\/ufb.be\/wp-content\/uploads\/2021\/08\/NosOignonsEntreMots-6-800x500-1.jpg","datePublished":"2021-08-24T16:10:44+00:00","dateModified":"2025-05-12T11:43:53+00:00","breadcrumb":{"@id":"https:\/\/ufb.be\/en\/beneficiary\/nos-oignons-asbl-agriculture-sociale\/#breadcrumb"},"inLanguage":"en-US","potentialAction":[{"@type":"ReadAction","target":["https:\/\/ufb.be\/en\/beneficiary\/nos-oignons-asbl-agriculture-sociale\/"]}]},{"@type":"ImageObject","inLanguage":"en-US","@id":"https:\/\/ufb.be\/en\/beneficiary\/nos-oignons-asbl-agriculture-sociale\/#primaryimage","url":"https:\/\/ufb.be\/wp-content\/uploads\/2021\/08\/NosOignonsEntreMots-6-800x500-1.jpg","contentUrl":"https:\/\/ufb.be\/wp-content\/uploads\/2021\/08\/NosOignonsEntreMots-6-800x500-1.jpg","width":800,"height":500},{"@type":"BreadcrumbList","@id":"https:\/\/ufb.be\/en\/beneficiary\/nos-oignons-asbl-agriculture-sociale\/#breadcrumb","itemListElement":[{"@type":"ListItem","position":1,"name":"Accueil","item":"https:\/\/ufb.be\/en\/"},{"@type":"ListItem","position":2,"name":"Beneficiaries","item":"https:\/\/ufb.be\/en\/beneficiary\/"},{"@type":"ListItem","position":3,"name":"Nos Oignons asbl &#8211; Agriculture sociale"}]},{"@type":"WebSite","@id":"https:\/\/ufb.be\/en\/#website","url":"https:\/\/ufb.be\/en\/","name":"United Fund for Belgium","description":"Combattons l\u2019exclusion pour plus d\u2019int\u00e9gration sociale","publisher":{"@id":"https:\/\/ufb.be\/en\/#organization"},"alternateName":"UFB","potentialAction":[{"@type":"SearchAction","target":{"@type":"EntryPoint","urlTemplate":"https:\/\/ufb.be\/en\/?s={search_term_string}"},"query-input":{"@type":"PropertyValueSpecification","valueRequired":true,"valueName":"search_term_string"}}],"inLanguage":"en-US"},{"@type":"Organization","@id":"https:\/\/ufb.be\/en\/#organization","name":"United Fund for Belgium","alternateName":"UFB","url":"https:\/\/ufb.be\/en\/","logo":{"@type":"ImageObject","inLanguage":"en-US","@id":"https:\/\/ufb.be\/en\/#\/schema\/logo\/image\/","url":"https:\/\/ufb.be\/wp-content\/uploads\/2025\/07\/Logo-UFB-RS.png","contentUrl":"https:\/\/ufb.be\/wp-content\/uploads\/2025\/07\/Logo-UFB-RS.png","width":200,"height":200,"caption":"United Fund for Belgium"},"image":{"@id":"https:\/\/ufb.be\/en\/#\/schema\/logo\/image\/"}}]}},"_links":{"self":[{"href":"https:\/\/ufb.be\/en\/wp-json\/wp\/v2\/beneficiary\/17797","targetHints":{"allow":["GET"]}}],"collection":[{"href":"https:\/\/ufb.be\/en\/wp-json\/wp\/v2\/beneficiary"}],"about":[{"href":"https:\/\/ufb.be\/en\/wp-json\/wp\/v2\/types\/beneficiary"}],"wp:featuredmedia":[{"embeddable":true,"href":"https:\/\/ufb.be\/en\/wp-json\/wp\/v2\/media\/18046"}],"wp:attachment":[{"href":"https:\/\/ufb.be\/en\/wp-json\/wp\/v2\/media?parent=17797"}],"curies":[{"name":"wp","href":"https:\/\/api.w.org\/{rel}","templated":true}]}}