{"id":17798,"date":"2021-09-10T14:24:41","date_gmt":"2021-09-10T14:24:41","guid":{"rendered":"https:\/\/ufb.be\/?post_type=beneficiary&#038;p=17798"},"modified":"2025-04-04T13:32:33","modified_gmt":"2025-04-04T12:32:33","slug":"pierre-dangle-asbl-centre-dhebergement-pour-les-personnes-sans-abris","status":"publish","type":"beneficiary","link":"https:\/\/ufb.be\/en\/beneficiary\/pierre-dangle-asbl-centre-dhebergement-pour-les-personnes-sans-abris\/","title":{"rendered":"Pierre d&#8217;Angle asbl &#8211; Centre d&#8217;h\u00e9bergement pour les personnes sans-abris"},"content":{"rendered":"<p><span style=\"color: #808080;\"><strong>ORGANISATION<\/strong><\/span><\/p>\n<p>En 1987 l&#8217;asbl Pierre d&#8217;Angle est cr\u00e9\u00e9e par des citoyens soucieux par le bien-\u00eatre des personnes sans-abri. L&#8217;id\u00e9e \u00e9tait d&#8217;offrir un lit pour la nuit \u00e0 ceux qui en ont besoin. Aujourd&#8217;hui, l&#8217;association a \u00e9largi son offre de services et propose \u00e9galement des services en journ\u00e9e (siestes, douches, service social).<\/p>\n<p><img fetchpriority=\"high\" decoding=\"async\" class=\"alignnone size-medium wp-image-18485\" src=\"https:\/\/ufb.be\/wp-content\/uploads\/2021\/09\/slaapzaal-2-300x200.jpg\" alt=\"\" width=\"300\" height=\"200\" srcset=\"https:\/\/ufb.be\/wp-content\/uploads\/2021\/09\/slaapzaal-2-300x200.jpg 300w, https:\/\/ufb.be\/wp-content\/uploads\/2021\/09\/slaapzaal-2-600x400.jpg 600w, https:\/\/ufb.be\/wp-content\/uploads\/2021\/09\/slaapzaal-2.jpg 762w\" sizes=\"(max-width: 300px) 100vw, 300px\" \/><\/p>\n<p><span style=\"color: #808080;\"><strong>EVENEMENTS MARQUANTS<\/strong><\/span><\/p>\n<p><span style=\"color: #808080;\"><strong>1987<\/strong><\/span> : cr\u00e9ation de Pierre d&#8217;Angle en tant qu&#8217;asile de nuit<\/p>\n<p><span style=\"color: #808080;\"><strong>2015<\/strong><\/span> : Pierre d&#8217;Angle ouvre \u00e9galement en journ\u00e9e en proposant des douches et des siestes<\/p>\n<p><span style=\"color: #808080;\"><strong>2016<\/strong> <\/span>: des repas sont propos\u00e9s aux h\u00e9berg\u00e9s en soir\u00e9e, et ce gr\u00e2ce \u00e0 des b\u00e9n\u00e9voles et des dons alimentaires<\/p>\n<p><span style=\"color: #808080;\"><strong>2016<\/strong><\/span> : engagement d&#8217;une assistante sociale<\/p>\n<p><img decoding=\"async\" class=\"size-medium wp-image-18488 aligncenter\" src=\"https:\/\/ufb.be\/wp-content\/uploads\/2021\/09\/Pierredangle-Bertrand-Vandeloise-4-scaled-1-300x200.jpg\" alt=\"\" width=\"300\" height=\"200\" srcset=\"https:\/\/ufb.be\/wp-content\/uploads\/2021\/09\/Pierredangle-Bertrand-Vandeloise-4-scaled-1-300x200.jpg 300w, https:\/\/ufb.be\/wp-content\/uploads\/2021\/09\/Pierredangle-Bertrand-Vandeloise-4-scaled-1-1024x682.jpg 1024w, https:\/\/ufb.be\/wp-content\/uploads\/2021\/09\/Pierredangle-Bertrand-Vandeloise-4-scaled-1-768x512.jpg 768w, https:\/\/ufb.be\/wp-content\/uploads\/2021\/09\/Pierredangle-Bertrand-Vandeloise-4-scaled-1-1536x1024.jpg 1536w, https:\/\/ufb.be\/wp-content\/uploads\/2021\/09\/Pierredangle-Bertrand-Vandeloise-4-scaled-1-2048x1365.jpg 2048w, https:\/\/ufb.be\/wp-content\/uploads\/2021\/09\/Pierredangle-Bertrand-Vandeloise-4-scaled-1-600x400.jpg 600w\" sizes=\"(max-width: 300px) 100vw, 300px\" \/><\/p>\n<p>&nbsp;<\/p>\n<p><span style=\"color: #808080;\"><strong>PROJETS, MISSIONS, ACTIVITES LES PLUS IMPORTANTS<\/strong><\/span><\/p>\n<p>La mission de Pierre d&#8217;Angle est d&#8217;offrir un accueil gratuit, inconditionnel et anonyme aux personnes sans-abri. Nous offrons un h\u00e9bergement de nuit (48 lits en temps normaux, 30 avec le Covid) et divers services en journ\u00e9e (siestes, douches, service social) et nous collaborons \u00e0 des projets de remise en logement.<\/p>\n<p>&nbsp;<\/p>\n<p><span style=\"color: #808080;\"><strong>TEMOIGNAGE<\/strong><\/span><\/p>\n<p>&#8220;Ce que je trouve \u00e0 Pierre d&#8217;Angle&#8230;Il y a bien s\u00fbr le c\u00f4t\u00e9 pratique des choses : la douche, le caf\u00e9, le manger&#8230;Mais pour moi, ce n&#8217;est pas le plus important. Le plus important, c&#8217;est que je trouve \u00e0 Pierre d&#8217;Angle un accueil chaleureux et familial. Ici je ne suis pas juste un de plus parmi tous les autres car il y a vraiment un contact personnel et \u00e7a c&#8217;est tr\u00e8s important pour moi. C&#8217;est m\u00eame le plus important \u00e0 Pierre d&#8217;Angle.&#8221; (Un b\u00e9n\u00e9ficiaire anonyme)<\/p>\n<p><img decoding=\"async\" class=\"wp-image-18491 aligncenter\" src=\"https:\/\/ufb.be\/wp-content\/uploads\/2021\/09\/Pierre-dAngle_petits-soins-2-scaled-1-300x247.jpg\" alt=\"\" width=\"268\" height=\"220\" srcset=\"https:\/\/ufb.be\/wp-content\/uploads\/2021\/09\/Pierre-dAngle_petits-soins-2-scaled-1-300x247.jpg 300w, https:\/\/ufb.be\/wp-content\/uploads\/2021\/09\/Pierre-dAngle_petits-soins-2-scaled-1-1024x844.jpg 1024w, https:\/\/ufb.be\/wp-content\/uploads\/2021\/09\/Pierre-dAngle_petits-soins-2-scaled-1-768x633.jpg 768w, https:\/\/ufb.be\/wp-content\/uploads\/2021\/09\/Pierre-dAngle_petits-soins-2-scaled-1-1536x1266.jpg 1536w, https:\/\/ufb.be\/wp-content\/uploads\/2021\/09\/Pierre-dAngle_petits-soins-2-scaled-1-2048x1688.jpg 2048w, https:\/\/ufb.be\/wp-content\/uploads\/2021\/09\/Pierre-dAngle_petits-soins-2-scaled-1-600x495.jpg 600w\" sizes=\"(max-width: 268px) 100vw, 268px\" \/><\/p>\n<p>&nbsp;<\/p>\n<p>&nbsp;<\/p>\n","protected":false},"featured_media":18503,"parent":0,"template":"","meta":{"_acf_changed":false},"class_list":["post-17798","beneficiary","type-beneficiary","status-publish","has-post-thumbnail","hentry","year_type-206","province_type-brussels","social_type-personnes-en-situation-de-handicap"],"acf":[],"yoast_head":"<!-- This site is optimized with the Yoast SEO plugin v27.3 - https:\/\/yoast.com\/product\/yoast-seo-wordpress\/ -->\n<title>Pierre d&#039;Angle asbl - Centre d&#039;h\u00e9bergement pour les personnes sans-abris - UFB<\/title>\n<meta name=\"robots\" content=\"index, follow, max-snippet:-1, max-image-preview:large, max-video-preview:-1\" \/>\n<link rel=\"canonical\" href=\"https:\/\/ufb.be\/en\/beneficiary\/pierre-dangle-asbl-centre-dhebergement-pour-les-personnes-sans-abris\/\" \/>\n<meta property=\"og:locale\" content=\"en_US\" \/>\n<meta property=\"og:type\" content=\"article\" \/>\n<meta property=\"og:title\" content=\"Pierre d&#039;Angle asbl - Centre d&#039;h\u00e9bergement pour les personnes sans-abris - UFB\" \/>\n<meta property=\"og:description\" content=\"ORGANISATION En 1987 l&#8217;asbl Pierre d&#8217;Angle est cr\u00e9\u00e9e par des citoyens soucieux par le bien-\u00eatre des personnes sans-abri. L&#8217;id\u00e9e \u00e9tait d&#8217;offrir un lit pour la nuit \u00e0 ceux qui en ont besoin. Aujourd&#8217;hui, l&#8217;association a \u00e9largi son offre de services et propose \u00e9galement des services en journ\u00e9e (siestes, douches, service social). EVENEMENTS MARQUANTS 1987 : [&hellip;]\" \/>\n<meta property=\"og:url\" content=\"https:\/\/ufb.be\/en\/beneficiary\/pierre-dangle-asbl-centre-dhebergement-pour-les-personnes-sans-abris\/\" \/>\n<meta property=\"og:site_name\" content=\"UFB\" \/>\n<meta property=\"article:modified_time\" content=\"2025-04-04T12:32:33+00:00\" \/>\n<meta property=\"og:image\" content=\"https:\/\/ufb.be\/wp-content\/uploads\/2021\/09\/image_pierre-dangle1.jpg\" \/>\n\t<meta property=\"og:image:width\" content=\"1640\" \/>\n\t<meta property=\"og:image:height\" content=\"924\" \/>\n\t<meta property=\"og:image:type\" content=\"image\/jpeg\" \/>\n<meta name=\"twitter:card\" content=\"summary_large_image\" \/>\n<meta name=\"twitter:label1\" content=\"Est. reading time\" \/>\n\t<meta name=\"twitter:data1\" content=\"3 minutes\" \/>\n<script type=\"application\/ld+json\" class=\"yoast-schema-graph\">{\"@context\":\"https:\\\/\\\/schema.org\",\"@graph\":[{\"@type\":\"WebPage\",\"@id\":\"https:\\\/\\\/ufb.be\\\/en\\\/beneficiary\\\/pierre-dangle-asbl-centre-dhebergement-pour-les-personnes-sans-abris\\\/\",\"url\":\"https:\\\/\\\/ufb.be\\\/en\\\/beneficiary\\\/pierre-dangle-asbl-centre-dhebergement-pour-les-personnes-sans-abris\\\/\",\"name\":\"Pierre d'Angle asbl - Centre d'h\u00e9bergement pour les personnes sans-abris - UFB\",\"isPartOf\":{\"@id\":\"https:\\\/\\\/ufb.be\\\/en\\\/#website\"},\"primaryImageOfPage\":{\"@id\":\"https:\\\/\\\/ufb.be\\\/en\\\/beneficiary\\\/pierre-dangle-asbl-centre-dhebergement-pour-les-personnes-sans-abris\\\/#primaryimage\"},\"image\":{\"@id\":\"https:\\\/\\\/ufb.be\\\/en\\\/beneficiary\\\/pierre-dangle-asbl-centre-dhebergement-pour-les-personnes-sans-abris\\\/#primaryimage\"},\"thumbnailUrl\":\"https:\\\/\\\/ufb.be\\\/wp-content\\\/uploads\\\/2021\\\/09\\\/image_pierre-dangle1.jpg\",\"datePublished\":\"2021-09-10T14:24:41+00:00\",\"dateModified\":\"2025-04-04T12:32:33+00:00\",\"breadcrumb\":{\"@id\":\"https:\\\/\\\/ufb.be\\\/en\\\/beneficiary\\\/pierre-dangle-asbl-centre-dhebergement-pour-les-personnes-sans-abris\\\/#breadcrumb\"},\"inLanguage\":\"en-US\",\"potentialAction\":[{\"@type\":\"ReadAction\",\"target\":[\"https:\\\/\\\/ufb.be\\\/en\\\/beneficiary\\\/pierre-dangle-asbl-centre-dhebergement-pour-les-personnes-sans-abris\\\/\"]}]},{\"@type\":\"ImageObject\",\"inLanguage\":\"en-US\",\"@id\":\"https:\\\/\\\/ufb.be\\\/en\\\/beneficiary\\\/pierre-dangle-asbl-centre-dhebergement-pour-les-personnes-sans-abris\\\/#primaryimage\",\"url\":\"https:\\\/\\\/ufb.be\\\/wp-content\\\/uploads\\\/2021\\\/09\\\/image_pierre-dangle1.jpg\",\"contentUrl\":\"https:\\\/\\\/ufb.be\\\/wp-content\\\/uploads\\\/2021\\\/09\\\/image_pierre-dangle1.jpg\",\"width\":1640,\"height\":924},{\"@type\":\"BreadcrumbList\",\"@id\":\"https:\\\/\\\/ufb.be\\\/en\\\/beneficiary\\\/pierre-dangle-asbl-centre-dhebergement-pour-les-personnes-sans-abris\\\/#breadcrumb\",\"itemListElement\":[{\"@type\":\"ListItem\",\"position\":1,\"name\":\"Accueil\",\"item\":\"https:\\\/\\\/ufb.be\\\/en\\\/\"},{\"@type\":\"ListItem\",\"position\":2,\"name\":\"Beneficiaries\",\"item\":\"https:\\\/\\\/ufb.be\\\/en\\\/beneficiary\\\/\"},{\"@type\":\"ListItem\",\"position\":3,\"name\":\"Pierre d&rsquo;Angle asbl &#8211; Centre d&rsquo;h\u00e9bergement pour les personnes sans-abris\"}]},{\"@type\":\"WebSite\",\"@id\":\"https:\\\/\\\/ufb.be\\\/en\\\/#website\",\"url\":\"https:\\\/\\\/ufb.be\\\/en\\\/\",\"name\":\"United Fund for Belgium\",\"description\":\"Combattons l\u2019exclusion pour plus d\u2019int\u00e9gration sociale\",\"publisher\":{\"@id\":\"https:\\\/\\\/ufb.be\\\/en\\\/#organization\"},\"alternateName\":\"UFB\",\"potentialAction\":[{\"@type\":\"SearchAction\",\"target\":{\"@type\":\"EntryPoint\",\"urlTemplate\":\"https:\\\/\\\/ufb.be\\\/en\\\/?s={search_term_string}\"},\"query-input\":{\"@type\":\"PropertyValueSpecification\",\"valueRequired\":true,\"valueName\":\"search_term_string\"}}],\"inLanguage\":\"en-US\"},{\"@type\":\"Organization\",\"@id\":\"https:\\\/\\\/ufb.be\\\/en\\\/#organization\",\"name\":\"United Fund for Belgium\",\"alternateName\":\"UFB\",\"url\":\"https:\\\/\\\/ufb.be\\\/en\\\/\",\"logo\":{\"@type\":\"ImageObject\",\"inLanguage\":\"en-US\",\"@id\":\"https:\\\/\\\/ufb.be\\\/en\\\/#\\\/schema\\\/logo\\\/image\\\/\",\"url\":\"https:\\\/\\\/ufb.be\\\/wp-content\\\/uploads\\\/2025\\\/07\\\/Logo-UFB-RS.png\",\"contentUrl\":\"https:\\\/\\\/ufb.be\\\/wp-content\\\/uploads\\\/2025\\\/07\\\/Logo-UFB-RS.png\",\"width\":200,\"height\":200,\"caption\":\"United Fund for Belgium\"},\"image\":{\"@id\":\"https:\\\/\\\/ufb.be\\\/en\\\/#\\\/schema\\\/logo\\\/image\\\/\"}}]}<\/script>\n<!-- \/ Yoast SEO plugin. -->","yoast_head_json":{"title":"Pierre d'Angle asbl - Centre d'h\u00e9bergement pour les personnes sans-abris - UFB","robots":{"index":"index","follow":"follow","max-snippet":"max-snippet:-1","max-image-preview":"max-image-preview:large","max-video-preview":"max-video-preview:-1"},"canonical":"https:\/\/ufb.be\/en\/beneficiary\/pierre-dangle-asbl-centre-dhebergement-pour-les-personnes-sans-abris\/","og_locale":"en_US","og_type":"article","og_title":"Pierre d'Angle asbl - Centre d'h\u00e9bergement pour les personnes sans-abris - UFB","og_description":"ORGANISATION En 1987 l&#8217;asbl Pierre d&#8217;Angle est cr\u00e9\u00e9e par des citoyens soucieux par le bien-\u00eatre des personnes sans-abri. L&#8217;id\u00e9e \u00e9tait d&#8217;offrir un lit pour la nuit \u00e0 ceux qui en ont besoin. Aujourd&#8217;hui, l&#8217;association a \u00e9largi son offre de services et propose \u00e9galement des services en journ\u00e9e (siestes, douches, service social). EVENEMENTS MARQUANTS 1987 : [&hellip;]","og_url":"https:\/\/ufb.be\/en\/beneficiary\/pierre-dangle-asbl-centre-dhebergement-pour-les-personnes-sans-abris\/","og_site_name":"UFB","article_modified_time":"2025-04-04T12:32:33+00:00","og_image":[{"width":1640,"height":924,"url":"https:\/\/ufb.be\/wp-content\/uploads\/2021\/09\/image_pierre-dangle1.jpg","type":"image\/jpeg"}],"twitter_card":"summary_large_image","twitter_misc":{"Est. reading time":"3 minutes"},"schema":{"@context":"https:\/\/schema.org","@graph":[{"@type":"WebPage","@id":"https:\/\/ufb.be\/en\/beneficiary\/pierre-dangle-asbl-centre-dhebergement-pour-les-personnes-sans-abris\/","url":"https:\/\/ufb.be\/en\/beneficiary\/pierre-dangle-asbl-centre-dhebergement-pour-les-personnes-sans-abris\/","name":"Pierre d'Angle asbl - Centre d'h\u00e9bergement pour les personnes sans-abris - UFB","isPartOf":{"@id":"https:\/\/ufb.be\/en\/#website"},"primaryImageOfPage":{"@id":"https:\/\/ufb.be\/en\/beneficiary\/pierre-dangle-asbl-centre-dhebergement-pour-les-personnes-sans-abris\/#primaryimage"},"image":{"@id":"https:\/\/ufb.be\/en\/beneficiary\/pierre-dangle-asbl-centre-dhebergement-pour-les-personnes-sans-abris\/#primaryimage"},"thumbnailUrl":"https:\/\/ufb.be\/wp-content\/uploads\/2021\/09\/image_pierre-dangle1.jpg","datePublished":"2021-09-10T14:24:41+00:00","dateModified":"2025-04-04T12:32:33+00:00","breadcrumb":{"@id":"https:\/\/ufb.be\/en\/beneficiary\/pierre-dangle-asbl-centre-dhebergement-pour-les-personnes-sans-abris\/#breadcrumb"},"inLanguage":"en-US","potentialAction":[{"@type":"ReadAction","target":["https:\/\/ufb.be\/en\/beneficiary\/pierre-dangle-asbl-centre-dhebergement-pour-les-personnes-sans-abris\/"]}]},{"@type":"ImageObject","inLanguage":"en-US","@id":"https:\/\/ufb.be\/en\/beneficiary\/pierre-dangle-asbl-centre-dhebergement-pour-les-personnes-sans-abris\/#primaryimage","url":"https:\/\/ufb.be\/wp-content\/uploads\/2021\/09\/image_pierre-dangle1.jpg","contentUrl":"https:\/\/ufb.be\/wp-content\/uploads\/2021\/09\/image_pierre-dangle1.jpg","width":1640,"height":924},{"@type":"BreadcrumbList","@id":"https:\/\/ufb.be\/en\/beneficiary\/pierre-dangle-asbl-centre-dhebergement-pour-les-personnes-sans-abris\/#breadcrumb","itemListElement":[{"@type":"ListItem","position":1,"name":"Accueil","item":"https:\/\/ufb.be\/en\/"},{"@type":"ListItem","position":2,"name":"Beneficiaries","item":"https:\/\/ufb.be\/en\/beneficiary\/"},{"@type":"ListItem","position":3,"name":"Pierre d&rsquo;Angle asbl &#8211; Centre d&rsquo;h\u00e9bergement pour les personnes sans-abris"}]},{"@type":"WebSite","@id":"https:\/\/ufb.be\/en\/#website","url":"https:\/\/ufb.be\/en\/","name":"United Fund for Belgium","description":"Combattons l\u2019exclusion pour plus d\u2019int\u00e9gration sociale","publisher":{"@id":"https:\/\/ufb.be\/en\/#organization"},"alternateName":"UFB","potentialAction":[{"@type":"SearchAction","target":{"@type":"EntryPoint","urlTemplate":"https:\/\/ufb.be\/en\/?s={search_term_string}"},"query-input":{"@type":"PropertyValueSpecification","valueRequired":true,"valueName":"search_term_string"}}],"inLanguage":"en-US"},{"@type":"Organization","@id":"https:\/\/ufb.be\/en\/#organization","name":"United Fund for Belgium","alternateName":"UFB","url":"https:\/\/ufb.be\/en\/","logo":{"@type":"ImageObject","inLanguage":"en-US","@id":"https:\/\/ufb.be\/en\/#\/schema\/logo\/image\/","url":"https:\/\/ufb.be\/wp-content\/uploads\/2025\/07\/Logo-UFB-RS.png","contentUrl":"https:\/\/ufb.be\/wp-content\/uploads\/2025\/07\/Logo-UFB-RS.png","width":200,"height":200,"caption":"United Fund for Belgium"},"image":{"@id":"https:\/\/ufb.be\/en\/#\/schema\/logo\/image\/"}}]}},"_links":{"self":[{"href":"https:\/\/ufb.be\/en\/wp-json\/wp\/v2\/beneficiary\/17798","targetHints":{"allow":["GET"]}}],"collection":[{"href":"https:\/\/ufb.be\/en\/wp-json\/wp\/v2\/beneficiary"}],"about":[{"href":"https:\/\/ufb.be\/en\/wp-json\/wp\/v2\/types\/beneficiary"}],"wp:featuredmedia":[{"embeddable":true,"href":"https:\/\/ufb.be\/en\/wp-json\/wp\/v2\/media\/18503"}],"wp:attachment":[{"href":"https:\/\/ufb.be\/en\/wp-json\/wp\/v2\/media?parent=17798"}],"curies":[{"name":"wp","href":"https:\/\/api.w.org\/{rel}","templated":true}]}}