{"id":18531,"date":"2021-09-13T09:38:00","date_gmt":"2021-09-13T09:38:00","guid":{"rendered":"https:\/\/ufb.be\/?post_type=beneficiary&#038;p=18531"},"modified":"2025-05-12T12:45:53","modified_gmt":"2025-05-12T11:45:53","slug":"resto-du-coeur-de-liege-aide-aux-demunis","status":"publish","type":"beneficiary","link":"https:\/\/ufb.be\/en\/beneficiary\/resto-du-coeur-de-liege-aide-aux-demunis\/","title":{"rendered":"Resto du C\u0153ur de Li\u00e8ge &#8211; Aide aux d\u00e9munis"},"content":{"rendered":"<p><span style=\"color: #808080;\"><strong>ORGA<\/strong><strong>NISATION<\/strong><\/span><\/p>\n<p>Date de constitution : 1988<\/p>\n<p>Objet : Aide sociale et alimentaire aux personnes issues de la grande pr\u00e9carit\u00e9.<\/p>\n<p>Domaine(s) d&#8217;impact (le bien-\u00eatre des enfants, la r\u00e9duction de la pauvret\u00e9, les personnes handicap\u00e9es&#8230;) R\u00e9duction de la pauvret\u00e9 et des in\u00e9galit\u00e9s sociales.<\/p>\n<p>&nbsp;<\/p>\n<p><span style=\"color: #808080;\"><strong>EVENEM<\/strong><strong>ENTS MARQUANTS<\/strong><\/span><strong style=\"color: #808080;\"><img decoding=\"async\" class=\"wp-image-18535 alignright\" src=\"https:\/\/ufb.be\/wp-content\/uploads\/2021\/09\/resto-du-coeur-logo-300x300-1.jpg\" alt=\"\" width=\"111\" height=\"111\" srcset=\"https:\/\/ufb.be\/wp-content\/uploads\/2021\/09\/resto-du-coeur-logo-300x300-1.jpg 300w, https:\/\/ufb.be\/wp-content\/uploads\/2021\/09\/resto-du-coeur-logo-300x300-1-150x150.jpg 150w, https:\/\/ufb.be\/wp-content\/uploads\/2021\/09\/resto-du-coeur-logo-300x300-1-100x100.jpg 100w\" sizes=\"(max-width: 111px) 100vw, 111px\" \/><\/strong><\/p>\n<p><span style=\"color: #808080;\"><strong>2020<\/strong><\/span> : Achat camionnette r\u00e9frig\u00e9r\u00e9e pour le transport et le retrait des denr\u00e9es alimentaires au profit de nos b\u00e9n\u00e9ficiaires avec le soutien de UFB ;<\/p>\n<p><span style=\"color: #808080;\"><strong>2019<\/strong><\/span> : Soutien de Viva For Life pour le d\u00e9veloppement du projet Coin b\u00e9b\u00e9s\/Espace parents-enfants ;<\/p>\n<p><span style=\"color: #808080;\"><strong>2018<\/strong><\/span> : Agr\u00e9ment comme restaurant social par la Wallonie &#8211; Action sociale ;<\/p>\n<p><span style=\"color: #808080;\"><strong>2016<\/strong><\/span> : Installation d\u2019une cuisine professionnelle aux normes AFSCA ;<\/p>\n<p><span style=\"color: #808080;\"><strong>2000<\/strong><\/span> : Reconnaissance et soutien dans le cadre du Plan de coh\u00e9sion sociale de la ville de Li\u00e8ge.<\/p>\n<p><img fetchpriority=\"high\" decoding=\"async\" class=\"alignnone wp-image-18541\" src=\"https:\/\/ufb.be\/wp-content\/uploads\/2021\/09\/Camionnette-UFB-scaled-2-300x225.jpg\" alt=\"\" width=\"271\" height=\"203\" srcset=\"https:\/\/ufb.be\/wp-content\/uploads\/2021\/09\/Camionnette-UFB-scaled-2-300x225.jpg 300w, https:\/\/ufb.be\/wp-content\/uploads\/2021\/09\/Camionnette-UFB-scaled-2-1024x768.jpg 1024w, https:\/\/ufb.be\/wp-content\/uploads\/2021\/09\/Camionnette-UFB-scaled-2-768x576.jpg 768w, https:\/\/ufb.be\/wp-content\/uploads\/2021\/09\/Camionnette-UFB-scaled-2-1536x1152.jpg 1536w, https:\/\/ufb.be\/wp-content\/uploads\/2021\/09\/Camionnette-UFB-scaled-2-2048x1536.jpg 2048w, https:\/\/ufb.be\/wp-content\/uploads\/2021\/09\/Camionnette-UFB-scaled-2-600x450.jpg 600w\" sizes=\"(max-width: 271px) 100vw, 271px\" \/><\/p>\n<p><span style=\"color: #808080;\"><strong>PROJETS, MISSIONS, ACTIVITES LES PLUS IMPORTANTS<\/strong><\/span><\/p>\n<p>Nous d\u00e9veloppons plusieurs projets de fa\u00e7on concomitante :<\/p>\n<p>&#8211;\u00a0\u00a0\u00a0\u00a0\u00a0\u00a0\u00a0\u00a0\u00a0\u00a0\u00a0\u00a0 Aide alimentaire (petit d\u00e9jeuner inconditionnel, restaurant social \u00e0 midi, plats \u00e0 emporter) ;<\/p>\n<p>&#8211;\u00a0\u00a0\u00a0\u00a0\u00a0\u00a0\u00a0\u00a0\u00a0\u00a0\u00a0\u00a0 Permanence sociale ;<\/p>\n<p>&#8211;\u00a0\u00a0\u00a0\u00a0\u00a0\u00a0\u00a0\u00a0\u00a0\u00a0\u00a0\u00a0 Coin b\u00e9b\u00e9\/Espace parents enfants (ateliers, soutien \u00e0 la parentalit\u00e9, distribution de lait et de langes) ;<\/p>\n<p>&#8211;\u00a0\u00a0\u00a0\u00a0\u00a0\u00a0\u00a0\u00a0\u00a0\u00a0\u00a0\u00a0 Dispensaire m\u00e9dical (d\u00e9livrance de m\u00e9dicaments sous ordonnance et consultations m\u00e9dicales) ;<\/p>\n<p>&#8211;\u00a0\u00a0\u00a0\u00a0\u00a0\u00a0\u00a0\u00a0\u00a0\u00a0\u00a0\u00a0 Douches.<\/p>\n<p><img decoding=\"async\" class=\"alignnone wp-image-18544\" src=\"https:\/\/ufb.be\/wp-content\/uploads\/2021\/09\/Coin-bebes-Espace-parents-enfants-300x146.png\" alt=\"\" width=\"309\" height=\"151\" srcset=\"https:\/\/ufb.be\/wp-content\/uploads\/2021\/09\/Coin-bebes-Espace-parents-enfants-300x146.png 300w, https:\/\/ufb.be\/wp-content\/uploads\/2021\/09\/Coin-bebes-Espace-parents-enfants-768x373.png 768w, https:\/\/ufb.be\/wp-content\/uploads\/2021\/09\/Coin-bebes-Espace-parents-enfants-600x291.png 600w, https:\/\/ufb.be\/wp-content\/uploads\/2021\/09\/Coin-bebes-Espace-parents-enfants.png 964w\" sizes=\"(max-width: 309px) 100vw, 309px\" \/><\/p>\n<p><span style=\"color: #808080;\"><strong>TEMOIGNAGE<\/strong><\/span><\/p>\n<p>Veuillez cliquer sur le lien suivant afin de pouvoir \u00e9couter le t\u00e9moignage d&#8217;un des b\u00e9n\u00e9ficiaires de Resto du Coeur.<\/p>\n<p><img loading=\"lazy\" decoding=\"async\" class=\"wp-image-18547 aligncenter\" src=\"https:\/\/ufb.be\/wp-content\/uploads\/2021\/09\/salle-restaurant-scaled-1-300x225.jpg\" alt=\"\" width=\"238\" height=\"177\" \/><\/p>\n<p>https:\/\/www.rtbf.be\/auvio\/detail_ryan-11-ans-profitez-en-bien-quand-vous-avez-ce-que-vous-voulez?id=2580970<\/p>\n<p>&nbsp;<\/p>\n<p>&nbsp;<\/p>\n<p>&nbsp;<\/p>\n<p>&nbsp;<\/p>\n<p>&nbsp;<\/p>\n","protected":false},"featured_media":18532,"parent":0,"template":"","meta":{"_acf_changed":false},"class_list":["post-18531","beneficiary","type-beneficiary","status-publish","has-post-thumbnail","hentry","year_type-242","province_type-liege","social_type-lutte-contre-la-pauvrete"],"acf":[],"yoast_head":"<!-- This site is optimized with the Yoast SEO plugin v27.3 - https:\/\/yoast.com\/product\/yoast-seo-wordpress\/ -->\n<title>Resto du C\u0153ur de Li\u00e8ge - Aide aux d\u00e9munis - UFB<\/title>\n<meta name=\"robots\" content=\"index, follow, max-snippet:-1, max-image-preview:large, max-video-preview:-1\" \/>\n<link rel=\"canonical\" href=\"https:\/\/ufb.be\/en\/beneficiary\/resto-du-coeur-de-liege-aide-aux-demunis\/\" \/>\n<meta property=\"og:locale\" content=\"en_US\" \/>\n<meta property=\"og:type\" content=\"article\" \/>\n<meta property=\"og:title\" content=\"Resto du C\u0153ur de Li\u00e8ge - Aide aux d\u00e9munis - UFB\" \/>\n<meta property=\"og:description\" content=\"ORGANISATION Date de constitution : 1988 Objet : Aide sociale et alimentaire aux personnes issues de la grande pr\u00e9carit\u00e9. Domaine(s) d&#8217;impact (le bien-\u00eatre des enfants, la r\u00e9duction de la pauvret\u00e9, les personnes handicap\u00e9es&#8230;) R\u00e9duction de la pauvret\u00e9 et des in\u00e9galit\u00e9s sociales. &nbsp; EVENEMENTS MARQUANTS 2020 : Achat camionnette r\u00e9frig\u00e9r\u00e9e pour le transport et le retrait [&hellip;]\" \/>\n<meta property=\"og:url\" content=\"https:\/\/ufb.be\/en\/beneficiary\/resto-du-coeur-de-liege-aide-aux-demunis\/\" \/>\n<meta property=\"og:site_name\" content=\"UFB\" \/>\n<meta property=\"article:modified_time\" content=\"2025-05-12T11:45:53+00:00\" \/>\n<meta property=\"og:image\" content=\"https:\/\/ufb.be\/wp-content\/uploads\/2021\/09\/image_resto-du-coeur-liege.jpg\" \/>\n\t<meta property=\"og:image:width\" content=\"1640\" \/>\n\t<meta property=\"og:image:height\" content=\"924\" \/>\n\t<meta property=\"og:image:type\" content=\"image\/jpeg\" \/>\n<meta name=\"twitter:card\" content=\"summary_large_image\" \/>\n<meta name=\"twitter:label1\" content=\"Est. reading time\" \/>\n\t<meta name=\"twitter:data1\" content=\"2 minutes\" \/>\n<script type=\"application\/ld+json\" class=\"yoast-schema-graph\">{\"@context\":\"https:\\\/\\\/schema.org\",\"@graph\":[{\"@type\":\"WebPage\",\"@id\":\"https:\\\/\\\/ufb.be\\\/en\\\/beneficiary\\\/resto-du-coeur-de-liege-aide-aux-demunis\\\/\",\"url\":\"https:\\\/\\\/ufb.be\\\/en\\\/beneficiary\\\/resto-du-coeur-de-liege-aide-aux-demunis\\\/\",\"name\":\"Resto du C\u0153ur de Li\u00e8ge - Aide aux d\u00e9munis - UFB\",\"isPartOf\":{\"@id\":\"https:\\\/\\\/ufb.be\\\/en\\\/#website\"},\"primaryImageOfPage\":{\"@id\":\"https:\\\/\\\/ufb.be\\\/en\\\/beneficiary\\\/resto-du-coeur-de-liege-aide-aux-demunis\\\/#primaryimage\"},\"image\":{\"@id\":\"https:\\\/\\\/ufb.be\\\/en\\\/beneficiary\\\/resto-du-coeur-de-liege-aide-aux-demunis\\\/#primaryimage\"},\"thumbnailUrl\":\"https:\\\/\\\/ufb.be\\\/wp-content\\\/uploads\\\/2021\\\/09\\\/image_resto-du-coeur-liege.jpg\",\"datePublished\":\"2021-09-13T09:38:00+00:00\",\"dateModified\":\"2025-05-12T11:45:53+00:00\",\"breadcrumb\":{\"@id\":\"https:\\\/\\\/ufb.be\\\/en\\\/beneficiary\\\/resto-du-coeur-de-liege-aide-aux-demunis\\\/#breadcrumb\"},\"inLanguage\":\"en-US\",\"potentialAction\":[{\"@type\":\"ReadAction\",\"target\":[\"https:\\\/\\\/ufb.be\\\/en\\\/beneficiary\\\/resto-du-coeur-de-liege-aide-aux-demunis\\\/\"]}]},{\"@type\":\"ImageObject\",\"inLanguage\":\"en-US\",\"@id\":\"https:\\\/\\\/ufb.be\\\/en\\\/beneficiary\\\/resto-du-coeur-de-liege-aide-aux-demunis\\\/#primaryimage\",\"url\":\"https:\\\/\\\/ufb.be\\\/wp-content\\\/uploads\\\/2021\\\/09\\\/image_resto-du-coeur-liege.jpg\",\"contentUrl\":\"https:\\\/\\\/ufb.be\\\/wp-content\\\/uploads\\\/2021\\\/09\\\/image_resto-du-coeur-liege.jpg\",\"width\":1640,\"height\":924},{\"@type\":\"BreadcrumbList\",\"@id\":\"https:\\\/\\\/ufb.be\\\/en\\\/beneficiary\\\/resto-du-coeur-de-liege-aide-aux-demunis\\\/#breadcrumb\",\"itemListElement\":[{\"@type\":\"ListItem\",\"position\":1,\"name\":\"Accueil\",\"item\":\"https:\\\/\\\/ufb.be\\\/en\\\/\"},{\"@type\":\"ListItem\",\"position\":2,\"name\":\"Beneficiaries\",\"item\":\"https:\\\/\\\/ufb.be\\\/en\\\/beneficiary\\\/\"},{\"@type\":\"ListItem\",\"position\":3,\"name\":\"Resto du C\u0153ur de Li\u00e8ge &#8211; Aide aux d\u00e9munis\"}]},{\"@type\":\"WebSite\",\"@id\":\"https:\\\/\\\/ufb.be\\\/en\\\/#website\",\"url\":\"https:\\\/\\\/ufb.be\\\/en\\\/\",\"name\":\"United Fund for Belgium\",\"description\":\"Combattons l\u2019exclusion pour plus d\u2019int\u00e9gration sociale\",\"publisher\":{\"@id\":\"https:\\\/\\\/ufb.be\\\/en\\\/#organization\"},\"alternateName\":\"UFB\",\"potentialAction\":[{\"@type\":\"SearchAction\",\"target\":{\"@type\":\"EntryPoint\",\"urlTemplate\":\"https:\\\/\\\/ufb.be\\\/en\\\/?s={search_term_string}\"},\"query-input\":{\"@type\":\"PropertyValueSpecification\",\"valueRequired\":true,\"valueName\":\"search_term_string\"}}],\"inLanguage\":\"en-US\"},{\"@type\":\"Organization\",\"@id\":\"https:\\\/\\\/ufb.be\\\/en\\\/#organization\",\"name\":\"United Fund for Belgium\",\"alternateName\":\"UFB\",\"url\":\"https:\\\/\\\/ufb.be\\\/en\\\/\",\"logo\":{\"@type\":\"ImageObject\",\"inLanguage\":\"en-US\",\"@id\":\"https:\\\/\\\/ufb.be\\\/en\\\/#\\\/schema\\\/logo\\\/image\\\/\",\"url\":\"https:\\\/\\\/ufb.be\\\/wp-content\\\/uploads\\\/2025\\\/07\\\/Logo-UFB-RS.png\",\"contentUrl\":\"https:\\\/\\\/ufb.be\\\/wp-content\\\/uploads\\\/2025\\\/07\\\/Logo-UFB-RS.png\",\"width\":200,\"height\":200,\"caption\":\"United Fund for Belgium\"},\"image\":{\"@id\":\"https:\\\/\\\/ufb.be\\\/en\\\/#\\\/schema\\\/logo\\\/image\\\/\"}}]}<\/script>\n<!-- \/ Yoast SEO plugin. -->","yoast_head_json":{"title":"Resto du C\u0153ur de Li\u00e8ge - Aide aux d\u00e9munis - UFB","robots":{"index":"index","follow":"follow","max-snippet":"max-snippet:-1","max-image-preview":"max-image-preview:large","max-video-preview":"max-video-preview:-1"},"canonical":"https:\/\/ufb.be\/en\/beneficiary\/resto-du-coeur-de-liege-aide-aux-demunis\/","og_locale":"en_US","og_type":"article","og_title":"Resto du C\u0153ur de Li\u00e8ge - Aide aux d\u00e9munis - UFB","og_description":"ORGANISATION Date de constitution : 1988 Objet : Aide sociale et alimentaire aux personnes issues de la grande pr\u00e9carit\u00e9. Domaine(s) d&#8217;impact (le bien-\u00eatre des enfants, la r\u00e9duction de la pauvret\u00e9, les personnes handicap\u00e9es&#8230;) R\u00e9duction de la pauvret\u00e9 et des in\u00e9galit\u00e9s sociales. &nbsp; EVENEMENTS MARQUANTS 2020 : Achat camionnette r\u00e9frig\u00e9r\u00e9e pour le transport et le retrait [&hellip;]","og_url":"https:\/\/ufb.be\/en\/beneficiary\/resto-du-coeur-de-liege-aide-aux-demunis\/","og_site_name":"UFB","article_modified_time":"2025-05-12T11:45:53+00:00","og_image":[{"width":1640,"height":924,"url":"https:\/\/ufb.be\/wp-content\/uploads\/2021\/09\/image_resto-du-coeur-liege.jpg","type":"image\/jpeg"}],"twitter_card":"summary_large_image","twitter_misc":{"Est. reading time":"2 minutes"},"schema":{"@context":"https:\/\/schema.org","@graph":[{"@type":"WebPage","@id":"https:\/\/ufb.be\/en\/beneficiary\/resto-du-coeur-de-liege-aide-aux-demunis\/","url":"https:\/\/ufb.be\/en\/beneficiary\/resto-du-coeur-de-liege-aide-aux-demunis\/","name":"Resto du C\u0153ur de Li\u00e8ge - Aide aux d\u00e9munis - UFB","isPartOf":{"@id":"https:\/\/ufb.be\/en\/#website"},"primaryImageOfPage":{"@id":"https:\/\/ufb.be\/en\/beneficiary\/resto-du-coeur-de-liege-aide-aux-demunis\/#primaryimage"},"image":{"@id":"https:\/\/ufb.be\/en\/beneficiary\/resto-du-coeur-de-liege-aide-aux-demunis\/#primaryimage"},"thumbnailUrl":"https:\/\/ufb.be\/wp-content\/uploads\/2021\/09\/image_resto-du-coeur-liege.jpg","datePublished":"2021-09-13T09:38:00+00:00","dateModified":"2025-05-12T11:45:53+00:00","breadcrumb":{"@id":"https:\/\/ufb.be\/en\/beneficiary\/resto-du-coeur-de-liege-aide-aux-demunis\/#breadcrumb"},"inLanguage":"en-US","potentialAction":[{"@type":"ReadAction","target":["https:\/\/ufb.be\/en\/beneficiary\/resto-du-coeur-de-liege-aide-aux-demunis\/"]}]},{"@type":"ImageObject","inLanguage":"en-US","@id":"https:\/\/ufb.be\/en\/beneficiary\/resto-du-coeur-de-liege-aide-aux-demunis\/#primaryimage","url":"https:\/\/ufb.be\/wp-content\/uploads\/2021\/09\/image_resto-du-coeur-liege.jpg","contentUrl":"https:\/\/ufb.be\/wp-content\/uploads\/2021\/09\/image_resto-du-coeur-liege.jpg","width":1640,"height":924},{"@type":"BreadcrumbList","@id":"https:\/\/ufb.be\/en\/beneficiary\/resto-du-coeur-de-liege-aide-aux-demunis\/#breadcrumb","itemListElement":[{"@type":"ListItem","position":1,"name":"Accueil","item":"https:\/\/ufb.be\/en\/"},{"@type":"ListItem","position":2,"name":"Beneficiaries","item":"https:\/\/ufb.be\/en\/beneficiary\/"},{"@type":"ListItem","position":3,"name":"Resto du C\u0153ur de Li\u00e8ge &#8211; Aide aux d\u00e9munis"}]},{"@type":"WebSite","@id":"https:\/\/ufb.be\/en\/#website","url":"https:\/\/ufb.be\/en\/","name":"United Fund for Belgium","description":"Combattons l\u2019exclusion pour plus d\u2019int\u00e9gration sociale","publisher":{"@id":"https:\/\/ufb.be\/en\/#organization"},"alternateName":"UFB","potentialAction":[{"@type":"SearchAction","target":{"@type":"EntryPoint","urlTemplate":"https:\/\/ufb.be\/en\/?s={search_term_string}"},"query-input":{"@type":"PropertyValueSpecification","valueRequired":true,"valueName":"search_term_string"}}],"inLanguage":"en-US"},{"@type":"Organization","@id":"https:\/\/ufb.be\/en\/#organization","name":"United Fund for Belgium","alternateName":"UFB","url":"https:\/\/ufb.be\/en\/","logo":{"@type":"ImageObject","inLanguage":"en-US","@id":"https:\/\/ufb.be\/en\/#\/schema\/logo\/image\/","url":"https:\/\/ufb.be\/wp-content\/uploads\/2025\/07\/Logo-UFB-RS.png","contentUrl":"https:\/\/ufb.be\/wp-content\/uploads\/2025\/07\/Logo-UFB-RS.png","width":200,"height":200,"caption":"United Fund for Belgium"},"image":{"@id":"https:\/\/ufb.be\/en\/#\/schema\/logo\/image\/"}}]}},"_links":{"self":[{"href":"https:\/\/ufb.be\/en\/wp-json\/wp\/v2\/beneficiary\/18531","targetHints":{"allow":["GET"]}}],"collection":[{"href":"https:\/\/ufb.be\/en\/wp-json\/wp\/v2\/beneficiary"}],"about":[{"href":"https:\/\/ufb.be\/en\/wp-json\/wp\/v2\/types\/beneficiary"}],"wp:featuredmedia":[{"embeddable":true,"href":"https:\/\/ufb.be\/en\/wp-json\/wp\/v2\/media\/18532"}],"wp:attachment":[{"href":"https:\/\/ufb.be\/en\/wp-json\/wp\/v2\/media?parent=18531"}],"curies":[{"name":"wp","href":"https:\/\/api.w.org\/{rel}","templated":true}]}}