{"id":31704,"date":"2022-08-18T16:21:24","date_gmt":"2022-08-18T16:21:24","guid":{"rendered":"https:\/\/ufb.be\/?post_type=beneficiary&#038;p=31704"},"modified":"2025-03-26T11:55:44","modified_gmt":"2025-03-26T10:55:44","slug":"braseap-asbl-centre-dinsertion-socio-professionnel","status":"publish","type":"beneficiary","link":"https:\/\/ufb.be\/en\/beneficiary\/braseap-asbl-centre-dinsertion-socio-professionnel\/","title":{"rendered":"BRASEAP asbl &#8211; Centre d&#8217;insertion socio-professionnel"},"content":{"rendered":"<p><strong>L&#8217;ORGANISATION EN QUELQUES LIGNES<\/strong><\/p>\n<p>L&#8217;ASBL BRASEAP est un centre d&#8217;insertion socio-professionnelle situ\u00e9 dans la commune d&#8217;Erquelinnes; \u00e0 la fronti\u00e8re fran\u00e7aise; cr\u00e9\u00e9 en 1986 et agr\u00e9\u00e9 par la r\u00e9gion Wallonne. Nous accueillons un public adulte relativement \u00e9loign\u00e9 de l&#8217;emploi avec lequel nous faisons un travail de r\u00e9insertion par l&#8217;apprentissage d&#8217;un m\u00e9tier.<\/p>\n<p>&nbsp;<\/p>\n<p><strong>LES \u00c9V\u00c8NEMENTS MARQUANTS DE VOTRE ORGANISATION<\/strong><\/p>\n<p>N\u00e9 de l\u2019ACIS en 1985 et situ\u00e9 en plein centre d\u2019Erquelinnes, l\u2019EAP Braseap voit le jour avec un effectif de 12 stagiaires En 1996, Braseap renouvelle son agr\u00e9ment pour ses fili\u00e8res horticulture et peinture.<\/p>\n<p>En 1997, Braseap investira les locaux de l\u2019ancienne douane d\u2019Erquelinnes. De nouveaux investissements en mat\u00e9riel ainsi qu\u2019en personnel seront alors organis\u00e9s. En 1998, ce sera l\u2019ann\u00e9e du d\u00e9veloppement de l\u2019atelier informatique et surtout l\u2019\u00e9laboration du projet &#8220;infographie&#8221;.<\/p>\n<p>L\u2019ann\u00e9e 1999 verra le renouvellement de l\u2019agr\u00e9ment des sections horticulture et peinture ainsi qu\u2019une demande d\u2019agr\u00e9ment de la nouvelle section infographie sera entam\u00e9e. Le personnel passera alors de 10 \u00e0 15 personnes.<\/p>\n<p>C\u2019est suite \u00e0 toutes ces d\u00e9marches que Brase\u2019art verra le jour en 2000. L\u2019ASBL compte alors 62 stagiaires dont 8 en infographie.<\/p>\n<p>C\u2019est en 2001 que Brase\u2019art deviendra Cap info et prendra le statut de l\u2019OISP. Dans un premier temps, Cap info sera agr\u00e9\u00e9 sous moratoire et ceci jusqu\u2019en 2008 o\u00f9 l\u2019ASBL sera agr\u00e9\u00e9 et subventionn\u00e9e en DEFI.<\/p>\n<p>En janvier 2021, il est d\u00e9cid\u00e9 que l\u2019ASBL Braseap et l\u2019ASBL Cap info fusionnent dans le cadre d\u2019une recherche de clart\u00e9 concernant notre institution.<\/p>\n<p>&nbsp;<\/p>\n<p><strong>LES PROJETS, MISSIONS ET\/OU ACTIVIT\u00c9S LES PLUS IMPORTANTS ET DE LEUR IMPACT<\/strong><\/p>\n<p>Que ce soit \u00e0 court, moyen ou long terme, les objectifs de Braseap sont multiples, vari\u00e9s et s\u2019attachent \u00e0 r\u00e9pondre \u00e0 tous les axes vis\u00e9s par une EFT (Entreprise de Formation par le travail) ainsi qu\u2019un D\u00e9FI (D\u00e9marche Formation Insertion), \u00e0 savoir :<\/p>\n<ul>\n<li>D\u00e9velopper les capacit\u00e9s des stagiaires \u00e0 se former en les aidants \u00e0 acqu\u00e9rir des comp\u00e9tences professionnelles et des comp\u00e9tences techniques leur permettant l\u2019acc\u00e8s \u00e0 des formations qualifiantes et, \u00e0 terme, au march\u00e9 de l\u2019emploi.<\/li>\n<li>Les amener \u00e0 d\u00e9finir un projet professionnel.<\/li>\n<li>Les amener \u00e0 faire un bilan de comp\u00e9tences.<\/li>\n<li>Les amener \u00e0 devenir acteur de leur projet professionnel et \u00e0 tisser des liens sociaux.<\/li>\n<li>Les amener \u00e0 d\u00e9velopper leur autonomie sociale.<\/li>\n<li>Utiliser le mat\u00e9riel et les techniques adapt\u00e9es.<\/li>\n<li>Travailler seul et\/ou en \u00e9quipe.<\/li>\n<li>S\u2019adapter ou se r\u00e9adapter aux conditions de vie et r\u00e8gles \u00e0 respecter sur un lieu de travail.<\/li>\n<\/ul>\n<p>&nbsp;<\/p>\n<p><strong>COURT T\u00c9MOIGNAGE EN RAPPORT AVEC VOTRE ASSOCIATION OU L\u2019UN DE VOS PROJETS OU ACTIVIT\u00c9S<\/strong><\/p>\n<p><em>&#8220;Quel plaisir de voir une \u00e9quipe motiv\u00e9e autour de ce beau projet commun; le renouveau de BRASEAP se fait sentir.&#8221;<\/em><\/p>\n<p>Message laiss\u00e9 par un membre de notre Assembl\u00e9e G\u00e9n\u00e9rale du 02\/06\/22<\/p>\n<p>&nbsp;<\/p>\n<p><strong>Site web: <\/strong><a href=\"http:\/\/braseap.be\/\">http:\/\/braseap.be\/<\/a><\/p>\n<p>Pour plus d\u2019informations, veuillez contacter notre Project Manager, S\u00e9verine Laneau\u00a0<a href=\"mailto:slaneau@ufb.be\">slaneau@ufb.be<\/a>\u00a0qui pourra r\u00e9pondre \u00e0 votre demande et vous renseigner comment vous pouvez soutenir ce ou un autre projet \u00e0 travers UFB.<\/p>\n","protected":false},"featured_media":53514,"parent":0,"template":"","meta":{"_acf_changed":false},"class_list":["post-31704","beneficiary","type-beneficiary","status-publish","has-post-thumbnail","hentry","year_type-170","province_type-hainaut","social_type-bien-etre-des-enfants"],"acf":[],"yoast_head":"<!-- This site is optimized with the Yoast SEO plugin v27.3 - https:\/\/yoast.com\/product\/yoast-seo-wordpress\/ -->\n<title>BRASEAP asbl - Centre d&#039;insertion socio-professionnel - UFB<\/title>\n<meta name=\"robots\" content=\"index, follow, max-snippet:-1, max-image-preview:large, max-video-preview:-1\" \/>\n<link rel=\"canonical\" href=\"https:\/\/ufb.be\/en\/beneficiary\/braseap-asbl-centre-dinsertion-socio-professionnel\/\" \/>\n<meta property=\"og:locale\" content=\"en_US\" \/>\n<meta property=\"og:type\" content=\"article\" \/>\n<meta property=\"og:title\" content=\"BRASEAP asbl - Centre d&#039;insertion socio-professionnel - UFB\" \/>\n<meta property=\"og:description\" content=\"L&#8217;ORGANISATION EN QUELQUES LIGNES L&#8217;ASBL BRASEAP est un centre d&#8217;insertion socio-professionnelle situ\u00e9 dans la commune d&#8217;Erquelinnes; \u00e0 la fronti\u00e8re fran\u00e7aise; cr\u00e9\u00e9 en 1986 et agr\u00e9\u00e9 par la r\u00e9gion Wallonne. Nous accueillons un public adulte relativement \u00e9loign\u00e9 de l&#8217;emploi avec lequel nous faisons un travail de r\u00e9insertion par l&#8217;apprentissage d&#8217;un m\u00e9tier. &nbsp; LES \u00c9V\u00c8NEMENTS MARQUANTS DE [&hellip;]\" \/>\n<meta property=\"og:url\" content=\"https:\/\/ufb.be\/en\/beneficiary\/braseap-asbl-centre-dinsertion-socio-professionnel\/\" \/>\n<meta property=\"og:site_name\" content=\"UFB\" \/>\n<meta property=\"article:modified_time\" content=\"2025-03-26T10:55:44+00:00\" \/>\n<meta property=\"og:image\" content=\"https:\/\/ufb.be\/wp-content\/uploads\/2022\/08\/Design-sans-titre-14.png\" \/>\n\t<meta property=\"og:image:width\" content=\"930\" \/>\n\t<meta property=\"og:image:height\" content=\"620\" \/>\n\t<meta property=\"og:image:type\" content=\"image\/png\" \/>\n<meta name=\"twitter:card\" content=\"summary_large_image\" \/>\n<meta name=\"twitter:label1\" content=\"Est. reading time\" \/>\n\t<meta name=\"twitter:data1\" content=\"3 minutes\" \/>\n<script type=\"application\/ld+json\" class=\"yoast-schema-graph\">{\"@context\":\"https:\\\/\\\/schema.org\",\"@graph\":[{\"@type\":\"WebPage\",\"@id\":\"https:\\\/\\\/ufb.be\\\/en\\\/beneficiary\\\/braseap-asbl-centre-dinsertion-socio-professionnel\\\/\",\"url\":\"https:\\\/\\\/ufb.be\\\/en\\\/beneficiary\\\/braseap-asbl-centre-dinsertion-socio-professionnel\\\/\",\"name\":\"BRASEAP asbl - Centre d'insertion socio-professionnel - UFB\",\"isPartOf\":{\"@id\":\"https:\\\/\\\/ufb.be\\\/en\\\/#website\"},\"primaryImageOfPage\":{\"@id\":\"https:\\\/\\\/ufb.be\\\/en\\\/beneficiary\\\/braseap-asbl-centre-dinsertion-socio-professionnel\\\/#primaryimage\"},\"image\":{\"@id\":\"https:\\\/\\\/ufb.be\\\/en\\\/beneficiary\\\/braseap-asbl-centre-dinsertion-socio-professionnel\\\/#primaryimage\"},\"thumbnailUrl\":\"https:\\\/\\\/ufb.be\\\/wp-content\\\/uploads\\\/2022\\\/08\\\/Design-sans-titre-14.png\",\"datePublished\":\"2022-08-18T16:21:24+00:00\",\"dateModified\":\"2025-03-26T10:55:44+00:00\",\"breadcrumb\":{\"@id\":\"https:\\\/\\\/ufb.be\\\/en\\\/beneficiary\\\/braseap-asbl-centre-dinsertion-socio-professionnel\\\/#breadcrumb\"},\"inLanguage\":\"en-US\",\"potentialAction\":[{\"@type\":\"ReadAction\",\"target\":[\"https:\\\/\\\/ufb.be\\\/en\\\/beneficiary\\\/braseap-asbl-centre-dinsertion-socio-professionnel\\\/\"]}]},{\"@type\":\"ImageObject\",\"inLanguage\":\"en-US\",\"@id\":\"https:\\\/\\\/ufb.be\\\/en\\\/beneficiary\\\/braseap-asbl-centre-dinsertion-socio-professionnel\\\/#primaryimage\",\"url\":\"https:\\\/\\\/ufb.be\\\/wp-content\\\/uploads\\\/2022\\\/08\\\/Design-sans-titre-14.png\",\"contentUrl\":\"https:\\\/\\\/ufb.be\\\/wp-content\\\/uploads\\\/2022\\\/08\\\/Design-sans-titre-14.png\",\"width\":930,\"height\":620},{\"@type\":\"BreadcrumbList\",\"@id\":\"https:\\\/\\\/ufb.be\\\/en\\\/beneficiary\\\/braseap-asbl-centre-dinsertion-socio-professionnel\\\/#breadcrumb\",\"itemListElement\":[{\"@type\":\"ListItem\",\"position\":1,\"name\":\"Accueil\",\"item\":\"https:\\\/\\\/ufb.be\\\/en\\\/\"},{\"@type\":\"ListItem\",\"position\":2,\"name\":\"Beneficiaries\",\"item\":\"https:\\\/\\\/ufb.be\\\/en\\\/beneficiary\\\/\"},{\"@type\":\"ListItem\",\"position\":3,\"name\":\"BRASEAP asbl &#8211; Centre d&rsquo;insertion socio-professionnel\"}]},{\"@type\":\"WebSite\",\"@id\":\"https:\\\/\\\/ufb.be\\\/en\\\/#website\",\"url\":\"https:\\\/\\\/ufb.be\\\/en\\\/\",\"name\":\"United Fund for Belgium\",\"description\":\"Combattons l\u2019exclusion pour plus d\u2019int\u00e9gration sociale\",\"publisher\":{\"@id\":\"https:\\\/\\\/ufb.be\\\/en\\\/#organization\"},\"alternateName\":\"UFB\",\"potentialAction\":[{\"@type\":\"SearchAction\",\"target\":{\"@type\":\"EntryPoint\",\"urlTemplate\":\"https:\\\/\\\/ufb.be\\\/en\\\/?s={search_term_string}\"},\"query-input\":{\"@type\":\"PropertyValueSpecification\",\"valueRequired\":true,\"valueName\":\"search_term_string\"}}],\"inLanguage\":\"en-US\"},{\"@type\":\"Organization\",\"@id\":\"https:\\\/\\\/ufb.be\\\/en\\\/#organization\",\"name\":\"United Fund for Belgium\",\"alternateName\":\"UFB\",\"url\":\"https:\\\/\\\/ufb.be\\\/en\\\/\",\"logo\":{\"@type\":\"ImageObject\",\"inLanguage\":\"en-US\",\"@id\":\"https:\\\/\\\/ufb.be\\\/en\\\/#\\\/schema\\\/logo\\\/image\\\/\",\"url\":\"https:\\\/\\\/ufb.be\\\/wp-content\\\/uploads\\\/2025\\\/07\\\/Logo-UFB-RS.png\",\"contentUrl\":\"https:\\\/\\\/ufb.be\\\/wp-content\\\/uploads\\\/2025\\\/07\\\/Logo-UFB-RS.png\",\"width\":200,\"height\":200,\"caption\":\"United Fund for Belgium\"},\"image\":{\"@id\":\"https:\\\/\\\/ufb.be\\\/en\\\/#\\\/schema\\\/logo\\\/image\\\/\"}}]}<\/script>\n<!-- \/ Yoast SEO plugin. -->","yoast_head_json":{"title":"BRASEAP asbl - Centre d'insertion socio-professionnel - UFB","robots":{"index":"index","follow":"follow","max-snippet":"max-snippet:-1","max-image-preview":"max-image-preview:large","max-video-preview":"max-video-preview:-1"},"canonical":"https:\/\/ufb.be\/en\/beneficiary\/braseap-asbl-centre-dinsertion-socio-professionnel\/","og_locale":"en_US","og_type":"article","og_title":"BRASEAP asbl - Centre d'insertion socio-professionnel - UFB","og_description":"L&#8217;ORGANISATION EN QUELQUES LIGNES L&#8217;ASBL BRASEAP est un centre d&#8217;insertion socio-professionnelle situ\u00e9 dans la commune d&#8217;Erquelinnes; \u00e0 la fronti\u00e8re fran\u00e7aise; cr\u00e9\u00e9 en 1986 et agr\u00e9\u00e9 par la r\u00e9gion Wallonne. Nous accueillons un public adulte relativement \u00e9loign\u00e9 de l&#8217;emploi avec lequel nous faisons un travail de r\u00e9insertion par l&#8217;apprentissage d&#8217;un m\u00e9tier. &nbsp; LES \u00c9V\u00c8NEMENTS MARQUANTS DE [&hellip;]","og_url":"https:\/\/ufb.be\/en\/beneficiary\/braseap-asbl-centre-dinsertion-socio-professionnel\/","og_site_name":"UFB","article_modified_time":"2025-03-26T10:55:44+00:00","og_image":[{"width":930,"height":620,"url":"https:\/\/ufb.be\/wp-content\/uploads\/2022\/08\/Design-sans-titre-14.png","type":"image\/png"}],"twitter_card":"summary_large_image","twitter_misc":{"Est. reading time":"3 minutes"},"schema":{"@context":"https:\/\/schema.org","@graph":[{"@type":"WebPage","@id":"https:\/\/ufb.be\/en\/beneficiary\/braseap-asbl-centre-dinsertion-socio-professionnel\/","url":"https:\/\/ufb.be\/en\/beneficiary\/braseap-asbl-centre-dinsertion-socio-professionnel\/","name":"BRASEAP asbl - Centre d'insertion socio-professionnel - UFB","isPartOf":{"@id":"https:\/\/ufb.be\/en\/#website"},"primaryImageOfPage":{"@id":"https:\/\/ufb.be\/en\/beneficiary\/braseap-asbl-centre-dinsertion-socio-professionnel\/#primaryimage"},"image":{"@id":"https:\/\/ufb.be\/en\/beneficiary\/braseap-asbl-centre-dinsertion-socio-professionnel\/#primaryimage"},"thumbnailUrl":"https:\/\/ufb.be\/wp-content\/uploads\/2022\/08\/Design-sans-titre-14.png","datePublished":"2022-08-18T16:21:24+00:00","dateModified":"2025-03-26T10:55:44+00:00","breadcrumb":{"@id":"https:\/\/ufb.be\/en\/beneficiary\/braseap-asbl-centre-dinsertion-socio-professionnel\/#breadcrumb"},"inLanguage":"en-US","potentialAction":[{"@type":"ReadAction","target":["https:\/\/ufb.be\/en\/beneficiary\/braseap-asbl-centre-dinsertion-socio-professionnel\/"]}]},{"@type":"ImageObject","inLanguage":"en-US","@id":"https:\/\/ufb.be\/en\/beneficiary\/braseap-asbl-centre-dinsertion-socio-professionnel\/#primaryimage","url":"https:\/\/ufb.be\/wp-content\/uploads\/2022\/08\/Design-sans-titre-14.png","contentUrl":"https:\/\/ufb.be\/wp-content\/uploads\/2022\/08\/Design-sans-titre-14.png","width":930,"height":620},{"@type":"BreadcrumbList","@id":"https:\/\/ufb.be\/en\/beneficiary\/braseap-asbl-centre-dinsertion-socio-professionnel\/#breadcrumb","itemListElement":[{"@type":"ListItem","position":1,"name":"Accueil","item":"https:\/\/ufb.be\/en\/"},{"@type":"ListItem","position":2,"name":"Beneficiaries","item":"https:\/\/ufb.be\/en\/beneficiary\/"},{"@type":"ListItem","position":3,"name":"BRASEAP asbl &#8211; Centre d&rsquo;insertion socio-professionnel"}]},{"@type":"WebSite","@id":"https:\/\/ufb.be\/en\/#website","url":"https:\/\/ufb.be\/en\/","name":"United Fund for Belgium","description":"Combattons l\u2019exclusion pour plus d\u2019int\u00e9gration sociale","publisher":{"@id":"https:\/\/ufb.be\/en\/#organization"},"alternateName":"UFB","potentialAction":[{"@type":"SearchAction","target":{"@type":"EntryPoint","urlTemplate":"https:\/\/ufb.be\/en\/?s={search_term_string}"},"query-input":{"@type":"PropertyValueSpecification","valueRequired":true,"valueName":"search_term_string"}}],"inLanguage":"en-US"},{"@type":"Organization","@id":"https:\/\/ufb.be\/en\/#organization","name":"United Fund for Belgium","alternateName":"UFB","url":"https:\/\/ufb.be\/en\/","logo":{"@type":"ImageObject","inLanguage":"en-US","@id":"https:\/\/ufb.be\/en\/#\/schema\/logo\/image\/","url":"https:\/\/ufb.be\/wp-content\/uploads\/2025\/07\/Logo-UFB-RS.png","contentUrl":"https:\/\/ufb.be\/wp-content\/uploads\/2025\/07\/Logo-UFB-RS.png","width":200,"height":200,"caption":"United Fund for Belgium"},"image":{"@id":"https:\/\/ufb.be\/en\/#\/schema\/logo\/image\/"}}]}},"_links":{"self":[{"href":"https:\/\/ufb.be\/en\/wp-json\/wp\/v2\/beneficiary\/31704","targetHints":{"allow":["GET"]}}],"collection":[{"href":"https:\/\/ufb.be\/en\/wp-json\/wp\/v2\/beneficiary"}],"about":[{"href":"https:\/\/ufb.be\/en\/wp-json\/wp\/v2\/types\/beneficiary"}],"wp:featuredmedia":[{"embeddable":true,"href":"https:\/\/ufb.be\/en\/wp-json\/wp\/v2\/media\/53514"}],"wp:attachment":[{"href":"https:\/\/ufb.be\/en\/wp-json\/wp\/v2\/media?parent=31704"}],"curies":[{"name":"wp","href":"https:\/\/api.w.org\/{rel}","templated":true}]}}