{"id":31845,"date":"2022-08-24T14:31:28","date_gmt":"2022-08-24T14:31:28","guid":{"rendered":"https:\/\/ufb.be\/?post_type=beneficiary&#038;p=31845"},"modified":"2025-03-26T14:55:57","modified_gmt":"2025-03-26T13:55:57","slug":"les-chanterelles-asbl-hebergement-pour-handicapes-mentaux-adultes","status":"publish","type":"beneficiary","link":"https:\/\/ufb.be\/en\/beneficiary\/les-chanterelles-asbl-hebergement-pour-handicapes-mentaux-adultes\/","title":{"rendered":"Les Chanterelles asbl &#8211; H\u00e9bergement pour handicap\u00e9s mentaux adultes"},"content":{"rendered":"<p><strong>L&#8217;ORGANISATION EN QUELQUES LIGNES<\/strong><\/p>\n<p>Les Chanterelles ASBL a \u00e9t\u00e9 cr\u00e9e le 24\/03\/1978<\/p>\n<p>Si\u00e8ge social : Rue Beauregard 27 \u2013 4130 Esneux Si\u00e8ge administratif : Rue du Pairay, 87 \u2013 4100 Seraing Agr\u00e9ments Les services sont agr\u00e9\u00e9s et subsidi\u00e9s par l\u2019AVIQ \u2013 branche Handicap.<\/p>\n<p>Service d\u2019accompagnement en accueil de type familial \u2013 SAF003 \u2013 41 accueils agr\u00e9\u00e9s et subsidi\u00e9s.<\/p>\n<p>Service d\u2019accompagnement &#8211; SAC023 \u2013 49 accompagnements agr\u00e9\u00e9s et subsidi\u00e9s.<\/p>\n<p>Service r\u00e9sidentiel pour adulte \u2013 MAH186 \u2013 11 lits agr\u00e9\u00e9s, 10 lits subsidi\u00e9s.<\/p>\n<p>&nbsp;<\/p>\n<p><strong>LES \u00c9V\u00c8NEMENTS MARQUANTS DE VOTRE ORGANISATION\u00a0<\/strong><\/p>\n<p>&#8211; 1978 : Cr\u00e9ation du Service d&#8217;Accompagnement en Accueil de Type Familial.<\/p>\n<p>&#8211; 1980 : Cr\u00e9ation du Service d&#8217;Accompagnement pour personnes handicap\u00e9es.<\/p>\n<p>&#8211; 1982 : Cr\u00e9ation du Service R\u00e9sidentiel pour Adultes handicap\u00e9s.<\/p>\n<p>L&#8217;ASBL a pour vocation d&#8217;\u00eatre pionni\u00e8re dans l&#8217;accompagnement des personnes en situation de handicap et reste un moteur pour adapter les pratiques et la sensibilisation \u00e0 ce v\u00e9cu sp\u00e9cifique dans un contexte soci\u00e9tal toujours plus complexe.<\/p>\n<p>&nbsp;<\/p>\n<p><strong>LES PROJETS, MISSIONS ET\/OU ACTIVIT\u00c9S LES PLUS IMPORTANTS ET DE LEUR IMPACT\u00a0<\/strong><\/p>\n<p>L\u2019ASBL Les Chanterelles a pour but d\u00e9sint\u00e9ress\u00e9 d\u2019accompagner, dans le sens le plus large, des personnes de tous \u00e2ges, en situation de handicap. Cet accompagnement, men\u00e9 en co-cr\u00e9ation avec les b\u00e9n\u00e9ficiaires, vise \u00e0 d\u00e9velopper les conditions de vie qui correspondent le mieux \u00e0 leur projet personnel et \u00e0 leur \u00e9panouissement.<\/p>\n<p>L\u2019ASBL poursuit la r\u00e9alisation de ce but au travers d\u2019activit\u00e9s individuelles, collectives et communautaires.<\/p>\n<p>&nbsp;<\/p>\n<p><strong>COURT T\u00c9MOIGNAGE EN RAPPORT AVEC VOTRE ASSOCIATION OU L\u2019UN DE VOS PROJETS OU ACTIVIT\u00c9S\u00a0<\/strong><\/p>\n<p>Nous transformons actuellement un garage en pi\u00e8ce d&#8217;accueil pour permettre aux &#8220;droits de visites&#8221;, entre les enfants accueillis en famille d&#8217;accueil et leurs parents d&#8217;origine, de se d\u00e9rouler dans les meilleures conditions. Ce projet est n\u00e9cessaire afin de garantir un climat s\u00e9curis\u00e9 pour ces rencontres qui peuvent \u00eatre hautement anxiog\u00e8ne pour toutes les parties en pr\u00e9sence.<\/p>\n<p>&nbsp;<\/p>\n<p><strong>Site web: <\/strong><a href=\"https:\/\/chanterelles.be\/\">https:\/\/chanterelles.be\/<\/a><\/p>\n<p>Pour plus d\u2019informations, veuillez contacter notre Project Manager, S\u00e9verine Laneau\u00a0<a href=\"mailto:slaneau@ufb.be\">slaneau@ufb.be<\/a>\u00a0qui pourra r\u00e9pondre \u00e0 votre demande et vous renseigner comment vous pouvez soutenir ce ou un autre projet \u00e0 travers UFB.<\/p>\n","protected":false},"featured_media":53563,"parent":0,"template":"","meta":{"_acf_changed":false},"class_list":["post-31845","beneficiary","type-beneficiary","status-publish","has-post-thumbnail","hentry","year_type-206","province_type-liege","social_type-personnes-en-situation-de-handicap"],"acf":[],"yoast_head":"<!-- This site is optimized with the Yoast SEO plugin v27.3 - https:\/\/yoast.com\/product\/yoast-seo-wordpress\/ -->\n<title>Les Chanterelles asbl - H\u00e9bergement pour handicap\u00e9s mentaux adultes - UFB<\/title>\n<meta name=\"robots\" content=\"index, follow, max-snippet:-1, max-image-preview:large, max-video-preview:-1\" \/>\n<link rel=\"canonical\" href=\"https:\/\/ufb.be\/en\/beneficiary\/les-chanterelles-asbl-hebergement-pour-handicapes-mentaux-adultes\/\" \/>\n<meta property=\"og:locale\" content=\"en_US\" \/>\n<meta property=\"og:type\" content=\"article\" \/>\n<meta property=\"og:title\" content=\"Les Chanterelles asbl - H\u00e9bergement pour handicap\u00e9s mentaux adultes - UFB\" \/>\n<meta property=\"og:description\" content=\"L&#8217;ORGANISATION EN QUELQUES LIGNES Les Chanterelles ASBL a \u00e9t\u00e9 cr\u00e9e le 24\/03\/1978 Si\u00e8ge social : Rue Beauregard 27 \u2013 4130 Esneux Si\u00e8ge administratif : Rue du Pairay, 87 \u2013 4100 Seraing Agr\u00e9ments Les services sont agr\u00e9\u00e9s et subsidi\u00e9s par l\u2019AVIQ \u2013 branche Handicap. Service d\u2019accompagnement en accueil de type familial \u2013 SAF003 \u2013 41 accueils [&hellip;]\" \/>\n<meta property=\"og:url\" content=\"https:\/\/ufb.be\/en\/beneficiary\/les-chanterelles-asbl-hebergement-pour-handicapes-mentaux-adultes\/\" \/>\n<meta property=\"og:site_name\" content=\"UFB\" \/>\n<meta property=\"article:modified_time\" content=\"2025-03-26T13:55:57+00:00\" \/>\n<meta property=\"og:image\" content=\"https:\/\/ufb.be\/wp-content\/uploads\/2022\/08\/450552641_1007200221415566_6909453320927469208_n.jpg\" \/>\n\t<meta property=\"og:image:width\" content=\"2048\" \/>\n\t<meta property=\"og:image:height\" content=\"1536\" \/>\n\t<meta property=\"og:image:type\" content=\"image\/jpeg\" \/>\n<meta name=\"twitter:card\" content=\"summary_large_image\" \/>\n<meta name=\"twitter:label1\" content=\"Est. reading time\" \/>\n\t<meta name=\"twitter:data1\" content=\"2 minutes\" \/>\n<script type=\"application\/ld+json\" class=\"yoast-schema-graph\">{\"@context\":\"https:\\\/\\\/schema.org\",\"@graph\":[{\"@type\":\"WebPage\",\"@id\":\"https:\\\/\\\/ufb.be\\\/en\\\/beneficiary\\\/les-chanterelles-asbl-hebergement-pour-handicapes-mentaux-adultes\\\/\",\"url\":\"https:\\\/\\\/ufb.be\\\/en\\\/beneficiary\\\/les-chanterelles-asbl-hebergement-pour-handicapes-mentaux-adultes\\\/\",\"name\":\"Les Chanterelles asbl - H\u00e9bergement pour handicap\u00e9s mentaux adultes - UFB\",\"isPartOf\":{\"@id\":\"https:\\\/\\\/ufb.be\\\/en\\\/#website\"},\"primaryImageOfPage\":{\"@id\":\"https:\\\/\\\/ufb.be\\\/en\\\/beneficiary\\\/les-chanterelles-asbl-hebergement-pour-handicapes-mentaux-adultes\\\/#primaryimage\"},\"image\":{\"@id\":\"https:\\\/\\\/ufb.be\\\/en\\\/beneficiary\\\/les-chanterelles-asbl-hebergement-pour-handicapes-mentaux-adultes\\\/#primaryimage\"},\"thumbnailUrl\":\"https:\\\/\\\/ufb.be\\\/wp-content\\\/uploads\\\/2022\\\/08\\\/450552641_1007200221415566_6909453320927469208_n.jpg\",\"datePublished\":\"2022-08-24T14:31:28+00:00\",\"dateModified\":\"2025-03-26T13:55:57+00:00\",\"breadcrumb\":{\"@id\":\"https:\\\/\\\/ufb.be\\\/en\\\/beneficiary\\\/les-chanterelles-asbl-hebergement-pour-handicapes-mentaux-adultes\\\/#breadcrumb\"},\"inLanguage\":\"en-US\",\"potentialAction\":[{\"@type\":\"ReadAction\",\"target\":[\"https:\\\/\\\/ufb.be\\\/en\\\/beneficiary\\\/les-chanterelles-asbl-hebergement-pour-handicapes-mentaux-adultes\\\/\"]}]},{\"@type\":\"ImageObject\",\"inLanguage\":\"en-US\",\"@id\":\"https:\\\/\\\/ufb.be\\\/en\\\/beneficiary\\\/les-chanterelles-asbl-hebergement-pour-handicapes-mentaux-adultes\\\/#primaryimage\",\"url\":\"https:\\\/\\\/ufb.be\\\/wp-content\\\/uploads\\\/2022\\\/08\\\/450552641_1007200221415566_6909453320927469208_n.jpg\",\"contentUrl\":\"https:\\\/\\\/ufb.be\\\/wp-content\\\/uploads\\\/2022\\\/08\\\/450552641_1007200221415566_6909453320927469208_n.jpg\",\"width\":2048,\"height\":1536},{\"@type\":\"BreadcrumbList\",\"@id\":\"https:\\\/\\\/ufb.be\\\/en\\\/beneficiary\\\/les-chanterelles-asbl-hebergement-pour-handicapes-mentaux-adultes\\\/#breadcrumb\",\"itemListElement\":[{\"@type\":\"ListItem\",\"position\":1,\"name\":\"Accueil\",\"item\":\"https:\\\/\\\/ufb.be\\\/en\\\/\"},{\"@type\":\"ListItem\",\"position\":2,\"name\":\"Beneficiaries\",\"item\":\"https:\\\/\\\/ufb.be\\\/en\\\/beneficiary\\\/\"},{\"@type\":\"ListItem\",\"position\":3,\"name\":\"Les Chanterelles asbl &#8211; H\u00e9bergement pour handicap\u00e9s mentaux adultes\"}]},{\"@type\":\"WebSite\",\"@id\":\"https:\\\/\\\/ufb.be\\\/en\\\/#website\",\"url\":\"https:\\\/\\\/ufb.be\\\/en\\\/\",\"name\":\"United Fund for Belgium\",\"description\":\"Combattons l\u2019exclusion pour plus d\u2019int\u00e9gration sociale\",\"publisher\":{\"@id\":\"https:\\\/\\\/ufb.be\\\/en\\\/#organization\"},\"alternateName\":\"UFB\",\"potentialAction\":[{\"@type\":\"SearchAction\",\"target\":{\"@type\":\"EntryPoint\",\"urlTemplate\":\"https:\\\/\\\/ufb.be\\\/en\\\/?s={search_term_string}\"},\"query-input\":{\"@type\":\"PropertyValueSpecification\",\"valueRequired\":true,\"valueName\":\"search_term_string\"}}],\"inLanguage\":\"en-US\"},{\"@type\":\"Organization\",\"@id\":\"https:\\\/\\\/ufb.be\\\/en\\\/#organization\",\"name\":\"United Fund for Belgium\",\"alternateName\":\"UFB\",\"url\":\"https:\\\/\\\/ufb.be\\\/en\\\/\",\"logo\":{\"@type\":\"ImageObject\",\"inLanguage\":\"en-US\",\"@id\":\"https:\\\/\\\/ufb.be\\\/en\\\/#\\\/schema\\\/logo\\\/image\\\/\",\"url\":\"https:\\\/\\\/ufb.be\\\/wp-content\\\/uploads\\\/2025\\\/07\\\/Logo-UFB-RS.png\",\"contentUrl\":\"https:\\\/\\\/ufb.be\\\/wp-content\\\/uploads\\\/2025\\\/07\\\/Logo-UFB-RS.png\",\"width\":200,\"height\":200,\"caption\":\"United Fund for Belgium\"},\"image\":{\"@id\":\"https:\\\/\\\/ufb.be\\\/en\\\/#\\\/schema\\\/logo\\\/image\\\/\"}}]}<\/script>\n<!-- \/ Yoast SEO plugin. -->","yoast_head_json":{"title":"Les Chanterelles asbl - H\u00e9bergement pour handicap\u00e9s mentaux adultes - UFB","robots":{"index":"index","follow":"follow","max-snippet":"max-snippet:-1","max-image-preview":"max-image-preview:large","max-video-preview":"max-video-preview:-1"},"canonical":"https:\/\/ufb.be\/en\/beneficiary\/les-chanterelles-asbl-hebergement-pour-handicapes-mentaux-adultes\/","og_locale":"en_US","og_type":"article","og_title":"Les Chanterelles asbl - H\u00e9bergement pour handicap\u00e9s mentaux adultes - UFB","og_description":"L&#8217;ORGANISATION EN QUELQUES LIGNES Les Chanterelles ASBL a \u00e9t\u00e9 cr\u00e9e le 24\/03\/1978 Si\u00e8ge social : Rue Beauregard 27 \u2013 4130 Esneux Si\u00e8ge administratif : Rue du Pairay, 87 \u2013 4100 Seraing Agr\u00e9ments Les services sont agr\u00e9\u00e9s et subsidi\u00e9s par l\u2019AVIQ \u2013 branche Handicap. Service d\u2019accompagnement en accueil de type familial \u2013 SAF003 \u2013 41 accueils [&hellip;]","og_url":"https:\/\/ufb.be\/en\/beneficiary\/les-chanterelles-asbl-hebergement-pour-handicapes-mentaux-adultes\/","og_site_name":"UFB","article_modified_time":"2025-03-26T13:55:57+00:00","og_image":[{"width":2048,"height":1536,"url":"https:\/\/ufb.be\/wp-content\/uploads\/2022\/08\/450552641_1007200221415566_6909453320927469208_n.jpg","type":"image\/jpeg"}],"twitter_card":"summary_large_image","twitter_misc":{"Est. reading time":"2 minutes"},"schema":{"@context":"https:\/\/schema.org","@graph":[{"@type":"WebPage","@id":"https:\/\/ufb.be\/en\/beneficiary\/les-chanterelles-asbl-hebergement-pour-handicapes-mentaux-adultes\/","url":"https:\/\/ufb.be\/en\/beneficiary\/les-chanterelles-asbl-hebergement-pour-handicapes-mentaux-adultes\/","name":"Les Chanterelles asbl - H\u00e9bergement pour handicap\u00e9s mentaux adultes - UFB","isPartOf":{"@id":"https:\/\/ufb.be\/en\/#website"},"primaryImageOfPage":{"@id":"https:\/\/ufb.be\/en\/beneficiary\/les-chanterelles-asbl-hebergement-pour-handicapes-mentaux-adultes\/#primaryimage"},"image":{"@id":"https:\/\/ufb.be\/en\/beneficiary\/les-chanterelles-asbl-hebergement-pour-handicapes-mentaux-adultes\/#primaryimage"},"thumbnailUrl":"https:\/\/ufb.be\/wp-content\/uploads\/2022\/08\/450552641_1007200221415566_6909453320927469208_n.jpg","datePublished":"2022-08-24T14:31:28+00:00","dateModified":"2025-03-26T13:55:57+00:00","breadcrumb":{"@id":"https:\/\/ufb.be\/en\/beneficiary\/les-chanterelles-asbl-hebergement-pour-handicapes-mentaux-adultes\/#breadcrumb"},"inLanguage":"en-US","potentialAction":[{"@type":"ReadAction","target":["https:\/\/ufb.be\/en\/beneficiary\/les-chanterelles-asbl-hebergement-pour-handicapes-mentaux-adultes\/"]}]},{"@type":"ImageObject","inLanguage":"en-US","@id":"https:\/\/ufb.be\/en\/beneficiary\/les-chanterelles-asbl-hebergement-pour-handicapes-mentaux-adultes\/#primaryimage","url":"https:\/\/ufb.be\/wp-content\/uploads\/2022\/08\/450552641_1007200221415566_6909453320927469208_n.jpg","contentUrl":"https:\/\/ufb.be\/wp-content\/uploads\/2022\/08\/450552641_1007200221415566_6909453320927469208_n.jpg","width":2048,"height":1536},{"@type":"BreadcrumbList","@id":"https:\/\/ufb.be\/en\/beneficiary\/les-chanterelles-asbl-hebergement-pour-handicapes-mentaux-adultes\/#breadcrumb","itemListElement":[{"@type":"ListItem","position":1,"name":"Accueil","item":"https:\/\/ufb.be\/en\/"},{"@type":"ListItem","position":2,"name":"Beneficiaries","item":"https:\/\/ufb.be\/en\/beneficiary\/"},{"@type":"ListItem","position":3,"name":"Les Chanterelles asbl &#8211; H\u00e9bergement pour handicap\u00e9s mentaux adultes"}]},{"@type":"WebSite","@id":"https:\/\/ufb.be\/en\/#website","url":"https:\/\/ufb.be\/en\/","name":"United Fund for Belgium","description":"Combattons l\u2019exclusion pour plus d\u2019int\u00e9gration sociale","publisher":{"@id":"https:\/\/ufb.be\/en\/#organization"},"alternateName":"UFB","potentialAction":[{"@type":"SearchAction","target":{"@type":"EntryPoint","urlTemplate":"https:\/\/ufb.be\/en\/?s={search_term_string}"},"query-input":{"@type":"PropertyValueSpecification","valueRequired":true,"valueName":"search_term_string"}}],"inLanguage":"en-US"},{"@type":"Organization","@id":"https:\/\/ufb.be\/en\/#organization","name":"United Fund for Belgium","alternateName":"UFB","url":"https:\/\/ufb.be\/en\/","logo":{"@type":"ImageObject","inLanguage":"en-US","@id":"https:\/\/ufb.be\/en\/#\/schema\/logo\/image\/","url":"https:\/\/ufb.be\/wp-content\/uploads\/2025\/07\/Logo-UFB-RS.png","contentUrl":"https:\/\/ufb.be\/wp-content\/uploads\/2025\/07\/Logo-UFB-RS.png","width":200,"height":200,"caption":"United Fund for Belgium"},"image":{"@id":"https:\/\/ufb.be\/en\/#\/schema\/logo\/image\/"}}]}},"_links":{"self":[{"href":"https:\/\/ufb.be\/en\/wp-json\/wp\/v2\/beneficiary\/31845","targetHints":{"allow":["GET"]}}],"collection":[{"href":"https:\/\/ufb.be\/en\/wp-json\/wp\/v2\/beneficiary"}],"about":[{"href":"https:\/\/ufb.be\/en\/wp-json\/wp\/v2\/types\/beneficiary"}],"wp:featuredmedia":[{"embeddable":true,"href":"https:\/\/ufb.be\/en\/wp-json\/wp\/v2\/media\/53563"}],"wp:attachment":[{"href":"https:\/\/ufb.be\/en\/wp-json\/wp\/v2\/media?parent=31845"}],"curies":[{"name":"wp","href":"https:\/\/api.w.org\/{rel}","templated":true}]}}