{"id":31903,"date":"2022-08-31T15:46:02","date_gmt":"2022-08-31T15:46:02","guid":{"rendered":"https:\/\/ufb.be\/?post_type=beneficiary&#038;p=31903"},"modified":"2025-03-24T14:27:58","modified_gmt":"2025-03-24T13:27:58","slug":"serve-the-city-asbl","status":"publish","type":"beneficiary","link":"https:\/\/ufb.be\/en\/beneficiary\/serve-the-city-asbl\/","title":{"rendered":"Serve the City asbl"},"content":{"rendered":"<p><strong>L&#8217;ORGANISATION EN QUELQUES LIGNES<\/strong><\/p>\n<p>Serve the City est une association qui a pour but de servir les plus vuln\u00e9rables de nos cit\u00e9s (les migrants, transmigrants, r\u00e9fugi\u00e9s, personnes sans-abris). A travers notre application GSM, et en partenariat avec d&#8217;autres organisations\/centres, nous le rendons possible pour tous de s\u2019inscrire pour faire du b\u00e9n\u00e9volat et faire du bien pour notre cit\u00e9. Nous avons des projets de distribution de nourriture o\u00f9 nous avons servi 70.000 repas chauds entre janvier et novembre 2021.<\/p>\n<p>&nbsp;<\/p>\n<p><strong>LES \u00c9V\u00c8NEMENTS MARQUANTS DE L&#8217;ORGANISATION\u00a0<\/strong><\/p>\n<p>Cette ann\u00e9e nous avons organis\u00e9 une collecte de donations pour envoyer 500 bo\u00eetes des biens mat\u00e9riels en Pologne pour les r\u00e9fugi\u00e9s ukrainiens. Nous avons un \u00abBig Volunteer Day\u00bb tous les mois qui mobilise des gens de faire du b\u00e9n\u00e9volat pendant une journ\u00e9e pleine d&#8217;\u00e9v\u00e8nements diff\u00e9rents.<\/p>\n<p>&nbsp;<\/p>\n<p><strong>LES PROJETS, MISSIONS ET\/OU ACTIVIT\u00c9S LES PLUS IMPORTANTS ET DE LEUR IMPACT<\/strong><\/p>\n<p>2022 a d\u00e9j\u00e0 \u00e9t\u00e9 une ann\u00e9e pleine des succ\u00e8s avec notre collecte des fonds pour l&#8217;Ukraine par exemple. Pour une id\u00e9e plus concr\u00e8te de l&#8217;impact que nous avons \u00e0 Bruxelles, il suffit de regarder quelques chiffres de 2021.<\/p>\n<p>En 2021 nous avons :<\/p>\n<p>\u2013 Distribu\u00e9 70.000 repas chauds aux personnes vuln\u00e9rables \u2013 Donn\u00e9 du soutien \u00e9ducationnel \u00e0 plus que 175 enfants \u2013 Offert des cours de langues \u00e0 plus que 600 de nos amis sans-abris \u2013 Nous avons travaill\u00e9 en partenariat et soutenu plus que 10 organisations et centres.<\/p>\n<p>&nbsp;<\/p>\n<p><strong>COURT T\u00c9MOIGNAGE EN RAPPORT AVEC VOTRE ASSOCIATION OU L\u2019UN DE VOS PROJETS OU ACTIVIT\u00c9S\u00a0<\/strong><\/p>\n<p>Le projet \u00ab A Day at the Zoo \u00bb pour les enfants du Centre Jourdan\u2026 Le 16 octobre 2021 nous sommes all\u00e9s au zoo avec plus que 120 personnes. Ceci comprenait beaucoup des familles et enfants du Centre Jourdan et une \u00e9quipe de b\u00e9n\u00e9voles. Certains n\u2019\u00e9taient jamais all\u00e9s au zoo alors c\u2019\u00e9tait une exp\u00e9rience marquant pour beaucoup d\u2019entre eux. C\u2019\u00e9tait un challenge, mais avec l\u2019aide financi\u00e8re de nos fundraisers et quelques partenariats, nous avons pu payer pour tous les tickets et le bus.<\/p>\n<p><strong>Site web: <\/strong><a href=\"https:\/\/www.servethecity.brussels\/fr\/\">https:\/\/www.servethecity.brussels\/fr\/\u00a0<\/a><\/p>\n<p>Pour plus d\u2019informations, veuillez contacter notre Project Manager, S\u00e9verine Laneau\u00a0<a href=\"mailto:slaneau@ufb.be\">slaneau@ufb.be<\/a>\u00a0qui pourra r\u00e9pondre \u00e0 votre demande et vous renseigner comment vous pouvez soutenir ce ou un autre projet \u00e0 travers UFB.<\/p>\n","protected":false},"featured_media":32073,"parent":0,"template":"","meta":{"_acf_changed":false},"class_list":["post-31903","beneficiary","type-beneficiary","status-publish","has-post-thumbnail","hentry","year_type-206","province_type-brussels","social_type-campagne-united-for-ukrainians","social_type-lutte-contre-la-pauvrete","social_type-refugees-2"],"acf":[],"yoast_head":"<!-- This site is optimized with the Yoast SEO plugin v27.3 - https:\/\/yoast.com\/product\/yoast-seo-wordpress\/ -->\n<title>Serve the City asbl - UFB<\/title>\n<meta name=\"robots\" content=\"index, follow, max-snippet:-1, max-image-preview:large, max-video-preview:-1\" \/>\n<link rel=\"canonical\" href=\"https:\/\/ufb.be\/en\/beneficiary\/serve-the-city-asbl\/\" \/>\n<meta property=\"og:locale\" content=\"en_US\" \/>\n<meta property=\"og:type\" content=\"article\" \/>\n<meta property=\"og:title\" content=\"Serve the City asbl - UFB\" \/>\n<meta property=\"og:description\" content=\"L&#8217;ORGANISATION EN QUELQUES LIGNES Serve the City est une association qui a pour but de servir les plus vuln\u00e9rables de nos cit\u00e9s (les migrants, transmigrants, r\u00e9fugi\u00e9s, personnes sans-abris). A travers notre application GSM, et en partenariat avec d&#8217;autres organisations\/centres, nous le rendons possible pour tous de s\u2019inscrire pour faire du b\u00e9n\u00e9volat et faire du bien [&hellip;]\" \/>\n<meta property=\"og:url\" content=\"https:\/\/ufb.be\/en\/beneficiary\/serve-the-city-asbl\/\" \/>\n<meta property=\"og:site_name\" content=\"UFB\" \/>\n<meta property=\"article:modified_time\" content=\"2025-03-24T13:27:58+00:00\" \/>\n<meta property=\"og:image\" content=\"https:\/\/ufb.be\/wp-content\/uploads\/2022\/08\/imageservethecityasbl-1.png\" \/>\n\t<meta property=\"og:image:width\" content=\"1920\" \/>\n\t<meta property=\"og:image:height\" content=\"1080\" \/>\n\t<meta property=\"og:image:type\" content=\"image\/png\" \/>\n<meta name=\"twitter:card\" content=\"summary_large_image\" \/>\n<meta name=\"twitter:label1\" content=\"Est. reading time\" \/>\n\t<meta name=\"twitter:data1\" content=\"3 minutes\" \/>\n<script type=\"application\/ld+json\" class=\"yoast-schema-graph\">{\"@context\":\"https:\\\/\\\/schema.org\",\"@graph\":[{\"@type\":\"WebPage\",\"@id\":\"https:\\\/\\\/ufb.be\\\/en\\\/beneficiary\\\/serve-the-city-asbl\\\/\",\"url\":\"https:\\\/\\\/ufb.be\\\/en\\\/beneficiary\\\/serve-the-city-asbl\\\/\",\"name\":\"Serve the City asbl - UFB\",\"isPartOf\":{\"@id\":\"https:\\\/\\\/ufb.be\\\/en\\\/#website\"},\"primaryImageOfPage\":{\"@id\":\"https:\\\/\\\/ufb.be\\\/en\\\/beneficiary\\\/serve-the-city-asbl\\\/#primaryimage\"},\"image\":{\"@id\":\"https:\\\/\\\/ufb.be\\\/en\\\/beneficiary\\\/serve-the-city-asbl\\\/#primaryimage\"},\"thumbnailUrl\":\"https:\\\/\\\/ufb.be\\\/wp-content\\\/uploads\\\/2022\\\/08\\\/imageservethecityasbl-1.png\",\"datePublished\":\"2022-08-31T15:46:02+00:00\",\"dateModified\":\"2025-03-24T13:27:58+00:00\",\"breadcrumb\":{\"@id\":\"https:\\\/\\\/ufb.be\\\/en\\\/beneficiary\\\/serve-the-city-asbl\\\/#breadcrumb\"},\"inLanguage\":\"en-US\",\"potentialAction\":[{\"@type\":\"ReadAction\",\"target\":[\"https:\\\/\\\/ufb.be\\\/en\\\/beneficiary\\\/serve-the-city-asbl\\\/\"]}]},{\"@type\":\"ImageObject\",\"inLanguage\":\"en-US\",\"@id\":\"https:\\\/\\\/ufb.be\\\/en\\\/beneficiary\\\/serve-the-city-asbl\\\/#primaryimage\",\"url\":\"https:\\\/\\\/ufb.be\\\/wp-content\\\/uploads\\\/2022\\\/08\\\/imageservethecityasbl-1.png\",\"contentUrl\":\"https:\\\/\\\/ufb.be\\\/wp-content\\\/uploads\\\/2022\\\/08\\\/imageservethecityasbl-1.png\",\"width\":1920,\"height\":1080},{\"@type\":\"BreadcrumbList\",\"@id\":\"https:\\\/\\\/ufb.be\\\/en\\\/beneficiary\\\/serve-the-city-asbl\\\/#breadcrumb\",\"itemListElement\":[{\"@type\":\"ListItem\",\"position\":1,\"name\":\"Accueil\",\"item\":\"https:\\\/\\\/ufb.be\\\/en\\\/\"},{\"@type\":\"ListItem\",\"position\":2,\"name\":\"Beneficiaries\",\"item\":\"https:\\\/\\\/ufb.be\\\/en\\\/beneficiary\\\/\"},{\"@type\":\"ListItem\",\"position\":3,\"name\":\"Serve the City asbl\"}]},{\"@type\":\"WebSite\",\"@id\":\"https:\\\/\\\/ufb.be\\\/en\\\/#website\",\"url\":\"https:\\\/\\\/ufb.be\\\/en\\\/\",\"name\":\"United Fund for Belgium\",\"description\":\"Combattons l\u2019exclusion pour plus d\u2019int\u00e9gration sociale\",\"publisher\":{\"@id\":\"https:\\\/\\\/ufb.be\\\/en\\\/#organization\"},\"alternateName\":\"UFB\",\"potentialAction\":[{\"@type\":\"SearchAction\",\"target\":{\"@type\":\"EntryPoint\",\"urlTemplate\":\"https:\\\/\\\/ufb.be\\\/en\\\/?s={search_term_string}\"},\"query-input\":{\"@type\":\"PropertyValueSpecification\",\"valueRequired\":true,\"valueName\":\"search_term_string\"}}],\"inLanguage\":\"en-US\"},{\"@type\":\"Organization\",\"@id\":\"https:\\\/\\\/ufb.be\\\/en\\\/#organization\",\"name\":\"United Fund for Belgium\",\"alternateName\":\"UFB\",\"url\":\"https:\\\/\\\/ufb.be\\\/en\\\/\",\"logo\":{\"@type\":\"ImageObject\",\"inLanguage\":\"en-US\",\"@id\":\"https:\\\/\\\/ufb.be\\\/en\\\/#\\\/schema\\\/logo\\\/image\\\/\",\"url\":\"https:\\\/\\\/ufb.be\\\/wp-content\\\/uploads\\\/2025\\\/07\\\/Logo-UFB-RS.png\",\"contentUrl\":\"https:\\\/\\\/ufb.be\\\/wp-content\\\/uploads\\\/2025\\\/07\\\/Logo-UFB-RS.png\",\"width\":200,\"height\":200,\"caption\":\"United Fund for Belgium\"},\"image\":{\"@id\":\"https:\\\/\\\/ufb.be\\\/en\\\/#\\\/schema\\\/logo\\\/image\\\/\"}}]}<\/script>\n<!-- \/ Yoast SEO plugin. -->","yoast_head_json":{"title":"Serve the City asbl - UFB","robots":{"index":"index","follow":"follow","max-snippet":"max-snippet:-1","max-image-preview":"max-image-preview:large","max-video-preview":"max-video-preview:-1"},"canonical":"https:\/\/ufb.be\/en\/beneficiary\/serve-the-city-asbl\/","og_locale":"en_US","og_type":"article","og_title":"Serve the City asbl - UFB","og_description":"L&#8217;ORGANISATION EN QUELQUES LIGNES Serve the City est une association qui a pour but de servir les plus vuln\u00e9rables de nos cit\u00e9s (les migrants, transmigrants, r\u00e9fugi\u00e9s, personnes sans-abris). A travers notre application GSM, et en partenariat avec d&#8217;autres organisations\/centres, nous le rendons possible pour tous de s\u2019inscrire pour faire du b\u00e9n\u00e9volat et faire du bien [&hellip;]","og_url":"https:\/\/ufb.be\/en\/beneficiary\/serve-the-city-asbl\/","og_site_name":"UFB","article_modified_time":"2025-03-24T13:27:58+00:00","og_image":[{"width":1920,"height":1080,"url":"https:\/\/ufb.be\/wp-content\/uploads\/2022\/08\/imageservethecityasbl-1.png","type":"image\/png"}],"twitter_card":"summary_large_image","twitter_misc":{"Est. reading time":"3 minutes"},"schema":{"@context":"https:\/\/schema.org","@graph":[{"@type":"WebPage","@id":"https:\/\/ufb.be\/en\/beneficiary\/serve-the-city-asbl\/","url":"https:\/\/ufb.be\/en\/beneficiary\/serve-the-city-asbl\/","name":"Serve the City asbl - UFB","isPartOf":{"@id":"https:\/\/ufb.be\/en\/#website"},"primaryImageOfPage":{"@id":"https:\/\/ufb.be\/en\/beneficiary\/serve-the-city-asbl\/#primaryimage"},"image":{"@id":"https:\/\/ufb.be\/en\/beneficiary\/serve-the-city-asbl\/#primaryimage"},"thumbnailUrl":"https:\/\/ufb.be\/wp-content\/uploads\/2022\/08\/imageservethecityasbl-1.png","datePublished":"2022-08-31T15:46:02+00:00","dateModified":"2025-03-24T13:27:58+00:00","breadcrumb":{"@id":"https:\/\/ufb.be\/en\/beneficiary\/serve-the-city-asbl\/#breadcrumb"},"inLanguage":"en-US","potentialAction":[{"@type":"ReadAction","target":["https:\/\/ufb.be\/en\/beneficiary\/serve-the-city-asbl\/"]}]},{"@type":"ImageObject","inLanguage":"en-US","@id":"https:\/\/ufb.be\/en\/beneficiary\/serve-the-city-asbl\/#primaryimage","url":"https:\/\/ufb.be\/wp-content\/uploads\/2022\/08\/imageservethecityasbl-1.png","contentUrl":"https:\/\/ufb.be\/wp-content\/uploads\/2022\/08\/imageservethecityasbl-1.png","width":1920,"height":1080},{"@type":"BreadcrumbList","@id":"https:\/\/ufb.be\/en\/beneficiary\/serve-the-city-asbl\/#breadcrumb","itemListElement":[{"@type":"ListItem","position":1,"name":"Accueil","item":"https:\/\/ufb.be\/en\/"},{"@type":"ListItem","position":2,"name":"Beneficiaries","item":"https:\/\/ufb.be\/en\/beneficiary\/"},{"@type":"ListItem","position":3,"name":"Serve the City asbl"}]},{"@type":"WebSite","@id":"https:\/\/ufb.be\/en\/#website","url":"https:\/\/ufb.be\/en\/","name":"United Fund for Belgium","description":"Combattons l\u2019exclusion pour plus d\u2019int\u00e9gration sociale","publisher":{"@id":"https:\/\/ufb.be\/en\/#organization"},"alternateName":"UFB","potentialAction":[{"@type":"SearchAction","target":{"@type":"EntryPoint","urlTemplate":"https:\/\/ufb.be\/en\/?s={search_term_string}"},"query-input":{"@type":"PropertyValueSpecification","valueRequired":true,"valueName":"search_term_string"}}],"inLanguage":"en-US"},{"@type":"Organization","@id":"https:\/\/ufb.be\/en\/#organization","name":"United Fund for Belgium","alternateName":"UFB","url":"https:\/\/ufb.be\/en\/","logo":{"@type":"ImageObject","inLanguage":"en-US","@id":"https:\/\/ufb.be\/en\/#\/schema\/logo\/image\/","url":"https:\/\/ufb.be\/wp-content\/uploads\/2025\/07\/Logo-UFB-RS.png","contentUrl":"https:\/\/ufb.be\/wp-content\/uploads\/2025\/07\/Logo-UFB-RS.png","width":200,"height":200,"caption":"United Fund for Belgium"},"image":{"@id":"https:\/\/ufb.be\/en\/#\/schema\/logo\/image\/"}}]}},"_links":{"self":[{"href":"https:\/\/ufb.be\/en\/wp-json\/wp\/v2\/beneficiary\/31903","targetHints":{"allow":["GET"]}}],"collection":[{"href":"https:\/\/ufb.be\/en\/wp-json\/wp\/v2\/beneficiary"}],"about":[{"href":"https:\/\/ufb.be\/en\/wp-json\/wp\/v2\/types\/beneficiary"}],"wp:featuredmedia":[{"embeddable":true,"href":"https:\/\/ufb.be\/en\/wp-json\/wp\/v2\/media\/32073"}],"wp:attachment":[{"href":"https:\/\/ufb.be\/en\/wp-json\/wp\/v2\/media?parent=31903"}],"curies":[{"name":"wp","href":"https:\/\/api.w.org\/{rel}","templated":true}]}}