{"id":32076,"date":"2022-08-31T16:16:59","date_gmt":"2022-08-31T16:16:59","guid":{"rendered":"https:\/\/ufb.be\/?post_type=beneficiary&#038;p=32076"},"modified":"2025-03-24T14:38:30","modified_gmt":"2025-03-24T13:38:30","slug":"centre-de-jeunes-nova-mj-asbl","status":"publish","type":"beneficiary","link":"https:\/\/ufb.be\/en\/beneficiary\/centre-de-jeunes-nova-mj-asbl\/","title":{"rendered":"Centre de jeunes Nova MJ asbl"},"content":{"rendered":"<p><strong>L&#8217;ORGANISATION EN QUELQUES LIGNES<\/strong><\/p>\n<p>C&#8217;est une asbl de droit belge fond\u00e9e le 13\/09\/2004 Pr\u00e9sident du C.A. de l&#8217;asbl : Monsieur Vincent DEMONTY Coordinateur du centre : Monsieur Didier G\u00c9MIS La NOVA MJ est une Maison de Jeunes reconnue de niveau 1 par la FWB.<\/p>\n<p>Domaine d&#8217;impact : Le bien-\u00eatre des jeunes via l&#8217;organisation d&#8217;accueils, d&#8217;activit\u00e9s socioculturelles et d&#8217;actions collectives, dont en partie des activit\u00e9s ouvertes sur l&#8217;environnement local.<\/p>\n<p>&nbsp;<\/p>\n<p><strong>LES \u00c9V\u00c8NEMENTS MARQUANTS DE VOTRE ORGANISATION<\/strong><\/p>\n<p>1983 &#8211; Cr\u00e9ation d&#8217;une structure de loisirs actifs \u00e0 Vaux-sous-Ch\u00e8vremont.<\/p>\n<p>1985 &#8211; La structure prend le nom de LA PETITE MAISON et est reconnue par la Communaut\u00e9 fran\u00e7aise en tant que centre de jeunes en milieu sp\u00e9cifique.<\/p>\n<p>1992 &#8211; Mise en place d&#8217;un partenariat avec le CPAS, les \u00e9chevinats des Affaires sociales et de l&#8217;Instruction publique de Chaudfontaine afin de lutter contre l&#8217;exclusion sociale.<\/p>\n<p>2000 &#8211; Premier d\u00e9cret encadrant les actions des Centre de Jeunes. La Petite Maison est reconnue Maison de Jeunes de niveau 2 (sur 3 niveaux).<\/p>\n<p>2004\/2005 &#8211; Cr\u00e9ation de l&#8217;asbl et d&#8217;une \u00e9quipe professionnelle de 3 personnes.<\/p>\n<p>2006\/2007 &#8211; Cr\u00e9ation d&#8217;un studio de radio. &#8211; D\u00e9m\u00e9nagement dans un b\u00e2timent communal plus vaste, toujours occup\u00e9 aujourd&#8217;hui, et changement de nom : NOVA MJ.<\/p>\n<p>Ann\u00e9es 2010 &#8211; La NOVA MJ est reconnue Maison de Jeunes de niveau 1. &#8211; D\u00e9veloppement de nos activit\u00e9s.<\/p>\n<p>2020 &#8211; D\u00e9but de la crise sanitaire Covid et mise \u00e0 l&#8217;arr\u00eat des accueils et de la plupart des activit\u00e9s.<\/p>\n<p>2021 &#8211; (mars) Transformation du studio de radio en studio multim\u00e9dia &#8211; (juin) Changement de coordination &#8211; (juillet) Inondations sinistrant la moiti\u00e9 des locaux et occasionnant la perte presque totale du mat\u00e9riel de travail et d&#8217;animations, dont le studio multim\u00e9dia et la totalit\u00e9 des bureaux.<\/p>\n<p>2022 &#8211; Reconstruction \u00e0 tous niveaux.<\/p>\n<p>&nbsp;<\/p>\n<p><strong>LES PROJETS, MISSIONS ET\/OU ACTIVIT\u00c9S LES PLUS IMPORTANTS ET DE LEUR IMPACT<\/strong><\/p>\n<p>En tant que Maison de Jeunes de niveau 1, nous devons r\u00e9aliser des missions aupr\u00e8s de la jeunesse locale. Cela se traduit par l&#8217;ouverture de la Maison du lundi au vendredi jusqu&#8217;\u00e0 21, voire 22h, mais aussi par la mise en place de minimum 26 activit\u00e9s socioculturelles par mois. Ainsi nous organisons pour les jeunes et avec eux des ateliers hebdomadaires de sports, magie, arts de la sc\u00e8ne, graff, danse hip-hop, break dance, des ateliers cr\u00e9atifs et ludiques, des voyages et s\u00e9jours en Belgique et \u00e0 l&#8217;\u00e9tranger. Nous devons aussi r\u00e9aliser des projets collectifs et des actions ouvertes sur la population locale, la plupart du temps en partenariat avec les diff\u00e9rents services sociaux de la commune.<\/p>\n<p>&nbsp;<\/p>\n<p><strong>COURT T\u00c9MOIGNAGE EN RAPPORT AVEC VOTRE ASSOCIATION OU L\u2019UN DE VOS PROJETS OU ACTIVIT\u00c9S\u00a0<\/strong><\/p>\n<p>Les t\u00e9moignages que nous pouvons mettre en avant son nombreux, mais avant tout pour nous ce sont les sourires des enfants, de jeunes qui participent et reviennent participer \u00e0 nos activit\u00e9s, qui sont les plus belles preuves de l&#8217;utilit\u00e9 d&#8217;un centre de jeunes dans un quartier peu favoris\u00e9 comme l&#8217;est celui dans lequel nous sommes implant\u00e9s. Notre pr\u00e9sence est p\u00e9renne et parfois, elle nous permet d&#8217;avoir la visite d&#8217;anciens jeunes, aujourd&#8217;hui adultes. Ils viennent pour le plaisir de revoir leur Maison de Jeunes, et qui sait, pour annoncer la venue de la nouvelle g\u00e9n\u00e9ration.<\/p>\n<p>&nbsp;<\/p>\n<p><strong>Facebook: <\/strong><a href=\"https:\/\/www.facebook.com\/nova.mj.5\">Centre de Jeunes Nova MJ<\/a><\/p>\n<p>Pour plus d\u2019informations, veuillez contacter notre Project Manager, S\u00e9verine Laneau\u00a0<a href=\"mailto:slaneau@ufb.be\">slaneau@ufb.be<\/a>\u00a0qui pourra r\u00e9pondre \u00e0 votre demande et vous renseigner comment vous pouvez soutenir ce ou un autre projet \u00e0 travers UFB.<\/p>\n","protected":false},"featured_media":32086,"parent":0,"template":"","meta":{"_acf_changed":false},"class_list":["post-32076","beneficiary","type-beneficiary","status-publish","has-post-thumbnail","hentry","year_type-170","province_type-liege","social_type-campagne-sos-floods","social_type-enfants-en-detresse"],"acf":[],"yoast_head":"<!-- This site is optimized with the Yoast SEO plugin v27.3 - https:\/\/yoast.com\/product\/yoast-seo-wordpress\/ -->\n<title>Centre de jeunes Nova MJ asbl - UFB<\/title>\n<meta name=\"robots\" content=\"index, follow, max-snippet:-1, max-image-preview:large, max-video-preview:-1\" \/>\n<link rel=\"canonical\" href=\"https:\/\/ufb.be\/en\/beneficiary\/centre-de-jeunes-nova-mj-asbl\/\" \/>\n<meta property=\"og:locale\" content=\"en_US\" \/>\n<meta property=\"og:type\" content=\"article\" \/>\n<meta property=\"og:title\" content=\"Centre de jeunes Nova MJ asbl - UFB\" \/>\n<meta property=\"og:description\" content=\"L&#8217;ORGANISATION EN QUELQUES LIGNES C&#8217;est une asbl de droit belge fond\u00e9e le 13\/09\/2004 Pr\u00e9sident du C.A. de l&#8217;asbl : Monsieur Vincent DEMONTY Coordinateur du centre : Monsieur Didier G\u00c9MIS La NOVA MJ est une Maison de Jeunes reconnue de niveau 1 par la FWB. Domaine d&#8217;impact : Le bien-\u00eatre des jeunes via l&#8217;organisation d&#8217;accueils, d&#8217;activit\u00e9s [&hellip;]\" \/>\n<meta property=\"og:url\" content=\"https:\/\/ufb.be\/en\/beneficiary\/centre-de-jeunes-nova-mj-asbl\/\" \/>\n<meta property=\"og:site_name\" content=\"UFB\" \/>\n<meta property=\"article:modified_time\" content=\"2025-03-24T13:38:30+00:00\" \/>\n<meta property=\"og:image\" content=\"https:\/\/ufb.be\/wp-content\/uploads\/2022\/08\/imagenovamjasbl.png\" \/>\n\t<meta property=\"og:image:width\" content=\"1920\" \/>\n\t<meta property=\"og:image:height\" content=\"1080\" \/>\n\t<meta property=\"og:image:type\" content=\"image\/png\" \/>\n<meta name=\"twitter:card\" content=\"summary_large_image\" \/>\n<meta name=\"twitter:label1\" content=\"Est. reading time\" \/>\n\t<meta name=\"twitter:data1\" content=\"3 minutes\" \/>\n<script type=\"application\/ld+json\" class=\"yoast-schema-graph\">{\"@context\":\"https:\\\/\\\/schema.org\",\"@graph\":[{\"@type\":\"WebPage\",\"@id\":\"https:\\\/\\\/ufb.be\\\/en\\\/beneficiary\\\/centre-de-jeunes-nova-mj-asbl\\\/\",\"url\":\"https:\\\/\\\/ufb.be\\\/en\\\/beneficiary\\\/centre-de-jeunes-nova-mj-asbl\\\/\",\"name\":\"Centre de jeunes Nova MJ asbl - UFB\",\"isPartOf\":{\"@id\":\"https:\\\/\\\/ufb.be\\\/en\\\/#website\"},\"primaryImageOfPage\":{\"@id\":\"https:\\\/\\\/ufb.be\\\/en\\\/beneficiary\\\/centre-de-jeunes-nova-mj-asbl\\\/#primaryimage\"},\"image\":{\"@id\":\"https:\\\/\\\/ufb.be\\\/en\\\/beneficiary\\\/centre-de-jeunes-nova-mj-asbl\\\/#primaryimage\"},\"thumbnailUrl\":\"https:\\\/\\\/ufb.be\\\/wp-content\\\/uploads\\\/2022\\\/08\\\/imagenovamjasbl.png\",\"datePublished\":\"2022-08-31T16:16:59+00:00\",\"dateModified\":\"2025-03-24T13:38:30+00:00\",\"breadcrumb\":{\"@id\":\"https:\\\/\\\/ufb.be\\\/en\\\/beneficiary\\\/centre-de-jeunes-nova-mj-asbl\\\/#breadcrumb\"},\"inLanguage\":\"en-US\",\"potentialAction\":[{\"@type\":\"ReadAction\",\"target\":[\"https:\\\/\\\/ufb.be\\\/en\\\/beneficiary\\\/centre-de-jeunes-nova-mj-asbl\\\/\"]}]},{\"@type\":\"ImageObject\",\"inLanguage\":\"en-US\",\"@id\":\"https:\\\/\\\/ufb.be\\\/en\\\/beneficiary\\\/centre-de-jeunes-nova-mj-asbl\\\/#primaryimage\",\"url\":\"https:\\\/\\\/ufb.be\\\/wp-content\\\/uploads\\\/2022\\\/08\\\/imagenovamjasbl.png\",\"contentUrl\":\"https:\\\/\\\/ufb.be\\\/wp-content\\\/uploads\\\/2022\\\/08\\\/imagenovamjasbl.png\",\"width\":1920,\"height\":1080},{\"@type\":\"BreadcrumbList\",\"@id\":\"https:\\\/\\\/ufb.be\\\/en\\\/beneficiary\\\/centre-de-jeunes-nova-mj-asbl\\\/#breadcrumb\",\"itemListElement\":[{\"@type\":\"ListItem\",\"position\":1,\"name\":\"Accueil\",\"item\":\"https:\\\/\\\/ufb.be\\\/en\\\/\"},{\"@type\":\"ListItem\",\"position\":2,\"name\":\"Beneficiaries\",\"item\":\"https:\\\/\\\/ufb.be\\\/en\\\/beneficiary\\\/\"},{\"@type\":\"ListItem\",\"position\":3,\"name\":\"Centre de jeunes Nova MJ asbl\"}]},{\"@type\":\"WebSite\",\"@id\":\"https:\\\/\\\/ufb.be\\\/en\\\/#website\",\"url\":\"https:\\\/\\\/ufb.be\\\/en\\\/\",\"name\":\"United Fund for Belgium\",\"description\":\"Combattons l\u2019exclusion pour plus d\u2019int\u00e9gration sociale\",\"publisher\":{\"@id\":\"https:\\\/\\\/ufb.be\\\/en\\\/#organization\"},\"alternateName\":\"UFB\",\"potentialAction\":[{\"@type\":\"SearchAction\",\"target\":{\"@type\":\"EntryPoint\",\"urlTemplate\":\"https:\\\/\\\/ufb.be\\\/en\\\/?s={search_term_string}\"},\"query-input\":{\"@type\":\"PropertyValueSpecification\",\"valueRequired\":true,\"valueName\":\"search_term_string\"}}],\"inLanguage\":\"en-US\"},{\"@type\":\"Organization\",\"@id\":\"https:\\\/\\\/ufb.be\\\/en\\\/#organization\",\"name\":\"United Fund for Belgium\",\"alternateName\":\"UFB\",\"url\":\"https:\\\/\\\/ufb.be\\\/en\\\/\",\"logo\":{\"@type\":\"ImageObject\",\"inLanguage\":\"en-US\",\"@id\":\"https:\\\/\\\/ufb.be\\\/en\\\/#\\\/schema\\\/logo\\\/image\\\/\",\"url\":\"https:\\\/\\\/ufb.be\\\/wp-content\\\/uploads\\\/2025\\\/07\\\/Logo-UFB-RS.png\",\"contentUrl\":\"https:\\\/\\\/ufb.be\\\/wp-content\\\/uploads\\\/2025\\\/07\\\/Logo-UFB-RS.png\",\"width\":200,\"height\":200,\"caption\":\"United Fund for Belgium\"},\"image\":{\"@id\":\"https:\\\/\\\/ufb.be\\\/en\\\/#\\\/schema\\\/logo\\\/image\\\/\"}}]}<\/script>\n<!-- \/ Yoast SEO plugin. -->","yoast_head_json":{"title":"Centre de jeunes Nova MJ asbl - UFB","robots":{"index":"index","follow":"follow","max-snippet":"max-snippet:-1","max-image-preview":"max-image-preview:large","max-video-preview":"max-video-preview:-1"},"canonical":"https:\/\/ufb.be\/en\/beneficiary\/centre-de-jeunes-nova-mj-asbl\/","og_locale":"en_US","og_type":"article","og_title":"Centre de jeunes Nova MJ asbl - UFB","og_description":"L&#8217;ORGANISATION EN QUELQUES LIGNES C&#8217;est une asbl de droit belge fond\u00e9e le 13\/09\/2004 Pr\u00e9sident du C.A. de l&#8217;asbl : Monsieur Vincent DEMONTY Coordinateur du centre : Monsieur Didier G\u00c9MIS La NOVA MJ est une Maison de Jeunes reconnue de niveau 1 par la FWB. Domaine d&#8217;impact : Le bien-\u00eatre des jeunes via l&#8217;organisation d&#8217;accueils, d&#8217;activit\u00e9s [&hellip;]","og_url":"https:\/\/ufb.be\/en\/beneficiary\/centre-de-jeunes-nova-mj-asbl\/","og_site_name":"UFB","article_modified_time":"2025-03-24T13:38:30+00:00","og_image":[{"width":1920,"height":1080,"url":"https:\/\/ufb.be\/wp-content\/uploads\/2022\/08\/imagenovamjasbl.png","type":"image\/png"}],"twitter_card":"summary_large_image","twitter_misc":{"Est. reading time":"3 minutes"},"schema":{"@context":"https:\/\/schema.org","@graph":[{"@type":"WebPage","@id":"https:\/\/ufb.be\/en\/beneficiary\/centre-de-jeunes-nova-mj-asbl\/","url":"https:\/\/ufb.be\/en\/beneficiary\/centre-de-jeunes-nova-mj-asbl\/","name":"Centre de jeunes Nova MJ asbl - UFB","isPartOf":{"@id":"https:\/\/ufb.be\/en\/#website"},"primaryImageOfPage":{"@id":"https:\/\/ufb.be\/en\/beneficiary\/centre-de-jeunes-nova-mj-asbl\/#primaryimage"},"image":{"@id":"https:\/\/ufb.be\/en\/beneficiary\/centre-de-jeunes-nova-mj-asbl\/#primaryimage"},"thumbnailUrl":"https:\/\/ufb.be\/wp-content\/uploads\/2022\/08\/imagenovamjasbl.png","datePublished":"2022-08-31T16:16:59+00:00","dateModified":"2025-03-24T13:38:30+00:00","breadcrumb":{"@id":"https:\/\/ufb.be\/en\/beneficiary\/centre-de-jeunes-nova-mj-asbl\/#breadcrumb"},"inLanguage":"en-US","potentialAction":[{"@type":"ReadAction","target":["https:\/\/ufb.be\/en\/beneficiary\/centre-de-jeunes-nova-mj-asbl\/"]}]},{"@type":"ImageObject","inLanguage":"en-US","@id":"https:\/\/ufb.be\/en\/beneficiary\/centre-de-jeunes-nova-mj-asbl\/#primaryimage","url":"https:\/\/ufb.be\/wp-content\/uploads\/2022\/08\/imagenovamjasbl.png","contentUrl":"https:\/\/ufb.be\/wp-content\/uploads\/2022\/08\/imagenovamjasbl.png","width":1920,"height":1080},{"@type":"BreadcrumbList","@id":"https:\/\/ufb.be\/en\/beneficiary\/centre-de-jeunes-nova-mj-asbl\/#breadcrumb","itemListElement":[{"@type":"ListItem","position":1,"name":"Accueil","item":"https:\/\/ufb.be\/en\/"},{"@type":"ListItem","position":2,"name":"Beneficiaries","item":"https:\/\/ufb.be\/en\/beneficiary\/"},{"@type":"ListItem","position":3,"name":"Centre de jeunes Nova MJ asbl"}]},{"@type":"WebSite","@id":"https:\/\/ufb.be\/en\/#website","url":"https:\/\/ufb.be\/en\/","name":"United Fund for Belgium","description":"Combattons l\u2019exclusion pour plus d\u2019int\u00e9gration sociale","publisher":{"@id":"https:\/\/ufb.be\/en\/#organization"},"alternateName":"UFB","potentialAction":[{"@type":"SearchAction","target":{"@type":"EntryPoint","urlTemplate":"https:\/\/ufb.be\/en\/?s={search_term_string}"},"query-input":{"@type":"PropertyValueSpecification","valueRequired":true,"valueName":"search_term_string"}}],"inLanguage":"en-US"},{"@type":"Organization","@id":"https:\/\/ufb.be\/en\/#organization","name":"United Fund for Belgium","alternateName":"UFB","url":"https:\/\/ufb.be\/en\/","logo":{"@type":"ImageObject","inLanguage":"en-US","@id":"https:\/\/ufb.be\/en\/#\/schema\/logo\/image\/","url":"https:\/\/ufb.be\/wp-content\/uploads\/2025\/07\/Logo-UFB-RS.png","contentUrl":"https:\/\/ufb.be\/wp-content\/uploads\/2025\/07\/Logo-UFB-RS.png","width":200,"height":200,"caption":"United Fund for Belgium"},"image":{"@id":"https:\/\/ufb.be\/en\/#\/schema\/logo\/image\/"}}]}},"_links":{"self":[{"href":"https:\/\/ufb.be\/en\/wp-json\/wp\/v2\/beneficiary\/32076","targetHints":{"allow":["GET"]}}],"collection":[{"href":"https:\/\/ufb.be\/en\/wp-json\/wp\/v2\/beneficiary"}],"about":[{"href":"https:\/\/ufb.be\/en\/wp-json\/wp\/v2\/types\/beneficiary"}],"wp:featuredmedia":[{"embeddable":true,"href":"https:\/\/ufb.be\/en\/wp-json\/wp\/v2\/media\/32086"}],"wp:attachment":[{"href":"https:\/\/ufb.be\/en\/wp-json\/wp\/v2\/media?parent=32076"}],"curies":[{"name":"wp","href":"https:\/\/api.w.org\/{rel}","templated":true}]}}