{"id":33059,"date":"2022-09-26T15:26:46","date_gmt":"2022-09-26T15:26:46","guid":{"rendered":"https:\/\/ufb.be\/?post_type=beneficiary&#038;p=33059"},"modified":"2025-03-26T13:11:05","modified_gmt":"2025-03-26T12:11:05","slug":"communaute-educative-pierre-harmignie-asbl","status":"publish","type":"beneficiary","link":"https:\/\/ufb.be\/en\/beneficiary\/communaute-educative-pierre-harmignie-asbl\/","title":{"rendered":"Communaut\u00e9 Educative Pierre Harmignie asbl"},"content":{"rendered":"<p><strong>L&#8217;ORGANISATION EN QUELQUES LIGNES<\/strong><\/p>\n<p>La CEPH, fond\u00e9e en 1986, accueille, en trois groupes de vie, 45 jeunes, \u00e2g\u00e9s de 2,5 \u00e0 18 ans, faisant l&#8217;objet d&#8217;une mesure de placement. Ceux-ci sont issus des arrondissements judiciaires de Charleroi et de Dinant pour lesquelles la paup\u00e9risation \u00e9conomique, sociale et relationnelle est la plus marqu\u00e9e. Nos missions s&#8217;organisent autours de trois axes principaux, \u00e0 savoir : l&#8217;h\u00e9bergement des jeunes dans un endroit adapt\u00e9, la r\u00e9insertion dans le milieu d&#8217;origine et la mise en autonomie.<\/p>\n<p>&nbsp;<\/p>\n<p><strong>LES \u00c9V\u00c8NEMENTS MARQUANTS DE L&#8217;ORGANISATION<\/strong><\/p>\n<p><strong>1986:<\/strong> cr\u00e9ation de l&#8217;asbl Communaut\u00e9 Educative Pierre Harmignie et agr\u00e9ment de l&#8217;Aide \u00e0 la Jeunesse ;<\/p>\n<p><strong>2019-2020:<\/strong> am\u00e9nagement du domaine en espace ludique, p\u00e9dagogique et relationnel pour les enfants et leurs familiers (parcours p\u00e9destre, aires de jeux adapt\u00e9es et s\u00e9curis\u00e9es, verger, table de pique-nique etc;<\/p>\n<p><strong>2021:<\/strong> am\u00e9nagement d&#8217;une mini-ferme p\u00e9dagogique ;<\/p>\n<p><strong>2022:<\/strong> finalisation et am\u00e9nagement du nouveau groupe de vie pour 15 adolescents : exp\u00e9rience d&#8217;habitat adapt\u00e9e, s\u00e9curis\u00e9e et positive \u00e0 une population marqu\u00e9e par les carences affectives et les traumatismes.<\/p>\n<p>&nbsp;<\/p>\n<p><strong>LES PROJETS, MISSIONS ET\/OU ACTIVIT\u00c9S LES PLUS IMPORTANTS ET DE LEUR IMPACT<\/strong><\/p>\n<p>Notre mission rev\u00eat des aspects multiples et vari\u00e9s tels que l&#8217;encadrement \u00e9ducatif, affectif, relationnel et occupationnel, la r\u00e9ponse aux besoins primaires et secondaires, la mise en place de suivis m\u00e9dicaux, th\u00e9rapeutiques, scolaires, l&#8217;organisation d&#8217;activit\u00e9s ludiques et de camps de vacances, &#8230; , tout en pr\u00e9servant le lien familial. A cette fin, une r\u00e9flexion globale est men\u00e9e en vue de rendre notre institution propice, tant par sa p\u00e9dagogie, ses actions que ses infrastructures au bien-\u00eatre et \u00e0 l&#8217;\u00e9panouissement de ses b\u00e9n\u00e9ficiaires.<\/p>\n<p>&nbsp;<\/p>\n<p><strong>COURT T\u00c9MOIGNAGE EN RAPPORT AVEC VOTRE ASSOCIATION OU L\u2019UN DE VOS PROJETS OU ACTIVIT\u00c9S<\/strong><\/p>\n<p>&#8211; Le Gala &#8211; 27\/09\/2016 &#8211; Un \u00e9v\u00e9nement gourmand au profit des enfants &#8211; Plusieurs artistes de la gastronomie belge se sont associ\u00e9s \u00e0 la Communaut\u00e9 Educative Pierre Harmignie dans l&#8217;organisation d&#8217;une soir\u00e9e de Gala. Ce qui a permis d&#8217;organiser des vacances \u00e0 l&#8217;\u00e9tranger pour les b\u00e9n\u00e9ficiaires et la cr\u00e9ation d&#8217;un endroit adapt\u00e9 aux rencontres entre les enfants et leurs parents au sein de l&#8217;institution.<\/p>\n<p>&nbsp;<\/p>\n<p>Site web: <a href=\"http:\/\/cepharmignie.be\/\">Communaut\u00e9 Educative Pierre Harmignie<\/a><\/p>\n<p>Pour plus d\u2019informations, veuillez contacter notre Project Manager, S\u00e9verine Laneau\u00a0<a href=\"mailto:slaneau@ufb.be\">slaneau@ufb.be<\/a>\u00a0qui pourra r\u00e9pondre \u00e0 votre demande et vous renseigner comment vous pouvez soutenir ce ou un autre projet \u00e0 travers UFB.<\/p>\n","protected":false},"featured_media":53555,"parent":0,"template":"","meta":{"_acf_changed":false},"class_list":["post-33059","beneficiary","type-beneficiary","status-publish","has-post-thumbnail","hentry","year_type-202","province_type-namur","social_type-bien-etre-des-enfants"],"acf":[],"yoast_head":"<!-- This site is optimized with the Yoast SEO plugin v27.3 - https:\/\/yoast.com\/product\/yoast-seo-wordpress\/ -->\n<title>Communaut\u00e9 Educative Pierre Harmignie asbl - UFB<\/title>\n<meta name=\"robots\" content=\"index, follow, max-snippet:-1, max-image-preview:large, max-video-preview:-1\" \/>\n<link rel=\"canonical\" href=\"https:\/\/ufb.be\/en\/beneficiary\/communaute-educative-pierre-harmignie-asbl\/\" \/>\n<meta property=\"og:locale\" content=\"en_US\" \/>\n<meta property=\"og:type\" content=\"article\" \/>\n<meta property=\"og:title\" content=\"Communaut\u00e9 Educative Pierre Harmignie asbl - UFB\" \/>\n<meta property=\"og:description\" content=\"L&#8217;ORGANISATION EN QUELQUES LIGNES La CEPH, fond\u00e9e en 1986, accueille, en trois groupes de vie, 45 jeunes, \u00e2g\u00e9s de 2,5 \u00e0 18 ans, faisant l&#8217;objet d&#8217;une mesure de placement. Ceux-ci sont issus des arrondissements judiciaires de Charleroi et de Dinant pour lesquelles la paup\u00e9risation \u00e9conomique, sociale et relationnelle est la plus marqu\u00e9e. Nos missions s&#8217;organisent [&hellip;]\" \/>\n<meta property=\"og:url\" content=\"https:\/\/ufb.be\/en\/beneficiary\/communaute-educative-pierre-harmignie-asbl\/\" \/>\n<meta property=\"og:site_name\" content=\"UFB\" \/>\n<meta property=\"article:modified_time\" content=\"2025-03-26T12:11:05+00:00\" \/>\n<meta property=\"og:image\" content=\"https:\/\/ufb.be\/wp-content\/uploads\/2022\/09\/472129750_2088593504892266_7441204499279719925_n.jpg\" \/>\n\t<meta property=\"og:image:width\" content=\"2048\" \/>\n\t<meta property=\"og:image:height\" content=\"1365\" \/>\n\t<meta property=\"og:image:type\" content=\"image\/jpeg\" \/>\n<meta name=\"twitter:card\" content=\"summary_large_image\" \/>\n<meta name=\"twitter:label1\" content=\"Est. reading time\" \/>\n\t<meta name=\"twitter:data1\" content=\"3 minutes\" \/>\n<script type=\"application\/ld+json\" class=\"yoast-schema-graph\">{\"@context\":\"https:\\\/\\\/schema.org\",\"@graph\":[{\"@type\":\"WebPage\",\"@id\":\"https:\\\/\\\/ufb.be\\\/en\\\/beneficiary\\\/communaute-educative-pierre-harmignie-asbl\\\/\",\"url\":\"https:\\\/\\\/ufb.be\\\/en\\\/beneficiary\\\/communaute-educative-pierre-harmignie-asbl\\\/\",\"name\":\"Communaut\u00e9 Educative Pierre Harmignie asbl - UFB\",\"isPartOf\":{\"@id\":\"https:\\\/\\\/ufb.be\\\/en\\\/#website\"},\"primaryImageOfPage\":{\"@id\":\"https:\\\/\\\/ufb.be\\\/en\\\/beneficiary\\\/communaute-educative-pierre-harmignie-asbl\\\/#primaryimage\"},\"image\":{\"@id\":\"https:\\\/\\\/ufb.be\\\/en\\\/beneficiary\\\/communaute-educative-pierre-harmignie-asbl\\\/#primaryimage\"},\"thumbnailUrl\":\"https:\\\/\\\/ufb.be\\\/wp-content\\\/uploads\\\/2022\\\/09\\\/472129750_2088593504892266_7441204499279719925_n.jpg\",\"datePublished\":\"2022-09-26T15:26:46+00:00\",\"dateModified\":\"2025-03-26T12:11:05+00:00\",\"breadcrumb\":{\"@id\":\"https:\\\/\\\/ufb.be\\\/en\\\/beneficiary\\\/communaute-educative-pierre-harmignie-asbl\\\/#breadcrumb\"},\"inLanguage\":\"en-US\",\"potentialAction\":[{\"@type\":\"ReadAction\",\"target\":[\"https:\\\/\\\/ufb.be\\\/en\\\/beneficiary\\\/communaute-educative-pierre-harmignie-asbl\\\/\"]}]},{\"@type\":\"ImageObject\",\"inLanguage\":\"en-US\",\"@id\":\"https:\\\/\\\/ufb.be\\\/en\\\/beneficiary\\\/communaute-educative-pierre-harmignie-asbl\\\/#primaryimage\",\"url\":\"https:\\\/\\\/ufb.be\\\/wp-content\\\/uploads\\\/2022\\\/09\\\/472129750_2088593504892266_7441204499279719925_n.jpg\",\"contentUrl\":\"https:\\\/\\\/ufb.be\\\/wp-content\\\/uploads\\\/2022\\\/09\\\/472129750_2088593504892266_7441204499279719925_n.jpg\",\"width\":2048,\"height\":1365},{\"@type\":\"BreadcrumbList\",\"@id\":\"https:\\\/\\\/ufb.be\\\/en\\\/beneficiary\\\/communaute-educative-pierre-harmignie-asbl\\\/#breadcrumb\",\"itemListElement\":[{\"@type\":\"ListItem\",\"position\":1,\"name\":\"Accueil\",\"item\":\"https:\\\/\\\/ufb.be\\\/en\\\/\"},{\"@type\":\"ListItem\",\"position\":2,\"name\":\"Beneficiaries\",\"item\":\"https:\\\/\\\/ufb.be\\\/en\\\/beneficiary\\\/\"},{\"@type\":\"ListItem\",\"position\":3,\"name\":\"Communaut\u00e9 Educative Pierre Harmignie asbl\"}]},{\"@type\":\"WebSite\",\"@id\":\"https:\\\/\\\/ufb.be\\\/en\\\/#website\",\"url\":\"https:\\\/\\\/ufb.be\\\/en\\\/\",\"name\":\"United Fund for Belgium\",\"description\":\"Combattons l\u2019exclusion pour plus d\u2019int\u00e9gration sociale\",\"publisher\":{\"@id\":\"https:\\\/\\\/ufb.be\\\/en\\\/#organization\"},\"alternateName\":\"UFB\",\"potentialAction\":[{\"@type\":\"SearchAction\",\"target\":{\"@type\":\"EntryPoint\",\"urlTemplate\":\"https:\\\/\\\/ufb.be\\\/en\\\/?s={search_term_string}\"},\"query-input\":{\"@type\":\"PropertyValueSpecification\",\"valueRequired\":true,\"valueName\":\"search_term_string\"}}],\"inLanguage\":\"en-US\"},{\"@type\":\"Organization\",\"@id\":\"https:\\\/\\\/ufb.be\\\/en\\\/#organization\",\"name\":\"United Fund for Belgium\",\"alternateName\":\"UFB\",\"url\":\"https:\\\/\\\/ufb.be\\\/en\\\/\",\"logo\":{\"@type\":\"ImageObject\",\"inLanguage\":\"en-US\",\"@id\":\"https:\\\/\\\/ufb.be\\\/en\\\/#\\\/schema\\\/logo\\\/image\\\/\",\"url\":\"https:\\\/\\\/ufb.be\\\/wp-content\\\/uploads\\\/2025\\\/07\\\/Logo-UFB-RS.png\",\"contentUrl\":\"https:\\\/\\\/ufb.be\\\/wp-content\\\/uploads\\\/2025\\\/07\\\/Logo-UFB-RS.png\",\"width\":200,\"height\":200,\"caption\":\"United Fund for Belgium\"},\"image\":{\"@id\":\"https:\\\/\\\/ufb.be\\\/en\\\/#\\\/schema\\\/logo\\\/image\\\/\"}}]}<\/script>\n<!-- \/ Yoast SEO plugin. -->","yoast_head_json":{"title":"Communaut\u00e9 Educative Pierre Harmignie asbl - UFB","robots":{"index":"index","follow":"follow","max-snippet":"max-snippet:-1","max-image-preview":"max-image-preview:large","max-video-preview":"max-video-preview:-1"},"canonical":"https:\/\/ufb.be\/en\/beneficiary\/communaute-educative-pierre-harmignie-asbl\/","og_locale":"en_US","og_type":"article","og_title":"Communaut\u00e9 Educative Pierre Harmignie asbl - UFB","og_description":"L&#8217;ORGANISATION EN QUELQUES LIGNES La CEPH, fond\u00e9e en 1986, accueille, en trois groupes de vie, 45 jeunes, \u00e2g\u00e9s de 2,5 \u00e0 18 ans, faisant l&#8217;objet d&#8217;une mesure de placement. Ceux-ci sont issus des arrondissements judiciaires de Charleroi et de Dinant pour lesquelles la paup\u00e9risation \u00e9conomique, sociale et relationnelle est la plus marqu\u00e9e. Nos missions s&#8217;organisent [&hellip;]","og_url":"https:\/\/ufb.be\/en\/beneficiary\/communaute-educative-pierre-harmignie-asbl\/","og_site_name":"UFB","article_modified_time":"2025-03-26T12:11:05+00:00","og_image":[{"width":2048,"height":1365,"url":"https:\/\/ufb.be\/wp-content\/uploads\/2022\/09\/472129750_2088593504892266_7441204499279719925_n.jpg","type":"image\/jpeg"}],"twitter_card":"summary_large_image","twitter_misc":{"Est. reading time":"3 minutes"},"schema":{"@context":"https:\/\/schema.org","@graph":[{"@type":"WebPage","@id":"https:\/\/ufb.be\/en\/beneficiary\/communaute-educative-pierre-harmignie-asbl\/","url":"https:\/\/ufb.be\/en\/beneficiary\/communaute-educative-pierre-harmignie-asbl\/","name":"Communaut\u00e9 Educative Pierre Harmignie asbl - UFB","isPartOf":{"@id":"https:\/\/ufb.be\/en\/#website"},"primaryImageOfPage":{"@id":"https:\/\/ufb.be\/en\/beneficiary\/communaute-educative-pierre-harmignie-asbl\/#primaryimage"},"image":{"@id":"https:\/\/ufb.be\/en\/beneficiary\/communaute-educative-pierre-harmignie-asbl\/#primaryimage"},"thumbnailUrl":"https:\/\/ufb.be\/wp-content\/uploads\/2022\/09\/472129750_2088593504892266_7441204499279719925_n.jpg","datePublished":"2022-09-26T15:26:46+00:00","dateModified":"2025-03-26T12:11:05+00:00","breadcrumb":{"@id":"https:\/\/ufb.be\/en\/beneficiary\/communaute-educative-pierre-harmignie-asbl\/#breadcrumb"},"inLanguage":"en-US","potentialAction":[{"@type":"ReadAction","target":["https:\/\/ufb.be\/en\/beneficiary\/communaute-educative-pierre-harmignie-asbl\/"]}]},{"@type":"ImageObject","inLanguage":"en-US","@id":"https:\/\/ufb.be\/en\/beneficiary\/communaute-educative-pierre-harmignie-asbl\/#primaryimage","url":"https:\/\/ufb.be\/wp-content\/uploads\/2022\/09\/472129750_2088593504892266_7441204499279719925_n.jpg","contentUrl":"https:\/\/ufb.be\/wp-content\/uploads\/2022\/09\/472129750_2088593504892266_7441204499279719925_n.jpg","width":2048,"height":1365},{"@type":"BreadcrumbList","@id":"https:\/\/ufb.be\/en\/beneficiary\/communaute-educative-pierre-harmignie-asbl\/#breadcrumb","itemListElement":[{"@type":"ListItem","position":1,"name":"Accueil","item":"https:\/\/ufb.be\/en\/"},{"@type":"ListItem","position":2,"name":"Beneficiaries","item":"https:\/\/ufb.be\/en\/beneficiary\/"},{"@type":"ListItem","position":3,"name":"Communaut\u00e9 Educative Pierre Harmignie asbl"}]},{"@type":"WebSite","@id":"https:\/\/ufb.be\/en\/#website","url":"https:\/\/ufb.be\/en\/","name":"United Fund for Belgium","description":"Combattons l\u2019exclusion pour plus d\u2019int\u00e9gration sociale","publisher":{"@id":"https:\/\/ufb.be\/en\/#organization"},"alternateName":"UFB","potentialAction":[{"@type":"SearchAction","target":{"@type":"EntryPoint","urlTemplate":"https:\/\/ufb.be\/en\/?s={search_term_string}"},"query-input":{"@type":"PropertyValueSpecification","valueRequired":true,"valueName":"search_term_string"}}],"inLanguage":"en-US"},{"@type":"Organization","@id":"https:\/\/ufb.be\/en\/#organization","name":"United Fund for Belgium","alternateName":"UFB","url":"https:\/\/ufb.be\/en\/","logo":{"@type":"ImageObject","inLanguage":"en-US","@id":"https:\/\/ufb.be\/en\/#\/schema\/logo\/image\/","url":"https:\/\/ufb.be\/wp-content\/uploads\/2025\/07\/Logo-UFB-RS.png","contentUrl":"https:\/\/ufb.be\/wp-content\/uploads\/2025\/07\/Logo-UFB-RS.png","width":200,"height":200,"caption":"United Fund for Belgium"},"image":{"@id":"https:\/\/ufb.be\/en\/#\/schema\/logo\/image\/"}}]}},"_links":{"self":[{"href":"https:\/\/ufb.be\/en\/wp-json\/wp\/v2\/beneficiary\/33059","targetHints":{"allow":["GET"]}}],"collection":[{"href":"https:\/\/ufb.be\/en\/wp-json\/wp\/v2\/beneficiary"}],"about":[{"href":"https:\/\/ufb.be\/en\/wp-json\/wp\/v2\/types\/beneficiary"}],"wp:featuredmedia":[{"embeddable":true,"href":"https:\/\/ufb.be\/en\/wp-json\/wp\/v2\/media\/53555"}],"wp:attachment":[{"href":"https:\/\/ufb.be\/en\/wp-json\/wp\/v2\/media?parent=33059"}],"curies":[{"name":"wp","href":"https:\/\/api.w.org\/{rel}","templated":true}]}}