{"id":33503,"date":"2022-10-12T14:00:13","date_gmt":"2022-10-12T14:00:13","guid":{"rendered":"https:\/\/ufb.be\/?post_type=beneficiary&#038;p=33503"},"modified":"2025-03-26T12:52:17","modified_gmt":"2025-03-26T11:52:17","slug":"action-sociale-au-bernalmont","status":"publish","type":"beneficiary","link":"https:\/\/ufb.be\/en\/beneficiary\/action-sociale-au-bernalmont\/","title":{"rendered":"Action sociale au Bernalmont"},"content":{"rendered":"<p><strong>L&#8217;ORGANISATION EN QUELQUES LIGNES<\/strong><\/p>\n<p>Cr\u00e9\u00e9e en 1983, l\u2019association a pour but humaine et la conscientisation des habitants belges et immigr\u00e9s particuli\u00e8rement d\u00e9favoris\u00e9s du quartier du Bernalmont de Li\u00e8ge (avec une attention toute sp\u00e9ciale aux jeunes \u00e0 la formation culturelle, sociale et humaine ainsi qu\u2019\u00e0 celle de leurs parents (en tenant compte de la culture de leur pays d\u2019origine).<\/p>\n<p>&nbsp;<\/p>\n<p><strong>LES \u00c9V\u00c8NEMENTS MARQUANTS DE L&#8217;ORGANISATION<\/strong><\/p>\n<p>En particulier, chaque ann\u00e9e, nous avons entre 40 et 60 personnes inscrites aux cours de FLE ; leurs progr\u00e8s sont parfois importants, d\u2019autres fois moins. La motivation et l\u2019assiduit\u00e9 des apprenants sont \u00e9videmment des facteurs importants de r\u00e9ussite et de progr\u00e8s. Les principales difficult\u00e9s proviennent des origines et niveaux d\u2019instruction des personnes dans les groupes, malgr\u00e9 le fait que ceux-ci sont de petite taille. Les exigences des autorit\u00e9s augmentent, et impliquent la mise en \u0153uvre de m\u00e9thodes audio-visuelles modernes et efficaces. Ces m\u00e9thodes demandent \u00e9galement des formations sp\u00e9cifiques des formateurs.<\/p>\n<p>L\u2019\u00e9cole de devoirs est tr\u00e8s fr\u00e9quent\u00e9e (plus de 30 enfants), et nous sommes \u00e0 la limite de nos moyens humains et mat\u00e9riels pour cette activit\u00e9. Cette activit\u00e9 permet aux enfants de faire leurs devoirs avec l\u2019aide d\u2019un adulte ma\u00eetrisant parfaitement les mati\u00e8res enseign\u00e9es, ce qui n\u2019est pas toujours le cas chez eux. L\u00e0 aussi, la motivation et l\u2019assiduit\u00e9 sont des facteurs cl\u00e9s de la r\u00e9ussite finale.<\/p>\n<p>L\u2019assistance juridique et sociale est indispensable pour les personnes ne ma\u00eetrisant pas bien le fran\u00e7ais, ainsi que la complexit\u00e9 des formalit\u00e9s administratives qu\u2019elles doivent accomplir.<\/p>\n<p>Les cours d\u2019informatique et de permis de conduire sont importants et utiles pour une bonne int\u00e9gration dans notre soci\u00e9t\u00e9 moderne.<\/p>\n<p>&nbsp;<\/p>\n<p><strong>LES PROJETS, MISSIONS ET\/OU ACTIVIT\u00c9S LES PLUS IMPORTANTS ET DE LEUR IMPACT<\/strong><\/p>\n<p>Aider \u00e0 l\u2019int\u00e9gration par l\u2019interm\u00e9diaire de l\u2019apprentissage de la langue, par une \u00e9ducation citoyenne qui se fait lors des cours de fran\u00e7ais.<\/p>\n<p>Am\u00e9liorer la compr\u00e9hension et la connaissance mutuelle entre les apprenants et les volontaires par de nombreux \u00e9changes sur des faits d\u2019actualit\u00e9 et sociaux.<\/p>\n<p>Aider les personnes \u00e0 devenir ind\u00e9pendantes, \u00e9panouies et int\u00e9gr\u00e9es dans notre soci\u00e9t\u00e9, en particulier par des cours d\u2019informatique et des cours de permis de conduire.<\/p>\n<p>Travailler \u00e0 la pr\u00e9vention du d\u00e9crochage scolaire et de l\u2019\u00e9chec qui conduisent \u00e0 l\u2019exclusion sociale et amener les parents \u00e0 se sentir partie prenante de la scolarit\u00e9 de leurs enfants.<\/p>\n<p>&nbsp;<\/p>\n<p><strong>COURT T\u00c9MOIGNAGE EN RAPPORT AVEC L&#8217;ASSOCIATION OU L\u2019UN DES PROJETS OU ACTIVIT\u00c9S<\/strong><\/p>\n<p>Message transmis par une apprenante : un grand merci pour votre gentillesse de m\u2019avoir accueillie dans votre Maison de Quartier. Je participe au cours de Fran\u00e7ais et gr\u00e2ce \u00e0 vous, j\u2019ai pu lire un document administratif, j\u2019ai pu rendre rendez-vous chez le m\u00e9decin ou chez un sp\u00e9cialiste pour mes enfants .<\/p>\n<p>&nbsp;<\/p>\n<p>Facebook: <a href=\"https:\/\/www.facebook.com\/profile.php?id=100064516821536\">Action sociale de Bernalmont<\/a><\/p>\n<p>Pour plus d\u2019informations, veuillez contacter notre Project Manager, S\u00e9verine Laneau\u00a0<a href=\"mailto:slaneau@ufb.be\">slaneau@ufb.be<\/a>\u00a0qui pourra r\u00e9pondre \u00e0 votre demande et vous renseigner comment vous pouvez soutenir ce ou un autre projet \u00e0 travers UFB.<\/p>\n<p>&nbsp;<\/p>\n<p>&nbsp;<\/p>\n","protected":false},"featured_media":53537,"parent":0,"template":"","meta":{"_acf_changed":false},"class_list":["post-33503","beneficiary","type-beneficiary","status-publish","has-post-thumbnail","hentry","year_type-206","province_type-liege","social_type-personnes-en-detresse"],"acf":[],"yoast_head":"<!-- This site is optimized with the Yoast SEO plugin v27.3 - https:\/\/yoast.com\/product\/yoast-seo-wordpress\/ -->\n<title>Action sociale au Bernalmont - UFB<\/title>\n<meta name=\"robots\" content=\"index, follow, max-snippet:-1, max-image-preview:large, max-video-preview:-1\" \/>\n<link rel=\"canonical\" href=\"https:\/\/ufb.be\/en\/beneficiary\/action-sociale-au-bernalmont\/\" \/>\n<meta property=\"og:locale\" content=\"en_US\" \/>\n<meta property=\"og:type\" content=\"article\" \/>\n<meta property=\"og:title\" content=\"Action sociale au Bernalmont - UFB\" \/>\n<meta property=\"og:description\" content=\"L&#8217;ORGANISATION EN QUELQUES LIGNES Cr\u00e9\u00e9e en 1983, l\u2019association a pour but humaine et la conscientisation des habitants belges et immigr\u00e9s particuli\u00e8rement d\u00e9favoris\u00e9s du quartier du Bernalmont de Li\u00e8ge (avec une attention toute sp\u00e9ciale aux jeunes \u00e0 la formation culturelle, sociale et humaine ainsi qu\u2019\u00e0 celle de leurs parents (en tenant compte de la culture de [&hellip;]\" \/>\n<meta property=\"og:url\" content=\"https:\/\/ufb.be\/en\/beneficiary\/action-sociale-au-bernalmont\/\" \/>\n<meta property=\"og:site_name\" content=\"UFB\" \/>\n<meta property=\"article:modified_time\" content=\"2025-03-26T11:52:17+00:00\" \/>\n<meta property=\"og:image\" content=\"https:\/\/ufb.be\/wp-content\/uploads\/2022\/10\/Action-sociale-au-Bernalmont_image-2.jpg\" \/>\n\t<meta property=\"og:image:width\" content=\"774\" \/>\n\t<meta property=\"og:image:height\" content=\"580\" \/>\n\t<meta property=\"og:image:type\" content=\"image\/jpeg\" \/>\n<meta name=\"twitter:card\" content=\"summary_large_image\" \/>\n<meta name=\"twitter:label1\" content=\"Est. reading time\" \/>\n\t<meta name=\"twitter:data1\" content=\"3 minutes\" \/>\n<script type=\"application\/ld+json\" class=\"yoast-schema-graph\">{\"@context\":\"https:\\\/\\\/schema.org\",\"@graph\":[{\"@type\":\"WebPage\",\"@id\":\"https:\\\/\\\/ufb.be\\\/en\\\/beneficiary\\\/action-sociale-au-bernalmont\\\/\",\"url\":\"https:\\\/\\\/ufb.be\\\/en\\\/beneficiary\\\/action-sociale-au-bernalmont\\\/\",\"name\":\"Action sociale au Bernalmont - UFB\",\"isPartOf\":{\"@id\":\"https:\\\/\\\/ufb.be\\\/en\\\/#website\"},\"primaryImageOfPage\":{\"@id\":\"https:\\\/\\\/ufb.be\\\/en\\\/beneficiary\\\/action-sociale-au-bernalmont\\\/#primaryimage\"},\"image\":{\"@id\":\"https:\\\/\\\/ufb.be\\\/en\\\/beneficiary\\\/action-sociale-au-bernalmont\\\/#primaryimage\"},\"thumbnailUrl\":\"https:\\\/\\\/ufb.be\\\/wp-content\\\/uploads\\\/2022\\\/10\\\/Action-sociale-au-Bernalmont_image-2.jpg\",\"datePublished\":\"2022-10-12T14:00:13+00:00\",\"dateModified\":\"2025-03-26T11:52:17+00:00\",\"breadcrumb\":{\"@id\":\"https:\\\/\\\/ufb.be\\\/en\\\/beneficiary\\\/action-sociale-au-bernalmont\\\/#breadcrumb\"},\"inLanguage\":\"en-US\",\"potentialAction\":[{\"@type\":\"ReadAction\",\"target\":[\"https:\\\/\\\/ufb.be\\\/en\\\/beneficiary\\\/action-sociale-au-bernalmont\\\/\"]}]},{\"@type\":\"ImageObject\",\"inLanguage\":\"en-US\",\"@id\":\"https:\\\/\\\/ufb.be\\\/en\\\/beneficiary\\\/action-sociale-au-bernalmont\\\/#primaryimage\",\"url\":\"https:\\\/\\\/ufb.be\\\/wp-content\\\/uploads\\\/2022\\\/10\\\/Action-sociale-au-Bernalmont_image-2.jpg\",\"contentUrl\":\"https:\\\/\\\/ufb.be\\\/wp-content\\\/uploads\\\/2022\\\/10\\\/Action-sociale-au-Bernalmont_image-2.jpg\",\"width\":774,\"height\":580},{\"@type\":\"BreadcrumbList\",\"@id\":\"https:\\\/\\\/ufb.be\\\/en\\\/beneficiary\\\/action-sociale-au-bernalmont\\\/#breadcrumb\",\"itemListElement\":[{\"@type\":\"ListItem\",\"position\":1,\"name\":\"Accueil\",\"item\":\"https:\\\/\\\/ufb.be\\\/en\\\/\"},{\"@type\":\"ListItem\",\"position\":2,\"name\":\"Beneficiaries\",\"item\":\"https:\\\/\\\/ufb.be\\\/en\\\/beneficiary\\\/\"},{\"@type\":\"ListItem\",\"position\":3,\"name\":\"Action sociale au Bernalmont\"}]},{\"@type\":\"WebSite\",\"@id\":\"https:\\\/\\\/ufb.be\\\/en\\\/#website\",\"url\":\"https:\\\/\\\/ufb.be\\\/en\\\/\",\"name\":\"United Fund for Belgium\",\"description\":\"Combattons l\u2019exclusion pour plus d\u2019int\u00e9gration sociale\",\"publisher\":{\"@id\":\"https:\\\/\\\/ufb.be\\\/en\\\/#organization\"},\"alternateName\":\"UFB\",\"potentialAction\":[{\"@type\":\"SearchAction\",\"target\":{\"@type\":\"EntryPoint\",\"urlTemplate\":\"https:\\\/\\\/ufb.be\\\/en\\\/?s={search_term_string}\"},\"query-input\":{\"@type\":\"PropertyValueSpecification\",\"valueRequired\":true,\"valueName\":\"search_term_string\"}}],\"inLanguage\":\"en-US\"},{\"@type\":\"Organization\",\"@id\":\"https:\\\/\\\/ufb.be\\\/en\\\/#organization\",\"name\":\"United Fund for Belgium\",\"alternateName\":\"UFB\",\"url\":\"https:\\\/\\\/ufb.be\\\/en\\\/\",\"logo\":{\"@type\":\"ImageObject\",\"inLanguage\":\"en-US\",\"@id\":\"https:\\\/\\\/ufb.be\\\/en\\\/#\\\/schema\\\/logo\\\/image\\\/\",\"url\":\"https:\\\/\\\/ufb.be\\\/wp-content\\\/uploads\\\/2025\\\/07\\\/Logo-UFB-RS.png\",\"contentUrl\":\"https:\\\/\\\/ufb.be\\\/wp-content\\\/uploads\\\/2025\\\/07\\\/Logo-UFB-RS.png\",\"width\":200,\"height\":200,\"caption\":\"United Fund for Belgium\"},\"image\":{\"@id\":\"https:\\\/\\\/ufb.be\\\/en\\\/#\\\/schema\\\/logo\\\/image\\\/\"}}]}<\/script>\n<!-- \/ Yoast SEO plugin. -->","yoast_head_json":{"title":"Action sociale au Bernalmont - UFB","robots":{"index":"index","follow":"follow","max-snippet":"max-snippet:-1","max-image-preview":"max-image-preview:large","max-video-preview":"max-video-preview:-1"},"canonical":"https:\/\/ufb.be\/en\/beneficiary\/action-sociale-au-bernalmont\/","og_locale":"en_US","og_type":"article","og_title":"Action sociale au Bernalmont - UFB","og_description":"L&#8217;ORGANISATION EN QUELQUES LIGNES Cr\u00e9\u00e9e en 1983, l\u2019association a pour but humaine et la conscientisation des habitants belges et immigr\u00e9s particuli\u00e8rement d\u00e9favoris\u00e9s du quartier du Bernalmont de Li\u00e8ge (avec une attention toute sp\u00e9ciale aux jeunes \u00e0 la formation culturelle, sociale et humaine ainsi qu\u2019\u00e0 celle de leurs parents (en tenant compte de la culture de [&hellip;]","og_url":"https:\/\/ufb.be\/en\/beneficiary\/action-sociale-au-bernalmont\/","og_site_name":"UFB","article_modified_time":"2025-03-26T11:52:17+00:00","og_image":[{"width":774,"height":580,"url":"https:\/\/ufb.be\/wp-content\/uploads\/2022\/10\/Action-sociale-au-Bernalmont_image-2.jpg","type":"image\/jpeg"}],"twitter_card":"summary_large_image","twitter_misc":{"Est. reading time":"3 minutes"},"schema":{"@context":"https:\/\/schema.org","@graph":[{"@type":"WebPage","@id":"https:\/\/ufb.be\/en\/beneficiary\/action-sociale-au-bernalmont\/","url":"https:\/\/ufb.be\/en\/beneficiary\/action-sociale-au-bernalmont\/","name":"Action sociale au Bernalmont - UFB","isPartOf":{"@id":"https:\/\/ufb.be\/en\/#website"},"primaryImageOfPage":{"@id":"https:\/\/ufb.be\/en\/beneficiary\/action-sociale-au-bernalmont\/#primaryimage"},"image":{"@id":"https:\/\/ufb.be\/en\/beneficiary\/action-sociale-au-bernalmont\/#primaryimage"},"thumbnailUrl":"https:\/\/ufb.be\/wp-content\/uploads\/2022\/10\/Action-sociale-au-Bernalmont_image-2.jpg","datePublished":"2022-10-12T14:00:13+00:00","dateModified":"2025-03-26T11:52:17+00:00","breadcrumb":{"@id":"https:\/\/ufb.be\/en\/beneficiary\/action-sociale-au-bernalmont\/#breadcrumb"},"inLanguage":"en-US","potentialAction":[{"@type":"ReadAction","target":["https:\/\/ufb.be\/en\/beneficiary\/action-sociale-au-bernalmont\/"]}]},{"@type":"ImageObject","inLanguage":"en-US","@id":"https:\/\/ufb.be\/en\/beneficiary\/action-sociale-au-bernalmont\/#primaryimage","url":"https:\/\/ufb.be\/wp-content\/uploads\/2022\/10\/Action-sociale-au-Bernalmont_image-2.jpg","contentUrl":"https:\/\/ufb.be\/wp-content\/uploads\/2022\/10\/Action-sociale-au-Bernalmont_image-2.jpg","width":774,"height":580},{"@type":"BreadcrumbList","@id":"https:\/\/ufb.be\/en\/beneficiary\/action-sociale-au-bernalmont\/#breadcrumb","itemListElement":[{"@type":"ListItem","position":1,"name":"Accueil","item":"https:\/\/ufb.be\/en\/"},{"@type":"ListItem","position":2,"name":"Beneficiaries","item":"https:\/\/ufb.be\/en\/beneficiary\/"},{"@type":"ListItem","position":3,"name":"Action sociale au Bernalmont"}]},{"@type":"WebSite","@id":"https:\/\/ufb.be\/en\/#website","url":"https:\/\/ufb.be\/en\/","name":"United Fund for Belgium","description":"Combattons l\u2019exclusion pour plus d\u2019int\u00e9gration sociale","publisher":{"@id":"https:\/\/ufb.be\/en\/#organization"},"alternateName":"UFB","potentialAction":[{"@type":"SearchAction","target":{"@type":"EntryPoint","urlTemplate":"https:\/\/ufb.be\/en\/?s={search_term_string}"},"query-input":{"@type":"PropertyValueSpecification","valueRequired":true,"valueName":"search_term_string"}}],"inLanguage":"en-US"},{"@type":"Organization","@id":"https:\/\/ufb.be\/en\/#organization","name":"United Fund for Belgium","alternateName":"UFB","url":"https:\/\/ufb.be\/en\/","logo":{"@type":"ImageObject","inLanguage":"en-US","@id":"https:\/\/ufb.be\/en\/#\/schema\/logo\/image\/","url":"https:\/\/ufb.be\/wp-content\/uploads\/2025\/07\/Logo-UFB-RS.png","contentUrl":"https:\/\/ufb.be\/wp-content\/uploads\/2025\/07\/Logo-UFB-RS.png","width":200,"height":200,"caption":"United Fund for Belgium"},"image":{"@id":"https:\/\/ufb.be\/en\/#\/schema\/logo\/image\/"}}]}},"_links":{"self":[{"href":"https:\/\/ufb.be\/en\/wp-json\/wp\/v2\/beneficiary\/33503","targetHints":{"allow":["GET"]}}],"collection":[{"href":"https:\/\/ufb.be\/en\/wp-json\/wp\/v2\/beneficiary"}],"about":[{"href":"https:\/\/ufb.be\/en\/wp-json\/wp\/v2\/types\/beneficiary"}],"wp:featuredmedia":[{"embeddable":true,"href":"https:\/\/ufb.be\/en\/wp-json\/wp\/v2\/media\/53537"}],"wp:attachment":[{"href":"https:\/\/ufb.be\/en\/wp-json\/wp\/v2\/media?parent=33503"}],"curies":[{"name":"wp","href":"https:\/\/api.w.org\/{rel}","templated":true}]}}