{"id":33557,"date":"2022-10-12T15:34:52","date_gmt":"2022-10-12T15:34:52","guid":{"rendered":"https:\/\/ufb.be\/?post_type=beneficiary&#038;p=33557"},"modified":"2025-03-24T14:19:27","modified_gmt":"2025-03-24T13:19:27","slug":"cemome-asbl-accueil-extrascolaire-des-enfants-et-de-linsertion-socioprofessionnelle","status":"publish","type":"beneficiary","link":"https:\/\/ufb.be\/en\/beneficiary\/cemome-asbl-accueil-extrascolaire-des-enfants-et-de-linsertion-socioprofessionnelle\/","title":{"rendered":"Cemome asbl &#8211; Accueil extrascolaire des enfants et de l&#8217;insertion socioprofessionnelle"},"content":{"rendered":"<p>L&#8217;ORGANISATION EN QUELQUES LIGNES<\/p>\n<p>L&#8217;asbl a \u00e9t\u00e9 cr\u00e9\u00e9e en 2007. Elle a pour le but d&#8217;offrir l&#8217;accueil extrascolaire et l&#8217;insertion socioprofessionnelle (Philippe Delfosse).<\/p>\n<p>Structurer, d\u00e9velopper, professionnaliser, optimaliser l&#8217;offre d&#8217;accueil des enfants aux sens large. Et vise l&#8217;insertion sociaux professionnelle des demandeurs d&#8217;emploi difficile a placer et des jeunes travailleurs infra qualifi\u00e9 et ou n&#8217;ayant pas d&#8217;exp\u00e9rience professionnelle.<\/p>\n<p>LES \u00c9V\u00c8NEMENTS MARQUANTS DE VOTRE ORGANISATION<\/p>\n<ul>\n<li><strong>2008:<\/strong> scission du CEMO (AMO et service jeunesse du CPAS) et du CEM\u00f4me (asbl qui organise des activit\u00e9s extrascolaires).<\/li>\n<li><strong>2010:<\/strong> en avril, l\u2019\u00e9cole des devoirs d\u00e9marre pour une phase test de 2 mois. En septembre, le Pass\u2019Pass\u2019 est lanc\u00e9 avec une cinquantaine d\u2019enfants. Cet \u00e9t\u00e9-l\u00e0, les stages de vacances pour d\u00e9couvrir des disciplines sp\u00e9cifiques d\u00e9butent. C\u2019est \u00e9galement en fin de cette ann\u00e9e-l\u00e0 que le recrutement des emploi-jeune a lieu. Cette \u00e9tape constitue les pr\u00e9mices d\u2019un dispositif destin\u00e9 \u00e0 r\u00e9pondre \u00e0 la mission d\u2019insertion socioprofessionnelle.<\/li>\n<\/ul>\n<p>LES PROJETS, MISSIONS ET\/OU ACTIVIT\u00c9S LES PLUS IMPORTANTS ET DE LEUR IMPACT<\/p>\n<p>Nos activit\u00e9s les plus importantes sont les pr\u00e9sences dans l&#8217;\u00e9coles de Saint Gilles pour dynamiser les temps d&#8217;accueil extra scolaires, les activit\u00e9s proposer dans le cadre des vacances scolaires (stages, camps, plaines,&#8230;) nous touchons plus de 5000 enfant par ann\u00e9es.<\/p>\n<p>Nous avons \u00e9galement d\u00e9velopp\u00e9 le programme de l&#8217;insertion socioprofessionnelle qui a permis a de nombreuse personnes de suivre la formation d&#8217;\u00e9ducateur A2 ou A1 \u00e9ducateur sp\u00e9cialis\u00e9 en promotion sociale qui leur a permis de d\u00e9crocher leur dipl\u00f4me.<\/p>\n<p>COURT T\u00c9MOIGNAGE EN RAPPORT AVEC L&#8217;ASSOCIATION OU L\u2019UN DE VOS PROJETS OU ACTIVIT\u00c9S<\/p>\n<p>Un nouveau partenariat entre le CEMOME et l&#8217;espace cr\u00e9&#8217;action a vu le jour au domaine de la Roseraie \u00e0 Uccle concernant la gestion de l&#8217;\u00e9cole de devoirs.<\/p>\n<p>Nouveaut\u00e9 : Nous sommes pr\u00e9sents depuis septembre 2021 \u00e0 l&#8217;\u00e9cole Victor Horta pour assurer l&#8217;accueil extra scolaire. Nous d\u00e9veloppons depuis peu des stages en n\u00e9erlandais.<\/p>\n<p>Site web: <a href=\"https:\/\/www.cemome.be\/\">Cemome asbl<\/a><\/p>\n<p>Pour plus d\u2019informations, veuillez contacter notre Project Manager, S\u00e9verine Laneau\u00a0<a href=\"mailto:slaneau@ufb.be\">slaneau@ufb.be<\/a>\u00a0qui pourra r\u00e9pondre \u00e0 votre demande et vous renseigner comment vous pouvez soutenir ce ou un autre projet \u00e0 travers UFB.<\/p>\n","protected":false},"featured_media":33573,"parent":0,"template":"","meta":{"_acf_changed":false},"class_list":["post-33557","beneficiary","type-beneficiary","status-publish","has-post-thumbnail","hentry","year_type-206","province_type-brussels","social_type-campagne-united-for-ukrainians"],"acf":[],"yoast_head":"<!-- This site is optimized with the Yoast SEO plugin v27.3 - https:\/\/yoast.com\/product\/yoast-seo-wordpress\/ -->\n<title>Cemome asbl - Accueil extrascolaire des enfants et de l&#039;insertion socioprofessionnelle - UFB<\/title>\n<meta name=\"robots\" content=\"index, follow, max-snippet:-1, max-image-preview:large, max-video-preview:-1\" \/>\n<link rel=\"canonical\" href=\"https:\/\/ufb.be\/en\/beneficiary\/cemome-asbl-accueil-extrascolaire-des-enfants-et-de-linsertion-socioprofessionnelle\/\" \/>\n<meta property=\"og:locale\" content=\"en_US\" \/>\n<meta property=\"og:type\" content=\"article\" \/>\n<meta property=\"og:title\" content=\"Cemome asbl - Accueil extrascolaire des enfants et de l&#039;insertion socioprofessionnelle - UFB\" \/>\n<meta property=\"og:description\" content=\"L&#8217;ORGANISATION EN QUELQUES LIGNES L&#8217;asbl a \u00e9t\u00e9 cr\u00e9\u00e9e en 2007. Elle a pour le but d&#8217;offrir l&#8217;accueil extrascolaire et l&#8217;insertion socioprofessionnelle (Philippe Delfosse). Structurer, d\u00e9velopper, professionnaliser, optimaliser l&#8217;offre d&#8217;accueil des enfants aux sens large. Et vise l&#8217;insertion sociaux professionnelle des demandeurs d&#8217;emploi difficile a placer et des jeunes travailleurs infra qualifi\u00e9 et ou n&#8217;ayant pas [&hellip;]\" \/>\n<meta property=\"og:url\" content=\"https:\/\/ufb.be\/en\/beneficiary\/cemome-asbl-accueil-extrascolaire-des-enfants-et-de-linsertion-socioprofessionnelle\/\" \/>\n<meta property=\"og:site_name\" content=\"UFB\" \/>\n<meta property=\"article:modified_time\" content=\"2025-03-24T13:19:27+00:00\" \/>\n<meta property=\"og:image\" content=\"https:\/\/ufb.be\/wp-content\/uploads\/2022\/10\/image_cemomeasbl.png\" \/>\n\t<meta property=\"og:image:width\" content=\"750\" \/>\n\t<meta property=\"og:image:height\" content=\"496\" \/>\n\t<meta property=\"og:image:type\" content=\"image\/png\" \/>\n<meta name=\"twitter:card\" content=\"summary_large_image\" \/>\n<meta name=\"twitter:label1\" content=\"Est. reading time\" \/>\n\t<meta name=\"twitter:data1\" content=\"2 minutes\" \/>\n<script type=\"application\/ld+json\" class=\"yoast-schema-graph\">{\"@context\":\"https:\\\/\\\/schema.org\",\"@graph\":[{\"@type\":\"WebPage\",\"@id\":\"https:\\\/\\\/ufb.be\\\/en\\\/beneficiary\\\/cemome-asbl-accueil-extrascolaire-des-enfants-et-de-linsertion-socioprofessionnelle\\\/\",\"url\":\"https:\\\/\\\/ufb.be\\\/en\\\/beneficiary\\\/cemome-asbl-accueil-extrascolaire-des-enfants-et-de-linsertion-socioprofessionnelle\\\/\",\"name\":\"Cemome asbl - Accueil extrascolaire des enfants et de l'insertion socioprofessionnelle - UFB\",\"isPartOf\":{\"@id\":\"https:\\\/\\\/ufb.be\\\/en\\\/#website\"},\"primaryImageOfPage\":{\"@id\":\"https:\\\/\\\/ufb.be\\\/en\\\/beneficiary\\\/cemome-asbl-accueil-extrascolaire-des-enfants-et-de-linsertion-socioprofessionnelle\\\/#primaryimage\"},\"image\":{\"@id\":\"https:\\\/\\\/ufb.be\\\/en\\\/beneficiary\\\/cemome-asbl-accueil-extrascolaire-des-enfants-et-de-linsertion-socioprofessionnelle\\\/#primaryimage\"},\"thumbnailUrl\":\"https:\\\/\\\/ufb.be\\\/wp-content\\\/uploads\\\/2022\\\/10\\\/image_cemomeasbl.png\",\"datePublished\":\"2022-10-12T15:34:52+00:00\",\"dateModified\":\"2025-03-24T13:19:27+00:00\",\"breadcrumb\":{\"@id\":\"https:\\\/\\\/ufb.be\\\/en\\\/beneficiary\\\/cemome-asbl-accueil-extrascolaire-des-enfants-et-de-linsertion-socioprofessionnelle\\\/#breadcrumb\"},\"inLanguage\":\"en-US\",\"potentialAction\":[{\"@type\":\"ReadAction\",\"target\":[\"https:\\\/\\\/ufb.be\\\/en\\\/beneficiary\\\/cemome-asbl-accueil-extrascolaire-des-enfants-et-de-linsertion-socioprofessionnelle\\\/\"]}]},{\"@type\":\"ImageObject\",\"inLanguage\":\"en-US\",\"@id\":\"https:\\\/\\\/ufb.be\\\/en\\\/beneficiary\\\/cemome-asbl-accueil-extrascolaire-des-enfants-et-de-linsertion-socioprofessionnelle\\\/#primaryimage\",\"url\":\"https:\\\/\\\/ufb.be\\\/wp-content\\\/uploads\\\/2022\\\/10\\\/image_cemomeasbl.png\",\"contentUrl\":\"https:\\\/\\\/ufb.be\\\/wp-content\\\/uploads\\\/2022\\\/10\\\/image_cemomeasbl.png\",\"width\":750,\"height\":496},{\"@type\":\"BreadcrumbList\",\"@id\":\"https:\\\/\\\/ufb.be\\\/en\\\/beneficiary\\\/cemome-asbl-accueil-extrascolaire-des-enfants-et-de-linsertion-socioprofessionnelle\\\/#breadcrumb\",\"itemListElement\":[{\"@type\":\"ListItem\",\"position\":1,\"name\":\"Accueil\",\"item\":\"https:\\\/\\\/ufb.be\\\/en\\\/\"},{\"@type\":\"ListItem\",\"position\":2,\"name\":\"Beneficiaries\",\"item\":\"https:\\\/\\\/ufb.be\\\/en\\\/beneficiary\\\/\"},{\"@type\":\"ListItem\",\"position\":3,\"name\":\"Cemome asbl &#8211; Accueil extrascolaire des enfants et de l&rsquo;insertion socioprofessionnelle\"}]},{\"@type\":\"WebSite\",\"@id\":\"https:\\\/\\\/ufb.be\\\/en\\\/#website\",\"url\":\"https:\\\/\\\/ufb.be\\\/en\\\/\",\"name\":\"United Fund for Belgium\",\"description\":\"Combattons l\u2019exclusion pour plus d\u2019int\u00e9gration sociale\",\"publisher\":{\"@id\":\"https:\\\/\\\/ufb.be\\\/en\\\/#organization\"},\"alternateName\":\"UFB\",\"potentialAction\":[{\"@type\":\"SearchAction\",\"target\":{\"@type\":\"EntryPoint\",\"urlTemplate\":\"https:\\\/\\\/ufb.be\\\/en\\\/?s={search_term_string}\"},\"query-input\":{\"@type\":\"PropertyValueSpecification\",\"valueRequired\":true,\"valueName\":\"search_term_string\"}}],\"inLanguage\":\"en-US\"},{\"@type\":\"Organization\",\"@id\":\"https:\\\/\\\/ufb.be\\\/en\\\/#organization\",\"name\":\"United Fund for Belgium\",\"alternateName\":\"UFB\",\"url\":\"https:\\\/\\\/ufb.be\\\/en\\\/\",\"logo\":{\"@type\":\"ImageObject\",\"inLanguage\":\"en-US\",\"@id\":\"https:\\\/\\\/ufb.be\\\/en\\\/#\\\/schema\\\/logo\\\/image\\\/\",\"url\":\"https:\\\/\\\/ufb.be\\\/wp-content\\\/uploads\\\/2025\\\/07\\\/Logo-UFB-RS.png\",\"contentUrl\":\"https:\\\/\\\/ufb.be\\\/wp-content\\\/uploads\\\/2025\\\/07\\\/Logo-UFB-RS.png\",\"width\":200,\"height\":200,\"caption\":\"United Fund for Belgium\"},\"image\":{\"@id\":\"https:\\\/\\\/ufb.be\\\/en\\\/#\\\/schema\\\/logo\\\/image\\\/\"}}]}<\/script>\n<!-- \/ Yoast SEO plugin. -->","yoast_head_json":{"title":"Cemome asbl - Accueil extrascolaire des enfants et de l'insertion socioprofessionnelle - UFB","robots":{"index":"index","follow":"follow","max-snippet":"max-snippet:-1","max-image-preview":"max-image-preview:large","max-video-preview":"max-video-preview:-1"},"canonical":"https:\/\/ufb.be\/en\/beneficiary\/cemome-asbl-accueil-extrascolaire-des-enfants-et-de-linsertion-socioprofessionnelle\/","og_locale":"en_US","og_type":"article","og_title":"Cemome asbl - Accueil extrascolaire des enfants et de l'insertion socioprofessionnelle - UFB","og_description":"L&#8217;ORGANISATION EN QUELQUES LIGNES L&#8217;asbl a \u00e9t\u00e9 cr\u00e9\u00e9e en 2007. Elle a pour le but d&#8217;offrir l&#8217;accueil extrascolaire et l&#8217;insertion socioprofessionnelle (Philippe Delfosse). Structurer, d\u00e9velopper, professionnaliser, optimaliser l&#8217;offre d&#8217;accueil des enfants aux sens large. Et vise l&#8217;insertion sociaux professionnelle des demandeurs d&#8217;emploi difficile a placer et des jeunes travailleurs infra qualifi\u00e9 et ou n&#8217;ayant pas [&hellip;]","og_url":"https:\/\/ufb.be\/en\/beneficiary\/cemome-asbl-accueil-extrascolaire-des-enfants-et-de-linsertion-socioprofessionnelle\/","og_site_name":"UFB","article_modified_time":"2025-03-24T13:19:27+00:00","og_image":[{"width":750,"height":496,"url":"https:\/\/ufb.be\/wp-content\/uploads\/2022\/10\/image_cemomeasbl.png","type":"image\/png"}],"twitter_card":"summary_large_image","twitter_misc":{"Est. reading time":"2 minutes"},"schema":{"@context":"https:\/\/schema.org","@graph":[{"@type":"WebPage","@id":"https:\/\/ufb.be\/en\/beneficiary\/cemome-asbl-accueil-extrascolaire-des-enfants-et-de-linsertion-socioprofessionnelle\/","url":"https:\/\/ufb.be\/en\/beneficiary\/cemome-asbl-accueil-extrascolaire-des-enfants-et-de-linsertion-socioprofessionnelle\/","name":"Cemome asbl - Accueil extrascolaire des enfants et de l'insertion socioprofessionnelle - UFB","isPartOf":{"@id":"https:\/\/ufb.be\/en\/#website"},"primaryImageOfPage":{"@id":"https:\/\/ufb.be\/en\/beneficiary\/cemome-asbl-accueil-extrascolaire-des-enfants-et-de-linsertion-socioprofessionnelle\/#primaryimage"},"image":{"@id":"https:\/\/ufb.be\/en\/beneficiary\/cemome-asbl-accueil-extrascolaire-des-enfants-et-de-linsertion-socioprofessionnelle\/#primaryimage"},"thumbnailUrl":"https:\/\/ufb.be\/wp-content\/uploads\/2022\/10\/image_cemomeasbl.png","datePublished":"2022-10-12T15:34:52+00:00","dateModified":"2025-03-24T13:19:27+00:00","breadcrumb":{"@id":"https:\/\/ufb.be\/en\/beneficiary\/cemome-asbl-accueil-extrascolaire-des-enfants-et-de-linsertion-socioprofessionnelle\/#breadcrumb"},"inLanguage":"en-US","potentialAction":[{"@type":"ReadAction","target":["https:\/\/ufb.be\/en\/beneficiary\/cemome-asbl-accueil-extrascolaire-des-enfants-et-de-linsertion-socioprofessionnelle\/"]}]},{"@type":"ImageObject","inLanguage":"en-US","@id":"https:\/\/ufb.be\/en\/beneficiary\/cemome-asbl-accueil-extrascolaire-des-enfants-et-de-linsertion-socioprofessionnelle\/#primaryimage","url":"https:\/\/ufb.be\/wp-content\/uploads\/2022\/10\/image_cemomeasbl.png","contentUrl":"https:\/\/ufb.be\/wp-content\/uploads\/2022\/10\/image_cemomeasbl.png","width":750,"height":496},{"@type":"BreadcrumbList","@id":"https:\/\/ufb.be\/en\/beneficiary\/cemome-asbl-accueil-extrascolaire-des-enfants-et-de-linsertion-socioprofessionnelle\/#breadcrumb","itemListElement":[{"@type":"ListItem","position":1,"name":"Accueil","item":"https:\/\/ufb.be\/en\/"},{"@type":"ListItem","position":2,"name":"Beneficiaries","item":"https:\/\/ufb.be\/en\/beneficiary\/"},{"@type":"ListItem","position":3,"name":"Cemome asbl &#8211; Accueil extrascolaire des enfants et de l&rsquo;insertion socioprofessionnelle"}]},{"@type":"WebSite","@id":"https:\/\/ufb.be\/en\/#website","url":"https:\/\/ufb.be\/en\/","name":"United Fund for Belgium","description":"Combattons l\u2019exclusion pour plus d\u2019int\u00e9gration sociale","publisher":{"@id":"https:\/\/ufb.be\/en\/#organization"},"alternateName":"UFB","potentialAction":[{"@type":"SearchAction","target":{"@type":"EntryPoint","urlTemplate":"https:\/\/ufb.be\/en\/?s={search_term_string}"},"query-input":{"@type":"PropertyValueSpecification","valueRequired":true,"valueName":"search_term_string"}}],"inLanguage":"en-US"},{"@type":"Organization","@id":"https:\/\/ufb.be\/en\/#organization","name":"United Fund for Belgium","alternateName":"UFB","url":"https:\/\/ufb.be\/en\/","logo":{"@type":"ImageObject","inLanguage":"en-US","@id":"https:\/\/ufb.be\/en\/#\/schema\/logo\/image\/","url":"https:\/\/ufb.be\/wp-content\/uploads\/2025\/07\/Logo-UFB-RS.png","contentUrl":"https:\/\/ufb.be\/wp-content\/uploads\/2025\/07\/Logo-UFB-RS.png","width":200,"height":200,"caption":"United Fund for Belgium"},"image":{"@id":"https:\/\/ufb.be\/en\/#\/schema\/logo\/image\/"}}]}},"_links":{"self":[{"href":"https:\/\/ufb.be\/en\/wp-json\/wp\/v2\/beneficiary\/33557","targetHints":{"allow":["GET"]}}],"collection":[{"href":"https:\/\/ufb.be\/en\/wp-json\/wp\/v2\/beneficiary"}],"about":[{"href":"https:\/\/ufb.be\/en\/wp-json\/wp\/v2\/types\/beneficiary"}],"wp:featuredmedia":[{"embeddable":true,"href":"https:\/\/ufb.be\/en\/wp-json\/wp\/v2\/media\/33573"}],"wp:attachment":[{"href":"https:\/\/ufb.be\/en\/wp-json\/wp\/v2\/media?parent=33557"}],"curies":[{"name":"wp","href":"https:\/\/api.w.org\/{rel}","templated":true}]}}