{"id":33589,"date":"2022-10-13T15:50:04","date_gmt":"2022-10-13T15:50:04","guid":{"rendered":"https:\/\/ufb.be\/?post_type=beneficiary&#038;p=33589"},"modified":"2025-03-25T09:30:13","modified_gmt":"2025-03-25T08:30:13","slug":"transition-asbl-service-daide-et-daccueil-familial-court-terme","status":"publish","type":"beneficiary","link":"https:\/\/ufb.be\/en\/beneficiary\/transition-asbl-service-daide-et-daccueil-familial-court-terme\/","title":{"rendered":"Transition asbl &#8211; Service d&#8217;aide et d&#8217;accueil familial court terme"},"content":{"rendered":"<p>L&#8217;ORGANISATION EN QUELQUES LIGNES<\/p>\n<p>Depuis 2004, nous accompagnons 7 prises en charge d\u2019accueil familial Court Terme et 3 Urgence, depuis 2017.\u00a0 Nous sommes continuellement en recherche de nouvelles familles d\u2019accueil en mesure d\u2019accueillir des enfants 0-18 ans en situation de difficult\u00e9 et\/ou de danger.\u00a0 L\u2019accompagnement de l\u2019enfant, des parents d\u2019origine et des accueillants familiaux reste au centre de nos pr\u00e9occupations tout au long du passage de l\u2019enfant en FA.\u00a0 Nous travaillons sous mandat du SAJ, SPJ et TJ.\u00a0 Notre \u00e9quipe se compose d\u2019une directrice, trois assistantes sociales et une psychologue.<\/p>\n<p>LES \u00c9V\u00c8NEMENTS MARQUANTS DE L&#8217;ORGANISATION<\/p>\n<p>Depuis 2004, nous comptons 534 enfants pris en charge par notre service.<\/p>\n<p>En 2021, nous avons re\u00e7u 389 demandes de prise en charge et pu accueillir 53 enfants en familles d\u2019accueil d\u2019urgence et court terme. L\u2019\u00e2ge des enfants pris en charge en 2021 : 70% ont entre 0 et 3 ans ; 11% ont entre 3 et 6 ans ; 13 % ont entre 6 et 12 ans ; 6 % ont entre 12 et 16 ans.<\/p>\n<p>PARLEZ-NOUS BRI\u00c8VEMENT DES PROJETS, MISSIONS ET\/OU ACTIVIT\u00c9S LES PLUS IMPORTANTS ET DE LEUR IMPACT<\/p>\n<p>Organisation d\u2019activit\u00e9s pour les enfants : Saint-Nicolas, balade p\u00e9destre, parc forestier, \u2026 Organisation de formations pour les accueillants familiaux: 4 \u00e0 5 s\u00e9ances\/an.<\/p>\n<p>Actions visant la promotion de l\u2019accueil familial: cr\u00e9ation de flyers, participation \u00e0 la \u00ab\u00a0chambre d\u2019Amy\u00a0\u00bb, \u2026 Le service a fait am\u00e9nager le rez-de-chauss\u00e9e de l\u2019immeuble en appartement-t\u00e9moin. Celui-ci permettra, d\u00e8s fin 2022, des temps de rencontre parents-enfants prolong\u00e9s et, \u00e0 l\u2019\u00e9quipe, d\u2019observer les interactions familiales dans le but de mieux cerner les ressources et difficult\u00e9s de la relation.<\/p>\n<p>COURT T\u00c9MOIGNAGE EN RAPPORT AVEC L&#8217;ASSOCIATION OU L\u2019UN DES PROJETS OU ACTIVIT\u00c9S<\/p>\n<p><em>\u00ab J\u2019ai \u00e9t\u00e9 sensibilis\u00e9e \u00e0 l\u2019accueil familial d\u2019urgence par des amis tr\u00e8s actifs dans ce domaine. Mes activit\u00e9s, ma disponibilit\u00e9 et mon temp\u00e9rament m\u2019ont fait opter pour l\u2019accueil d\u2019urgence de b\u00e9b\u00e9s. Quand mes interlocuteurs me disent \u00ab c\u2019est beau ce que vous faites \u00bb, je r\u00e9ponds toujours que j\u2019y trouve mon compte. J\u2019aime aider et j\u2019aime pouponner. Les s\u00e9jours des b\u00e9b\u00e9s, c\u2019est du donnant-donnant : nous nous offrons mutuellement un temps de confort et de r\u00e9confort. Quand le b\u00e9b\u00e9 arrive chez moi, je suis \u00e0 chaque fois \u00e9merveill\u00e9e de la confiance que ce petit \u00eatre m\u2019accorde \u00bb.<\/em><\/p>\n<p>Pour plus d\u2019informations, veuillez contacter notre Project Manager, S\u00e9verine Laneau\u00a0<a href=\"mailto:slaneau@ufb.be\">slaneau@ufb.be<\/a>\u00a0qui pourra r\u00e9pondre \u00e0 votre demande et vous renseigner comment vous pouvez soutenir ce ou un autre projet \u00e0 travers UFB.<\/p>\n","protected":false},"featured_media":33602,"parent":0,"template":"","meta":{"_acf_changed":false},"class_list":["post-33589","beneficiary","type-beneficiary","status-publish","has-post-thumbnail","hentry","year_type-206","province_type-liege","social_type-bien-etre-des-enfants"],"acf":[],"yoast_head":"<!-- This site is optimized with the Yoast SEO plugin v27.3 - https:\/\/yoast.com\/product\/yoast-seo-wordpress\/ -->\n<title>Transition asbl - Service d&#039;aide et d&#039;accueil familial court terme - UFB<\/title>\n<meta name=\"robots\" content=\"index, follow, max-snippet:-1, max-image-preview:large, max-video-preview:-1\" \/>\n<link rel=\"canonical\" href=\"https:\/\/ufb.be\/en\/beneficiary\/transition-asbl-service-daide-et-daccueil-familial-court-terme\/\" \/>\n<meta property=\"og:locale\" content=\"en_US\" \/>\n<meta property=\"og:type\" content=\"article\" \/>\n<meta property=\"og:title\" content=\"Transition asbl - Service d&#039;aide et d&#039;accueil familial court terme - UFB\" \/>\n<meta property=\"og:description\" content=\"L&#8217;ORGANISATION EN QUELQUES LIGNES Depuis 2004, nous accompagnons 7 prises en charge d\u2019accueil familial Court Terme et 3 Urgence, depuis 2017.\u00a0 Nous sommes continuellement en recherche de nouvelles familles d\u2019accueil en mesure d\u2019accueillir des enfants 0-18 ans en situation de difficult\u00e9 et\/ou de danger.\u00a0 L\u2019accompagnement de l\u2019enfant, des parents d\u2019origine et des accueillants familiaux reste [&hellip;]\" \/>\n<meta property=\"og:url\" content=\"https:\/\/ufb.be\/en\/beneficiary\/transition-asbl-service-daide-et-daccueil-familial-court-terme\/\" \/>\n<meta property=\"og:site_name\" content=\"UFB\" \/>\n<meta property=\"article:modified_time\" content=\"2025-03-25T08:30:13+00:00\" \/>\n<meta property=\"og:image\" content=\"https:\/\/ufb.be\/wp-content\/uploads\/2022\/10\/image_transitionasbl.png\" \/>\n\t<meta property=\"og:image:width\" content=\"750\" \/>\n\t<meta property=\"og:image:height\" content=\"496\" \/>\n\t<meta property=\"og:image:type\" content=\"image\/png\" \/>\n<meta name=\"twitter:card\" content=\"summary_large_image\" \/>\n<meta name=\"twitter:label1\" content=\"Est. reading time\" \/>\n\t<meta name=\"twitter:data1\" content=\"3 minutes\" \/>\n<script type=\"application\/ld+json\" class=\"yoast-schema-graph\">{\"@context\":\"https:\\\/\\\/schema.org\",\"@graph\":[{\"@type\":\"WebPage\",\"@id\":\"https:\\\/\\\/ufb.be\\\/en\\\/beneficiary\\\/transition-asbl-service-daide-et-daccueil-familial-court-terme\\\/\",\"url\":\"https:\\\/\\\/ufb.be\\\/en\\\/beneficiary\\\/transition-asbl-service-daide-et-daccueil-familial-court-terme\\\/\",\"name\":\"Transition asbl - Service d'aide et d'accueil familial court terme - UFB\",\"isPartOf\":{\"@id\":\"https:\\\/\\\/ufb.be\\\/en\\\/#website\"},\"primaryImageOfPage\":{\"@id\":\"https:\\\/\\\/ufb.be\\\/en\\\/beneficiary\\\/transition-asbl-service-daide-et-daccueil-familial-court-terme\\\/#primaryimage\"},\"image\":{\"@id\":\"https:\\\/\\\/ufb.be\\\/en\\\/beneficiary\\\/transition-asbl-service-daide-et-daccueil-familial-court-terme\\\/#primaryimage\"},\"thumbnailUrl\":\"https:\\\/\\\/ufb.be\\\/wp-content\\\/uploads\\\/2022\\\/10\\\/image_transitionasbl.png\",\"datePublished\":\"2022-10-13T15:50:04+00:00\",\"dateModified\":\"2025-03-25T08:30:13+00:00\",\"breadcrumb\":{\"@id\":\"https:\\\/\\\/ufb.be\\\/en\\\/beneficiary\\\/transition-asbl-service-daide-et-daccueil-familial-court-terme\\\/#breadcrumb\"},\"inLanguage\":\"en-US\",\"potentialAction\":[{\"@type\":\"ReadAction\",\"target\":[\"https:\\\/\\\/ufb.be\\\/en\\\/beneficiary\\\/transition-asbl-service-daide-et-daccueil-familial-court-terme\\\/\"]}]},{\"@type\":\"ImageObject\",\"inLanguage\":\"en-US\",\"@id\":\"https:\\\/\\\/ufb.be\\\/en\\\/beneficiary\\\/transition-asbl-service-daide-et-daccueil-familial-court-terme\\\/#primaryimage\",\"url\":\"https:\\\/\\\/ufb.be\\\/wp-content\\\/uploads\\\/2022\\\/10\\\/image_transitionasbl.png\",\"contentUrl\":\"https:\\\/\\\/ufb.be\\\/wp-content\\\/uploads\\\/2022\\\/10\\\/image_transitionasbl.png\",\"width\":750,\"height\":496},{\"@type\":\"BreadcrumbList\",\"@id\":\"https:\\\/\\\/ufb.be\\\/en\\\/beneficiary\\\/transition-asbl-service-daide-et-daccueil-familial-court-terme\\\/#breadcrumb\",\"itemListElement\":[{\"@type\":\"ListItem\",\"position\":1,\"name\":\"Accueil\",\"item\":\"https:\\\/\\\/ufb.be\\\/en\\\/\"},{\"@type\":\"ListItem\",\"position\":2,\"name\":\"Beneficiaries\",\"item\":\"https:\\\/\\\/ufb.be\\\/en\\\/beneficiary\\\/\"},{\"@type\":\"ListItem\",\"position\":3,\"name\":\"Transition asbl &#8211; Service d&rsquo;aide et d&rsquo;accueil familial court terme\"}]},{\"@type\":\"WebSite\",\"@id\":\"https:\\\/\\\/ufb.be\\\/en\\\/#website\",\"url\":\"https:\\\/\\\/ufb.be\\\/en\\\/\",\"name\":\"United Fund for Belgium\",\"description\":\"Combattons l\u2019exclusion pour plus d\u2019int\u00e9gration sociale\",\"publisher\":{\"@id\":\"https:\\\/\\\/ufb.be\\\/en\\\/#organization\"},\"alternateName\":\"UFB\",\"potentialAction\":[{\"@type\":\"SearchAction\",\"target\":{\"@type\":\"EntryPoint\",\"urlTemplate\":\"https:\\\/\\\/ufb.be\\\/en\\\/?s={search_term_string}\"},\"query-input\":{\"@type\":\"PropertyValueSpecification\",\"valueRequired\":true,\"valueName\":\"search_term_string\"}}],\"inLanguage\":\"en-US\"},{\"@type\":\"Organization\",\"@id\":\"https:\\\/\\\/ufb.be\\\/en\\\/#organization\",\"name\":\"United Fund for Belgium\",\"alternateName\":\"UFB\",\"url\":\"https:\\\/\\\/ufb.be\\\/en\\\/\",\"logo\":{\"@type\":\"ImageObject\",\"inLanguage\":\"en-US\",\"@id\":\"https:\\\/\\\/ufb.be\\\/en\\\/#\\\/schema\\\/logo\\\/image\\\/\",\"url\":\"https:\\\/\\\/ufb.be\\\/wp-content\\\/uploads\\\/2025\\\/07\\\/Logo-UFB-RS.png\",\"contentUrl\":\"https:\\\/\\\/ufb.be\\\/wp-content\\\/uploads\\\/2025\\\/07\\\/Logo-UFB-RS.png\",\"width\":200,\"height\":200,\"caption\":\"United Fund for Belgium\"},\"image\":{\"@id\":\"https:\\\/\\\/ufb.be\\\/en\\\/#\\\/schema\\\/logo\\\/image\\\/\"}}]}<\/script>\n<!-- \/ Yoast SEO plugin. -->","yoast_head_json":{"title":"Transition asbl - Service d'aide et d'accueil familial court terme - UFB","robots":{"index":"index","follow":"follow","max-snippet":"max-snippet:-1","max-image-preview":"max-image-preview:large","max-video-preview":"max-video-preview:-1"},"canonical":"https:\/\/ufb.be\/en\/beneficiary\/transition-asbl-service-daide-et-daccueil-familial-court-terme\/","og_locale":"en_US","og_type":"article","og_title":"Transition asbl - Service d'aide et d'accueil familial court terme - UFB","og_description":"L&#8217;ORGANISATION EN QUELQUES LIGNES Depuis 2004, nous accompagnons 7 prises en charge d\u2019accueil familial Court Terme et 3 Urgence, depuis 2017.\u00a0 Nous sommes continuellement en recherche de nouvelles familles d\u2019accueil en mesure d\u2019accueillir des enfants 0-18 ans en situation de difficult\u00e9 et\/ou de danger.\u00a0 L\u2019accompagnement de l\u2019enfant, des parents d\u2019origine et des accueillants familiaux reste [&hellip;]","og_url":"https:\/\/ufb.be\/en\/beneficiary\/transition-asbl-service-daide-et-daccueil-familial-court-terme\/","og_site_name":"UFB","article_modified_time":"2025-03-25T08:30:13+00:00","og_image":[{"width":750,"height":496,"url":"https:\/\/ufb.be\/wp-content\/uploads\/2022\/10\/image_transitionasbl.png","type":"image\/png"}],"twitter_card":"summary_large_image","twitter_misc":{"Est. reading time":"3 minutes"},"schema":{"@context":"https:\/\/schema.org","@graph":[{"@type":"WebPage","@id":"https:\/\/ufb.be\/en\/beneficiary\/transition-asbl-service-daide-et-daccueil-familial-court-terme\/","url":"https:\/\/ufb.be\/en\/beneficiary\/transition-asbl-service-daide-et-daccueil-familial-court-terme\/","name":"Transition asbl - Service d'aide et d'accueil familial court terme - UFB","isPartOf":{"@id":"https:\/\/ufb.be\/en\/#website"},"primaryImageOfPage":{"@id":"https:\/\/ufb.be\/en\/beneficiary\/transition-asbl-service-daide-et-daccueil-familial-court-terme\/#primaryimage"},"image":{"@id":"https:\/\/ufb.be\/en\/beneficiary\/transition-asbl-service-daide-et-daccueil-familial-court-terme\/#primaryimage"},"thumbnailUrl":"https:\/\/ufb.be\/wp-content\/uploads\/2022\/10\/image_transitionasbl.png","datePublished":"2022-10-13T15:50:04+00:00","dateModified":"2025-03-25T08:30:13+00:00","breadcrumb":{"@id":"https:\/\/ufb.be\/en\/beneficiary\/transition-asbl-service-daide-et-daccueil-familial-court-terme\/#breadcrumb"},"inLanguage":"en-US","potentialAction":[{"@type":"ReadAction","target":["https:\/\/ufb.be\/en\/beneficiary\/transition-asbl-service-daide-et-daccueil-familial-court-terme\/"]}]},{"@type":"ImageObject","inLanguage":"en-US","@id":"https:\/\/ufb.be\/en\/beneficiary\/transition-asbl-service-daide-et-daccueil-familial-court-terme\/#primaryimage","url":"https:\/\/ufb.be\/wp-content\/uploads\/2022\/10\/image_transitionasbl.png","contentUrl":"https:\/\/ufb.be\/wp-content\/uploads\/2022\/10\/image_transitionasbl.png","width":750,"height":496},{"@type":"BreadcrumbList","@id":"https:\/\/ufb.be\/en\/beneficiary\/transition-asbl-service-daide-et-daccueil-familial-court-terme\/#breadcrumb","itemListElement":[{"@type":"ListItem","position":1,"name":"Accueil","item":"https:\/\/ufb.be\/en\/"},{"@type":"ListItem","position":2,"name":"Beneficiaries","item":"https:\/\/ufb.be\/en\/beneficiary\/"},{"@type":"ListItem","position":3,"name":"Transition asbl &#8211; Service d&rsquo;aide et d&rsquo;accueil familial court terme"}]},{"@type":"WebSite","@id":"https:\/\/ufb.be\/en\/#website","url":"https:\/\/ufb.be\/en\/","name":"United Fund for Belgium","description":"Combattons l\u2019exclusion pour plus d\u2019int\u00e9gration sociale","publisher":{"@id":"https:\/\/ufb.be\/en\/#organization"},"alternateName":"UFB","potentialAction":[{"@type":"SearchAction","target":{"@type":"EntryPoint","urlTemplate":"https:\/\/ufb.be\/en\/?s={search_term_string}"},"query-input":{"@type":"PropertyValueSpecification","valueRequired":true,"valueName":"search_term_string"}}],"inLanguage":"en-US"},{"@type":"Organization","@id":"https:\/\/ufb.be\/en\/#organization","name":"United Fund for Belgium","alternateName":"UFB","url":"https:\/\/ufb.be\/en\/","logo":{"@type":"ImageObject","inLanguage":"en-US","@id":"https:\/\/ufb.be\/en\/#\/schema\/logo\/image\/","url":"https:\/\/ufb.be\/wp-content\/uploads\/2025\/07\/Logo-UFB-RS.png","contentUrl":"https:\/\/ufb.be\/wp-content\/uploads\/2025\/07\/Logo-UFB-RS.png","width":200,"height":200,"caption":"United Fund for Belgium"},"image":{"@id":"https:\/\/ufb.be\/en\/#\/schema\/logo\/image\/"}}]}},"_links":{"self":[{"href":"https:\/\/ufb.be\/en\/wp-json\/wp\/v2\/beneficiary\/33589","targetHints":{"allow":["GET"]}}],"collection":[{"href":"https:\/\/ufb.be\/en\/wp-json\/wp\/v2\/beneficiary"}],"about":[{"href":"https:\/\/ufb.be\/en\/wp-json\/wp\/v2\/types\/beneficiary"}],"wp:featuredmedia":[{"embeddable":true,"href":"https:\/\/ufb.be\/en\/wp-json\/wp\/v2\/media\/33602"}],"wp:attachment":[{"href":"https:\/\/ufb.be\/en\/wp-json\/wp\/v2\/media?parent=33589"}],"curies":[{"name":"wp","href":"https:\/\/api.w.org\/{rel}","templated":true}]}}