{"id":33629,"date":"2022-10-14T10:19:43","date_gmt":"2022-10-14T10:19:43","guid":{"rendered":"https:\/\/ufb.be\/?post_type=beneficiary&#038;p=33629"},"modified":"2025-10-27T12:21:36","modified_gmt":"2025-10-27T11:21:36","slug":"la-petite-plante-asbl-service-residentiel-pour-adultes-en-situation-de-polyhandicap","status":"publish","type":"beneficiary","link":"https:\/\/ufb.be\/en\/beneficiary\/la-petite-plante-asbl-service-residentiel-pour-adultes-en-situation-de-polyhandicap\/","title":{"rendered":"La Petite Plante asbl &#8211; Service r\u00e9sidentiel pour adultes en situation de polyhandicap"},"content":{"rendered":"<p>PR\u00c9SENTEZ L&#8217;ORGANISATION EN QUELQUES LIGNES<\/p>\n<p>Notre asbl propose un service r\u00e9sidentiel pour 23 adultes en situation de polyhandicap. Ces personnes pr\u00e9sentent une association d\u2019handicaps sensoriels, moteurs et mentaux occasionnant une d\u00e9pendance dans tous les actes de la vie quotidienne. L\u2019accompagnement, centr\u00e9 sur les potentialit\u00e9s et les besoins de chacun, se r\u00e9alise avec respect et professionnalisme dans une ambiance familiale et dynamique en collaboration proche avec les familles.<\/p>\n<p>LES \u00c9V\u00c8NEMENTS MARQUANTS DE L&#8217;ORGANISATION<\/p>\n<ul>\n<li>en 1984, \u201cLa Petite Plante\u201d devient une asbl, 7 r\u00e9sidents sont accueillis;<\/li>\n<li>en 2003, l&#8217;emm\u00e9nagement dans le nouveau b\u00e2timent rue Palg\u00e9 \u00e0 Musson est fait o\u00f9 un agr\u00e9ment sans subvention est octroy\u00e9 par l\u2019AViQ;<\/li>\n<li>de 2003 \u00e0 2009, la capacit\u00e9 d\u2019accueil augmente \u00e0 16 lits et en 2008, un subventionnement partiel est accord\u00e9 aux services agr\u00e9\u00e9s non-subventionn\u00e9s;<\/li>\n<li>en 2016, nous inaugurons une annexe qui accueille 6 r\u00e9sidents et ouvre deux lits de r\u00e9pit;<\/li>\n<\/ul>\n<p>LES PROJETS, MISSIONS ET\/OU ACTIVIT\u00c9S LES PLUS IMPORTANTS ET DE LEUR IMPACT<\/p>\n<p>Nous d\u00e9sirons \u00eatre un lieu o\u00f9 s\u2019articulent les besoins, les aspirations et les limites dues aux d\u00e9ficiences de la personne en situation de polyhandicap, une action prenant racine sur ses potentialit\u00e9s plus que sur ses insuffisances.<\/p>\n<p>Participer et soutenir l\u2019int\u00e9gration de la personne en situation de polyhandicap dans son village, son pays et dans l\u2019Europe est un de nos objectifs permanents: une int\u00e9gration en tant que citoyen \u00e0 part enti\u00e8re avec ses qualit\u00e9s et limites.<\/p>\n<p>COURT T\u00c9MOIGNAGE EN RAPPORT AVEC L&#8217;ASSOCIATION OU L\u2019UN DES PROJETS OU ACTIVIT\u00c9S<\/p>\n<p>B\u00e9n\u00e9vole depuis bient\u00f4t 14 ans au sein de l\u2019asbl, j\u2019ai pu voir tout ce que &#8220;La Petite Plante&#8221; accomplit avec ses r\u00e9sidents et je trouve cela tout simplement incroyable ! Je parle ici aussi bien des activit\u00e9s auxquelles il leur est permis de participer que des soins, de l\u2019attention, du temps, de l\u2019amour qui leur est donn\u00e9. J\u2019ai aussi pu participer il y quelques ann\u00e9es, \u00e0 la premi\u00e8re \u00e9dition de la semaine \u00e0 la mer avec les r\u00e9sidents, le personnel, certaines familles et certains b\u00e9n\u00e9voles. La Direction et le personnel y ont cru et cela a \u00e9t\u00e9 un franc succ\u00e8s !<\/p>\n<p>Site web: <a href=\"https:\/\/lapetiteplante.be\/\">La Petite Plante asbl<\/a><\/p>\n<p>Pour plus d\u2019informations, veuillez contacter notre Project Manager, S\u00e9verine Laneau\u00a0<a href=\"mailto:slaneau@ufb.be\">slaneau@ufb.be<\/a>\u00a0qui pourra r\u00e9pondre \u00e0 votre demande et vous renseigner comment vous pouvez soutenir ce ou un autre projet \u00e0 travers UFB.<\/p>\n<p>&nbsp;<\/p>\n<p>&nbsp;<\/p>\n<p>&nbsp;<\/p>\n<p>&nbsp;<\/p>\n<p>&nbsp;<\/p>\n","protected":false},"featured_media":33645,"parent":0,"template":"","meta":{"_acf_changed":false},"class_list":["post-33629","beneficiary","type-beneficiary","status-publish","has-post-thumbnail","hentry","year_type-170","province_type-luxembourg","social_type-personnes-en-situation-de-handicap"],"acf":[],"yoast_head":"<!-- This site is optimized with the Yoast SEO plugin v27.3 - https:\/\/yoast.com\/product\/yoast-seo-wordpress\/ -->\n<title>La Petite Plante asbl - Service r\u00e9sidentiel pour adultes en situation de polyhandicap - UFB<\/title>\n<meta name=\"robots\" content=\"index, follow, max-snippet:-1, max-image-preview:large, max-video-preview:-1\" \/>\n<link rel=\"canonical\" href=\"https:\/\/ufb.be\/en\/beneficiary\/la-petite-plante-asbl-service-residentiel-pour-adultes-en-situation-de-polyhandicap\/\" \/>\n<meta property=\"og:locale\" content=\"en_US\" \/>\n<meta property=\"og:type\" content=\"article\" \/>\n<meta property=\"og:title\" content=\"La Petite Plante asbl - Service r\u00e9sidentiel pour adultes en situation de polyhandicap - UFB\" \/>\n<meta property=\"og:description\" content=\"PR\u00c9SENTEZ L&#8217;ORGANISATION EN QUELQUES LIGNES Notre asbl propose un service r\u00e9sidentiel pour 23 adultes en situation de polyhandicap. Ces personnes pr\u00e9sentent une association d\u2019handicaps sensoriels, moteurs et mentaux occasionnant une d\u00e9pendance dans tous les actes de la vie quotidienne. L\u2019accompagnement, centr\u00e9 sur les potentialit\u00e9s et les besoins de chacun, se r\u00e9alise avec respect et professionnalisme [&hellip;]\" \/>\n<meta property=\"og:url\" content=\"https:\/\/ufb.be\/en\/beneficiary\/la-petite-plante-asbl-service-residentiel-pour-adultes-en-situation-de-polyhandicap\/\" \/>\n<meta property=\"og:site_name\" content=\"UFB\" \/>\n<meta property=\"article:modified_time\" content=\"2025-10-27T11:21:36+00:00\" \/>\n<meta property=\"og:image\" content=\"https:\/\/ufb.be\/wp-content\/uploads\/2022\/10\/image_lapetiteplanteasbl-2.png\" \/>\n\t<meta property=\"og:image:width\" content=\"750\" \/>\n\t<meta property=\"og:image:height\" content=\"496\" \/>\n\t<meta property=\"og:image:type\" content=\"image\/png\" \/>\n<meta name=\"twitter:card\" content=\"summary_large_image\" \/>\n<meta name=\"twitter:label1\" content=\"Est. reading time\" \/>\n\t<meta name=\"twitter:data1\" content=\"3 minutes\" \/>\n<script type=\"application\/ld+json\" class=\"yoast-schema-graph\">{\"@context\":\"https:\\\/\\\/schema.org\",\"@graph\":[{\"@type\":\"WebPage\",\"@id\":\"https:\\\/\\\/ufb.be\\\/en\\\/beneficiary\\\/la-petite-plante-asbl-service-residentiel-pour-adultes-en-situation-de-polyhandicap\\\/\",\"url\":\"https:\\\/\\\/ufb.be\\\/en\\\/beneficiary\\\/la-petite-plante-asbl-service-residentiel-pour-adultes-en-situation-de-polyhandicap\\\/\",\"name\":\"La Petite Plante asbl - Service r\u00e9sidentiel pour adultes en situation de polyhandicap - UFB\",\"isPartOf\":{\"@id\":\"https:\\\/\\\/ufb.be\\\/en\\\/#website\"},\"primaryImageOfPage\":{\"@id\":\"https:\\\/\\\/ufb.be\\\/en\\\/beneficiary\\\/la-petite-plante-asbl-service-residentiel-pour-adultes-en-situation-de-polyhandicap\\\/#primaryimage\"},\"image\":{\"@id\":\"https:\\\/\\\/ufb.be\\\/en\\\/beneficiary\\\/la-petite-plante-asbl-service-residentiel-pour-adultes-en-situation-de-polyhandicap\\\/#primaryimage\"},\"thumbnailUrl\":\"https:\\\/\\\/ufb.be\\\/wp-content\\\/uploads\\\/2022\\\/10\\\/image_lapetiteplanteasbl-2.png\",\"datePublished\":\"2022-10-14T10:19:43+00:00\",\"dateModified\":\"2025-10-27T11:21:36+00:00\",\"breadcrumb\":{\"@id\":\"https:\\\/\\\/ufb.be\\\/en\\\/beneficiary\\\/la-petite-plante-asbl-service-residentiel-pour-adultes-en-situation-de-polyhandicap\\\/#breadcrumb\"},\"inLanguage\":\"en-US\",\"potentialAction\":[{\"@type\":\"ReadAction\",\"target\":[\"https:\\\/\\\/ufb.be\\\/en\\\/beneficiary\\\/la-petite-plante-asbl-service-residentiel-pour-adultes-en-situation-de-polyhandicap\\\/\"]}]},{\"@type\":\"ImageObject\",\"inLanguage\":\"en-US\",\"@id\":\"https:\\\/\\\/ufb.be\\\/en\\\/beneficiary\\\/la-petite-plante-asbl-service-residentiel-pour-adultes-en-situation-de-polyhandicap\\\/#primaryimage\",\"url\":\"https:\\\/\\\/ufb.be\\\/wp-content\\\/uploads\\\/2022\\\/10\\\/image_lapetiteplanteasbl-2.png\",\"contentUrl\":\"https:\\\/\\\/ufb.be\\\/wp-content\\\/uploads\\\/2022\\\/10\\\/image_lapetiteplanteasbl-2.png\",\"width\":750,\"height\":496},{\"@type\":\"BreadcrumbList\",\"@id\":\"https:\\\/\\\/ufb.be\\\/en\\\/beneficiary\\\/la-petite-plante-asbl-service-residentiel-pour-adultes-en-situation-de-polyhandicap\\\/#breadcrumb\",\"itemListElement\":[{\"@type\":\"ListItem\",\"position\":1,\"name\":\"Accueil\",\"item\":\"https:\\\/\\\/ufb.be\\\/en\\\/\"},{\"@type\":\"ListItem\",\"position\":2,\"name\":\"Beneficiaries\",\"item\":\"https:\\\/\\\/ufb.be\\\/en\\\/beneficiary\\\/\"},{\"@type\":\"ListItem\",\"position\":3,\"name\":\"La Petite Plante asbl &#8211; Service r\u00e9sidentiel pour adultes en situation de polyhandicap\"}]},{\"@type\":\"WebSite\",\"@id\":\"https:\\\/\\\/ufb.be\\\/en\\\/#website\",\"url\":\"https:\\\/\\\/ufb.be\\\/en\\\/\",\"name\":\"United Fund for Belgium\",\"description\":\"Combattons l\u2019exclusion pour plus d\u2019int\u00e9gration sociale\",\"publisher\":{\"@id\":\"https:\\\/\\\/ufb.be\\\/en\\\/#organization\"},\"alternateName\":\"UFB\",\"potentialAction\":[{\"@type\":\"SearchAction\",\"target\":{\"@type\":\"EntryPoint\",\"urlTemplate\":\"https:\\\/\\\/ufb.be\\\/en\\\/?s={search_term_string}\"},\"query-input\":{\"@type\":\"PropertyValueSpecification\",\"valueRequired\":true,\"valueName\":\"search_term_string\"}}],\"inLanguage\":\"en-US\"},{\"@type\":\"Organization\",\"@id\":\"https:\\\/\\\/ufb.be\\\/en\\\/#organization\",\"name\":\"United Fund for Belgium\",\"alternateName\":\"UFB\",\"url\":\"https:\\\/\\\/ufb.be\\\/en\\\/\",\"logo\":{\"@type\":\"ImageObject\",\"inLanguage\":\"en-US\",\"@id\":\"https:\\\/\\\/ufb.be\\\/en\\\/#\\\/schema\\\/logo\\\/image\\\/\",\"url\":\"https:\\\/\\\/ufb.be\\\/wp-content\\\/uploads\\\/2025\\\/07\\\/Logo-UFB-RS.png\",\"contentUrl\":\"https:\\\/\\\/ufb.be\\\/wp-content\\\/uploads\\\/2025\\\/07\\\/Logo-UFB-RS.png\",\"width\":200,\"height\":200,\"caption\":\"United Fund for Belgium\"},\"image\":{\"@id\":\"https:\\\/\\\/ufb.be\\\/en\\\/#\\\/schema\\\/logo\\\/image\\\/\"}}]}<\/script>\n<!-- \/ Yoast SEO plugin. -->","yoast_head_json":{"title":"La Petite Plante asbl - Service r\u00e9sidentiel pour adultes en situation de polyhandicap - UFB","robots":{"index":"index","follow":"follow","max-snippet":"max-snippet:-1","max-image-preview":"max-image-preview:large","max-video-preview":"max-video-preview:-1"},"canonical":"https:\/\/ufb.be\/en\/beneficiary\/la-petite-plante-asbl-service-residentiel-pour-adultes-en-situation-de-polyhandicap\/","og_locale":"en_US","og_type":"article","og_title":"La Petite Plante asbl - Service r\u00e9sidentiel pour adultes en situation de polyhandicap - UFB","og_description":"PR\u00c9SENTEZ L&#8217;ORGANISATION EN QUELQUES LIGNES Notre asbl propose un service r\u00e9sidentiel pour 23 adultes en situation de polyhandicap. Ces personnes pr\u00e9sentent une association d\u2019handicaps sensoriels, moteurs et mentaux occasionnant une d\u00e9pendance dans tous les actes de la vie quotidienne. L\u2019accompagnement, centr\u00e9 sur les potentialit\u00e9s et les besoins de chacun, se r\u00e9alise avec respect et professionnalisme [&hellip;]","og_url":"https:\/\/ufb.be\/en\/beneficiary\/la-petite-plante-asbl-service-residentiel-pour-adultes-en-situation-de-polyhandicap\/","og_site_name":"UFB","article_modified_time":"2025-10-27T11:21:36+00:00","og_image":[{"width":750,"height":496,"url":"https:\/\/ufb.be\/wp-content\/uploads\/2022\/10\/image_lapetiteplanteasbl-2.png","type":"image\/png"}],"twitter_card":"summary_large_image","twitter_misc":{"Est. reading time":"3 minutes"},"schema":{"@context":"https:\/\/schema.org","@graph":[{"@type":"WebPage","@id":"https:\/\/ufb.be\/en\/beneficiary\/la-petite-plante-asbl-service-residentiel-pour-adultes-en-situation-de-polyhandicap\/","url":"https:\/\/ufb.be\/en\/beneficiary\/la-petite-plante-asbl-service-residentiel-pour-adultes-en-situation-de-polyhandicap\/","name":"La Petite Plante asbl - Service r\u00e9sidentiel pour adultes en situation de polyhandicap - UFB","isPartOf":{"@id":"https:\/\/ufb.be\/en\/#website"},"primaryImageOfPage":{"@id":"https:\/\/ufb.be\/en\/beneficiary\/la-petite-plante-asbl-service-residentiel-pour-adultes-en-situation-de-polyhandicap\/#primaryimage"},"image":{"@id":"https:\/\/ufb.be\/en\/beneficiary\/la-petite-plante-asbl-service-residentiel-pour-adultes-en-situation-de-polyhandicap\/#primaryimage"},"thumbnailUrl":"https:\/\/ufb.be\/wp-content\/uploads\/2022\/10\/image_lapetiteplanteasbl-2.png","datePublished":"2022-10-14T10:19:43+00:00","dateModified":"2025-10-27T11:21:36+00:00","breadcrumb":{"@id":"https:\/\/ufb.be\/en\/beneficiary\/la-petite-plante-asbl-service-residentiel-pour-adultes-en-situation-de-polyhandicap\/#breadcrumb"},"inLanguage":"en-US","potentialAction":[{"@type":"ReadAction","target":["https:\/\/ufb.be\/en\/beneficiary\/la-petite-plante-asbl-service-residentiel-pour-adultes-en-situation-de-polyhandicap\/"]}]},{"@type":"ImageObject","inLanguage":"en-US","@id":"https:\/\/ufb.be\/en\/beneficiary\/la-petite-plante-asbl-service-residentiel-pour-adultes-en-situation-de-polyhandicap\/#primaryimage","url":"https:\/\/ufb.be\/wp-content\/uploads\/2022\/10\/image_lapetiteplanteasbl-2.png","contentUrl":"https:\/\/ufb.be\/wp-content\/uploads\/2022\/10\/image_lapetiteplanteasbl-2.png","width":750,"height":496},{"@type":"BreadcrumbList","@id":"https:\/\/ufb.be\/en\/beneficiary\/la-petite-plante-asbl-service-residentiel-pour-adultes-en-situation-de-polyhandicap\/#breadcrumb","itemListElement":[{"@type":"ListItem","position":1,"name":"Accueil","item":"https:\/\/ufb.be\/en\/"},{"@type":"ListItem","position":2,"name":"Beneficiaries","item":"https:\/\/ufb.be\/en\/beneficiary\/"},{"@type":"ListItem","position":3,"name":"La Petite Plante asbl &#8211; Service r\u00e9sidentiel pour adultes en situation de polyhandicap"}]},{"@type":"WebSite","@id":"https:\/\/ufb.be\/en\/#website","url":"https:\/\/ufb.be\/en\/","name":"United Fund for Belgium","description":"Combattons l\u2019exclusion pour plus d\u2019int\u00e9gration sociale","publisher":{"@id":"https:\/\/ufb.be\/en\/#organization"},"alternateName":"UFB","potentialAction":[{"@type":"SearchAction","target":{"@type":"EntryPoint","urlTemplate":"https:\/\/ufb.be\/en\/?s={search_term_string}"},"query-input":{"@type":"PropertyValueSpecification","valueRequired":true,"valueName":"search_term_string"}}],"inLanguage":"en-US"},{"@type":"Organization","@id":"https:\/\/ufb.be\/en\/#organization","name":"United Fund for Belgium","alternateName":"UFB","url":"https:\/\/ufb.be\/en\/","logo":{"@type":"ImageObject","inLanguage":"en-US","@id":"https:\/\/ufb.be\/en\/#\/schema\/logo\/image\/","url":"https:\/\/ufb.be\/wp-content\/uploads\/2025\/07\/Logo-UFB-RS.png","contentUrl":"https:\/\/ufb.be\/wp-content\/uploads\/2025\/07\/Logo-UFB-RS.png","width":200,"height":200,"caption":"United Fund for Belgium"},"image":{"@id":"https:\/\/ufb.be\/en\/#\/schema\/logo\/image\/"}}]}},"_links":{"self":[{"href":"https:\/\/ufb.be\/en\/wp-json\/wp\/v2\/beneficiary\/33629","targetHints":{"allow":["GET"]}}],"collection":[{"href":"https:\/\/ufb.be\/en\/wp-json\/wp\/v2\/beneficiary"}],"about":[{"href":"https:\/\/ufb.be\/en\/wp-json\/wp\/v2\/types\/beneficiary"}],"wp:featuredmedia":[{"embeddable":true,"href":"https:\/\/ufb.be\/en\/wp-json\/wp\/v2\/media\/33645"}],"wp:attachment":[{"href":"https:\/\/ufb.be\/en\/wp-json\/wp\/v2\/media?parent=33629"}],"curies":[{"name":"wp","href":"https:\/\/api.w.org\/{rel}","templated":true}]}}