{"id":33648,"date":"2022-10-14T12:49:08","date_gmt":"2022-10-14T12:49:08","guid":{"rendered":"https:\/\/ufb.be\/?post_type=beneficiary&#038;p=33648"},"modified":"2025-03-25T09:28:27","modified_gmt":"2025-03-25T08:28:27","slug":"les-recollets-asbl-maison-des-jeunes","status":"publish","type":"beneficiary","link":"https:\/\/ufb.be\/en\/beneficiary\/les-recollets-asbl-maison-des-jeunes\/","title":{"rendered":"Les R\u00e9collets asbl &#8211; Maison des Jeunes"},"content":{"rendered":"<p>L&#8217;ORGANISATION EN QUELQUES LIGNES<\/p>\n<p>La Maison des Jeunes des R\u00e9collets est active depuis janvier 1980. Elle est agr\u00e9\u00e9e en tant que Centre jeune de cat\u00e9gorie 1 depuis 1981. Elle emploie actuellement 10 personnes. Son objet social se situe, comme le d\u00e9cret le stipule, sur la favorisation d&#8217;une forme de citoyennet\u00e9 responsable active critique\u00a0 et solidaires (C.R.A.C.S) chez les jeunes de 12 \u00e0 26 ans.<\/p>\n<p>LES \u00c9V\u00c8NEMENTS MARQUANTS DE L&#8217;ORGANISATION<\/p>\n<p>Ind\u00e9niablement, la reconnaissance de notre maison des jeunes par les autorit\u00e9s comp\u00e9tentes en la mati\u00e8re est un \u00e9v\u00e8nement marquant en soi. Dans le m\u00eame ordre d&#8217;id\u00e9es, l&#8217;agr\u00e9ment suppl\u00e9mentaire dans le dispositif particulier (soutien et aide \u00e0 la cr\u00e9ation)\u00a0 et la reconnaissance de l&#8217;article 44f, nous donne des perspectives plus confortables en terme d&#8217;employabilit\u00e9 et nous permet de nous d\u00e9ployer plus &#8220;massivement&#8217;.\u00a0 La pand\u00e9mie COVID 19 a \u00e9t\u00e9 un moment particuli\u00e8rement compliqu\u00e9 pour notre \u00e9quipe, perdue entre incompr\u00e9hension et injonctions paradoxales. La couche de finition que constitue les inondations aura parachev\u00e9 ce travail, nous repla\u00e7ant au centre de nos pr\u00e9occupations.<\/p>\n<p>LES PROJETS, MISSIONS ET\/OU ACTIVIT\u00c9S LES PLUS IMPORTANTS ET DE LEUR IMPACT<\/p>\n<p>Nous travaillons nos missions sur diff\u00e9rents axes et projets. les plus significatifs sont:<\/p>\n<ul>\n<li>R\u00e9colive, ou comment travailler les aspects musicaux dans leurs ensemble: sc\u00e8ne, r\u00e9pet, coaching, r\u00e9gie<\/li>\n<li>R\u00e9costreet, ou comment travailler les dimensions culturelles urbaines: Breakdance, Hiphop, Parkour, Dance Hall,<\/li>\n<li>MJ Verte: tous les aspects li\u00e9s aux questions environnementales, potager, consommation, durabilit\u00e9, labelisation, exp\u00e9rimentation<\/li>\n<li>Collectif M\u00e9dia: vid\u00e9o, photo, radio, travail du son, analyse critique des m\u00e9dias\/ learning by doing<\/li>\n<\/ul>\n<p>COURT T\u00c9MOIGNAGE EN RAPPORT AVEC L&#8217;ASSOCIATION OU L\u2019UN DES PROJETS OU ACTIVIT\u00c9S<\/p>\n<p><a href=\"https:\/\/www.facebook.com\/cjreco\/videos\/344516839947479\">https:\/\/www.facebook.com\/cjreco\/videos\/344516839947479<\/a><\/p>\n<p><a href=\"https:\/\/www.rtbf.be\/auvio\/detail_portes-ouvertes-des-maisons-de-jeunes?id=2684962&amp;fbclid=IwAR3X4A7hfgS6a73SRoz4PpOY_PhS1cSYHnmPi4HpfAMbGpaEsBlgaT5INC8\">https:\/\/www.rtbf.be\/auvio\/detail_portes-ouvertes-des-maisons-de-jeunes?id=2684962&amp;fbclid=IwAR3X4A7hfgS6a73SRoz4PpOY_PhS1cSYHnmPi4HpfAMbGpaEsBlgaT5INC8#<\/a><\/p>\n<p>Facebook: <a href=\"https:\/\/www.facebook.com\/cjreco\/\">Les R\u00e9collets asbl<\/a><\/p>\n<p>Pour plus d\u2019informations, veuillez contacter notre Project Manager, S\u00e9verine Laneau\u00a0<a href=\"mailto:slaneau@ufb.be\">slaneau@ufb.be<\/a>\u00a0qui pourra r\u00e9pondre \u00e0 votre demande et vous renseigner comment vous pouvez soutenir ce ou un autre projet \u00e0 travers UFB.<\/p>\n<p>&nbsp;<\/p>\n<p>&nbsp;<\/p>\n","protected":false},"featured_media":33652,"parent":0,"template":"","meta":{"_acf_changed":false},"class_list":["post-33648","beneficiary","type-beneficiary","status-publish","has-post-thumbnail","hentry","year_type-202","province_type-liege","social_type-bien-etre-des-enfants"],"acf":[],"yoast_head":"<!-- This site is optimized with the Yoast SEO plugin v27.3 - https:\/\/yoast.com\/product\/yoast-seo-wordpress\/ -->\n<title>Les R\u00e9collets asbl - Maison des Jeunes - UFB<\/title>\n<meta name=\"robots\" content=\"index, follow, max-snippet:-1, max-image-preview:large, max-video-preview:-1\" \/>\n<link rel=\"canonical\" href=\"https:\/\/ufb.be\/en\/beneficiary\/les-recollets-asbl-maison-des-jeunes\/\" \/>\n<meta property=\"og:locale\" content=\"en_US\" \/>\n<meta property=\"og:type\" content=\"article\" \/>\n<meta property=\"og:title\" content=\"Les R\u00e9collets asbl - Maison des Jeunes - UFB\" \/>\n<meta property=\"og:description\" content=\"L&#8217;ORGANISATION EN QUELQUES LIGNES La Maison des Jeunes des R\u00e9collets est active depuis janvier 1980. Elle est agr\u00e9\u00e9e en tant que Centre jeune de cat\u00e9gorie 1 depuis 1981. Elle emploie actuellement 10 personnes. Son objet social se situe, comme le d\u00e9cret le stipule, sur la favorisation d&#8217;une forme de citoyennet\u00e9 responsable active critique\u00a0 et solidaires [&hellip;]\" \/>\n<meta property=\"og:url\" content=\"https:\/\/ufb.be\/en\/beneficiary\/les-recollets-asbl-maison-des-jeunes\/\" \/>\n<meta property=\"og:site_name\" content=\"UFB\" \/>\n<meta property=\"article:modified_time\" content=\"2025-03-25T08:28:27+00:00\" \/>\n<meta property=\"og:image\" content=\"https:\/\/ufb.be\/wp-content\/uploads\/2022\/10\/image_lesrecollets-1.png\" \/>\n\t<meta property=\"og:image:width\" content=\"750\" \/>\n\t<meta property=\"og:image:height\" content=\"496\" \/>\n\t<meta property=\"og:image:type\" content=\"image\/png\" \/>\n<meta name=\"twitter:card\" content=\"summary_large_image\" \/>\n<meta name=\"twitter:label1\" content=\"Est. reading time\" \/>\n\t<meta name=\"twitter:data1\" content=\"2 minutes\" \/>\n<script type=\"application\/ld+json\" class=\"yoast-schema-graph\">{\"@context\":\"https:\\\/\\\/schema.org\",\"@graph\":[{\"@type\":\"WebPage\",\"@id\":\"https:\\\/\\\/ufb.be\\\/en\\\/beneficiary\\\/les-recollets-asbl-maison-des-jeunes\\\/\",\"url\":\"https:\\\/\\\/ufb.be\\\/en\\\/beneficiary\\\/les-recollets-asbl-maison-des-jeunes\\\/\",\"name\":\"Les R\u00e9collets asbl - Maison des Jeunes - UFB\",\"isPartOf\":{\"@id\":\"https:\\\/\\\/ufb.be\\\/en\\\/#website\"},\"primaryImageOfPage\":{\"@id\":\"https:\\\/\\\/ufb.be\\\/en\\\/beneficiary\\\/les-recollets-asbl-maison-des-jeunes\\\/#primaryimage\"},\"image\":{\"@id\":\"https:\\\/\\\/ufb.be\\\/en\\\/beneficiary\\\/les-recollets-asbl-maison-des-jeunes\\\/#primaryimage\"},\"thumbnailUrl\":\"https:\\\/\\\/ufb.be\\\/wp-content\\\/uploads\\\/2022\\\/10\\\/image_lesrecollets-1.png\",\"datePublished\":\"2022-10-14T12:49:08+00:00\",\"dateModified\":\"2025-03-25T08:28:27+00:00\",\"breadcrumb\":{\"@id\":\"https:\\\/\\\/ufb.be\\\/en\\\/beneficiary\\\/les-recollets-asbl-maison-des-jeunes\\\/#breadcrumb\"},\"inLanguage\":\"en-US\",\"potentialAction\":[{\"@type\":\"ReadAction\",\"target\":[\"https:\\\/\\\/ufb.be\\\/en\\\/beneficiary\\\/les-recollets-asbl-maison-des-jeunes\\\/\"]}]},{\"@type\":\"ImageObject\",\"inLanguage\":\"en-US\",\"@id\":\"https:\\\/\\\/ufb.be\\\/en\\\/beneficiary\\\/les-recollets-asbl-maison-des-jeunes\\\/#primaryimage\",\"url\":\"https:\\\/\\\/ufb.be\\\/wp-content\\\/uploads\\\/2022\\\/10\\\/image_lesrecollets-1.png\",\"contentUrl\":\"https:\\\/\\\/ufb.be\\\/wp-content\\\/uploads\\\/2022\\\/10\\\/image_lesrecollets-1.png\",\"width\":750,\"height\":496},{\"@type\":\"BreadcrumbList\",\"@id\":\"https:\\\/\\\/ufb.be\\\/en\\\/beneficiary\\\/les-recollets-asbl-maison-des-jeunes\\\/#breadcrumb\",\"itemListElement\":[{\"@type\":\"ListItem\",\"position\":1,\"name\":\"Accueil\",\"item\":\"https:\\\/\\\/ufb.be\\\/en\\\/\"},{\"@type\":\"ListItem\",\"position\":2,\"name\":\"Beneficiaries\",\"item\":\"https:\\\/\\\/ufb.be\\\/en\\\/beneficiary\\\/\"},{\"@type\":\"ListItem\",\"position\":3,\"name\":\"Les R\u00e9collets asbl &#8211; Maison des Jeunes\"}]},{\"@type\":\"WebSite\",\"@id\":\"https:\\\/\\\/ufb.be\\\/en\\\/#website\",\"url\":\"https:\\\/\\\/ufb.be\\\/en\\\/\",\"name\":\"United Fund for Belgium\",\"description\":\"Combattons l\u2019exclusion pour plus d\u2019int\u00e9gration sociale\",\"publisher\":{\"@id\":\"https:\\\/\\\/ufb.be\\\/en\\\/#organization\"},\"alternateName\":\"UFB\",\"potentialAction\":[{\"@type\":\"SearchAction\",\"target\":{\"@type\":\"EntryPoint\",\"urlTemplate\":\"https:\\\/\\\/ufb.be\\\/en\\\/?s={search_term_string}\"},\"query-input\":{\"@type\":\"PropertyValueSpecification\",\"valueRequired\":true,\"valueName\":\"search_term_string\"}}],\"inLanguage\":\"en-US\"},{\"@type\":\"Organization\",\"@id\":\"https:\\\/\\\/ufb.be\\\/en\\\/#organization\",\"name\":\"United Fund for Belgium\",\"alternateName\":\"UFB\",\"url\":\"https:\\\/\\\/ufb.be\\\/en\\\/\",\"logo\":{\"@type\":\"ImageObject\",\"inLanguage\":\"en-US\",\"@id\":\"https:\\\/\\\/ufb.be\\\/en\\\/#\\\/schema\\\/logo\\\/image\\\/\",\"url\":\"https:\\\/\\\/ufb.be\\\/wp-content\\\/uploads\\\/2025\\\/07\\\/Logo-UFB-RS.png\",\"contentUrl\":\"https:\\\/\\\/ufb.be\\\/wp-content\\\/uploads\\\/2025\\\/07\\\/Logo-UFB-RS.png\",\"width\":200,\"height\":200,\"caption\":\"United Fund for Belgium\"},\"image\":{\"@id\":\"https:\\\/\\\/ufb.be\\\/en\\\/#\\\/schema\\\/logo\\\/image\\\/\"}}]}<\/script>\n<!-- \/ Yoast SEO plugin. -->","yoast_head_json":{"title":"Les R\u00e9collets asbl - Maison des Jeunes - UFB","robots":{"index":"index","follow":"follow","max-snippet":"max-snippet:-1","max-image-preview":"max-image-preview:large","max-video-preview":"max-video-preview:-1"},"canonical":"https:\/\/ufb.be\/en\/beneficiary\/les-recollets-asbl-maison-des-jeunes\/","og_locale":"en_US","og_type":"article","og_title":"Les R\u00e9collets asbl - Maison des Jeunes - UFB","og_description":"L&#8217;ORGANISATION EN QUELQUES LIGNES La Maison des Jeunes des R\u00e9collets est active depuis janvier 1980. Elle est agr\u00e9\u00e9e en tant que Centre jeune de cat\u00e9gorie 1 depuis 1981. Elle emploie actuellement 10 personnes. Son objet social se situe, comme le d\u00e9cret le stipule, sur la favorisation d&#8217;une forme de citoyennet\u00e9 responsable active critique\u00a0 et solidaires [&hellip;]","og_url":"https:\/\/ufb.be\/en\/beneficiary\/les-recollets-asbl-maison-des-jeunes\/","og_site_name":"UFB","article_modified_time":"2025-03-25T08:28:27+00:00","og_image":[{"width":750,"height":496,"url":"https:\/\/ufb.be\/wp-content\/uploads\/2022\/10\/image_lesrecollets-1.png","type":"image\/png"}],"twitter_card":"summary_large_image","twitter_misc":{"Est. reading time":"2 minutes"},"schema":{"@context":"https:\/\/schema.org","@graph":[{"@type":"WebPage","@id":"https:\/\/ufb.be\/en\/beneficiary\/les-recollets-asbl-maison-des-jeunes\/","url":"https:\/\/ufb.be\/en\/beneficiary\/les-recollets-asbl-maison-des-jeunes\/","name":"Les R\u00e9collets asbl - Maison des Jeunes - UFB","isPartOf":{"@id":"https:\/\/ufb.be\/en\/#website"},"primaryImageOfPage":{"@id":"https:\/\/ufb.be\/en\/beneficiary\/les-recollets-asbl-maison-des-jeunes\/#primaryimage"},"image":{"@id":"https:\/\/ufb.be\/en\/beneficiary\/les-recollets-asbl-maison-des-jeunes\/#primaryimage"},"thumbnailUrl":"https:\/\/ufb.be\/wp-content\/uploads\/2022\/10\/image_lesrecollets-1.png","datePublished":"2022-10-14T12:49:08+00:00","dateModified":"2025-03-25T08:28:27+00:00","breadcrumb":{"@id":"https:\/\/ufb.be\/en\/beneficiary\/les-recollets-asbl-maison-des-jeunes\/#breadcrumb"},"inLanguage":"en-US","potentialAction":[{"@type":"ReadAction","target":["https:\/\/ufb.be\/en\/beneficiary\/les-recollets-asbl-maison-des-jeunes\/"]}]},{"@type":"ImageObject","inLanguage":"en-US","@id":"https:\/\/ufb.be\/en\/beneficiary\/les-recollets-asbl-maison-des-jeunes\/#primaryimage","url":"https:\/\/ufb.be\/wp-content\/uploads\/2022\/10\/image_lesrecollets-1.png","contentUrl":"https:\/\/ufb.be\/wp-content\/uploads\/2022\/10\/image_lesrecollets-1.png","width":750,"height":496},{"@type":"BreadcrumbList","@id":"https:\/\/ufb.be\/en\/beneficiary\/les-recollets-asbl-maison-des-jeunes\/#breadcrumb","itemListElement":[{"@type":"ListItem","position":1,"name":"Accueil","item":"https:\/\/ufb.be\/en\/"},{"@type":"ListItem","position":2,"name":"Beneficiaries","item":"https:\/\/ufb.be\/en\/beneficiary\/"},{"@type":"ListItem","position":3,"name":"Les R\u00e9collets asbl &#8211; Maison des Jeunes"}]},{"@type":"WebSite","@id":"https:\/\/ufb.be\/en\/#website","url":"https:\/\/ufb.be\/en\/","name":"United Fund for Belgium","description":"Combattons l\u2019exclusion pour plus d\u2019int\u00e9gration sociale","publisher":{"@id":"https:\/\/ufb.be\/en\/#organization"},"alternateName":"UFB","potentialAction":[{"@type":"SearchAction","target":{"@type":"EntryPoint","urlTemplate":"https:\/\/ufb.be\/en\/?s={search_term_string}"},"query-input":{"@type":"PropertyValueSpecification","valueRequired":true,"valueName":"search_term_string"}}],"inLanguage":"en-US"},{"@type":"Organization","@id":"https:\/\/ufb.be\/en\/#organization","name":"United Fund for Belgium","alternateName":"UFB","url":"https:\/\/ufb.be\/en\/","logo":{"@type":"ImageObject","inLanguage":"en-US","@id":"https:\/\/ufb.be\/en\/#\/schema\/logo\/image\/","url":"https:\/\/ufb.be\/wp-content\/uploads\/2025\/07\/Logo-UFB-RS.png","contentUrl":"https:\/\/ufb.be\/wp-content\/uploads\/2025\/07\/Logo-UFB-RS.png","width":200,"height":200,"caption":"United Fund for Belgium"},"image":{"@id":"https:\/\/ufb.be\/en\/#\/schema\/logo\/image\/"}}]}},"_links":{"self":[{"href":"https:\/\/ufb.be\/en\/wp-json\/wp\/v2\/beneficiary\/33648","targetHints":{"allow":["GET"]}}],"collection":[{"href":"https:\/\/ufb.be\/en\/wp-json\/wp\/v2\/beneficiary"}],"about":[{"href":"https:\/\/ufb.be\/en\/wp-json\/wp\/v2\/types\/beneficiary"}],"wp:featuredmedia":[{"embeddable":true,"href":"https:\/\/ufb.be\/en\/wp-json\/wp\/v2\/media\/33652"}],"wp:attachment":[{"href":"https:\/\/ufb.be\/en\/wp-json\/wp\/v2\/media?parent=33648"}],"curies":[{"name":"wp","href":"https:\/\/api.w.org\/{rel}","templated":true}]}}