{"id":33655,"date":"2022-10-14T13:11:28","date_gmt":"2022-10-14T13:11:28","guid":{"rendered":"https:\/\/ufb.be\/?post_type=beneficiary&#038;p=33655"},"modified":"2025-03-25T09:23:21","modified_gmt":"2025-03-25T08:23:21","slug":"les-cailloux-asbl-centre-dhebergement-pour-enfants","status":"publish","type":"beneficiary","link":"https:\/\/ufb.be\/en\/beneficiary\/les-cailloux-asbl-centre-dhebergement-pour-enfants\/","title":{"rendered":"Les Cailloux asbl &#8211; Centre d&#8217;h\u00e9bergement pour enfants"},"content":{"rendered":"<p>PR\u00c9SENTEZ L&#8217;ORGANISATION EN QUELQUES LIGNES<\/p>\n<p>L\u2019ASBL \u00ab Les Cailloux \u00bb a \u00e9t\u00e9 cr\u00e9\u00e9e en 1948 et est agr\u00e9\u00e9e comme centre d\u2019h\u00e9bergement (CH) par le service PHARE de la COCOF pour la prise en charge en r\u00e9gime d\u2019internat de trente enfants et adolescents (6-18 ans) pr\u00e9sentant des troubles du comportement. L\u2019ASBL offre une aide sp\u00e9cialis\u00e9e et pluridisciplinaire \u00e0 ces enfants, qui sont majoritairement plac\u00e9s par un juge de la jeunesse.<\/p>\n<p>LES \u00c9V\u00c8NEMENTS MARQUANTS DE L&#8217;ORGANISATION<\/p>\n<ul>\n<li>1948 &#8211; cr\u00e9ation de l\u2019ASBL (accueil d\u2019orphelins de guerre);<\/li>\n<li>1950 &#8211; Installation de l\u2019ASBL \u00e0 Uccle;<\/li>\n<li>1970 &#8211; l\u2019ASBL est agr\u00e9\u00e9e par le secteur handicap en tant qu\u2019IMP (Institut M\u00e9dico-P\u00e9dagogique);<\/li>\n<li>1989 &#8211; l\u2019ASBL est agr\u00e9\u00e9e et subventionn\u00e9es par la COCOF;<\/li>\n<li>2019 &#8211; acquisition d\u2019un g\u00eete dans les Ardennes o\u00f9 nous partons avec les enfants en camp;<\/li>\n<\/ul>\n<p>LES PROJETS, MISSIONS ET\/OU ACTIVIT\u00c9S LES PLUS IMPORTANTS ET DE LEUR IMPACT<\/p>\n<p>Les principaux objectifs poursuivis sont la r\u00e9int\u00e9gration dans le milieu familial du jeune (quand cela est possible), l\u2019apprentissage \u00e0 l\u2019autonomie et aux r\u00e8gles sociales et la reconstruction psychologique.<\/p>\n<p><img fetchpriority=\"high\" decoding=\"async\" class=\"size-medium wp-image-33668 alignright\" src=\"https:\/\/ufb.be\/wp-content\/uploads\/2022\/10\/image_lescailloux-300x198.png\" alt=\"\" width=\"300\" height=\"198\" srcset=\"https:\/\/ufb.be\/wp-content\/uploads\/2022\/10\/image_lescailloux-300x198.png 300w, https:\/\/ufb.be\/wp-content\/uploads\/2022\/10\/image_lescailloux.png 750w\" sizes=\"(max-width: 300px) 100vw, 300px\" \/><\/p>\n<p>COURT T\u00c9MOIGNAGE EN RAPPORT AVEC L&#8217;ASSOCIATION OU L\u2019UN DESPROJETS OU ACTIVIT\u00c9S<\/p>\n<p><em>&#8220;Cela fait plus de sept ans que je travaille aux Cailloux et cela fait autant d\u2019ann\u00e9es que j\u2019observe que notre leitmotiv reste l\u2019int\u00e9r\u00eat des enfants que nous accueillons. A partir d\u2019une prise en charge du quotidien, en h\u00e9bergement, nous tentons de mettre \u00e0 profit toutes nos ressources pour offrir un encadrement qui prend soin des enfants et qui les aide \u00e0 grandir. Notre quotidien est parsem\u00e9 de surprises et de nouveaux d\u00e9fis qui nous obligent \u00e0 rechercher la cr\u00e9ativit\u00e9 l\u00e0 o\u00f9 on ne la soup\u00e7onne pas. Notre \u00e9quipe se mobilise avec toutes les comp\u00e9tences pr\u00e9sentes pour rendre r\u00e9alisable notre projet p\u00e9dagogique. Je pourrai r\u00e9sumer notre projet en un engagement \u00e0 faire vivre aux enfants une rencontre qui tisse du lien dans un espace qui prend soin. Nous sommes convaincus que la rencontre de l\u2019autre dans un cadre \u00e9panouissant et s\u00e9curisant contribue \u00e0 une meilleure estime de soi et \u00e0 un bien-\u00eatre ind\u00e9niable chez l\u2019enfant. Bien des fois, force est de constat\u00e9 que le d\u00e9nouement et les alternatives proviennent d\u2019en dehors d\u2019un cadre \u00e9tabli.&#8221; (<\/em>Anonym)<\/p>\n<p>Site web: <a href=\"http:\/\/www.lescailloux.be\/\">Les Cailloux asbl<\/a><\/p>\n<p>Pour plus d&#8217;informations, veuillez contacter notre Project Manager, S\u00e9verine Laneau <a href=\"mailto:slaneau@ufb.be\">slaneau@ufb.be<\/a>\u00a0qui pourra r\u00e9pondre \u00e0 votre demande et vous renseigner comment vous pouvez soutenir ce ou un autre projet \u00e0 travers UFB.<\/p>\n<p>&nbsp;<\/p>\n","protected":false},"featured_media":33668,"parent":0,"template":"","meta":{"_acf_changed":false},"class_list":["post-33655","beneficiary","type-beneficiary","status-publish","has-post-thumbnail","hentry","year_type-206","province_type-brussels","social_type-bien-etre-des-enfants"],"acf":[],"yoast_head":"<!-- This site is optimized with the Yoast SEO plugin v27.3 - https:\/\/yoast.com\/product\/yoast-seo-wordpress\/ -->\n<title>Les Cailloux asbl - Centre d&#039;h\u00e9bergement pour enfants - UFB<\/title>\n<meta name=\"robots\" content=\"index, follow, max-snippet:-1, max-image-preview:large, max-video-preview:-1\" \/>\n<link rel=\"canonical\" href=\"https:\/\/ufb.be\/en\/beneficiary\/les-cailloux-asbl-centre-dhebergement-pour-enfants\/\" \/>\n<meta property=\"og:locale\" content=\"en_US\" \/>\n<meta property=\"og:type\" content=\"article\" \/>\n<meta property=\"og:title\" content=\"Les Cailloux asbl - Centre d&#039;h\u00e9bergement pour enfants - UFB\" \/>\n<meta property=\"og:description\" content=\"PR\u00c9SENTEZ L&#8217;ORGANISATION EN QUELQUES LIGNES L\u2019ASBL \u00ab Les Cailloux \u00bb a \u00e9t\u00e9 cr\u00e9\u00e9e en 1948 et est agr\u00e9\u00e9e comme centre d\u2019h\u00e9bergement (CH) par le service PHARE de la COCOF pour la prise en charge en r\u00e9gime d\u2019internat de trente enfants et adolescents (6-18 ans) pr\u00e9sentant des troubles du comportement. L\u2019ASBL offre une aide sp\u00e9cialis\u00e9e et [&hellip;]\" \/>\n<meta property=\"og:url\" content=\"https:\/\/ufb.be\/en\/beneficiary\/les-cailloux-asbl-centre-dhebergement-pour-enfants\/\" \/>\n<meta property=\"og:site_name\" content=\"UFB\" \/>\n<meta property=\"article:modified_time\" content=\"2025-03-25T08:23:21+00:00\" \/>\n<meta property=\"og:image\" content=\"https:\/\/ufb.be\/wp-content\/uploads\/2022\/10\/image_lescailloux.png\" \/>\n\t<meta property=\"og:image:width\" content=\"750\" \/>\n\t<meta property=\"og:image:height\" content=\"496\" \/>\n\t<meta property=\"og:image:type\" content=\"image\/png\" \/>\n<meta name=\"twitter:card\" content=\"summary_large_image\" \/>\n<meta name=\"twitter:label1\" content=\"Est. reading time\" \/>\n\t<meta name=\"twitter:data1\" content=\"3 minutes\" \/>\n<script type=\"application\/ld+json\" class=\"yoast-schema-graph\">{\"@context\":\"https:\\\/\\\/schema.org\",\"@graph\":[{\"@type\":\"WebPage\",\"@id\":\"https:\\\/\\\/ufb.be\\\/en\\\/beneficiary\\\/les-cailloux-asbl-centre-dhebergement-pour-enfants\\\/\",\"url\":\"https:\\\/\\\/ufb.be\\\/en\\\/beneficiary\\\/les-cailloux-asbl-centre-dhebergement-pour-enfants\\\/\",\"name\":\"Les Cailloux asbl - Centre d'h\u00e9bergement pour enfants - UFB\",\"isPartOf\":{\"@id\":\"https:\\\/\\\/ufb.be\\\/en\\\/#website\"},\"primaryImageOfPage\":{\"@id\":\"https:\\\/\\\/ufb.be\\\/en\\\/beneficiary\\\/les-cailloux-asbl-centre-dhebergement-pour-enfants\\\/#primaryimage\"},\"image\":{\"@id\":\"https:\\\/\\\/ufb.be\\\/en\\\/beneficiary\\\/les-cailloux-asbl-centre-dhebergement-pour-enfants\\\/#primaryimage\"},\"thumbnailUrl\":\"https:\\\/\\\/ufb.be\\\/wp-content\\\/uploads\\\/2022\\\/10\\\/image_lescailloux.png\",\"datePublished\":\"2022-10-14T13:11:28+00:00\",\"dateModified\":\"2025-03-25T08:23:21+00:00\",\"breadcrumb\":{\"@id\":\"https:\\\/\\\/ufb.be\\\/en\\\/beneficiary\\\/les-cailloux-asbl-centre-dhebergement-pour-enfants\\\/#breadcrumb\"},\"inLanguage\":\"en-US\",\"potentialAction\":[{\"@type\":\"ReadAction\",\"target\":[\"https:\\\/\\\/ufb.be\\\/en\\\/beneficiary\\\/les-cailloux-asbl-centre-dhebergement-pour-enfants\\\/\"]}]},{\"@type\":\"ImageObject\",\"inLanguage\":\"en-US\",\"@id\":\"https:\\\/\\\/ufb.be\\\/en\\\/beneficiary\\\/les-cailloux-asbl-centre-dhebergement-pour-enfants\\\/#primaryimage\",\"url\":\"https:\\\/\\\/ufb.be\\\/wp-content\\\/uploads\\\/2022\\\/10\\\/image_lescailloux.png\",\"contentUrl\":\"https:\\\/\\\/ufb.be\\\/wp-content\\\/uploads\\\/2022\\\/10\\\/image_lescailloux.png\",\"width\":750,\"height\":496},{\"@type\":\"BreadcrumbList\",\"@id\":\"https:\\\/\\\/ufb.be\\\/en\\\/beneficiary\\\/les-cailloux-asbl-centre-dhebergement-pour-enfants\\\/#breadcrumb\",\"itemListElement\":[{\"@type\":\"ListItem\",\"position\":1,\"name\":\"Accueil\",\"item\":\"https:\\\/\\\/ufb.be\\\/en\\\/\"},{\"@type\":\"ListItem\",\"position\":2,\"name\":\"Beneficiaries\",\"item\":\"https:\\\/\\\/ufb.be\\\/en\\\/beneficiary\\\/\"},{\"@type\":\"ListItem\",\"position\":3,\"name\":\"Les Cailloux asbl &#8211; Centre d&rsquo;h\u00e9bergement pour enfants\"}]},{\"@type\":\"WebSite\",\"@id\":\"https:\\\/\\\/ufb.be\\\/en\\\/#website\",\"url\":\"https:\\\/\\\/ufb.be\\\/en\\\/\",\"name\":\"United Fund for Belgium\",\"description\":\"Combattons l\u2019exclusion pour plus d\u2019int\u00e9gration sociale\",\"publisher\":{\"@id\":\"https:\\\/\\\/ufb.be\\\/en\\\/#organization\"},\"alternateName\":\"UFB\",\"potentialAction\":[{\"@type\":\"SearchAction\",\"target\":{\"@type\":\"EntryPoint\",\"urlTemplate\":\"https:\\\/\\\/ufb.be\\\/en\\\/?s={search_term_string}\"},\"query-input\":{\"@type\":\"PropertyValueSpecification\",\"valueRequired\":true,\"valueName\":\"search_term_string\"}}],\"inLanguage\":\"en-US\"},{\"@type\":\"Organization\",\"@id\":\"https:\\\/\\\/ufb.be\\\/en\\\/#organization\",\"name\":\"United Fund for Belgium\",\"alternateName\":\"UFB\",\"url\":\"https:\\\/\\\/ufb.be\\\/en\\\/\",\"logo\":{\"@type\":\"ImageObject\",\"inLanguage\":\"en-US\",\"@id\":\"https:\\\/\\\/ufb.be\\\/en\\\/#\\\/schema\\\/logo\\\/image\\\/\",\"url\":\"https:\\\/\\\/ufb.be\\\/wp-content\\\/uploads\\\/2025\\\/07\\\/Logo-UFB-RS.png\",\"contentUrl\":\"https:\\\/\\\/ufb.be\\\/wp-content\\\/uploads\\\/2025\\\/07\\\/Logo-UFB-RS.png\",\"width\":200,\"height\":200,\"caption\":\"United Fund for Belgium\"},\"image\":{\"@id\":\"https:\\\/\\\/ufb.be\\\/en\\\/#\\\/schema\\\/logo\\\/image\\\/\"}}]}<\/script>\n<!-- \/ Yoast SEO plugin. -->","yoast_head_json":{"title":"Les Cailloux asbl - Centre d'h\u00e9bergement pour enfants - UFB","robots":{"index":"index","follow":"follow","max-snippet":"max-snippet:-1","max-image-preview":"max-image-preview:large","max-video-preview":"max-video-preview:-1"},"canonical":"https:\/\/ufb.be\/en\/beneficiary\/les-cailloux-asbl-centre-dhebergement-pour-enfants\/","og_locale":"en_US","og_type":"article","og_title":"Les Cailloux asbl - Centre d'h\u00e9bergement pour enfants - UFB","og_description":"PR\u00c9SENTEZ L&#8217;ORGANISATION EN QUELQUES LIGNES L\u2019ASBL \u00ab Les Cailloux \u00bb a \u00e9t\u00e9 cr\u00e9\u00e9e en 1948 et est agr\u00e9\u00e9e comme centre d\u2019h\u00e9bergement (CH) par le service PHARE de la COCOF pour la prise en charge en r\u00e9gime d\u2019internat de trente enfants et adolescents (6-18 ans) pr\u00e9sentant des troubles du comportement. L\u2019ASBL offre une aide sp\u00e9cialis\u00e9e et [&hellip;]","og_url":"https:\/\/ufb.be\/en\/beneficiary\/les-cailloux-asbl-centre-dhebergement-pour-enfants\/","og_site_name":"UFB","article_modified_time":"2025-03-25T08:23:21+00:00","og_image":[{"width":750,"height":496,"url":"https:\/\/ufb.be\/wp-content\/uploads\/2022\/10\/image_lescailloux.png","type":"image\/png"}],"twitter_card":"summary_large_image","twitter_misc":{"Est. reading time":"3 minutes"},"schema":{"@context":"https:\/\/schema.org","@graph":[{"@type":"WebPage","@id":"https:\/\/ufb.be\/en\/beneficiary\/les-cailloux-asbl-centre-dhebergement-pour-enfants\/","url":"https:\/\/ufb.be\/en\/beneficiary\/les-cailloux-asbl-centre-dhebergement-pour-enfants\/","name":"Les Cailloux asbl - Centre d'h\u00e9bergement pour enfants - UFB","isPartOf":{"@id":"https:\/\/ufb.be\/en\/#website"},"primaryImageOfPage":{"@id":"https:\/\/ufb.be\/en\/beneficiary\/les-cailloux-asbl-centre-dhebergement-pour-enfants\/#primaryimage"},"image":{"@id":"https:\/\/ufb.be\/en\/beneficiary\/les-cailloux-asbl-centre-dhebergement-pour-enfants\/#primaryimage"},"thumbnailUrl":"https:\/\/ufb.be\/wp-content\/uploads\/2022\/10\/image_lescailloux.png","datePublished":"2022-10-14T13:11:28+00:00","dateModified":"2025-03-25T08:23:21+00:00","breadcrumb":{"@id":"https:\/\/ufb.be\/en\/beneficiary\/les-cailloux-asbl-centre-dhebergement-pour-enfants\/#breadcrumb"},"inLanguage":"en-US","potentialAction":[{"@type":"ReadAction","target":["https:\/\/ufb.be\/en\/beneficiary\/les-cailloux-asbl-centre-dhebergement-pour-enfants\/"]}]},{"@type":"ImageObject","inLanguage":"en-US","@id":"https:\/\/ufb.be\/en\/beneficiary\/les-cailloux-asbl-centre-dhebergement-pour-enfants\/#primaryimage","url":"https:\/\/ufb.be\/wp-content\/uploads\/2022\/10\/image_lescailloux.png","contentUrl":"https:\/\/ufb.be\/wp-content\/uploads\/2022\/10\/image_lescailloux.png","width":750,"height":496},{"@type":"BreadcrumbList","@id":"https:\/\/ufb.be\/en\/beneficiary\/les-cailloux-asbl-centre-dhebergement-pour-enfants\/#breadcrumb","itemListElement":[{"@type":"ListItem","position":1,"name":"Accueil","item":"https:\/\/ufb.be\/en\/"},{"@type":"ListItem","position":2,"name":"Beneficiaries","item":"https:\/\/ufb.be\/en\/beneficiary\/"},{"@type":"ListItem","position":3,"name":"Les Cailloux asbl &#8211; Centre d&rsquo;h\u00e9bergement pour enfants"}]},{"@type":"WebSite","@id":"https:\/\/ufb.be\/en\/#website","url":"https:\/\/ufb.be\/en\/","name":"United Fund for Belgium","description":"Combattons l\u2019exclusion pour plus d\u2019int\u00e9gration sociale","publisher":{"@id":"https:\/\/ufb.be\/en\/#organization"},"alternateName":"UFB","potentialAction":[{"@type":"SearchAction","target":{"@type":"EntryPoint","urlTemplate":"https:\/\/ufb.be\/en\/?s={search_term_string}"},"query-input":{"@type":"PropertyValueSpecification","valueRequired":true,"valueName":"search_term_string"}}],"inLanguage":"en-US"},{"@type":"Organization","@id":"https:\/\/ufb.be\/en\/#organization","name":"United Fund for Belgium","alternateName":"UFB","url":"https:\/\/ufb.be\/en\/","logo":{"@type":"ImageObject","inLanguage":"en-US","@id":"https:\/\/ufb.be\/en\/#\/schema\/logo\/image\/","url":"https:\/\/ufb.be\/wp-content\/uploads\/2025\/07\/Logo-UFB-RS.png","contentUrl":"https:\/\/ufb.be\/wp-content\/uploads\/2025\/07\/Logo-UFB-RS.png","width":200,"height":200,"caption":"United Fund for Belgium"},"image":{"@id":"https:\/\/ufb.be\/en\/#\/schema\/logo\/image\/"}}]}},"_links":{"self":[{"href":"https:\/\/ufb.be\/en\/wp-json\/wp\/v2\/beneficiary\/33655","targetHints":{"allow":["GET"]}}],"collection":[{"href":"https:\/\/ufb.be\/en\/wp-json\/wp\/v2\/beneficiary"}],"about":[{"href":"https:\/\/ufb.be\/en\/wp-json\/wp\/v2\/types\/beneficiary"}],"wp:featuredmedia":[{"embeddable":true,"href":"https:\/\/ufb.be\/en\/wp-json\/wp\/v2\/media\/33668"}],"wp:attachment":[{"href":"https:\/\/ufb.be\/en\/wp-json\/wp\/v2\/media?parent=33655"}],"curies":[{"name":"wp","href":"https:\/\/api.w.org\/{rel}","templated":true}]}}