{"id":33730,"date":"2022-10-17T09:05:35","date_gmt":"2022-10-17T09:05:35","guid":{"rendered":"https:\/\/ufb.be\/?post_type=beneficiary&#038;p=33730"},"modified":"2025-03-24T14:08:52","modified_gmt":"2025-03-24T13:08:52","slug":"esneux-tilff-jeunesse-asbl-maison-des-jeunes","status":"publish","type":"beneficiary","link":"https:\/\/ufb.be\/en\/beneficiary\/esneux-tilff-jeunesse-asbl-maison-des-jeunes\/","title":{"rendered":"Esneux-Tilff Jeunesse asbl &#8211; Maison des Jeunes"},"content":{"rendered":"<p>L&#8217;ORGANISATION EN QUELQUES LIGNES<\/p>\n<p>Constitu\u00e9e le 12\/03\/2010, notre Maison des Jeunes a pour objet le d\u00e9veloppement d\u2019une citoyennet\u00e9 critique, active et responsable, principalement chez les jeunes de 12 \u00e0 26 ans.\u00a0 Elle vise une participation des jeunes \u00e0 la vie sociale, \u00e9conomique, culturelle et politique ainsi que la mise en \u0153uvre et la promotion des pratiques socioculturelles et de cr\u00e9ation. Ses personnes cl\u00e9s sont : Daphn\u00e9 SIOR (pr\u00e9sidente de l&#8217;OA), Lo\u00efc BRUYERE (Vice pr\u00e9sident), Sandy LOUVRIER (secr\u00e9taire), Antoine CHEVREMONT (Tr\u00e9sorier) et\u00a0 Steve METELITZIN (Echevin de la Jeunesse d&#8217;Esneux).<\/p>\n<p>LES \u00c9V\u00c8NEMENTS MARQUANTS DE L&#8217;ORGANISATION<\/p>\n<ul>\n<li>12\/03\/2010 &#8211; la MJ a \u00e9t\u00e9 constitu\u00e9e;<\/li>\n<li>01\/01\/2015 &#8211; agr\u00e9\u00e9e en tant que MJ Cat\u00e9gorie 3;<\/li>\n<li>01\/01\/2016 &#8211; nous avons re\u00e7u l&#8217;octroie d&#8217;un temps plein pour un animateur coordinateur;<\/li>\n<li>01\/2018 &#8211; nous avons re\u00e7u l&#8217;octroie d&#8217;un deuxi\u00e8me temps plein pour un poste d&#8217;animateur;<\/li>\n<li>01\/01\/21 &#8211; nous avons re\u00e7us l&#8217;agreement pour le classement en MJ cat\u00e9gorie 2.<\/li>\n<\/ul>\n<p>LES PROJETS, MISSIONS ET\/OU ACTIVIT\u00c9S LES PLUS IMPORTANTS ET DE LEUR IMPACT<\/p>\n<p>L\u2019Asbl Jeunesse Esneux-Tilff a pour finalit\u00e9 \u00ab le d\u00e9veloppement d\u2019une citoyennet\u00e9 critique, active et responsable, principalement chez les jeunes de 12 \u00e0 26 ans, par une prise de conscience et une connaissance des r\u00e9alit\u00e9s de la soci\u00e9t\u00e9, des attitudes de responsabilit\u00e9 et de participation \u00e0 la vie sociale, \u00e9conomique, culturelle et politique ainsi que la mise en \u0153uvre et la promotion des pratiques socioculturelles et de cr\u00e9ation\u00bb objectifs repris en tous points dans le d\u00e9cret relatif aux maisons de jeunes.<\/p>\n<p>COURT T\u00c9MOIGNAGE EN RAPPORT AVEC L&#8217;ASSOCIATION OU L\u2019UN DES PROJETS OU ACTIVIT\u00c9S<\/p>\n<p>Notre objectif est de mettre les jeunes en action en partant de leurs id\u00e9es et de leurs envies afin de susciter un engagement progressif que ce soit dans la participation \u00e0 une activit\u00e9, \u00e0 un projet mais aussi dans un organe d\u00e9cisionnel de l\u2019Asbl afin que les jeunes exp\u00e9rimentent la notion de responsabilisation et qu\u2019ils puissent \u00eatre acteur de leurs projets. Nous veillons \u00e9galement \u00e0 travailler leur esprit critique et leur ouverture sur le monde afin qu\u2019ils puissent mieux le comprendre et ainsi prendre leur place au sein de la soci\u00e9t\u00e9 et agir en tant que citoyen.<\/p>\n<p>Facebook: <a href=\"https:\/\/www.facebook.com\/jeunesse.esneuxtilff\">Esneux Tilff asbl\u00a0<\/a><\/p>\n<p>Pour plus d\u2019informations, veuillez contacter notre Project Manager, S\u00e9verine Laneau\u00a0<a href=\"mailto:slaneau@ufb.be\">slaneau@ufb.be<\/a>\u00a0qui pourra r\u00e9pondre \u00e0 votre demande et vous renseigner comment vous pouvez soutenir ce ou un autre projet \u00e0 travers UFB.<\/p>\n","protected":false},"featured_media":49997,"parent":0,"template":"","meta":{"_acf_changed":false},"class_list":["post-33730","beneficiary","type-beneficiary","status-publish","has-post-thumbnail","hentry","year_type-206","province_type-liege","social_type-campagne-sos-floods"],"acf":[],"yoast_head":"<!-- This site is optimized with the Yoast SEO plugin v27.3 - https:\/\/yoast.com\/product\/yoast-seo-wordpress\/ -->\n<title>Esneux-Tilff Jeunesse asbl - Maison des Jeunes - UFB<\/title>\n<meta name=\"robots\" content=\"index, follow, max-snippet:-1, max-image-preview:large, max-video-preview:-1\" \/>\n<link rel=\"canonical\" href=\"https:\/\/ufb.be\/en\/beneficiary\/esneux-tilff-jeunesse-asbl-maison-des-jeunes\/\" \/>\n<meta property=\"og:locale\" content=\"en_US\" \/>\n<meta property=\"og:type\" content=\"article\" \/>\n<meta property=\"og:title\" content=\"Esneux-Tilff Jeunesse asbl - Maison des Jeunes - UFB\" \/>\n<meta property=\"og:description\" content=\"L&#8217;ORGANISATION EN QUELQUES LIGNES Constitu\u00e9e le 12\/03\/2010, notre Maison des Jeunes a pour objet le d\u00e9veloppement d\u2019une citoyennet\u00e9 critique, active et responsable, principalement chez les jeunes de 12 \u00e0 26 ans.\u00a0 Elle vise une participation des jeunes \u00e0 la vie sociale, \u00e9conomique, culturelle et politique ainsi que la mise en \u0153uvre et la promotion des [&hellip;]\" \/>\n<meta property=\"og:url\" content=\"https:\/\/ufb.be\/en\/beneficiary\/esneux-tilff-jeunesse-asbl-maison-des-jeunes\/\" \/>\n<meta property=\"og:site_name\" content=\"UFB\" \/>\n<meta property=\"article:modified_time\" content=\"2025-03-24T13:08:52+00:00\" \/>\n<meta property=\"og:image\" content=\"https:\/\/ufb.be\/wp-content\/uploads\/2022\/10\/logo-jet-clean.png\" \/>\n\t<meta property=\"og:image:width\" content=\"2410\" \/>\n\t<meta property=\"og:image:height\" content=\"2161\" \/>\n\t<meta property=\"og:image:type\" content=\"image\/png\" \/>\n<meta name=\"twitter:card\" content=\"summary_large_image\" \/>\n<meta name=\"twitter:label1\" content=\"Est. reading time\" \/>\n\t<meta name=\"twitter:data1\" content=\"3 minutes\" \/>\n<script type=\"application\/ld+json\" class=\"yoast-schema-graph\">{\"@context\":\"https:\\\/\\\/schema.org\",\"@graph\":[{\"@type\":\"WebPage\",\"@id\":\"https:\\\/\\\/ufb.be\\\/en\\\/beneficiary\\\/esneux-tilff-jeunesse-asbl-maison-des-jeunes\\\/\",\"url\":\"https:\\\/\\\/ufb.be\\\/en\\\/beneficiary\\\/esneux-tilff-jeunesse-asbl-maison-des-jeunes\\\/\",\"name\":\"Esneux-Tilff Jeunesse asbl - Maison des Jeunes - UFB\",\"isPartOf\":{\"@id\":\"https:\\\/\\\/ufb.be\\\/en\\\/#website\"},\"primaryImageOfPage\":{\"@id\":\"https:\\\/\\\/ufb.be\\\/en\\\/beneficiary\\\/esneux-tilff-jeunesse-asbl-maison-des-jeunes\\\/#primaryimage\"},\"image\":{\"@id\":\"https:\\\/\\\/ufb.be\\\/en\\\/beneficiary\\\/esneux-tilff-jeunesse-asbl-maison-des-jeunes\\\/#primaryimage\"},\"thumbnailUrl\":\"https:\\\/\\\/ufb.be\\\/wp-content\\\/uploads\\\/2022\\\/10\\\/logo-jet-clean.png\",\"datePublished\":\"2022-10-17T09:05:35+00:00\",\"dateModified\":\"2025-03-24T13:08:52+00:00\",\"breadcrumb\":{\"@id\":\"https:\\\/\\\/ufb.be\\\/en\\\/beneficiary\\\/esneux-tilff-jeunesse-asbl-maison-des-jeunes\\\/#breadcrumb\"},\"inLanguage\":\"en-US\",\"potentialAction\":[{\"@type\":\"ReadAction\",\"target\":[\"https:\\\/\\\/ufb.be\\\/en\\\/beneficiary\\\/esneux-tilff-jeunesse-asbl-maison-des-jeunes\\\/\"]}]},{\"@type\":\"ImageObject\",\"inLanguage\":\"en-US\",\"@id\":\"https:\\\/\\\/ufb.be\\\/en\\\/beneficiary\\\/esneux-tilff-jeunesse-asbl-maison-des-jeunes\\\/#primaryimage\",\"url\":\"https:\\\/\\\/ufb.be\\\/wp-content\\\/uploads\\\/2022\\\/10\\\/logo-jet-clean.png\",\"contentUrl\":\"https:\\\/\\\/ufb.be\\\/wp-content\\\/uploads\\\/2022\\\/10\\\/logo-jet-clean.png\",\"width\":2410,\"height\":2161},{\"@type\":\"BreadcrumbList\",\"@id\":\"https:\\\/\\\/ufb.be\\\/en\\\/beneficiary\\\/esneux-tilff-jeunesse-asbl-maison-des-jeunes\\\/#breadcrumb\",\"itemListElement\":[{\"@type\":\"ListItem\",\"position\":1,\"name\":\"Accueil\",\"item\":\"https:\\\/\\\/ufb.be\\\/en\\\/\"},{\"@type\":\"ListItem\",\"position\":2,\"name\":\"Beneficiaries\",\"item\":\"https:\\\/\\\/ufb.be\\\/en\\\/beneficiary\\\/\"},{\"@type\":\"ListItem\",\"position\":3,\"name\":\"Esneux-Tilff Jeunesse asbl &#8211; Maison des Jeunes\"}]},{\"@type\":\"WebSite\",\"@id\":\"https:\\\/\\\/ufb.be\\\/en\\\/#website\",\"url\":\"https:\\\/\\\/ufb.be\\\/en\\\/\",\"name\":\"United Fund for Belgium\",\"description\":\"Combattons l\u2019exclusion pour plus d\u2019int\u00e9gration sociale\",\"publisher\":{\"@id\":\"https:\\\/\\\/ufb.be\\\/en\\\/#organization\"},\"alternateName\":\"UFB\",\"potentialAction\":[{\"@type\":\"SearchAction\",\"target\":{\"@type\":\"EntryPoint\",\"urlTemplate\":\"https:\\\/\\\/ufb.be\\\/en\\\/?s={search_term_string}\"},\"query-input\":{\"@type\":\"PropertyValueSpecification\",\"valueRequired\":true,\"valueName\":\"search_term_string\"}}],\"inLanguage\":\"en-US\"},{\"@type\":\"Organization\",\"@id\":\"https:\\\/\\\/ufb.be\\\/en\\\/#organization\",\"name\":\"United Fund for Belgium\",\"alternateName\":\"UFB\",\"url\":\"https:\\\/\\\/ufb.be\\\/en\\\/\",\"logo\":{\"@type\":\"ImageObject\",\"inLanguage\":\"en-US\",\"@id\":\"https:\\\/\\\/ufb.be\\\/en\\\/#\\\/schema\\\/logo\\\/image\\\/\",\"url\":\"https:\\\/\\\/ufb.be\\\/wp-content\\\/uploads\\\/2025\\\/07\\\/Logo-UFB-RS.png\",\"contentUrl\":\"https:\\\/\\\/ufb.be\\\/wp-content\\\/uploads\\\/2025\\\/07\\\/Logo-UFB-RS.png\",\"width\":200,\"height\":200,\"caption\":\"United Fund for Belgium\"},\"image\":{\"@id\":\"https:\\\/\\\/ufb.be\\\/en\\\/#\\\/schema\\\/logo\\\/image\\\/\"}}]}<\/script>\n<!-- \/ Yoast SEO plugin. -->","yoast_head_json":{"title":"Esneux-Tilff Jeunesse asbl - Maison des Jeunes - UFB","robots":{"index":"index","follow":"follow","max-snippet":"max-snippet:-1","max-image-preview":"max-image-preview:large","max-video-preview":"max-video-preview:-1"},"canonical":"https:\/\/ufb.be\/en\/beneficiary\/esneux-tilff-jeunesse-asbl-maison-des-jeunes\/","og_locale":"en_US","og_type":"article","og_title":"Esneux-Tilff Jeunesse asbl - Maison des Jeunes - UFB","og_description":"L&#8217;ORGANISATION EN QUELQUES LIGNES Constitu\u00e9e le 12\/03\/2010, notre Maison des Jeunes a pour objet le d\u00e9veloppement d\u2019une citoyennet\u00e9 critique, active et responsable, principalement chez les jeunes de 12 \u00e0 26 ans.\u00a0 Elle vise une participation des jeunes \u00e0 la vie sociale, \u00e9conomique, culturelle et politique ainsi que la mise en \u0153uvre et la promotion des [&hellip;]","og_url":"https:\/\/ufb.be\/en\/beneficiary\/esneux-tilff-jeunesse-asbl-maison-des-jeunes\/","og_site_name":"UFB","article_modified_time":"2025-03-24T13:08:52+00:00","og_image":[{"width":2410,"height":2161,"url":"https:\/\/ufb.be\/wp-content\/uploads\/2022\/10\/logo-jet-clean.png","type":"image\/png"}],"twitter_card":"summary_large_image","twitter_misc":{"Est. reading time":"3 minutes"},"schema":{"@context":"https:\/\/schema.org","@graph":[{"@type":"WebPage","@id":"https:\/\/ufb.be\/en\/beneficiary\/esneux-tilff-jeunesse-asbl-maison-des-jeunes\/","url":"https:\/\/ufb.be\/en\/beneficiary\/esneux-tilff-jeunesse-asbl-maison-des-jeunes\/","name":"Esneux-Tilff Jeunesse asbl - Maison des Jeunes - UFB","isPartOf":{"@id":"https:\/\/ufb.be\/en\/#website"},"primaryImageOfPage":{"@id":"https:\/\/ufb.be\/en\/beneficiary\/esneux-tilff-jeunesse-asbl-maison-des-jeunes\/#primaryimage"},"image":{"@id":"https:\/\/ufb.be\/en\/beneficiary\/esneux-tilff-jeunesse-asbl-maison-des-jeunes\/#primaryimage"},"thumbnailUrl":"https:\/\/ufb.be\/wp-content\/uploads\/2022\/10\/logo-jet-clean.png","datePublished":"2022-10-17T09:05:35+00:00","dateModified":"2025-03-24T13:08:52+00:00","breadcrumb":{"@id":"https:\/\/ufb.be\/en\/beneficiary\/esneux-tilff-jeunesse-asbl-maison-des-jeunes\/#breadcrumb"},"inLanguage":"en-US","potentialAction":[{"@type":"ReadAction","target":["https:\/\/ufb.be\/en\/beneficiary\/esneux-tilff-jeunesse-asbl-maison-des-jeunes\/"]}]},{"@type":"ImageObject","inLanguage":"en-US","@id":"https:\/\/ufb.be\/en\/beneficiary\/esneux-tilff-jeunesse-asbl-maison-des-jeunes\/#primaryimage","url":"https:\/\/ufb.be\/wp-content\/uploads\/2022\/10\/logo-jet-clean.png","contentUrl":"https:\/\/ufb.be\/wp-content\/uploads\/2022\/10\/logo-jet-clean.png","width":2410,"height":2161},{"@type":"BreadcrumbList","@id":"https:\/\/ufb.be\/en\/beneficiary\/esneux-tilff-jeunesse-asbl-maison-des-jeunes\/#breadcrumb","itemListElement":[{"@type":"ListItem","position":1,"name":"Accueil","item":"https:\/\/ufb.be\/en\/"},{"@type":"ListItem","position":2,"name":"Beneficiaries","item":"https:\/\/ufb.be\/en\/beneficiary\/"},{"@type":"ListItem","position":3,"name":"Esneux-Tilff Jeunesse asbl &#8211; Maison des Jeunes"}]},{"@type":"WebSite","@id":"https:\/\/ufb.be\/en\/#website","url":"https:\/\/ufb.be\/en\/","name":"United Fund for Belgium","description":"Combattons l\u2019exclusion pour plus d\u2019int\u00e9gration sociale","publisher":{"@id":"https:\/\/ufb.be\/en\/#organization"},"alternateName":"UFB","potentialAction":[{"@type":"SearchAction","target":{"@type":"EntryPoint","urlTemplate":"https:\/\/ufb.be\/en\/?s={search_term_string}"},"query-input":{"@type":"PropertyValueSpecification","valueRequired":true,"valueName":"search_term_string"}}],"inLanguage":"en-US"},{"@type":"Organization","@id":"https:\/\/ufb.be\/en\/#organization","name":"United Fund for Belgium","alternateName":"UFB","url":"https:\/\/ufb.be\/en\/","logo":{"@type":"ImageObject","inLanguage":"en-US","@id":"https:\/\/ufb.be\/en\/#\/schema\/logo\/image\/","url":"https:\/\/ufb.be\/wp-content\/uploads\/2025\/07\/Logo-UFB-RS.png","contentUrl":"https:\/\/ufb.be\/wp-content\/uploads\/2025\/07\/Logo-UFB-RS.png","width":200,"height":200,"caption":"United Fund for Belgium"},"image":{"@id":"https:\/\/ufb.be\/en\/#\/schema\/logo\/image\/"}}]}},"_links":{"self":[{"href":"https:\/\/ufb.be\/en\/wp-json\/wp\/v2\/beneficiary\/33730","targetHints":{"allow":["GET"]}}],"collection":[{"href":"https:\/\/ufb.be\/en\/wp-json\/wp\/v2\/beneficiary"}],"about":[{"href":"https:\/\/ufb.be\/en\/wp-json\/wp\/v2\/types\/beneficiary"}],"wp:featuredmedia":[{"embeddable":true,"href":"https:\/\/ufb.be\/en\/wp-json\/wp\/v2\/media\/49997"}],"wp:attachment":[{"href":"https:\/\/ufb.be\/en\/wp-json\/wp\/v2\/media?parent=33730"}],"curies":[{"name":"wp","href":"https:\/\/api.w.org\/{rel}","templated":true}]}}