{"id":33866,"date":"2022-10-25T14:00:10","date_gmt":"2022-10-25T14:00:10","guid":{"rendered":"https:\/\/ufb.be\/?post_type=beneficiary&#038;p=33866"},"modified":"2025-05-12T12:48:18","modified_gmt":"2025-05-12T11:48:18","slug":"i-s-o-c-e-l-e-asbl-reinsertion-par-apprentissage-professionnel","status":"publish","type":"beneficiary","link":"https:\/\/ufb.be\/en\/beneficiary\/i-s-o-c-e-l-e-asbl-reinsertion-par-apprentissage-professionnel\/","title":{"rendered":"I.S.O.C.E.L.E. asbl &#8211; (R\u00e9)insertion par apprentissage professionnel"},"content":{"rendered":"<p>L&#8217;ORGANISATION EN QUELQUES LIGNES<\/p>\n<p>ISOCELE est une Entreprise de Formation par le Travail (CISP), agr\u00e9\u00e9e par la R\u00e9gion Wallonne et cr\u00e9\u00e9e en 1983. Elle a pour mission d\u2019organiser des formations pour des personnes tr\u00e8s peu qualifi\u00e9es, \u00e0 partir d\u2019une situation r\u00e9elle de travail. Concr\u00e8tement, notre association dispense une formation dans deux secteurs d\u2019activit\u00e9s : la r\u00e9novation de b\u00e2timents ainsi que l\u2019accueil de la petite enfance et les services de collectivit\u00e9 (cuisine, entretien, &#8230;)<\/p>\n<p>LES \u00c9V\u00c8NEMENTS MARQUANTS DE L&#8217;ORGANISATION<\/p>\n<p>A l\u2019\u00e9poque de sa cr\u00e9ation et toujours aujourd\u2019hui, les jeunes adultes du quartier ont de plus en plus de difficult\u00e9s \u00e0 trouver du travail. Sortis de l\u2019\u00e9cole trop t\u00f4t, sans dipl\u00f4me, ils aspirent \u00e0 travailler mais manquent de formation. L\u2019association a \u00e9t\u00e9 cr\u00e9\u00e9e en vue de proposer une autre mani\u00e8re d\u2019apprendre, \u00e0 partir d\u2019une vraie activit\u00e9 professionnelle dans laquelle chacun peut d\u00e9velopper son potentiel \u00e0 son rythme, encadr\u00e9 par des travailleurs de m\u00e9tier.<\/p>\n<ul>\n<li>1983: premi\u00e8re fili\u00e8re de formation b\u00e2timent touchant un public exclus du march\u00e9 de l\u2019emploi;<\/li>\n<li>1988: cr\u00e9ation du secteur de l\u2019insertion socio-professionnelle dont ISOCELE sera un des pionniers;<\/li>\n<li>1993: cr\u00e9ation d\u2019une fili\u00e8re d\u2019accueil de l\u2019enfance plus sp\u00e9cifiquement destin\u00e9e au public f\u00e9minin;<\/li>\n<li>1998: mise en place de peines alternatives pour public incarc\u00e9r\u00e9 (surveillance \u00e9lectronique);<\/li>\n<li>2008: formation pour la certification VCA (s\u00e9curit\u00e9) pour personnes infra-scolaris\u00e9es;<\/li>\n<li>2016: cours de Fran\u00e7ais Langue Etrang\u00e8re et de Citoyennet\u00e9 en vue de favoriser l\u2019accueil et int\u00e9gration de population migrante sur\u00a0 notre territoire;<\/li>\n<\/ul>\n<p>LES PROJETS, MISSIONS ET\/OU ACTIVIT\u00c9S LES PLUS IMPORTANTS ET DE LEUR IMPACT<\/p>\n<p>Nous avons deux secteurs d\u2019activit\u00e9s : &#8220;Batiform&#8221; qui propose une formation de base aux m\u00e9tiers du b\u00e2timent \u00e0 partir de chantiers de r\u00e9novation, priv\u00e9s ou publics. L\u2019objectif prioritaire de &#8220;Batiform&#8221; est de proposer une formation de base, essentiellement pratique, utile \u00e0 l\u2019exercice d\u2019un m\u00e9tier du b\u00e2timent, de former et accompagner les personnes vers l\u2019emploi, source de revenus et d\u2019autonomie sociale. Le &#8220;Baby-stop&#8221; propose la formation de l\u2019accueil de l\u2019enfance et services de collectivit\u00e9, \u00e0 partir d\u2019une cr\u00e8che agr\u00e9\u00e9e par l\u2019ONE pour 40 places d\u2019accueil. Notre public est essentiellement f\u00e9minin, souvent monoparental et socialement d\u00e9favoris\u00e9.<\/p>\n<p>COURT T\u00c9MOIGNAGE EN RAPPORT AVEC L&#8217;ASSOCIATION OU L\u2019UN DE VOS PROJETS OU ACTIVIT\u00c9S<\/p>\n<p>Il nous appara\u00eet de plus en plus indispensable de former TOUT notre public \u00e0 la qualit\u00e9 de l\u2019alimentation et aux enjeux du d\u00e9veloppement durable de toute la chaine alimentaire, qui n\u2019est pas r\u00e9serv\u00e9 aux sp\u00e9cialistes. Il est indispensable de d\u00e9velopper, surtout avec notre public, les gestes pour am\u00e9liorer l\u2019hygi\u00e8ne et la diversification alimentaire, tout en respectant leur budget. Or \u00e0 ce jour, il existe peu de lieux de formation pour sensibiliser et former les personnes aux enjeux de l\u2019alimentation saine et respectueuse de l\u2019environnement adapt\u00e9es au petit budget des m\u00e9nages d\u00e9favoris\u00e9s.<\/p>\n<p>Momo, 19 ans n\u2019a pas fait d\u2019\u00e9tudes et est sans exp\u00e9rience de travail, souhaite devenir ma\u00e7on. Tr\u00e8s d\u00e9termin\u00e9, ce dernier va suivre pendant pr\u00e8s de 2 ans sa formation sur nos chantiers et d\u00e9crocher apr\u00e8s un stage de formation ; un emploi de man\u0153uvre sp\u00e9cialis\u00e9.<\/p>\n<p>Pierre, 38 ans soumis \u00e0 une surveillance \u00e9lectronique entame une formation dans le secteur de la peinture. Il est en formation \u00e0 ISOCELE par d\u00e9faut (aucune autre CISP ne souhaite le prendre). La mise en place d\u2019objectif de r\u00e9insertion lui permettra de renouer avec l\u2019emploi.<\/p>\n<p>Deux t\u00e9moignages parmi beaucoup d\u2019autres mais tr\u00e8s diff\u00e9rents l\u2019un de l\u2019autre. Un m\u00eame outil p\u00e9dagogique est mis en place : la mise en situation sur chantier r\u00e9el. Notre centre de formation r\u00e9pond simultan\u00e9ment \u00e0 l\u2019apprentissage de comp\u00e9tence technique et transversale en situation professionnelle.<\/p>\n<p>Facebook: <a href=\"https:\/\/www.facebook.com\/isocele261083\">I.S.O.C.E.L.E. asbl<\/a><\/p>\n<p>Pour plus d\u2019informations, veuillez contacter notre Project Manager, S\u00e9verine Laneau\u00a0<a href=\"mailto:slaneau@ufb.be\">slaneau@ufb.be<\/a>\u00a0qui pourra r\u00e9pondre \u00e0 votre demande et vous renseigner comment vous pouvez soutenir ce ou un autre projet \u00e0 travers UFB.<\/p>\n","protected":false},"featured_media":53645,"parent":0,"template":"","meta":{"_acf_changed":false},"class_list":["post-33866","beneficiary","type-beneficiary","status-publish","has-post-thumbnail","hentry","year_type-206","province_type-liege","social_type-campagne-sos-floods","social_type-personnes-en-detresse"],"acf":[],"yoast_head":"<!-- This site is optimized with the Yoast SEO plugin v27.3 - https:\/\/yoast.com\/product\/yoast-seo-wordpress\/ -->\n<title>I.S.O.C.E.L.E. asbl - (R\u00e9)insertion par apprentissage professionnel - UFB<\/title>\n<meta name=\"robots\" content=\"index, follow, max-snippet:-1, max-image-preview:large, max-video-preview:-1\" \/>\n<link rel=\"canonical\" href=\"https:\/\/ufb.be\/en\/beneficiary\/i-s-o-c-e-l-e-asbl-reinsertion-par-apprentissage-professionnel\/\" \/>\n<meta property=\"og:locale\" content=\"en_US\" \/>\n<meta property=\"og:type\" content=\"article\" \/>\n<meta property=\"og:title\" content=\"I.S.O.C.E.L.E. asbl - (R\u00e9)insertion par apprentissage professionnel - UFB\" \/>\n<meta property=\"og:description\" content=\"L&#8217;ORGANISATION EN QUELQUES LIGNES ISOCELE est une Entreprise de Formation par le Travail (CISP), agr\u00e9\u00e9e par la R\u00e9gion Wallonne et cr\u00e9\u00e9e en 1983. Elle a pour mission d\u2019organiser des formations pour des personnes tr\u00e8s peu qualifi\u00e9es, \u00e0 partir d\u2019une situation r\u00e9elle de travail. Concr\u00e8tement, notre association dispense une formation dans deux secteurs d\u2019activit\u00e9s : la [&hellip;]\" \/>\n<meta property=\"og:url\" content=\"https:\/\/ufb.be\/en\/beneficiary\/i-s-o-c-e-l-e-asbl-reinsertion-par-apprentissage-professionnel\/\" \/>\n<meta property=\"og:site_name\" content=\"UFB\" \/>\n<meta property=\"article:modified_time\" content=\"2025-05-12T11:48:18+00:00\" \/>\n<meta property=\"og:image\" content=\"https:\/\/ufb.be\/wp-content\/uploads\/2022\/10\/476029149_941810308080093_6554098452080862506_n.jpg\" \/>\n\t<meta property=\"og:image:width\" content=\"990\" \/>\n\t<meta property=\"og:image:height\" content=\"273\" \/>\n\t<meta property=\"og:image:type\" content=\"image\/jpeg\" \/>\n<meta name=\"twitter:card\" content=\"summary_large_image\" \/>\n<meta name=\"twitter:label1\" content=\"Est. reading time\" \/>\n\t<meta name=\"twitter:data1\" content=\"4 minutes\" \/>\n<script type=\"application\/ld+json\" class=\"yoast-schema-graph\">{\"@context\":\"https:\\\/\\\/schema.org\",\"@graph\":[{\"@type\":\"WebPage\",\"@id\":\"https:\\\/\\\/ufb.be\\\/en\\\/beneficiary\\\/i-s-o-c-e-l-e-asbl-reinsertion-par-apprentissage-professionnel\\\/\",\"url\":\"https:\\\/\\\/ufb.be\\\/en\\\/beneficiary\\\/i-s-o-c-e-l-e-asbl-reinsertion-par-apprentissage-professionnel\\\/\",\"name\":\"I.S.O.C.E.L.E. asbl - (R\u00e9)insertion par apprentissage professionnel - UFB\",\"isPartOf\":{\"@id\":\"https:\\\/\\\/ufb.be\\\/en\\\/#website\"},\"primaryImageOfPage\":{\"@id\":\"https:\\\/\\\/ufb.be\\\/en\\\/beneficiary\\\/i-s-o-c-e-l-e-asbl-reinsertion-par-apprentissage-professionnel\\\/#primaryimage\"},\"image\":{\"@id\":\"https:\\\/\\\/ufb.be\\\/en\\\/beneficiary\\\/i-s-o-c-e-l-e-asbl-reinsertion-par-apprentissage-professionnel\\\/#primaryimage\"},\"thumbnailUrl\":\"https:\\\/\\\/ufb.be\\\/wp-content\\\/uploads\\\/2022\\\/10\\\/476029149_941810308080093_6554098452080862506_n.jpg\",\"datePublished\":\"2022-10-25T14:00:10+00:00\",\"dateModified\":\"2025-05-12T11:48:18+00:00\",\"breadcrumb\":{\"@id\":\"https:\\\/\\\/ufb.be\\\/en\\\/beneficiary\\\/i-s-o-c-e-l-e-asbl-reinsertion-par-apprentissage-professionnel\\\/#breadcrumb\"},\"inLanguage\":\"en-US\",\"potentialAction\":[{\"@type\":\"ReadAction\",\"target\":[\"https:\\\/\\\/ufb.be\\\/en\\\/beneficiary\\\/i-s-o-c-e-l-e-asbl-reinsertion-par-apprentissage-professionnel\\\/\"]}]},{\"@type\":\"ImageObject\",\"inLanguage\":\"en-US\",\"@id\":\"https:\\\/\\\/ufb.be\\\/en\\\/beneficiary\\\/i-s-o-c-e-l-e-asbl-reinsertion-par-apprentissage-professionnel\\\/#primaryimage\",\"url\":\"https:\\\/\\\/ufb.be\\\/wp-content\\\/uploads\\\/2022\\\/10\\\/476029149_941810308080093_6554098452080862506_n.jpg\",\"contentUrl\":\"https:\\\/\\\/ufb.be\\\/wp-content\\\/uploads\\\/2022\\\/10\\\/476029149_941810308080093_6554098452080862506_n.jpg\",\"width\":990,\"height\":273},{\"@type\":\"BreadcrumbList\",\"@id\":\"https:\\\/\\\/ufb.be\\\/en\\\/beneficiary\\\/i-s-o-c-e-l-e-asbl-reinsertion-par-apprentissage-professionnel\\\/#breadcrumb\",\"itemListElement\":[{\"@type\":\"ListItem\",\"position\":1,\"name\":\"Accueil\",\"item\":\"https:\\\/\\\/ufb.be\\\/en\\\/\"},{\"@type\":\"ListItem\",\"position\":2,\"name\":\"Beneficiaries\",\"item\":\"https:\\\/\\\/ufb.be\\\/en\\\/beneficiary\\\/\"},{\"@type\":\"ListItem\",\"position\":3,\"name\":\"I.S.O.C.E.L.E. asbl &#8211; (R\u00e9)insertion par apprentissage professionnel\"}]},{\"@type\":\"WebSite\",\"@id\":\"https:\\\/\\\/ufb.be\\\/en\\\/#website\",\"url\":\"https:\\\/\\\/ufb.be\\\/en\\\/\",\"name\":\"United Fund for Belgium\",\"description\":\"Combattons l\u2019exclusion pour plus d\u2019int\u00e9gration sociale\",\"publisher\":{\"@id\":\"https:\\\/\\\/ufb.be\\\/en\\\/#organization\"},\"alternateName\":\"UFB\",\"potentialAction\":[{\"@type\":\"SearchAction\",\"target\":{\"@type\":\"EntryPoint\",\"urlTemplate\":\"https:\\\/\\\/ufb.be\\\/en\\\/?s={search_term_string}\"},\"query-input\":{\"@type\":\"PropertyValueSpecification\",\"valueRequired\":true,\"valueName\":\"search_term_string\"}}],\"inLanguage\":\"en-US\"},{\"@type\":\"Organization\",\"@id\":\"https:\\\/\\\/ufb.be\\\/en\\\/#organization\",\"name\":\"United Fund for Belgium\",\"alternateName\":\"UFB\",\"url\":\"https:\\\/\\\/ufb.be\\\/en\\\/\",\"logo\":{\"@type\":\"ImageObject\",\"inLanguage\":\"en-US\",\"@id\":\"https:\\\/\\\/ufb.be\\\/en\\\/#\\\/schema\\\/logo\\\/image\\\/\",\"url\":\"https:\\\/\\\/ufb.be\\\/wp-content\\\/uploads\\\/2025\\\/07\\\/Logo-UFB-RS.png\",\"contentUrl\":\"https:\\\/\\\/ufb.be\\\/wp-content\\\/uploads\\\/2025\\\/07\\\/Logo-UFB-RS.png\",\"width\":200,\"height\":200,\"caption\":\"United Fund for Belgium\"},\"image\":{\"@id\":\"https:\\\/\\\/ufb.be\\\/en\\\/#\\\/schema\\\/logo\\\/image\\\/\"}}]}<\/script>\n<!-- \/ Yoast SEO plugin. -->","yoast_head_json":{"title":"I.S.O.C.E.L.E. asbl - (R\u00e9)insertion par apprentissage professionnel - UFB","robots":{"index":"index","follow":"follow","max-snippet":"max-snippet:-1","max-image-preview":"max-image-preview:large","max-video-preview":"max-video-preview:-1"},"canonical":"https:\/\/ufb.be\/en\/beneficiary\/i-s-o-c-e-l-e-asbl-reinsertion-par-apprentissage-professionnel\/","og_locale":"en_US","og_type":"article","og_title":"I.S.O.C.E.L.E. asbl - (R\u00e9)insertion par apprentissage professionnel - UFB","og_description":"L&#8217;ORGANISATION EN QUELQUES LIGNES ISOCELE est une Entreprise de Formation par le Travail (CISP), agr\u00e9\u00e9e par la R\u00e9gion Wallonne et cr\u00e9\u00e9e en 1983. Elle a pour mission d\u2019organiser des formations pour des personnes tr\u00e8s peu qualifi\u00e9es, \u00e0 partir d\u2019une situation r\u00e9elle de travail. Concr\u00e8tement, notre association dispense une formation dans deux secteurs d\u2019activit\u00e9s : la [&hellip;]","og_url":"https:\/\/ufb.be\/en\/beneficiary\/i-s-o-c-e-l-e-asbl-reinsertion-par-apprentissage-professionnel\/","og_site_name":"UFB","article_modified_time":"2025-05-12T11:48:18+00:00","og_image":[{"width":990,"height":273,"url":"https:\/\/ufb.be\/wp-content\/uploads\/2022\/10\/476029149_941810308080093_6554098452080862506_n.jpg","type":"image\/jpeg"}],"twitter_card":"summary_large_image","twitter_misc":{"Est. reading time":"4 minutes"},"schema":{"@context":"https:\/\/schema.org","@graph":[{"@type":"WebPage","@id":"https:\/\/ufb.be\/en\/beneficiary\/i-s-o-c-e-l-e-asbl-reinsertion-par-apprentissage-professionnel\/","url":"https:\/\/ufb.be\/en\/beneficiary\/i-s-o-c-e-l-e-asbl-reinsertion-par-apprentissage-professionnel\/","name":"I.S.O.C.E.L.E. asbl - (R\u00e9)insertion par apprentissage professionnel - UFB","isPartOf":{"@id":"https:\/\/ufb.be\/en\/#website"},"primaryImageOfPage":{"@id":"https:\/\/ufb.be\/en\/beneficiary\/i-s-o-c-e-l-e-asbl-reinsertion-par-apprentissage-professionnel\/#primaryimage"},"image":{"@id":"https:\/\/ufb.be\/en\/beneficiary\/i-s-o-c-e-l-e-asbl-reinsertion-par-apprentissage-professionnel\/#primaryimage"},"thumbnailUrl":"https:\/\/ufb.be\/wp-content\/uploads\/2022\/10\/476029149_941810308080093_6554098452080862506_n.jpg","datePublished":"2022-10-25T14:00:10+00:00","dateModified":"2025-05-12T11:48:18+00:00","breadcrumb":{"@id":"https:\/\/ufb.be\/en\/beneficiary\/i-s-o-c-e-l-e-asbl-reinsertion-par-apprentissage-professionnel\/#breadcrumb"},"inLanguage":"en-US","potentialAction":[{"@type":"ReadAction","target":["https:\/\/ufb.be\/en\/beneficiary\/i-s-o-c-e-l-e-asbl-reinsertion-par-apprentissage-professionnel\/"]}]},{"@type":"ImageObject","inLanguage":"en-US","@id":"https:\/\/ufb.be\/en\/beneficiary\/i-s-o-c-e-l-e-asbl-reinsertion-par-apprentissage-professionnel\/#primaryimage","url":"https:\/\/ufb.be\/wp-content\/uploads\/2022\/10\/476029149_941810308080093_6554098452080862506_n.jpg","contentUrl":"https:\/\/ufb.be\/wp-content\/uploads\/2022\/10\/476029149_941810308080093_6554098452080862506_n.jpg","width":990,"height":273},{"@type":"BreadcrumbList","@id":"https:\/\/ufb.be\/en\/beneficiary\/i-s-o-c-e-l-e-asbl-reinsertion-par-apprentissage-professionnel\/#breadcrumb","itemListElement":[{"@type":"ListItem","position":1,"name":"Accueil","item":"https:\/\/ufb.be\/en\/"},{"@type":"ListItem","position":2,"name":"Beneficiaries","item":"https:\/\/ufb.be\/en\/beneficiary\/"},{"@type":"ListItem","position":3,"name":"I.S.O.C.E.L.E. asbl &#8211; (R\u00e9)insertion par apprentissage professionnel"}]},{"@type":"WebSite","@id":"https:\/\/ufb.be\/en\/#website","url":"https:\/\/ufb.be\/en\/","name":"United Fund for Belgium","description":"Combattons l\u2019exclusion pour plus d\u2019int\u00e9gration sociale","publisher":{"@id":"https:\/\/ufb.be\/en\/#organization"},"alternateName":"UFB","potentialAction":[{"@type":"SearchAction","target":{"@type":"EntryPoint","urlTemplate":"https:\/\/ufb.be\/en\/?s={search_term_string}"},"query-input":{"@type":"PropertyValueSpecification","valueRequired":true,"valueName":"search_term_string"}}],"inLanguage":"en-US"},{"@type":"Organization","@id":"https:\/\/ufb.be\/en\/#organization","name":"United Fund for Belgium","alternateName":"UFB","url":"https:\/\/ufb.be\/en\/","logo":{"@type":"ImageObject","inLanguage":"en-US","@id":"https:\/\/ufb.be\/en\/#\/schema\/logo\/image\/","url":"https:\/\/ufb.be\/wp-content\/uploads\/2025\/07\/Logo-UFB-RS.png","contentUrl":"https:\/\/ufb.be\/wp-content\/uploads\/2025\/07\/Logo-UFB-RS.png","width":200,"height":200,"caption":"United Fund for Belgium"},"image":{"@id":"https:\/\/ufb.be\/en\/#\/schema\/logo\/image\/"}}]}},"_links":{"self":[{"href":"https:\/\/ufb.be\/en\/wp-json\/wp\/v2\/beneficiary\/33866","targetHints":{"allow":["GET"]}}],"collection":[{"href":"https:\/\/ufb.be\/en\/wp-json\/wp\/v2\/beneficiary"}],"about":[{"href":"https:\/\/ufb.be\/en\/wp-json\/wp\/v2\/types\/beneficiary"}],"wp:featuredmedia":[{"embeddable":true,"href":"https:\/\/ufb.be\/en\/wp-json\/wp\/v2\/media\/53645"}],"wp:attachment":[{"href":"https:\/\/ufb.be\/en\/wp-json\/wp\/v2\/media?parent=33866"}],"curies":[{"name":"wp","href":"https:\/\/api.w.org\/{rel}","templated":true}]}}