{"id":34040,"date":"2022-10-31T14:24:50","date_gmt":"2022-10-31T14:24:50","guid":{"rendered":"https:\/\/ufb.be\/?post_type=beneficiary&#038;p=34040"},"modified":"2025-03-26T15:41:33","modified_gmt":"2025-03-26T14:41:33","slug":"accueil-mosan-asbl-accompagnement-et-hebergement-dadultes-en-situation-dhandicap-mental","status":"publish","type":"beneficiary","link":"https:\/\/ufb.be\/en\/beneficiary\/accueil-mosan-asbl-accompagnement-et-hebergement-dadultes-en-situation-dhandicap-mental\/","title":{"rendered":"Accueil Mosan asbl &#8211; Accompagnement et h\u00e9bergement d&#8217;adultes en situation d&#8217;handicap mental"},"content":{"rendered":"<p>PR\u00c9SENTEZ L&#8217;ORGANISATION EN QUELQUES LIGNES<\/p>\n<p>L\u2019Accueil Mosan asbl est un acteur cl\u00e9 depuis 1991 en mati\u00e8re d\u2019accompagnement et d\u2019h\u00e9bergement de personnes en situation de handicap \u00e0\u00a0 Namur. Cette asbl se d\u00e9ploie sur plusieurs implantations dans le namurois. Nos missions visent \u00e0 assurer \u00e0 nos b\u00e9n\u00e9ficiaires un bien-\u00eatre, un \u00e9panouissement optimal, stimuler leurs comp\u00e9tences et d\u00e9velopper des apprentissages tout en favorisant leur int\u00e9gration dans l\u2019environnement proche. Nous \u0153uvrons \u00e9galement \u00e0 une plus grande inclusion du \u2018handicap\u2019 dans la soci\u00e9t\u00e9.<\/p>\n<p><img fetchpriority=\"high\" decoding=\"async\" class=\"alignnone wp-image-34041\" src=\"https:\/\/ufb.be\/wp-content\/uploads\/2022\/10\/20200424_130535-scaled-1-300x225.jpg\" alt=\"\" width=\"274\" height=\"206\" srcset=\"https:\/\/ufb.be\/wp-content\/uploads\/2022\/10\/20200424_130535-scaled-1-300x225.jpg 300w, https:\/\/ufb.be\/wp-content\/uploads\/2022\/10\/20200424_130535-scaled-1-1024x768.jpg 1024w, https:\/\/ufb.be\/wp-content\/uploads\/2022\/10\/20200424_130535-scaled-1-768x576.jpg 768w, https:\/\/ufb.be\/wp-content\/uploads\/2022\/10\/20200424_130535-scaled-1-1536x1152.jpg 1536w, https:\/\/ufb.be\/wp-content\/uploads\/2022\/10\/20200424_130535-scaled-1-2048x1536.jpg 2048w, https:\/\/ufb.be\/wp-content\/uploads\/2022\/10\/20200424_130535-scaled-1-600x450.jpg 600w\" sizes=\"(max-width: 274px) 100vw, 274px\" \/>\u00a0 \u00a0 \u00a0 \u00a0 \u00a0 \u00a0 \u00a0 \u00a0 \u00a0 \u00a0 \u00a0 \u00a0 \u00a0 \u00a0 \u00a0 \u00a0 \u00a0 \u00a0 \u00a0 \u00a0 <img decoding=\"async\" class=\"alignnone wp-image-34047\" src=\"https:\/\/ufb.be\/wp-content\/uploads\/2022\/10\/IMG-20211229-WA0170-300x225.jpg\" alt=\"\" width=\"276\" height=\"207\" srcset=\"https:\/\/ufb.be\/wp-content\/uploads\/2022\/10\/IMG-20211229-WA0170-300x225.jpg 300w, https:\/\/ufb.be\/wp-content\/uploads\/2022\/10\/IMG-20211229-WA0170-1024x768.jpg 1024w, https:\/\/ufb.be\/wp-content\/uploads\/2022\/10\/IMG-20211229-WA0170-768x576.jpg 768w, https:\/\/ufb.be\/wp-content\/uploads\/2022\/10\/IMG-20211229-WA0170-1536x1152.jpg 1536w, https:\/\/ufb.be\/wp-content\/uploads\/2022\/10\/IMG-20211229-WA0170-600x450.jpg 600w, https:\/\/ufb.be\/wp-content\/uploads\/2022\/10\/IMG-20211229-WA0170.jpg 2048w\" sizes=\"(max-width: 276px) 100vw, 276px\" \/><\/p>\n<p>LES \u00c9V\u00c8NEMENTS MARQUANTS DE L&#8217;ORGANISATION<img decoding=\"async\" class=\" wp-image-34044 alignright\" src=\"https:\/\/ufb.be\/wp-content\/uploads\/2022\/10\/20211230_143744-scaled-1-300x300.jpg\" alt=\"\" width=\"242\" height=\"242\" srcset=\"https:\/\/ufb.be\/wp-content\/uploads\/2022\/10\/20211230_143744-scaled-1-300x300.jpg 300w, https:\/\/ufb.be\/wp-content\/uploads\/2022\/10\/20211230_143744-scaled-1-1024x1024.jpg 1024w, https:\/\/ufb.be\/wp-content\/uploads\/2022\/10\/20211230_143744-scaled-1-150x150.jpg 150w, https:\/\/ufb.be\/wp-content\/uploads\/2022\/10\/20211230_143744-scaled-1-768x768.jpg 768w, https:\/\/ufb.be\/wp-content\/uploads\/2022\/10\/20211230_143744-scaled-1-1536x1536.jpg 1536w, https:\/\/ufb.be\/wp-content\/uploads\/2022\/10\/20211230_143744-scaled-1-2048x2048.jpg 2048w, https:\/\/ufb.be\/wp-content\/uploads\/2022\/10\/20211230_143744-scaled-1-500x500.jpg 500w, https:\/\/ufb.be\/wp-content\/uploads\/2022\/10\/20211230_143744-scaled-1-600x600.jpg 600w, https:\/\/ufb.be\/wp-content\/uploads\/2022\/10\/20211230_143744-scaled-1-100x100.jpg 100w\" sizes=\"(max-width: 242px) 100vw, 242px\" \/><\/p>\n<p>Tout a commenc\u00e9 en 1963 par l&#8217;ouverture d&#8217;un entreprise de travail adapt\u00e9 et depuis l&#8217;asbl n&#8217;a cess\u00e9 d&#8217;adapter ses missions aux demandes et besoins de son public.<\/p>\n<p>En 1981, cr\u00e9ation d&#8217;un service d&#8217;accompagnement pour apporter de l&#8217;aide \u00e0 domicile et aider \u00e0 la vie en logement autonome En 1983 puis 1985, ouverture de deux maisons d&#8217;h\u00e9bergement proposant un encadrement 24h\/24 pouvant accueillir 22 r\u00e9sidents En 2010, augmentation de la capacit\u00e9 d&#8217;accueil en r\u00e9sidentiel de 10 places lors de la r\u00e9novation d&#8217;une maison d&#8217;h\u00e9bergement En 2019, ouverture d&#8217;un appartement communautaire pour 5 personnes lors de la r\u00e9novation de l&#8217;autre maison d&#8217;h\u00e9bergement<\/p>\n<p><img loading=\"lazy\" decoding=\"async\" class=\"alignnone wp-image-34050\" src=\"https:\/\/ufb.be\/wp-content\/uploads\/2022\/10\/cuisine-haut-2-1-scaled-1-300x225.jpg\" alt=\"\" width=\"265\" height=\"199\" srcset=\"https:\/\/ufb.be\/wp-content\/uploads\/2022\/10\/cuisine-haut-2-1-scaled-1-300x225.jpg 300w, https:\/\/ufb.be\/wp-content\/uploads\/2022\/10\/cuisine-haut-2-1-scaled-1-1024x768.jpg 1024w, https:\/\/ufb.be\/wp-content\/uploads\/2022\/10\/cuisine-haut-2-1-scaled-1-768x576.jpg 768w, https:\/\/ufb.be\/wp-content\/uploads\/2022\/10\/cuisine-haut-2-1-scaled-1-1536x1152.jpg 1536w, https:\/\/ufb.be\/wp-content\/uploads\/2022\/10\/cuisine-haut-2-1-scaled-1-2048x1536.jpg 2048w, https:\/\/ufb.be\/wp-content\/uploads\/2022\/10\/cuisine-haut-2-1-scaled-1-600x450.jpg 600w\" sizes=\"(max-width: 265px) 100vw, 265px\" \/><\/p>\n<p>LES PROJETS, MISSIONS ET\/OU ACTIVIT\u00c9S LES PLUS IMPORTANTS ET DE LEUR IMPACT<img loading=\"lazy\" decoding=\"async\" class=\" wp-image-34053 alignright\" src=\"https:\/\/ufb.be\/wp-content\/uploads\/2022\/10\/photo-rotary-300x225.jpg\" alt=\"\" width=\"237\" height=\"178\" srcset=\"https:\/\/ufb.be\/wp-content\/uploads\/2022\/10\/photo-rotary-300x225.jpg 300w, https:\/\/ufb.be\/wp-content\/uploads\/2022\/10\/photo-rotary-1024x768.jpg 1024w, https:\/\/ufb.be\/wp-content\/uploads\/2022\/10\/photo-rotary-768x576.jpg 768w, https:\/\/ufb.be\/wp-content\/uploads\/2022\/10\/photo-rotary-1536x1152.jpg 1536w, https:\/\/ufb.be\/wp-content\/uploads\/2022\/10\/photo-rotary-600x450.jpg 600w, https:\/\/ufb.be\/wp-content\/uploads\/2022\/10\/photo-rotary.jpg 1920w\" sizes=\"(max-width: 237px) 100vw, 237px\" \/><\/p>\n<p>Nous proposons une offre d&#8217;accompagnement et d&#8217;h\u00e9bergement compl\u00e9mentaires qui r\u00e9pondent aux projets et s&#8217;adaptent aux rythmes de vie de notre public. Il est possible de cheminer entre ces diff\u00e9rents projets tout au long de la vie. Nous impliquons et soutenons nos b\u00e9n\u00e9ficiaires dans la gestion de leur quotidien, la recherche et l&#8217;ex\u00e9cution d&#8217;activit\u00e9s de valorisation sociales et favorisons leur inclusion dans la soci\u00e9t\u00e9.<\/p>\n<p>&nbsp;<\/p>\n<p>COURT T\u00c9MOIGNAGE EN RAPPORT AVEC L&#8217;ASSOCIATION OU L\u2019UN DES PROJETS OU ACTIVIT\u00c9S<\/p>\n<p><em>&#8220;Je suis contente d&#8217;\u00eatre arriv\u00e9e \u00e0 La Marlagne depuis 1 an. Ma chambre est super grande. <\/em><em>Avec ma s\u0153ur jumelle, nous avons le projet de vivre en appartement.<\/em><\/p>\n<p><em>Elle vit d\u00e9j\u00e0 toute seule avec l&#8217;aide de Ren&#8217;Fort, mais moi je ne suis pas encore pr\u00eate. Je me pr\u00e9pare \u00e0 ma vie toute seule avec l&#8217;aide de l&#8217;\u00e9quipe. Je vis avec 10 autres personnes et on a un \u00e9ducateur tout le temps avec nous. Quand je serai pr\u00eate, je pourrais aussi aller dans un appartement comme ma s\u0153ur. Les \u00e9ducateurs m&#8217;aident \u00e0 apprendre de nouvelle chose.&#8221; <\/em>(Anonym)<\/p>\n<p>&nbsp;<\/p>\n<p>Site web: <a href=\"https:\/\/www.accueilmosan.be\/\">Accueil Mosan asbl<\/a><\/p>\n<p>Pour plus d\u2019informations, veuillez contacter notre Project Manager, S\u00e9verine Laneau\u00a0<a href=\"mailto:slaneau@ufb.be\">slaneau@ufb.be<\/a>\u00a0qui pourra r\u00e9pondre \u00e0 votre demande et vous renseigner comment vous pouvez soutenir ce ou un autre projet \u00e0 travers UFB.<\/p>\n","protected":false},"featured_media":53637,"parent":0,"template":"","meta":{"_acf_changed":false},"class_list":["post-34040","beneficiary","type-beneficiary","status-publish","has-post-thumbnail","hentry","year_type-206","province_type-namur","social_type-personnes-en-situation-de-handicap"],"acf":[],"yoast_head":"<!-- This site is optimized with the Yoast SEO plugin v27.3 - https:\/\/yoast.com\/product\/yoast-seo-wordpress\/ -->\n<title>Accueil Mosan asbl - Accompagnement et h\u00e9bergement d&#039;adultes en situation d&#039;handicap mental - UFB<\/title>\n<meta name=\"robots\" content=\"index, follow, max-snippet:-1, max-image-preview:large, max-video-preview:-1\" \/>\n<link rel=\"canonical\" href=\"https:\/\/ufb.be\/en\/beneficiary\/accueil-mosan-asbl-accompagnement-et-hebergement-dadultes-en-situation-dhandicap-mental\/\" \/>\n<meta property=\"og:locale\" content=\"en_US\" \/>\n<meta property=\"og:type\" content=\"article\" \/>\n<meta property=\"og:title\" content=\"Accueil Mosan asbl - Accompagnement et h\u00e9bergement d&#039;adultes en situation d&#039;handicap mental - UFB\" \/>\n<meta property=\"og:description\" content=\"PR\u00c9SENTEZ L&#8217;ORGANISATION EN QUELQUES LIGNES L\u2019Accueil Mosan asbl est un acteur cl\u00e9 depuis 1991 en mati\u00e8re d\u2019accompagnement et d\u2019h\u00e9bergement de personnes en situation de handicap \u00e0\u00a0 Namur. Cette asbl se d\u00e9ploie sur plusieurs implantations dans le namurois. Nos missions visent \u00e0 assurer \u00e0 nos b\u00e9n\u00e9ficiaires un bien-\u00eatre, un \u00e9panouissement optimal, stimuler leurs comp\u00e9tences et d\u00e9velopper [&hellip;]\" \/>\n<meta property=\"og:url\" content=\"https:\/\/ufb.be\/en\/beneficiary\/accueil-mosan-asbl-accompagnement-et-hebergement-dadultes-en-situation-dhandicap-mental\/\" \/>\n<meta property=\"og:site_name\" content=\"UFB\" \/>\n<meta property=\"article:modified_time\" content=\"2025-03-26T14:41:33+00:00\" \/>\n<meta property=\"og:image\" content=\"https:\/\/ufb.be\/wp-content\/uploads\/2022\/10\/miteneb93fb241-9508-4e64-a4dc-f23256ce3992-e1705521175712.jpg\" \/>\n\t<meta property=\"og:image:width\" content=\"1078\" \/>\n\t<meta property=\"og:image:height\" content=\"1072\" \/>\n\t<meta property=\"og:image:type\" content=\"image\/jpeg\" \/>\n<meta name=\"twitter:card\" content=\"summary_large_image\" \/>\n<meta name=\"twitter:label1\" content=\"Est. reading time\" \/>\n\t<meta name=\"twitter:data1\" content=\"4 minutes\" \/>\n<script type=\"application\/ld+json\" class=\"yoast-schema-graph\">{\"@context\":\"https:\\\/\\\/schema.org\",\"@graph\":[{\"@type\":\"WebPage\",\"@id\":\"https:\\\/\\\/ufb.be\\\/en\\\/beneficiary\\\/accueil-mosan-asbl-accompagnement-et-hebergement-dadultes-en-situation-dhandicap-mental\\\/\",\"url\":\"https:\\\/\\\/ufb.be\\\/en\\\/beneficiary\\\/accueil-mosan-asbl-accompagnement-et-hebergement-dadultes-en-situation-dhandicap-mental\\\/\",\"name\":\"Accueil Mosan asbl - Accompagnement et h\u00e9bergement d'adultes en situation d'handicap mental - UFB\",\"isPartOf\":{\"@id\":\"https:\\\/\\\/ufb.be\\\/en\\\/#website\"},\"primaryImageOfPage\":{\"@id\":\"https:\\\/\\\/ufb.be\\\/en\\\/beneficiary\\\/accueil-mosan-asbl-accompagnement-et-hebergement-dadultes-en-situation-dhandicap-mental\\\/#primaryimage\"},\"image\":{\"@id\":\"https:\\\/\\\/ufb.be\\\/en\\\/beneficiary\\\/accueil-mosan-asbl-accompagnement-et-hebergement-dadultes-en-situation-dhandicap-mental\\\/#primaryimage\"},\"thumbnailUrl\":\"https:\\\/\\\/ufb.be\\\/wp-content\\\/uploads\\\/2022\\\/10\\\/miteneb93fb241-9508-4e64-a4dc-f23256ce3992-e1705521175712.jpg\",\"datePublished\":\"2022-10-31T14:24:50+00:00\",\"dateModified\":\"2025-03-26T14:41:33+00:00\",\"breadcrumb\":{\"@id\":\"https:\\\/\\\/ufb.be\\\/en\\\/beneficiary\\\/accueil-mosan-asbl-accompagnement-et-hebergement-dadultes-en-situation-dhandicap-mental\\\/#breadcrumb\"},\"inLanguage\":\"en-US\",\"potentialAction\":[{\"@type\":\"ReadAction\",\"target\":[\"https:\\\/\\\/ufb.be\\\/en\\\/beneficiary\\\/accueil-mosan-asbl-accompagnement-et-hebergement-dadultes-en-situation-dhandicap-mental\\\/\"]}]},{\"@type\":\"ImageObject\",\"inLanguage\":\"en-US\",\"@id\":\"https:\\\/\\\/ufb.be\\\/en\\\/beneficiary\\\/accueil-mosan-asbl-accompagnement-et-hebergement-dadultes-en-situation-dhandicap-mental\\\/#primaryimage\",\"url\":\"https:\\\/\\\/ufb.be\\\/wp-content\\\/uploads\\\/2022\\\/10\\\/miteneb93fb241-9508-4e64-a4dc-f23256ce3992-e1705521175712.jpg\",\"contentUrl\":\"https:\\\/\\\/ufb.be\\\/wp-content\\\/uploads\\\/2022\\\/10\\\/miteneb93fb241-9508-4e64-a4dc-f23256ce3992-e1705521175712.jpg\",\"width\":1078,\"height\":1072},{\"@type\":\"BreadcrumbList\",\"@id\":\"https:\\\/\\\/ufb.be\\\/en\\\/beneficiary\\\/accueil-mosan-asbl-accompagnement-et-hebergement-dadultes-en-situation-dhandicap-mental\\\/#breadcrumb\",\"itemListElement\":[{\"@type\":\"ListItem\",\"position\":1,\"name\":\"Accueil\",\"item\":\"https:\\\/\\\/ufb.be\\\/en\\\/\"},{\"@type\":\"ListItem\",\"position\":2,\"name\":\"Beneficiaries\",\"item\":\"https:\\\/\\\/ufb.be\\\/en\\\/beneficiary\\\/\"},{\"@type\":\"ListItem\",\"position\":3,\"name\":\"Accueil Mosan asbl &#8211; Accompagnement et h\u00e9bergement d&rsquo;adultes en situation d&rsquo;handicap mental\"}]},{\"@type\":\"WebSite\",\"@id\":\"https:\\\/\\\/ufb.be\\\/en\\\/#website\",\"url\":\"https:\\\/\\\/ufb.be\\\/en\\\/\",\"name\":\"United Fund for Belgium\",\"description\":\"Combattons l\u2019exclusion pour plus d\u2019int\u00e9gration sociale\",\"publisher\":{\"@id\":\"https:\\\/\\\/ufb.be\\\/en\\\/#organization\"},\"alternateName\":\"UFB\",\"potentialAction\":[{\"@type\":\"SearchAction\",\"target\":{\"@type\":\"EntryPoint\",\"urlTemplate\":\"https:\\\/\\\/ufb.be\\\/en\\\/?s={search_term_string}\"},\"query-input\":{\"@type\":\"PropertyValueSpecification\",\"valueRequired\":true,\"valueName\":\"search_term_string\"}}],\"inLanguage\":\"en-US\"},{\"@type\":\"Organization\",\"@id\":\"https:\\\/\\\/ufb.be\\\/en\\\/#organization\",\"name\":\"United Fund for Belgium\",\"alternateName\":\"UFB\",\"url\":\"https:\\\/\\\/ufb.be\\\/en\\\/\",\"logo\":{\"@type\":\"ImageObject\",\"inLanguage\":\"en-US\",\"@id\":\"https:\\\/\\\/ufb.be\\\/en\\\/#\\\/schema\\\/logo\\\/image\\\/\",\"url\":\"https:\\\/\\\/ufb.be\\\/wp-content\\\/uploads\\\/2025\\\/07\\\/Logo-UFB-RS.png\",\"contentUrl\":\"https:\\\/\\\/ufb.be\\\/wp-content\\\/uploads\\\/2025\\\/07\\\/Logo-UFB-RS.png\",\"width\":200,\"height\":200,\"caption\":\"United Fund for Belgium\"},\"image\":{\"@id\":\"https:\\\/\\\/ufb.be\\\/en\\\/#\\\/schema\\\/logo\\\/image\\\/\"}}]}<\/script>\n<!-- \/ Yoast SEO plugin. -->","yoast_head_json":{"title":"Accueil Mosan asbl - Accompagnement et h\u00e9bergement d'adultes en situation d'handicap mental - UFB","robots":{"index":"index","follow":"follow","max-snippet":"max-snippet:-1","max-image-preview":"max-image-preview:large","max-video-preview":"max-video-preview:-1"},"canonical":"https:\/\/ufb.be\/en\/beneficiary\/accueil-mosan-asbl-accompagnement-et-hebergement-dadultes-en-situation-dhandicap-mental\/","og_locale":"en_US","og_type":"article","og_title":"Accueil Mosan asbl - Accompagnement et h\u00e9bergement d'adultes en situation d'handicap mental - UFB","og_description":"PR\u00c9SENTEZ L&#8217;ORGANISATION EN QUELQUES LIGNES L\u2019Accueil Mosan asbl est un acteur cl\u00e9 depuis 1991 en mati\u00e8re d\u2019accompagnement et d\u2019h\u00e9bergement de personnes en situation de handicap \u00e0\u00a0 Namur. Cette asbl se d\u00e9ploie sur plusieurs implantations dans le namurois. Nos missions visent \u00e0 assurer \u00e0 nos b\u00e9n\u00e9ficiaires un bien-\u00eatre, un \u00e9panouissement optimal, stimuler leurs comp\u00e9tences et d\u00e9velopper [&hellip;]","og_url":"https:\/\/ufb.be\/en\/beneficiary\/accueil-mosan-asbl-accompagnement-et-hebergement-dadultes-en-situation-dhandicap-mental\/","og_site_name":"UFB","article_modified_time":"2025-03-26T14:41:33+00:00","og_image":[{"width":1078,"height":1072,"url":"https:\/\/ufb.be\/wp-content\/uploads\/2022\/10\/miteneb93fb241-9508-4e64-a4dc-f23256ce3992-e1705521175712.jpg","type":"image\/jpeg"}],"twitter_card":"summary_large_image","twitter_misc":{"Est. reading time":"4 minutes"},"schema":{"@context":"https:\/\/schema.org","@graph":[{"@type":"WebPage","@id":"https:\/\/ufb.be\/en\/beneficiary\/accueil-mosan-asbl-accompagnement-et-hebergement-dadultes-en-situation-dhandicap-mental\/","url":"https:\/\/ufb.be\/en\/beneficiary\/accueil-mosan-asbl-accompagnement-et-hebergement-dadultes-en-situation-dhandicap-mental\/","name":"Accueil Mosan asbl - Accompagnement et h\u00e9bergement d'adultes en situation d'handicap mental - UFB","isPartOf":{"@id":"https:\/\/ufb.be\/en\/#website"},"primaryImageOfPage":{"@id":"https:\/\/ufb.be\/en\/beneficiary\/accueil-mosan-asbl-accompagnement-et-hebergement-dadultes-en-situation-dhandicap-mental\/#primaryimage"},"image":{"@id":"https:\/\/ufb.be\/en\/beneficiary\/accueil-mosan-asbl-accompagnement-et-hebergement-dadultes-en-situation-dhandicap-mental\/#primaryimage"},"thumbnailUrl":"https:\/\/ufb.be\/wp-content\/uploads\/2022\/10\/miteneb93fb241-9508-4e64-a4dc-f23256ce3992-e1705521175712.jpg","datePublished":"2022-10-31T14:24:50+00:00","dateModified":"2025-03-26T14:41:33+00:00","breadcrumb":{"@id":"https:\/\/ufb.be\/en\/beneficiary\/accueil-mosan-asbl-accompagnement-et-hebergement-dadultes-en-situation-dhandicap-mental\/#breadcrumb"},"inLanguage":"en-US","potentialAction":[{"@type":"ReadAction","target":["https:\/\/ufb.be\/en\/beneficiary\/accueil-mosan-asbl-accompagnement-et-hebergement-dadultes-en-situation-dhandicap-mental\/"]}]},{"@type":"ImageObject","inLanguage":"en-US","@id":"https:\/\/ufb.be\/en\/beneficiary\/accueil-mosan-asbl-accompagnement-et-hebergement-dadultes-en-situation-dhandicap-mental\/#primaryimage","url":"https:\/\/ufb.be\/wp-content\/uploads\/2022\/10\/miteneb93fb241-9508-4e64-a4dc-f23256ce3992-e1705521175712.jpg","contentUrl":"https:\/\/ufb.be\/wp-content\/uploads\/2022\/10\/miteneb93fb241-9508-4e64-a4dc-f23256ce3992-e1705521175712.jpg","width":1078,"height":1072},{"@type":"BreadcrumbList","@id":"https:\/\/ufb.be\/en\/beneficiary\/accueil-mosan-asbl-accompagnement-et-hebergement-dadultes-en-situation-dhandicap-mental\/#breadcrumb","itemListElement":[{"@type":"ListItem","position":1,"name":"Accueil","item":"https:\/\/ufb.be\/en\/"},{"@type":"ListItem","position":2,"name":"Beneficiaries","item":"https:\/\/ufb.be\/en\/beneficiary\/"},{"@type":"ListItem","position":3,"name":"Accueil Mosan asbl &#8211; Accompagnement et h\u00e9bergement d&rsquo;adultes en situation d&rsquo;handicap mental"}]},{"@type":"WebSite","@id":"https:\/\/ufb.be\/en\/#website","url":"https:\/\/ufb.be\/en\/","name":"United Fund for Belgium","description":"Combattons l\u2019exclusion pour plus d\u2019int\u00e9gration sociale","publisher":{"@id":"https:\/\/ufb.be\/en\/#organization"},"alternateName":"UFB","potentialAction":[{"@type":"SearchAction","target":{"@type":"EntryPoint","urlTemplate":"https:\/\/ufb.be\/en\/?s={search_term_string}"},"query-input":{"@type":"PropertyValueSpecification","valueRequired":true,"valueName":"search_term_string"}}],"inLanguage":"en-US"},{"@type":"Organization","@id":"https:\/\/ufb.be\/en\/#organization","name":"United Fund for Belgium","alternateName":"UFB","url":"https:\/\/ufb.be\/en\/","logo":{"@type":"ImageObject","inLanguage":"en-US","@id":"https:\/\/ufb.be\/en\/#\/schema\/logo\/image\/","url":"https:\/\/ufb.be\/wp-content\/uploads\/2025\/07\/Logo-UFB-RS.png","contentUrl":"https:\/\/ufb.be\/wp-content\/uploads\/2025\/07\/Logo-UFB-RS.png","width":200,"height":200,"caption":"United Fund for Belgium"},"image":{"@id":"https:\/\/ufb.be\/en\/#\/schema\/logo\/image\/"}}]}},"_links":{"self":[{"href":"https:\/\/ufb.be\/en\/wp-json\/wp\/v2\/beneficiary\/34040","targetHints":{"allow":["GET"]}}],"collection":[{"href":"https:\/\/ufb.be\/en\/wp-json\/wp\/v2\/beneficiary"}],"about":[{"href":"https:\/\/ufb.be\/en\/wp-json\/wp\/v2\/types\/beneficiary"}],"wp:featuredmedia":[{"embeddable":true,"href":"https:\/\/ufb.be\/en\/wp-json\/wp\/v2\/media\/53637"}],"wp:attachment":[{"href":"https:\/\/ufb.be\/en\/wp-json\/wp\/v2\/media?parent=34040"}],"curies":[{"name":"wp","href":"https:\/\/api.w.org\/{rel}","templated":true}]}}