{"id":34080,"date":"2022-10-31T17:11:13","date_gmt":"2022-10-31T17:11:13","guid":{"rendered":"https:\/\/ufb.be\/?post_type=beneficiary&#038;p=34080"},"modified":"2025-03-26T15:32:04","modified_gmt":"2025-03-26T14:32:04","slug":"les-sentiers-asbl-hebergement-et-accompagnement-des-enfants-en-difficulte","status":"publish","type":"beneficiary","link":"https:\/\/ufb.be\/en\/beneficiary\/les-sentiers-asbl-hebergement-et-accompagnement-des-enfants-en-difficulte\/","title":{"rendered":"Les sentiers asbl &#8211; H\u00e9bergement et accompagnement des enfants en difficult\u00e9"},"content":{"rendered":"<p>L&#8217;ORGANISATION EN QUELQUES LIGNES<\/p>\n<p>L\u2019a.s.b.l &#8220;Home Edouard Empain&#8221; a \u00e9t\u00e9 constitu\u00e9e le 24 novembre 1966. En 1995 l\u2019asbl change de nom et devient \u00ab Les Sentiers \u00bb.\u00a0 L\u2019asbl \u00ab Les Sentiers \u00bb est agr\u00e9\u00e9e par la F\u00e9d\u00e9ration Wallonie Bruxelles, dans le cadre de l\u2019Aide \u00e0 la jeunesse, pour l\u2019organisation de trois projets dans le cadre de la protection des enfants et adolescents en difficult\u00e9\u00a0 (<a href=\"http:\/\/www.lessentiers.be\">www.lessentiers.be<\/a>). Nous travaillons sous mandat du tribunal de la jeunesse et du service d\u2019aide \u00e0 la jeunesse.<\/p>\n<p><img fetchpriority=\"high\" decoding=\"async\" class=\"alignnone wp-image-34081\" src=\"https:\/\/ufb.be\/wp-content\/uploads\/2022\/10\/photo1-Les-Sentiers-300x225.jpg\" alt=\"\" width=\"261\" height=\"196\" srcset=\"https:\/\/ufb.be\/wp-content\/uploads\/2022\/10\/photo1-Les-Sentiers-300x225.jpg 300w, https:\/\/ufb.be\/wp-content\/uploads\/2022\/10\/photo1-Les-Sentiers-600x451.jpg 600w, https:\/\/ufb.be\/wp-content\/uploads\/2022\/10\/photo1-Les-Sentiers.jpg 679w\" sizes=\"(max-width: 261px) 100vw, 261px\" \/><\/p>\n<p>LES \u00c9V\u00c8NEMENTS MARQUANTS DE L&#8217;ORGANISATION<\/p>\n<ul>\n<li>2013: acquisition d\u2019un immeuble pour notre section La Varappe, pour y installer les logements supervis\u00e9s, destin\u00e9s \u00e0 l\u2019accompagnement \u00e0 l\u2019autonomie des jeunes \u00e0 l\u2019approche de la majorit\u00e9<\/li>\n<li>2014: inauguration d\u2019un \u00ab flat \u00bb annex\u00e9 \u00e0 notre section La Colline, pour permettre aux jeunes une transition entre notre prise en charge et leur d\u00e9part en autonomie \u00e0 la majorit\u00e9<\/li>\n<li>2019: nouvel agr\u00e9ment avec augmentation de nos capacit\u00e9s d\u2019accueil et \u00e9largissement de nos missions<\/li>\n<li>2021: acquisition d\u2019un nouveau b\u00e2timent afin de cr\u00e9er davantage de logements supervis\u00e9s, projet port\u00e9 par notre section de l\u2019Etape<\/li>\n<\/ul>\n<p><img decoding=\"async\" class=\"alignnone size-medium wp-image-34084\" src=\"https:\/\/ufb.be\/wp-content\/uploads\/2022\/10\/photo2-Les-Sentiers-300x146.jpg\" alt=\"\" width=\"300\" height=\"146\" srcset=\"https:\/\/ufb.be\/wp-content\/uploads\/2022\/10\/photo2-Les-Sentiers-300x146.jpg 300w, https:\/\/ufb.be\/wp-content\/uploads\/2022\/10\/photo2-Les-Sentiers-600x292.jpg 600w, https:\/\/ufb.be\/wp-content\/uploads\/2022\/10\/photo2-Les-Sentiers.jpg 652w\" sizes=\"(max-width: 300px) 100vw, 300px\" \/><\/p>\n<p>LES PROJETS, MISSIONS ET\/OU ACTIVIT\u00c9S LES PLUS IMPORTANTS ET DE LEUR IMPACT<img decoding=\"async\" class=\" wp-image-34087 alignright\" src=\"https:\/\/ufb.be\/wp-content\/uploads\/2022\/10\/photo3-Les-Sentiers.jpg-300x222.png\" alt=\"\" width=\"280\" height=\"207\" srcset=\"https:\/\/ufb.be\/wp-content\/uploads\/2022\/10\/photo3-Les-Sentiers.jpg-300x222.png 300w, https:\/\/ufb.be\/wp-content\/uploads\/2022\/10\/photo3-Les-Sentiers.jpg-600x444.png 600w, https:\/\/ufb.be\/wp-content\/uploads\/2022\/10\/photo3-Les-Sentiers.jpg.png 729w\" sizes=\"(max-width: 280px) 100vw, 280px\" \/><\/p>\n<p>L\u2019asbl \u00ab Les Sentiers \u00bb regroupe trois sections. Les Sentiers de l\u2019Etape accueillent et h\u00e9bergent 15 adolescents en situation de crise familiale. Un travail de m\u00e9diation familiale hebdomadaire avec les parents est effectu\u00e9. Les Sentiers de la Colline accueillent et h\u00e9bergent, sur le long terme, 15 enfants en situation de grandes difficult\u00e9s familiales. Les Sentiers de la Varappe est un service d\u2019accompagnement pour 13 situations, avec deux missions : l\u2019accompagnement \u00e0 l\u2019autonomie en logement supervis\u00e9 et l\u2019intervention en famille pour enfants et jeunes de 0 \u00e0 18 ans.<\/p>\n<p>&nbsp;<\/p>\n<p>COURT T\u00c9MOIGNAGE EN RAPPORT AVEC L&#8217;ASSOCIATION OU L\u2019UN DES PROJETS OU ACTIVIT\u00c9S<\/p>\n<p><em>\u00ab Il para\u00eet que l\u2019ambiance en bas est assez \u00e9lectrique\u2026 Je descends donc pour prendre la temp\u00e9rature\u2026 Haroun fait la vaisselle. Il a en effet l\u2019air tr\u00e8s tendu. Son visage est agressif et il marmonne entre ses dents\u2026 Je m\u2019avance vers lui en lui disant : \u00ab Mais qu\u2019est-ce qui se passe ? On dirait que tu es pr\u00eat \u00e0 sauter sur quelqu\u2019un\u2026 \u00bb. Puis, une intuition me fait rajouter\u2026 \u00ab \u00e0 moins que tu ne fasses des efforts pour te retenir de pleurer\u2026 \u00bb Et l\u00e0, effectivement, Haroun se laisse aller \u00e0 verser quelques larmes et \u00e0 partager sa d\u00e9tresse\u2026 \u00bb<\/em><\/p>\n<p>&nbsp;<\/p>\n<p>Site web: <a href=\"http:\/\/www.lessentiers.be\/\">Les Sentiers asbl<\/a><\/p>\n<p>Pour plus d\u2019informations, veuillez contacter notre Project Manager, S\u00e9verine Laneau\u00a0<a href=\"mailto:slaneau@ufb.be\">slaneau@ufb.be<\/a>\u00a0qui pourra r\u00e9pondre \u00e0 votre demande et vous renseigner comment vous pouvez soutenir ce ou un autre projet \u00e0 travers UFB.<\/p>\n","protected":false},"featured_media":53596,"parent":0,"template":"","meta":{"_acf_changed":false},"class_list":["post-34080","beneficiary","type-beneficiary","status-publish","has-post-thumbnail","hentry","province_type-brussels","social_type-bien-etre-des-enfants"],"acf":[],"yoast_head":"<!-- This site is optimized with the Yoast SEO plugin v27.3 - https:\/\/yoast.com\/product\/yoast-seo-wordpress\/ -->\n<title>Les sentiers asbl - H\u00e9bergement et accompagnement des enfants en difficult\u00e9 - UFB<\/title>\n<meta name=\"robots\" content=\"index, follow, max-snippet:-1, max-image-preview:large, max-video-preview:-1\" \/>\n<link rel=\"canonical\" href=\"https:\/\/ufb.be\/en\/beneficiary\/les-sentiers-asbl-hebergement-et-accompagnement-des-enfants-en-difficulte\/\" \/>\n<meta property=\"og:locale\" content=\"en_US\" \/>\n<meta property=\"og:type\" content=\"article\" \/>\n<meta property=\"og:title\" content=\"Les sentiers asbl - H\u00e9bergement et accompagnement des enfants en difficult\u00e9 - UFB\" \/>\n<meta property=\"og:description\" content=\"L&#8217;ORGANISATION EN QUELQUES LIGNES L\u2019a.s.b.l &#8220;Home Edouard Empain&#8221; a \u00e9t\u00e9 constitu\u00e9e le 24 novembre 1966. En 1995 l\u2019asbl change de nom et devient \u00ab Les Sentiers \u00bb.\u00a0 L\u2019asbl \u00ab Les Sentiers \u00bb est agr\u00e9\u00e9e par la F\u00e9d\u00e9ration Wallonie Bruxelles, dans le cadre de l\u2019Aide \u00e0 la jeunesse, pour l\u2019organisation de trois projets dans le cadre [&hellip;]\" \/>\n<meta property=\"og:url\" content=\"https:\/\/ufb.be\/en\/beneficiary\/les-sentiers-asbl-hebergement-et-accompagnement-des-enfants-en-difficulte\/\" \/>\n<meta property=\"og:site_name\" content=\"UFB\" \/>\n<meta property=\"article:modified_time\" content=\"2025-03-26T14:32:04+00:00\" \/>\n<meta property=\"og:image\" content=\"https:\/\/ufb.be\/wp-content\/uploads\/2022\/10\/Capture-decran-2025-03-26-153039.png\" \/>\n\t<meta property=\"og:image:width\" content=\"873\" \/>\n\t<meta property=\"og:image:height\" content=\"565\" \/>\n\t<meta property=\"og:image:type\" content=\"image\/png\" \/>\n<meta name=\"twitter:card\" content=\"summary_large_image\" \/>\n<meta name=\"twitter:label1\" content=\"Est. reading time\" \/>\n\t<meta name=\"twitter:data1\" content=\"3 minutes\" \/>\n<script type=\"application\/ld+json\" class=\"yoast-schema-graph\">{\"@context\":\"https:\\\/\\\/schema.org\",\"@graph\":[{\"@type\":\"WebPage\",\"@id\":\"https:\\\/\\\/ufb.be\\\/en\\\/beneficiary\\\/les-sentiers-asbl-hebergement-et-accompagnement-des-enfants-en-difficulte\\\/\",\"url\":\"https:\\\/\\\/ufb.be\\\/en\\\/beneficiary\\\/les-sentiers-asbl-hebergement-et-accompagnement-des-enfants-en-difficulte\\\/\",\"name\":\"Les sentiers asbl - H\u00e9bergement et accompagnement des enfants en difficult\u00e9 - UFB\",\"isPartOf\":{\"@id\":\"https:\\\/\\\/ufb.be\\\/en\\\/#website\"},\"primaryImageOfPage\":{\"@id\":\"https:\\\/\\\/ufb.be\\\/en\\\/beneficiary\\\/les-sentiers-asbl-hebergement-et-accompagnement-des-enfants-en-difficulte\\\/#primaryimage\"},\"image\":{\"@id\":\"https:\\\/\\\/ufb.be\\\/en\\\/beneficiary\\\/les-sentiers-asbl-hebergement-et-accompagnement-des-enfants-en-difficulte\\\/#primaryimage\"},\"thumbnailUrl\":\"https:\\\/\\\/ufb.be\\\/wp-content\\\/uploads\\\/2022\\\/10\\\/Capture-decran-2025-03-26-153039.png\",\"datePublished\":\"2022-10-31T17:11:13+00:00\",\"dateModified\":\"2025-03-26T14:32:04+00:00\",\"breadcrumb\":{\"@id\":\"https:\\\/\\\/ufb.be\\\/en\\\/beneficiary\\\/les-sentiers-asbl-hebergement-et-accompagnement-des-enfants-en-difficulte\\\/#breadcrumb\"},\"inLanguage\":\"en-US\",\"potentialAction\":[{\"@type\":\"ReadAction\",\"target\":[\"https:\\\/\\\/ufb.be\\\/en\\\/beneficiary\\\/les-sentiers-asbl-hebergement-et-accompagnement-des-enfants-en-difficulte\\\/\"]}]},{\"@type\":\"ImageObject\",\"inLanguage\":\"en-US\",\"@id\":\"https:\\\/\\\/ufb.be\\\/en\\\/beneficiary\\\/les-sentiers-asbl-hebergement-et-accompagnement-des-enfants-en-difficulte\\\/#primaryimage\",\"url\":\"https:\\\/\\\/ufb.be\\\/wp-content\\\/uploads\\\/2022\\\/10\\\/Capture-decran-2025-03-26-153039.png\",\"contentUrl\":\"https:\\\/\\\/ufb.be\\\/wp-content\\\/uploads\\\/2022\\\/10\\\/Capture-decran-2025-03-26-153039.png\",\"width\":873,\"height\":565},{\"@type\":\"BreadcrumbList\",\"@id\":\"https:\\\/\\\/ufb.be\\\/en\\\/beneficiary\\\/les-sentiers-asbl-hebergement-et-accompagnement-des-enfants-en-difficulte\\\/#breadcrumb\",\"itemListElement\":[{\"@type\":\"ListItem\",\"position\":1,\"name\":\"Accueil\",\"item\":\"https:\\\/\\\/ufb.be\\\/en\\\/\"},{\"@type\":\"ListItem\",\"position\":2,\"name\":\"Beneficiaries\",\"item\":\"https:\\\/\\\/ufb.be\\\/en\\\/beneficiary\\\/\"},{\"@type\":\"ListItem\",\"position\":3,\"name\":\"Les sentiers asbl &#8211; H\u00e9bergement et accompagnement des enfants en difficult\u00e9\"}]},{\"@type\":\"WebSite\",\"@id\":\"https:\\\/\\\/ufb.be\\\/en\\\/#website\",\"url\":\"https:\\\/\\\/ufb.be\\\/en\\\/\",\"name\":\"United Fund for Belgium\",\"description\":\"Combattons l\u2019exclusion pour plus d\u2019int\u00e9gration sociale\",\"publisher\":{\"@id\":\"https:\\\/\\\/ufb.be\\\/en\\\/#organization\"},\"alternateName\":\"UFB\",\"potentialAction\":[{\"@type\":\"SearchAction\",\"target\":{\"@type\":\"EntryPoint\",\"urlTemplate\":\"https:\\\/\\\/ufb.be\\\/en\\\/?s={search_term_string}\"},\"query-input\":{\"@type\":\"PropertyValueSpecification\",\"valueRequired\":true,\"valueName\":\"search_term_string\"}}],\"inLanguage\":\"en-US\"},{\"@type\":\"Organization\",\"@id\":\"https:\\\/\\\/ufb.be\\\/en\\\/#organization\",\"name\":\"United Fund for Belgium\",\"alternateName\":\"UFB\",\"url\":\"https:\\\/\\\/ufb.be\\\/en\\\/\",\"logo\":{\"@type\":\"ImageObject\",\"inLanguage\":\"en-US\",\"@id\":\"https:\\\/\\\/ufb.be\\\/en\\\/#\\\/schema\\\/logo\\\/image\\\/\",\"url\":\"https:\\\/\\\/ufb.be\\\/wp-content\\\/uploads\\\/2025\\\/07\\\/Logo-UFB-RS.png\",\"contentUrl\":\"https:\\\/\\\/ufb.be\\\/wp-content\\\/uploads\\\/2025\\\/07\\\/Logo-UFB-RS.png\",\"width\":200,\"height\":200,\"caption\":\"United Fund for Belgium\"},\"image\":{\"@id\":\"https:\\\/\\\/ufb.be\\\/en\\\/#\\\/schema\\\/logo\\\/image\\\/\"}}]}<\/script>\n<!-- \/ Yoast SEO plugin. -->","yoast_head_json":{"title":"Les sentiers asbl - H\u00e9bergement et accompagnement des enfants en difficult\u00e9 - UFB","robots":{"index":"index","follow":"follow","max-snippet":"max-snippet:-1","max-image-preview":"max-image-preview:large","max-video-preview":"max-video-preview:-1"},"canonical":"https:\/\/ufb.be\/en\/beneficiary\/les-sentiers-asbl-hebergement-et-accompagnement-des-enfants-en-difficulte\/","og_locale":"en_US","og_type":"article","og_title":"Les sentiers asbl - H\u00e9bergement et accompagnement des enfants en difficult\u00e9 - UFB","og_description":"L&#8217;ORGANISATION EN QUELQUES LIGNES L\u2019a.s.b.l &#8220;Home Edouard Empain&#8221; a \u00e9t\u00e9 constitu\u00e9e le 24 novembre 1966. En 1995 l\u2019asbl change de nom et devient \u00ab Les Sentiers \u00bb.\u00a0 L\u2019asbl \u00ab Les Sentiers \u00bb est agr\u00e9\u00e9e par la F\u00e9d\u00e9ration Wallonie Bruxelles, dans le cadre de l\u2019Aide \u00e0 la jeunesse, pour l\u2019organisation de trois projets dans le cadre [&hellip;]","og_url":"https:\/\/ufb.be\/en\/beneficiary\/les-sentiers-asbl-hebergement-et-accompagnement-des-enfants-en-difficulte\/","og_site_name":"UFB","article_modified_time":"2025-03-26T14:32:04+00:00","og_image":[{"width":873,"height":565,"url":"https:\/\/ufb.be\/wp-content\/uploads\/2022\/10\/Capture-decran-2025-03-26-153039.png","type":"image\/png"}],"twitter_card":"summary_large_image","twitter_misc":{"Est. reading time":"3 minutes"},"schema":{"@context":"https:\/\/schema.org","@graph":[{"@type":"WebPage","@id":"https:\/\/ufb.be\/en\/beneficiary\/les-sentiers-asbl-hebergement-et-accompagnement-des-enfants-en-difficulte\/","url":"https:\/\/ufb.be\/en\/beneficiary\/les-sentiers-asbl-hebergement-et-accompagnement-des-enfants-en-difficulte\/","name":"Les sentiers asbl - H\u00e9bergement et accompagnement des enfants en difficult\u00e9 - UFB","isPartOf":{"@id":"https:\/\/ufb.be\/en\/#website"},"primaryImageOfPage":{"@id":"https:\/\/ufb.be\/en\/beneficiary\/les-sentiers-asbl-hebergement-et-accompagnement-des-enfants-en-difficulte\/#primaryimage"},"image":{"@id":"https:\/\/ufb.be\/en\/beneficiary\/les-sentiers-asbl-hebergement-et-accompagnement-des-enfants-en-difficulte\/#primaryimage"},"thumbnailUrl":"https:\/\/ufb.be\/wp-content\/uploads\/2022\/10\/Capture-decran-2025-03-26-153039.png","datePublished":"2022-10-31T17:11:13+00:00","dateModified":"2025-03-26T14:32:04+00:00","breadcrumb":{"@id":"https:\/\/ufb.be\/en\/beneficiary\/les-sentiers-asbl-hebergement-et-accompagnement-des-enfants-en-difficulte\/#breadcrumb"},"inLanguage":"en-US","potentialAction":[{"@type":"ReadAction","target":["https:\/\/ufb.be\/en\/beneficiary\/les-sentiers-asbl-hebergement-et-accompagnement-des-enfants-en-difficulte\/"]}]},{"@type":"ImageObject","inLanguage":"en-US","@id":"https:\/\/ufb.be\/en\/beneficiary\/les-sentiers-asbl-hebergement-et-accompagnement-des-enfants-en-difficulte\/#primaryimage","url":"https:\/\/ufb.be\/wp-content\/uploads\/2022\/10\/Capture-decran-2025-03-26-153039.png","contentUrl":"https:\/\/ufb.be\/wp-content\/uploads\/2022\/10\/Capture-decran-2025-03-26-153039.png","width":873,"height":565},{"@type":"BreadcrumbList","@id":"https:\/\/ufb.be\/en\/beneficiary\/les-sentiers-asbl-hebergement-et-accompagnement-des-enfants-en-difficulte\/#breadcrumb","itemListElement":[{"@type":"ListItem","position":1,"name":"Accueil","item":"https:\/\/ufb.be\/en\/"},{"@type":"ListItem","position":2,"name":"Beneficiaries","item":"https:\/\/ufb.be\/en\/beneficiary\/"},{"@type":"ListItem","position":3,"name":"Les sentiers asbl &#8211; H\u00e9bergement et accompagnement des enfants en difficult\u00e9"}]},{"@type":"WebSite","@id":"https:\/\/ufb.be\/en\/#website","url":"https:\/\/ufb.be\/en\/","name":"United Fund for Belgium","description":"Combattons l\u2019exclusion pour plus d\u2019int\u00e9gration sociale","publisher":{"@id":"https:\/\/ufb.be\/en\/#organization"},"alternateName":"UFB","potentialAction":[{"@type":"SearchAction","target":{"@type":"EntryPoint","urlTemplate":"https:\/\/ufb.be\/en\/?s={search_term_string}"},"query-input":{"@type":"PropertyValueSpecification","valueRequired":true,"valueName":"search_term_string"}}],"inLanguage":"en-US"},{"@type":"Organization","@id":"https:\/\/ufb.be\/en\/#organization","name":"United Fund for Belgium","alternateName":"UFB","url":"https:\/\/ufb.be\/en\/","logo":{"@type":"ImageObject","inLanguage":"en-US","@id":"https:\/\/ufb.be\/en\/#\/schema\/logo\/image\/","url":"https:\/\/ufb.be\/wp-content\/uploads\/2025\/07\/Logo-UFB-RS.png","contentUrl":"https:\/\/ufb.be\/wp-content\/uploads\/2025\/07\/Logo-UFB-RS.png","width":200,"height":200,"caption":"United Fund for Belgium"},"image":{"@id":"https:\/\/ufb.be\/en\/#\/schema\/logo\/image\/"}}]}},"_links":{"self":[{"href":"https:\/\/ufb.be\/en\/wp-json\/wp\/v2\/beneficiary\/34080","targetHints":{"allow":["GET"]}}],"collection":[{"href":"https:\/\/ufb.be\/en\/wp-json\/wp\/v2\/beneficiary"}],"about":[{"href":"https:\/\/ufb.be\/en\/wp-json\/wp\/v2\/types\/beneficiary"}],"wp:featuredmedia":[{"embeddable":true,"href":"https:\/\/ufb.be\/en\/wp-json\/wp\/v2\/media\/53596"}],"wp:attachment":[{"href":"https:\/\/ufb.be\/en\/wp-json\/wp\/v2\/media?parent=34080"}],"curies":[{"name":"wp","href":"https:\/\/api.w.org\/{rel}","templated":true}]}}