{"id":44947,"date":"2021-08-17T14:37:39","date_gmt":"2021-08-17T14:37:39","guid":{"rendered":"https:\/\/ufb.be\/beneficiary\/de-schakel-vzw-centrum-voor-gehandicapte-mensen\/"},"modified":"2025-03-24T14:54:56","modified_gmt":"2025-03-24T13:54:56","slug":"de-schakel-vzw-centre-pour-les-personnes-en-situation-dhandicap","status":"publish","type":"beneficiary","link":"https:\/\/ufb.be\/en\/beneficiary\/de-schakel-vzw-centre-pour-les-personnes-en-situation-dhandicap\/","title":{"rendered":"De Schakel vzw &#8211; Centre pour les personnes en situation d&#8217;handicap"},"content":{"rendered":"<p><strong>L&#8217;ASSOCIATION EN QUELQUES MOTS :<\/strong><\/p>\n<p>L&#8217;asbl De Schakel assure l&#8217;accueil de jour et de nuit d&#8217;une centaine d&#8217;adultes handicap\u00e9s. Pour ce faire, l&#8217;engagement d&#8217;une centaine de collaborateurs (la plupart \u00e0 temps partiel, mais aussi quelques employ\u00e9s \u00e0 temps plein) est inestimable. Un grand nombre de b\u00e9n\u00e9voles est \u00e9galement indispensable au bon d\u00e9roulement des activit\u00e9s quotidiennes. L&#8217;asbl De Schakel est une organisation qui vise \u00e0 fournir des soins de qualit\u00e9 en r\u00e9ponse aux besoins individuels des personnes handicap\u00e9es mentales et de leurs familles.<\/p>\n<p><strong>\u00c9V\u00c9NEMENTS CL\u00c9S DE L&#8217;ORGANISATION :<\/strong><\/p>\n<p>1979 : Cr\u00e9ation de l&#8217;asbl The Switch<\/p>\n<p>1998 : D\u00e9m\u00e9nagement de l&#8217;ancienne \u00e9cole de gar\u00e7ons vers les nouveaux locaux sur le Schakelveld \u00e0 Balen<\/p>\n<p>2012 : Mise en service du nouveau b\u00e2timent Het Home et d\u00e9marrage de Clavier (initialement soins de crise, puis groupe \u00e0 part enti\u00e8re)<\/p>\n<p>2019 : D\u00e9but de la participation (via Tauzorg) au projet The Carnations \u00e0 Balen<\/p>\n<p>2020 : S\u00e9paration de Clavier avec l&#8217;\u00e9tablissement de De Pioen (\u00e0 De Anjers). D\u00e9but de la construction du nouveau b\u00e2timent Clavier et des studios annexes De Spil.<\/p>\n<p>&nbsp;<\/p>\n<p><strong>GRANDS PROJETS, MISSIONS, ACTIVIT\u00c9S :<\/strong><\/p>\n<p>Notre projet le plus important est le fonctionnement quotidien de De Schakel. Offrir plus que des soins de base \u00e0 un groupe cible dont les besoins en mati\u00e8re de soins sont tr\u00e8s diversifi\u00e9s reste un d\u00e9fi. Et ce d\u00e9fi devient de plus en plus grand en raison de la pand\u00e9mie qui s\u00e9vit. En outre, notre exp\u00e9rience en mati\u00e8re de jardinage et un vaste projet de mobilit\u00e9 avec des tandems, des gocarts, des v\u00e9los, des v\u00e9los duo, des v\u00e9los pour fauteuils roulants, des v\u00e9los d&#8217;exercice avec moniteur, etc., \u00e0 assistance \u00e9lectrique ou non, restent quelques-uns de nos grands atouts.<\/p>\n<p>&nbsp;<\/p>\n<p><strong>BREF T\u00c9MOIGNAGE :<\/strong><\/p>\n<p>Puisque notre installation est co-soutenue par le gouvernement, nous supposons que nous nous sommes engag\u00e9s sur la bonne voie et que nous continuons \u00e0 le faire. Non seulement le niveau de participation \u00e0 nos activit\u00e9s lucratives est \u00e9lev\u00e9, mais nous obtenons \u00e9galement des r\u00e9sultats plus que corrects en termes de b\u00e9n\u00e9volat. Une organisation \u00e0 but non lucratif dirig\u00e9e par un conseil d&#8217;administration motiv\u00e9, assist\u00e9 d&#8217;un groupe de parents, d&#8217;un conseil d&#8217;utilisateurs, de la direction et d&#8217;un cercle d&#8217;amis, ne peut que donner de bons r\u00e9sultats&#8230;<\/p>\n","protected":false},"featured_media":17741,"parent":0,"template":"","meta":{"_acf_changed":false},"class_list":["post-44947","beneficiary","type-beneficiary","status-publish","has-post-thumbnail","hentry","year_type-202","province_type-antwerpen-2","social_type-personnes-en-situation-de-handicap"],"acf":[],"yoast_head":"<!-- This site is optimized with the Yoast SEO plugin v27.3 - https:\/\/yoast.com\/product\/yoast-seo-wordpress\/ -->\n<title>De Schakel vzw - Centre pour les personnes en situation d&#039;handicap - UFB<\/title>\n<meta name=\"robots\" content=\"index, follow, max-snippet:-1, max-image-preview:large, max-video-preview:-1\" \/>\n<link rel=\"canonical\" href=\"https:\/\/ufb.be\/en\/beneficiary\/de-schakel-vzw-centre-pour-les-personnes-en-situation-dhandicap\/\" \/>\n<meta property=\"og:locale\" content=\"en_US\" \/>\n<meta property=\"og:type\" content=\"article\" \/>\n<meta property=\"og:title\" content=\"De Schakel vzw - Centre pour les personnes en situation d&#039;handicap - UFB\" \/>\n<meta property=\"og:description\" content=\"L&#8217;ASSOCIATION EN QUELQUES MOTS : L&#8217;asbl De Schakel assure l&#8217;accueil de jour et de nuit d&#8217;une centaine d&#8217;adultes handicap\u00e9s. Pour ce faire, l&#8217;engagement d&#8217;une centaine de collaborateurs (la plupart \u00e0 temps partiel, mais aussi quelques employ\u00e9s \u00e0 temps plein) est inestimable. Un grand nombre de b\u00e9n\u00e9voles est \u00e9galement indispensable au bon d\u00e9roulement des activit\u00e9s quotidiennes. [&hellip;]\" \/>\n<meta property=\"og:url\" content=\"https:\/\/ufb.be\/en\/beneficiary\/de-schakel-vzw-centre-pour-les-personnes-en-situation-dhandicap\/\" \/>\n<meta property=\"og:site_name\" content=\"UFB\" \/>\n<meta property=\"article:modified_time\" content=\"2025-03-24T13:54:56+00:00\" \/>\n<meta property=\"og:image\" content=\"https:\/\/ufb.be\/wp-content\/uploads\/2021\/08\/logo_de-schakel.png\" \/>\n\t<meta property=\"og:image:width\" content=\"1640\" \/>\n\t<meta property=\"og:image:height\" content=\"924\" \/>\n\t<meta property=\"og:image:type\" content=\"image\/png\" \/>\n<meta name=\"twitter:card\" content=\"summary_large_image\" \/>\n<meta name=\"twitter:label1\" content=\"Est. reading time\" \/>\n\t<meta name=\"twitter:data1\" content=\"3 minutes\" \/>\n<script type=\"application\/ld+json\" class=\"yoast-schema-graph\">{\"@context\":\"https:\\\/\\\/schema.org\",\"@graph\":[{\"@type\":\"WebPage\",\"@id\":\"https:\\\/\\\/ufb.be\\\/en\\\/beneficiary\\\/de-schakel-vzw-centre-pour-les-personnes-en-situation-dhandicap\\\/\",\"url\":\"https:\\\/\\\/ufb.be\\\/en\\\/beneficiary\\\/de-schakel-vzw-centre-pour-les-personnes-en-situation-dhandicap\\\/\",\"name\":\"De Schakel vzw - Centre pour les personnes en situation d'handicap - UFB\",\"isPartOf\":{\"@id\":\"https:\\\/\\\/ufb.be\\\/en\\\/#website\"},\"primaryImageOfPage\":{\"@id\":\"https:\\\/\\\/ufb.be\\\/en\\\/beneficiary\\\/de-schakel-vzw-centre-pour-les-personnes-en-situation-dhandicap\\\/#primaryimage\"},\"image\":{\"@id\":\"https:\\\/\\\/ufb.be\\\/en\\\/beneficiary\\\/de-schakel-vzw-centre-pour-les-personnes-en-situation-dhandicap\\\/#primaryimage\"},\"thumbnailUrl\":\"https:\\\/\\\/ufb.be\\\/wp-content\\\/uploads\\\/2021\\\/08\\\/logo_de-schakel.png\",\"datePublished\":\"2021-08-17T14:37:39+00:00\",\"dateModified\":\"2025-03-24T13:54:56+00:00\",\"breadcrumb\":{\"@id\":\"https:\\\/\\\/ufb.be\\\/en\\\/beneficiary\\\/de-schakel-vzw-centre-pour-les-personnes-en-situation-dhandicap\\\/#breadcrumb\"},\"inLanguage\":\"en-US\",\"potentialAction\":[{\"@type\":\"ReadAction\",\"target\":[\"https:\\\/\\\/ufb.be\\\/en\\\/beneficiary\\\/de-schakel-vzw-centre-pour-les-personnes-en-situation-dhandicap\\\/\"]}]},{\"@type\":\"ImageObject\",\"inLanguage\":\"en-US\",\"@id\":\"https:\\\/\\\/ufb.be\\\/en\\\/beneficiary\\\/de-schakel-vzw-centre-pour-les-personnes-en-situation-dhandicap\\\/#primaryimage\",\"url\":\"https:\\\/\\\/ufb.be\\\/wp-content\\\/uploads\\\/2021\\\/08\\\/logo_de-schakel.png\",\"contentUrl\":\"https:\\\/\\\/ufb.be\\\/wp-content\\\/uploads\\\/2021\\\/08\\\/logo_de-schakel.png\",\"width\":1640,\"height\":924},{\"@type\":\"BreadcrumbList\",\"@id\":\"https:\\\/\\\/ufb.be\\\/en\\\/beneficiary\\\/de-schakel-vzw-centre-pour-les-personnes-en-situation-dhandicap\\\/#breadcrumb\",\"itemListElement\":[{\"@type\":\"ListItem\",\"position\":1,\"name\":\"Accueil\",\"item\":\"https:\\\/\\\/ufb.be\\\/en\\\/\"},{\"@type\":\"ListItem\",\"position\":2,\"name\":\"Beneficiaries\",\"item\":\"https:\\\/\\\/ufb.be\\\/en\\\/beneficiary\\\/\"},{\"@type\":\"ListItem\",\"position\":3,\"name\":\"De Schakel vzw &#8211; Centre pour les personnes en situation d&rsquo;handicap\"}]},{\"@type\":\"WebSite\",\"@id\":\"https:\\\/\\\/ufb.be\\\/en\\\/#website\",\"url\":\"https:\\\/\\\/ufb.be\\\/en\\\/\",\"name\":\"United Fund for Belgium\",\"description\":\"Combattons l\u2019exclusion pour plus d\u2019int\u00e9gration sociale\",\"publisher\":{\"@id\":\"https:\\\/\\\/ufb.be\\\/en\\\/#organization\"},\"alternateName\":\"UFB\",\"potentialAction\":[{\"@type\":\"SearchAction\",\"target\":{\"@type\":\"EntryPoint\",\"urlTemplate\":\"https:\\\/\\\/ufb.be\\\/en\\\/?s={search_term_string}\"},\"query-input\":{\"@type\":\"PropertyValueSpecification\",\"valueRequired\":true,\"valueName\":\"search_term_string\"}}],\"inLanguage\":\"en-US\"},{\"@type\":\"Organization\",\"@id\":\"https:\\\/\\\/ufb.be\\\/en\\\/#organization\",\"name\":\"United Fund for Belgium\",\"alternateName\":\"UFB\",\"url\":\"https:\\\/\\\/ufb.be\\\/en\\\/\",\"logo\":{\"@type\":\"ImageObject\",\"inLanguage\":\"en-US\",\"@id\":\"https:\\\/\\\/ufb.be\\\/en\\\/#\\\/schema\\\/logo\\\/image\\\/\",\"url\":\"https:\\\/\\\/ufb.be\\\/wp-content\\\/uploads\\\/2025\\\/07\\\/Logo-UFB-RS.png\",\"contentUrl\":\"https:\\\/\\\/ufb.be\\\/wp-content\\\/uploads\\\/2025\\\/07\\\/Logo-UFB-RS.png\",\"width\":200,\"height\":200,\"caption\":\"United Fund for Belgium\"},\"image\":{\"@id\":\"https:\\\/\\\/ufb.be\\\/en\\\/#\\\/schema\\\/logo\\\/image\\\/\"}}]}<\/script>\n<!-- \/ Yoast SEO plugin. -->","yoast_head_json":{"title":"De Schakel vzw - Centre pour les personnes en situation d'handicap - UFB","robots":{"index":"index","follow":"follow","max-snippet":"max-snippet:-1","max-image-preview":"max-image-preview:large","max-video-preview":"max-video-preview:-1"},"canonical":"https:\/\/ufb.be\/en\/beneficiary\/de-schakel-vzw-centre-pour-les-personnes-en-situation-dhandicap\/","og_locale":"en_US","og_type":"article","og_title":"De Schakel vzw - Centre pour les personnes en situation d'handicap - UFB","og_description":"L&#8217;ASSOCIATION EN QUELQUES MOTS : L&#8217;asbl De Schakel assure l&#8217;accueil de jour et de nuit d&#8217;une centaine d&#8217;adultes handicap\u00e9s. Pour ce faire, l&#8217;engagement d&#8217;une centaine de collaborateurs (la plupart \u00e0 temps partiel, mais aussi quelques employ\u00e9s \u00e0 temps plein) est inestimable. Un grand nombre de b\u00e9n\u00e9voles est \u00e9galement indispensable au bon d\u00e9roulement des activit\u00e9s quotidiennes. [&hellip;]","og_url":"https:\/\/ufb.be\/en\/beneficiary\/de-schakel-vzw-centre-pour-les-personnes-en-situation-dhandicap\/","og_site_name":"UFB","article_modified_time":"2025-03-24T13:54:56+00:00","og_image":[{"width":1640,"height":924,"url":"https:\/\/ufb.be\/wp-content\/uploads\/2021\/08\/logo_de-schakel.png","type":"image\/png"}],"twitter_card":"summary_large_image","twitter_misc":{"Est. reading time":"3 minutes"},"schema":{"@context":"https:\/\/schema.org","@graph":[{"@type":"WebPage","@id":"https:\/\/ufb.be\/en\/beneficiary\/de-schakel-vzw-centre-pour-les-personnes-en-situation-dhandicap\/","url":"https:\/\/ufb.be\/en\/beneficiary\/de-schakel-vzw-centre-pour-les-personnes-en-situation-dhandicap\/","name":"De Schakel vzw - Centre pour les personnes en situation d'handicap - UFB","isPartOf":{"@id":"https:\/\/ufb.be\/en\/#website"},"primaryImageOfPage":{"@id":"https:\/\/ufb.be\/en\/beneficiary\/de-schakel-vzw-centre-pour-les-personnes-en-situation-dhandicap\/#primaryimage"},"image":{"@id":"https:\/\/ufb.be\/en\/beneficiary\/de-schakel-vzw-centre-pour-les-personnes-en-situation-dhandicap\/#primaryimage"},"thumbnailUrl":"https:\/\/ufb.be\/wp-content\/uploads\/2021\/08\/logo_de-schakel.png","datePublished":"2021-08-17T14:37:39+00:00","dateModified":"2025-03-24T13:54:56+00:00","breadcrumb":{"@id":"https:\/\/ufb.be\/en\/beneficiary\/de-schakel-vzw-centre-pour-les-personnes-en-situation-dhandicap\/#breadcrumb"},"inLanguage":"en-US","potentialAction":[{"@type":"ReadAction","target":["https:\/\/ufb.be\/en\/beneficiary\/de-schakel-vzw-centre-pour-les-personnes-en-situation-dhandicap\/"]}]},{"@type":"ImageObject","inLanguage":"en-US","@id":"https:\/\/ufb.be\/en\/beneficiary\/de-schakel-vzw-centre-pour-les-personnes-en-situation-dhandicap\/#primaryimage","url":"https:\/\/ufb.be\/wp-content\/uploads\/2021\/08\/logo_de-schakel.png","contentUrl":"https:\/\/ufb.be\/wp-content\/uploads\/2021\/08\/logo_de-schakel.png","width":1640,"height":924},{"@type":"BreadcrumbList","@id":"https:\/\/ufb.be\/en\/beneficiary\/de-schakel-vzw-centre-pour-les-personnes-en-situation-dhandicap\/#breadcrumb","itemListElement":[{"@type":"ListItem","position":1,"name":"Accueil","item":"https:\/\/ufb.be\/en\/"},{"@type":"ListItem","position":2,"name":"Beneficiaries","item":"https:\/\/ufb.be\/en\/beneficiary\/"},{"@type":"ListItem","position":3,"name":"De Schakel vzw &#8211; Centre pour les personnes en situation d&rsquo;handicap"}]},{"@type":"WebSite","@id":"https:\/\/ufb.be\/en\/#website","url":"https:\/\/ufb.be\/en\/","name":"United Fund for Belgium","description":"Combattons l\u2019exclusion pour plus d\u2019int\u00e9gration sociale","publisher":{"@id":"https:\/\/ufb.be\/en\/#organization"},"alternateName":"UFB","potentialAction":[{"@type":"SearchAction","target":{"@type":"EntryPoint","urlTemplate":"https:\/\/ufb.be\/en\/?s={search_term_string}"},"query-input":{"@type":"PropertyValueSpecification","valueRequired":true,"valueName":"search_term_string"}}],"inLanguage":"en-US"},{"@type":"Organization","@id":"https:\/\/ufb.be\/en\/#organization","name":"United Fund for Belgium","alternateName":"UFB","url":"https:\/\/ufb.be\/en\/","logo":{"@type":"ImageObject","inLanguage":"en-US","@id":"https:\/\/ufb.be\/en\/#\/schema\/logo\/image\/","url":"https:\/\/ufb.be\/wp-content\/uploads\/2025\/07\/Logo-UFB-RS.png","contentUrl":"https:\/\/ufb.be\/wp-content\/uploads\/2025\/07\/Logo-UFB-RS.png","width":200,"height":200,"caption":"United Fund for Belgium"},"image":{"@id":"https:\/\/ufb.be\/en\/#\/schema\/logo\/image\/"}}]}},"_links":{"self":[{"href":"https:\/\/ufb.be\/en\/wp-json\/wp\/v2\/beneficiary\/44947","targetHints":{"allow":["GET"]}}],"collection":[{"href":"https:\/\/ufb.be\/en\/wp-json\/wp\/v2\/beneficiary"}],"about":[{"href":"https:\/\/ufb.be\/en\/wp-json\/wp\/v2\/types\/beneficiary"}],"wp:featuredmedia":[{"embeddable":true,"href":"https:\/\/ufb.be\/en\/wp-json\/wp\/v2\/media\/17741"}],"wp:attachment":[{"href":"https:\/\/ufb.be\/en\/wp-json\/wp\/v2\/media?parent=44947"}],"curies":[{"name":"wp","href":"https:\/\/api.w.org\/{rel}","templated":true}]}}