{"id":55221,"date":"2025-07-01T12:56:30","date_gmt":"2025-07-01T11:56:30","guid":{"rendered":"https:\/\/ufb.be\/beneficiary\/new-digital-equipment-for-asbl-dora-dores\/"},"modified":"2025-07-01T12:56:30","modified_gmt":"2025-07-01T11:56:30","slug":"new-digital-equipment-for-asbl-dora-dores","status":"publish","type":"beneficiary","link":"https:\/\/ufb.be\/en\/beneficiary\/new-digital-equipment-for-asbl-dora-dores\/","title":{"rendered":"New digital equipment for ASBL Dora dor\u00ebs"},"content":{"rendered":"<p><span style=\"font-weight: 400;\">THE ASBL<\/span> <i><span style=\"font-weight: 400;\">Dora dor\u00ebs<\/span><\/i><span style=\"font-weight: 400;\"> located in Huy in the province of Li\u00e8ge, helps people who have emigrated to integrate successfully in Belgium.<\/span><\/p>\n<p><span style=\"font-weight: 400;\">Thanks to UFB&#8217;s support, the ASBL has been able to purchase new digital equipment for use in the courses it runs for its beneficiaries.<\/span><\/p>\n<h2><b>Supporting people from the moment they arrive in Belgium  <\/b><\/h2>\n<p> <span style=\"font-weight: 400;\"><img fetchpriority=\"high\" decoding=\"async\" class=\"size-medium wp-image-53884 alignleft\" src=\"https:\/\/ufb.be\/wp-content\/uploads\/2025\/04\/Capture-decran-2025-04-04-142537-300x223.png\" alt=\"\" width=\"300\" height=\"223\" srcset=\"https:\/\/ufb.be\/wp-content\/uploads\/2025\/04\/Capture-decran-2025-04-04-142537-300x223.png 300w, https:\/\/ufb.be\/wp-content\/uploads\/2025\/04\/Capture-decran-2025-04-04-142537.png 607w\" sizes=\"(max-width: 300px) 100vw, 300px\" \/> Created in 2003, the ASBL<\/span> <a href=\"https:\/\/www.dora-dores.be\/missions\"><i><span style=\"font-weight: 400;\">Dora dor\u00ebs<\/span><\/i><\/a><span style=\"font-weight: 400;\"> s mission is to help people who have emigrated to Belgium to integrate socially and professionally. <\/span> <\/p>\n<p><span style=\"font-weight: 400;\">With values focused on integration, social inclusion and the reduction of inequalities, ASBL <\/span><i><span style=\"font-weight: 400;\">Dora dor\u00ebs <\/span><\/i><span style=\"font-weight: 400;\">currently supports 75 people, the vast majority of whom are women who particularly appreciate the opportunity to train while their children are at school. <\/span> <\/p>\n<p><span style=\"font-weight: 400;\">The ASBL offers several types of activities, including French language courses, theoretical driving license courses and a homework help school for the beneficiaries&#8217; children.<\/span><\/p>\n<p><span style=\"font-weight: 400;\">It also offers training courses to help you better understand and adapt to the Belgian system, particularly in terms of healthcare, social security, employment and status.<\/span><\/p>\n<h2><b>New digital equipment for training beneficiaries  <\/b><\/h2>\n<p><span style=\"font-weight: 400;\">THE ASBL <\/span><i><span style=\"font-weight: 400;\">Dora dor\u00ebs<\/span><\/i><span style=\"font-weight: 400;\"> aims to provide a modern, interactive learning environment for the people it welcomes to its premises. <\/span> <\/p>\n<p><span style=\"font-weight: 400;\">As some of the beneficiaries do not have access to digital tools, the purchase of new equipment had become essential to enable them to follow the courses on offer.<\/span><\/p>\n<p><span style=\"font-weight: 400;\">This \u20ac10,000 funding enabled the purchase of 5 laptops, 2 interactive whiteboards and anti-virus software to ensure the long-term use of the equipment.<\/span><\/p>\n<p><span style=\"font-weight: 400;\">The interactive whiteboard offers more dynamic lessons, encouraging learner involvement and active participation.  <\/span><\/p>\n<p><span style=\"font-weight: 400;\">The laptops will be available to participants for French language training, homework support and job placement workshops.<\/span><\/p>\n<p><span style=\"font-weight: 400;\">&#8220;<\/span><i><span style=\"font-weight: 400;\">On behalf of our learners and the entire Dora Dor\u00ebs team, a big THANK YOU for your trust and invaluable support, because &#8216;it&#8217;s in helping each other that the real wealth lies&#8217;.<\/span><\/i><span style=\"font-weight: 400;\">.&#8221; Hamid Canolli, director of the ASBL. <\/span><\/p>\n<h2><b>Your support enables us to continue our activities<\/b><\/h2>\n<p><span style=\"font-weight: 400;\">Thanks to the support received, this purchase was made possible. Thanks to everyone&#8217;s contribution   <\/span><i><span style=\"font-weight: 400;\">Dora dor\u00ebs <\/span><\/i><span style=\"font-weight: 400;\">to offer dynamic training courses to its beneficiaries.<\/span><\/p>\n<p><span style=\"font-weight: 400;\">With your help, we can continue to support non-profit organizations such as<\/span><i><span style=\"font-weight: 400;\"> Dora dor\u00ebs <\/span><\/i><span style=\"font-weight: 400;\">integrate newcomers to Belgium socially and professionally <\/span> <\/p>\n<p><a href=\"https:\/\/ufb.be\/en\/support-us-financial-donation\/\"><span style=\"font-weight: 400;\">Make a donation<\/span><\/a><\/p>\n<p>&nbsp;<\/p>\n","protected":false},"featured_media":53892,"parent":0,"template":"","meta":{"_acf_changed":false},"class_list":["post-55221","beneficiary","type-beneficiary","status-publish","has-post-thumbnail","hentry","year_type-201","province_type-liege-en","social_type-professional-integration"],"acf":[],"yoast_head":"<!-- This site is optimized with the Yoast SEO plugin v27.3 - https:\/\/yoast.com\/product\/yoast-seo-wordpress\/ -->\n<title>New digital equipment for ASBL Dora dor\u00ebs - UFB<\/title>\n<meta name=\"robots\" content=\"index, follow, max-snippet:-1, max-image-preview:large, max-video-preview:-1\" \/>\n<link rel=\"canonical\" href=\"https:\/\/ufb.be\/en\/beneficiary\/new-digital-equipment-for-asbl-dora-dores\/\" \/>\n<meta property=\"og:locale\" content=\"en_US\" \/>\n<meta property=\"og:type\" content=\"article\" \/>\n<meta property=\"og:title\" content=\"New digital equipment for ASBL Dora dor\u00ebs - UFB\" \/>\n<meta property=\"og:description\" content=\"THE ASBL Dora dor\u00ebs located in Huy in the province of Li\u00e8ge, helps people who have emigrated to integrate successfully in Belgium. Thanks to UFB&#8217;s support, the ASBL has been able to purchase new digital equipment for use in the courses it runs for its beneficiaries. Supporting people from the moment they arrive in Belgium [&hellip;]\" \/>\n<meta property=\"og:url\" content=\"https:\/\/ufb.be\/en\/beneficiary\/new-digital-equipment-for-asbl-dora-dores\/\" \/>\n<meta property=\"og:site_name\" content=\"UFB\" \/>\n<meta property=\"og:image\" content=\"https:\/\/ufb.be\/wp-content\/uploads\/2025\/04\/Capture-decran-2025-04-04-142537.png\" \/>\n\t<meta property=\"og:image:width\" content=\"607\" \/>\n\t<meta property=\"og:image:height\" content=\"451\" \/>\n\t<meta property=\"og:image:type\" content=\"image\/png\" \/>\n<meta name=\"twitter:card\" content=\"summary_large_image\" \/>\n<meta name=\"twitter:label1\" content=\"Est. reading time\" \/>\n\t<meta name=\"twitter:data1\" content=\"2 minutes\" \/>\n<script type=\"application\/ld+json\" class=\"yoast-schema-graph\">{\"@context\":\"https:\\\/\\\/schema.org\",\"@graph\":[{\"@type\":\"WebPage\",\"@id\":\"https:\\\/\\\/ufb.be\\\/en\\\/beneficiary\\\/new-digital-equipment-for-asbl-dora-dores\\\/\",\"url\":\"https:\\\/\\\/ufb.be\\\/en\\\/beneficiary\\\/new-digital-equipment-for-asbl-dora-dores\\\/\",\"name\":\"New digital equipment for ASBL Dora dor\u00ebs - UFB\",\"isPartOf\":{\"@id\":\"https:\\\/\\\/ufb.be\\\/en\\\/#website\"},\"primaryImageOfPage\":{\"@id\":\"https:\\\/\\\/ufb.be\\\/en\\\/beneficiary\\\/new-digital-equipment-for-asbl-dora-dores\\\/#primaryimage\"},\"image\":{\"@id\":\"https:\\\/\\\/ufb.be\\\/en\\\/beneficiary\\\/new-digital-equipment-for-asbl-dora-dores\\\/#primaryimage\"},\"thumbnailUrl\":\"https:\\\/\\\/ufb.be\\\/wp-content\\\/uploads\\\/2025\\\/04\\\/Capture-decran-2025-04-04-142520.png\",\"datePublished\":\"2025-07-01T11:56:30+00:00\",\"breadcrumb\":{\"@id\":\"https:\\\/\\\/ufb.be\\\/en\\\/beneficiary\\\/new-digital-equipment-for-asbl-dora-dores\\\/#breadcrumb\"},\"inLanguage\":\"en-US\",\"potentialAction\":[{\"@type\":\"ReadAction\",\"target\":[\"https:\\\/\\\/ufb.be\\\/en\\\/beneficiary\\\/new-digital-equipment-for-asbl-dora-dores\\\/\"]}]},{\"@type\":\"ImageObject\",\"inLanguage\":\"en-US\",\"@id\":\"https:\\\/\\\/ufb.be\\\/en\\\/beneficiary\\\/new-digital-equipment-for-asbl-dora-dores\\\/#primaryimage\",\"url\":\"https:\\\/\\\/ufb.be\\\/wp-content\\\/uploads\\\/2025\\\/04\\\/Capture-decran-2025-04-04-142520.png\",\"contentUrl\":\"https:\\\/\\\/ufb.be\\\/wp-content\\\/uploads\\\/2025\\\/04\\\/Capture-decran-2025-04-04-142520.png\",\"width\":703,\"height\":525},{\"@type\":\"BreadcrumbList\",\"@id\":\"https:\\\/\\\/ufb.be\\\/en\\\/beneficiary\\\/new-digital-equipment-for-asbl-dora-dores\\\/#breadcrumb\",\"itemListElement\":[{\"@type\":\"ListItem\",\"position\":1,\"name\":\"Accueil\",\"item\":\"https:\\\/\\\/ufb.be\\\/en\\\/\"},{\"@type\":\"ListItem\",\"position\":2,\"name\":\"Beneficiaries\",\"item\":\"https:\\\/\\\/ufb.be\\\/en\\\/beneficiary\\\/\"},{\"@type\":\"ListItem\",\"position\":3,\"name\":\"New digital equipment for ASBL Dora dor\u00ebs\"}]},{\"@type\":\"WebSite\",\"@id\":\"https:\\\/\\\/ufb.be\\\/en\\\/#website\",\"url\":\"https:\\\/\\\/ufb.be\\\/en\\\/\",\"name\":\"United Fund for Belgium\",\"description\":\"Combattons l\u2019exclusion pour plus d\u2019int\u00e9gration sociale\",\"publisher\":{\"@id\":\"https:\\\/\\\/ufb.be\\\/en\\\/#organization\"},\"alternateName\":\"UFB\",\"potentialAction\":[{\"@type\":\"SearchAction\",\"target\":{\"@type\":\"EntryPoint\",\"urlTemplate\":\"https:\\\/\\\/ufb.be\\\/en\\\/?s={search_term_string}\"},\"query-input\":{\"@type\":\"PropertyValueSpecification\",\"valueRequired\":true,\"valueName\":\"search_term_string\"}}],\"inLanguage\":\"en-US\"},{\"@type\":\"Organization\",\"@id\":\"https:\\\/\\\/ufb.be\\\/en\\\/#organization\",\"name\":\"United Fund for Belgium\",\"alternateName\":\"UFB\",\"url\":\"https:\\\/\\\/ufb.be\\\/en\\\/\",\"logo\":{\"@type\":\"ImageObject\",\"inLanguage\":\"en-US\",\"@id\":\"https:\\\/\\\/ufb.be\\\/en\\\/#\\\/schema\\\/logo\\\/image\\\/\",\"url\":\"https:\\\/\\\/ufb.be\\\/wp-content\\\/uploads\\\/2025\\\/07\\\/Logo-UFB-RS.png\",\"contentUrl\":\"https:\\\/\\\/ufb.be\\\/wp-content\\\/uploads\\\/2025\\\/07\\\/Logo-UFB-RS.png\",\"width\":200,\"height\":200,\"caption\":\"United Fund for Belgium\"},\"image\":{\"@id\":\"https:\\\/\\\/ufb.be\\\/en\\\/#\\\/schema\\\/logo\\\/image\\\/\"}}]}<\/script>\n<!-- \/ Yoast SEO plugin. -->","yoast_head_json":{"title":"New digital equipment for ASBL Dora dor\u00ebs - UFB","robots":{"index":"index","follow":"follow","max-snippet":"max-snippet:-1","max-image-preview":"max-image-preview:large","max-video-preview":"max-video-preview:-1"},"canonical":"https:\/\/ufb.be\/en\/beneficiary\/new-digital-equipment-for-asbl-dora-dores\/","og_locale":"en_US","og_type":"article","og_title":"New digital equipment for ASBL Dora dor\u00ebs - UFB","og_description":"THE ASBL Dora dor\u00ebs located in Huy in the province of Li\u00e8ge, helps people who have emigrated to integrate successfully in Belgium. Thanks to UFB&#8217;s support, the ASBL has been able to purchase new digital equipment for use in the courses it runs for its beneficiaries. Supporting people from the moment they arrive in Belgium [&hellip;]","og_url":"https:\/\/ufb.be\/en\/beneficiary\/new-digital-equipment-for-asbl-dora-dores\/","og_site_name":"UFB","og_image":[{"width":607,"height":451,"url":"https:\/\/ufb.be\/wp-content\/uploads\/2025\/04\/Capture-decran-2025-04-04-142537.png","type":"image\/png"}],"twitter_card":"summary_large_image","twitter_misc":{"Est. reading time":"2 minutes"},"schema":{"@context":"https:\/\/schema.org","@graph":[{"@type":"WebPage","@id":"https:\/\/ufb.be\/en\/beneficiary\/new-digital-equipment-for-asbl-dora-dores\/","url":"https:\/\/ufb.be\/en\/beneficiary\/new-digital-equipment-for-asbl-dora-dores\/","name":"New digital equipment for ASBL Dora dor\u00ebs - UFB","isPartOf":{"@id":"https:\/\/ufb.be\/en\/#website"},"primaryImageOfPage":{"@id":"https:\/\/ufb.be\/en\/beneficiary\/new-digital-equipment-for-asbl-dora-dores\/#primaryimage"},"image":{"@id":"https:\/\/ufb.be\/en\/beneficiary\/new-digital-equipment-for-asbl-dora-dores\/#primaryimage"},"thumbnailUrl":"https:\/\/ufb.be\/wp-content\/uploads\/2025\/04\/Capture-decran-2025-04-04-142520.png","datePublished":"2025-07-01T11:56:30+00:00","breadcrumb":{"@id":"https:\/\/ufb.be\/en\/beneficiary\/new-digital-equipment-for-asbl-dora-dores\/#breadcrumb"},"inLanguage":"en-US","potentialAction":[{"@type":"ReadAction","target":["https:\/\/ufb.be\/en\/beneficiary\/new-digital-equipment-for-asbl-dora-dores\/"]}]},{"@type":"ImageObject","inLanguage":"en-US","@id":"https:\/\/ufb.be\/en\/beneficiary\/new-digital-equipment-for-asbl-dora-dores\/#primaryimage","url":"https:\/\/ufb.be\/wp-content\/uploads\/2025\/04\/Capture-decran-2025-04-04-142520.png","contentUrl":"https:\/\/ufb.be\/wp-content\/uploads\/2025\/04\/Capture-decran-2025-04-04-142520.png","width":703,"height":525},{"@type":"BreadcrumbList","@id":"https:\/\/ufb.be\/en\/beneficiary\/new-digital-equipment-for-asbl-dora-dores\/#breadcrumb","itemListElement":[{"@type":"ListItem","position":1,"name":"Accueil","item":"https:\/\/ufb.be\/en\/"},{"@type":"ListItem","position":2,"name":"Beneficiaries","item":"https:\/\/ufb.be\/en\/beneficiary\/"},{"@type":"ListItem","position":3,"name":"New digital equipment for ASBL Dora dor\u00ebs"}]},{"@type":"WebSite","@id":"https:\/\/ufb.be\/en\/#website","url":"https:\/\/ufb.be\/en\/","name":"United Fund for Belgium","description":"Combattons l\u2019exclusion pour plus d\u2019int\u00e9gration sociale","publisher":{"@id":"https:\/\/ufb.be\/en\/#organization"},"alternateName":"UFB","potentialAction":[{"@type":"SearchAction","target":{"@type":"EntryPoint","urlTemplate":"https:\/\/ufb.be\/en\/?s={search_term_string}"},"query-input":{"@type":"PropertyValueSpecification","valueRequired":true,"valueName":"search_term_string"}}],"inLanguage":"en-US"},{"@type":"Organization","@id":"https:\/\/ufb.be\/en\/#organization","name":"United Fund for Belgium","alternateName":"UFB","url":"https:\/\/ufb.be\/en\/","logo":{"@type":"ImageObject","inLanguage":"en-US","@id":"https:\/\/ufb.be\/en\/#\/schema\/logo\/image\/","url":"https:\/\/ufb.be\/wp-content\/uploads\/2025\/07\/Logo-UFB-RS.png","contentUrl":"https:\/\/ufb.be\/wp-content\/uploads\/2025\/07\/Logo-UFB-RS.png","width":200,"height":200,"caption":"United Fund for Belgium"},"image":{"@id":"https:\/\/ufb.be\/en\/#\/schema\/logo\/image\/"}}]}},"_links":{"self":[{"href":"https:\/\/ufb.be\/en\/wp-json\/wp\/v2\/beneficiary\/55221","targetHints":{"allow":["GET"]}}],"collection":[{"href":"https:\/\/ufb.be\/en\/wp-json\/wp\/v2\/beneficiary"}],"about":[{"href":"https:\/\/ufb.be\/en\/wp-json\/wp\/v2\/types\/beneficiary"}],"wp:featuredmedia":[{"embeddable":true,"href":"https:\/\/ufb.be\/en\/wp-json\/wp\/v2\/media\/53892"}],"wp:attachment":[{"href":"https:\/\/ufb.be\/en\/wp-json\/wp\/v2\/media?parent=55221"}],"curies":[{"name":"wp","href":"https:\/\/api.w.org\/{rel}","templated":true}]}}