{"id":8101,"date":"2020-11-13T12:00:00","date_gmt":"2020-11-13T12:00:00","guid":{"rendered":"https:\/\/ufb1.wpengine.com\/?post_type=beneficiary&#038;p=8101"},"modified":"2025-03-24T16:24:34","modified_gmt":"2025-03-24T15:24:34","slug":"la-bulle-dair-asbl-service-residentiel-pour-personnes-handicapees-mentales","status":"publish","type":"beneficiary","link":"https:\/\/ufb.be\/en\/beneficiary\/la-bulle-dair-asbl-service-residentiel-pour-personnes-handicapees-mentales\/","title":{"rendered":"La Bulle d&#8217;Air asbl &#8211; Service r\u00e9sidentiel pour personnes handicap\u00e9es mentales"},"content":{"rendered":"<p><span style=\"color: #808080;\"><strong>ORGANISATION<\/strong><\/span><\/p>\n<p>La Bulle d&#8217;A.I.R. est un service r\u00e9sidentiel pour 16 adultes porteurs d&#8217;une d\u00e9ficience mentale. L\u2019ASBL se situe \u00e0 Angleur en r\u00e9gion li\u00e9geoise. L&#8217;h\u00e9bergement repose sur 3 concepts : L&#8217;Autonomie, l&#8217;Int\u00e9gration et l&#8217;ouverture vers le R\u00e9seau.<\/p>\n<p>&nbsp;<\/p>\n<p><span style=\"color: #808080;\"><strong>EVENEMENTS MARQUANTS<\/strong><\/span><\/p>\n<p><span style=\"color: #b31218;\"><strong>Le 9 d\u00e9cembre 1997<\/strong><\/span> : Six familles, dont un de leur enfant est porteur d&#8217;une d\u00e9ficience mentale et un professionnel se constituent en ASBL et d\u00e9posent leurs statuts au moniteur.<\/p>\n<p><span style=\"color: #b31218;\"><strong>Le 22 juin 2000<\/strong><\/span> : L&#8217;assembl\u00e9e g\u00e9n\u00e9rale nomme 6 administrateurs non parents afin de renforcer le CA par des professionnels.<\/p>\n<p><span style=\"color: #b31218;\"><strong>Le 10 septembre 2001<\/strong> <\/span>:\u00a0 Ouverture de notre centre r\u00e9sidentiel. Cinq habitants d\u00e9marrent l&#8217;aventure.<\/p>\n<p>&nbsp;<\/p>\n<p><span style=\"color: #808080;\"><strong>PROJETS, MISSIONS, ACTIVITES<\/strong><\/span><\/p>\n<p>La maison communautaire compte 16 habitants (6 femmes et 10 hommes \u00e2g\u00e9s actuellement de 29 \u00e0 50 ans) Les habitants s&#8217;y retrouvent du lundi au vendredi et pour ceux qui le souhaitent, ils peuvent rester un week-end sur 2. Chaque matin, ils partent vers leurs centres de jour, ce qui permet \u00e0 chaque habitant d&#8217;avoir une diversit\u00e9 de contacts. L&#8217;accompagnement des personnes est assur\u00e9 par une directrice et trois \u00e9ducateurs. La pr\u00e9sence de nuit est assur\u00e9e par 3 kotteurs.<\/p>\n<p>&nbsp;<\/p>\n<p><span style=\"color: #808080;\"><strong>TEMOIGNAGE<\/strong><\/span><\/p>\n<p>&#8220;Depuis 20 ans, United Fund for Belgium est \u00e0 nos c\u00f4t\u00e9s. Son soutien nous a permis :<\/p>\n<p>En 2001 L&#8217;am\u00e9nagement d&#8217;une cuisine professionnelle.<\/p>\n<p>En 2007 : Am\u00e9nagement d&#8217;une rampe d&#8217;acc\u00e8s pour PMR.<\/p>\n<p>En 2014 : L&#8217;achat d&#8217;un v\u00e9hicule neuf de service.<\/p>\n<p>En 2017 : S\u00e9curisation de la porte d&#8217;entr\u00e9e.<\/p>\n<p>En 2020 : L&#8217;achat d&#8217;un lave-vaisselle industriel.<\/p>\n<p>Nous avons obtenu un subside Covid de 4000\u20ac pour du mat\u00e9riel informatique ainsi que la possibilit\u00e9 de se fournir en meubles de terrasse.&#8221;<\/p>\n<p>&nbsp;<\/p>\n<p>&nbsp;<\/p>\n","protected":false},"featured_media":18446,"parent":0,"template":"","meta":{"_acf_changed":false},"class_list":["post-8101","beneficiary","type-beneficiary","status-publish","has-post-thumbnail","hentry","year_type-202","province_type-liege","social_type-personnes-en-situation-de-handicap"],"acf":[],"yoast_head":"<!-- This site is optimized with the Yoast SEO plugin v27.3 - https:\/\/yoast.com\/product\/yoast-seo-wordpress\/ -->\n<title>La Bulle d&#039;Air asbl - Service r\u00e9sidentiel pour personnes handicap\u00e9es mentales - UFB<\/title>\n<meta name=\"robots\" content=\"index, follow, max-snippet:-1, max-image-preview:large, max-video-preview:-1\" \/>\n<link rel=\"canonical\" href=\"https:\/\/ufb.be\/en\/beneficiary\/la-bulle-dair-asbl-service-residentiel-pour-personnes-handicapees-mentales\/\" \/>\n<meta property=\"og:locale\" content=\"en_US\" \/>\n<meta property=\"og:type\" content=\"article\" \/>\n<meta property=\"og:title\" content=\"La Bulle d&#039;Air asbl - Service r\u00e9sidentiel pour personnes handicap\u00e9es mentales - UFB\" \/>\n<meta property=\"og:description\" content=\"ORGANISATION La Bulle d&#8217;A.I.R. est un service r\u00e9sidentiel pour 16 adultes porteurs d&#8217;une d\u00e9ficience mentale. L\u2019ASBL se situe \u00e0 Angleur en r\u00e9gion li\u00e9geoise. L&#8217;h\u00e9bergement repose sur 3 concepts : L&#8217;Autonomie, l&#8217;Int\u00e9gration et l&#8217;ouverture vers le R\u00e9seau. &nbsp; EVENEMENTS MARQUANTS Le 9 d\u00e9cembre 1997 : Six familles, dont un de leur enfant est porteur d&#8217;une d\u00e9ficience [&hellip;]\" \/>\n<meta property=\"og:url\" content=\"https:\/\/ufb.be\/en\/beneficiary\/la-bulle-dair-asbl-service-residentiel-pour-personnes-handicapees-mentales\/\" \/>\n<meta property=\"og:site_name\" content=\"UFB\" \/>\n<meta property=\"article:modified_time\" content=\"2025-03-24T15:24:34+00:00\" \/>\n<meta property=\"og:image\" content=\"https:\/\/ufb.be\/wp-content\/uploads\/2020\/11\/image_la-bulle-dair-1.jpg\" \/>\n\t<meta property=\"og:image:width\" content=\"1640\" \/>\n\t<meta property=\"og:image:height\" content=\"924\" \/>\n\t<meta property=\"og:image:type\" content=\"image\/jpeg\" \/>\n<meta name=\"twitter:card\" content=\"summary_large_image\" \/>\n<meta name=\"twitter:label1\" content=\"Est. reading time\" \/>\n\t<meta name=\"twitter:data1\" content=\"2 minutes\" \/>\n<script type=\"application\/ld+json\" class=\"yoast-schema-graph\">{\"@context\":\"https:\\\/\\\/schema.org\",\"@graph\":[{\"@type\":\"WebPage\",\"@id\":\"https:\\\/\\\/ufb.be\\\/en\\\/beneficiary\\\/la-bulle-dair-asbl-service-residentiel-pour-personnes-handicapees-mentales\\\/\",\"url\":\"https:\\\/\\\/ufb.be\\\/en\\\/beneficiary\\\/la-bulle-dair-asbl-service-residentiel-pour-personnes-handicapees-mentales\\\/\",\"name\":\"La Bulle d'Air asbl - Service r\u00e9sidentiel pour personnes handicap\u00e9es mentales - UFB\",\"isPartOf\":{\"@id\":\"https:\\\/\\\/ufb.be\\\/en\\\/#website\"},\"primaryImageOfPage\":{\"@id\":\"https:\\\/\\\/ufb.be\\\/en\\\/beneficiary\\\/la-bulle-dair-asbl-service-residentiel-pour-personnes-handicapees-mentales\\\/#primaryimage\"},\"image\":{\"@id\":\"https:\\\/\\\/ufb.be\\\/en\\\/beneficiary\\\/la-bulle-dair-asbl-service-residentiel-pour-personnes-handicapees-mentales\\\/#primaryimage\"},\"thumbnailUrl\":\"https:\\\/\\\/ufb.be\\\/wp-content\\\/uploads\\\/2020\\\/11\\\/image_la-bulle-dair-1.jpg\",\"datePublished\":\"2020-11-13T12:00:00+00:00\",\"dateModified\":\"2025-03-24T15:24:34+00:00\",\"breadcrumb\":{\"@id\":\"https:\\\/\\\/ufb.be\\\/en\\\/beneficiary\\\/la-bulle-dair-asbl-service-residentiel-pour-personnes-handicapees-mentales\\\/#breadcrumb\"},\"inLanguage\":\"en-US\",\"potentialAction\":[{\"@type\":\"ReadAction\",\"target\":[\"https:\\\/\\\/ufb.be\\\/en\\\/beneficiary\\\/la-bulle-dair-asbl-service-residentiel-pour-personnes-handicapees-mentales\\\/\"]}]},{\"@type\":\"ImageObject\",\"inLanguage\":\"en-US\",\"@id\":\"https:\\\/\\\/ufb.be\\\/en\\\/beneficiary\\\/la-bulle-dair-asbl-service-residentiel-pour-personnes-handicapees-mentales\\\/#primaryimage\",\"url\":\"https:\\\/\\\/ufb.be\\\/wp-content\\\/uploads\\\/2020\\\/11\\\/image_la-bulle-dair-1.jpg\",\"contentUrl\":\"https:\\\/\\\/ufb.be\\\/wp-content\\\/uploads\\\/2020\\\/11\\\/image_la-bulle-dair-1.jpg\",\"width\":1640,\"height\":924},{\"@type\":\"BreadcrumbList\",\"@id\":\"https:\\\/\\\/ufb.be\\\/en\\\/beneficiary\\\/la-bulle-dair-asbl-service-residentiel-pour-personnes-handicapees-mentales\\\/#breadcrumb\",\"itemListElement\":[{\"@type\":\"ListItem\",\"position\":1,\"name\":\"Accueil\",\"item\":\"https:\\\/\\\/ufb.be\\\/en\\\/\"},{\"@type\":\"ListItem\",\"position\":2,\"name\":\"Beneficiaries\",\"item\":\"https:\\\/\\\/ufb.be\\\/en\\\/beneficiary\\\/\"},{\"@type\":\"ListItem\",\"position\":3,\"name\":\"La Bulle d&rsquo;Air asbl &#8211; Service r\u00e9sidentiel pour personnes handicap\u00e9es mentales\"}]},{\"@type\":\"WebSite\",\"@id\":\"https:\\\/\\\/ufb.be\\\/en\\\/#website\",\"url\":\"https:\\\/\\\/ufb.be\\\/en\\\/\",\"name\":\"United Fund for Belgium\",\"description\":\"Combattons l\u2019exclusion pour plus d\u2019int\u00e9gration sociale\",\"publisher\":{\"@id\":\"https:\\\/\\\/ufb.be\\\/en\\\/#organization\"},\"alternateName\":\"UFB\",\"potentialAction\":[{\"@type\":\"SearchAction\",\"target\":{\"@type\":\"EntryPoint\",\"urlTemplate\":\"https:\\\/\\\/ufb.be\\\/en\\\/?s={search_term_string}\"},\"query-input\":{\"@type\":\"PropertyValueSpecification\",\"valueRequired\":true,\"valueName\":\"search_term_string\"}}],\"inLanguage\":\"en-US\"},{\"@type\":\"Organization\",\"@id\":\"https:\\\/\\\/ufb.be\\\/en\\\/#organization\",\"name\":\"United Fund for Belgium\",\"alternateName\":\"UFB\",\"url\":\"https:\\\/\\\/ufb.be\\\/en\\\/\",\"logo\":{\"@type\":\"ImageObject\",\"inLanguage\":\"en-US\",\"@id\":\"https:\\\/\\\/ufb.be\\\/en\\\/#\\\/schema\\\/logo\\\/image\\\/\",\"url\":\"https:\\\/\\\/ufb.be\\\/wp-content\\\/uploads\\\/2025\\\/07\\\/Logo-UFB-RS.png\",\"contentUrl\":\"https:\\\/\\\/ufb.be\\\/wp-content\\\/uploads\\\/2025\\\/07\\\/Logo-UFB-RS.png\",\"width\":200,\"height\":200,\"caption\":\"United Fund for Belgium\"},\"image\":{\"@id\":\"https:\\\/\\\/ufb.be\\\/en\\\/#\\\/schema\\\/logo\\\/image\\\/\"}}]}<\/script>\n<!-- \/ Yoast SEO plugin. -->","yoast_head_json":{"title":"La Bulle d'Air asbl - Service r\u00e9sidentiel pour personnes handicap\u00e9es mentales - UFB","robots":{"index":"index","follow":"follow","max-snippet":"max-snippet:-1","max-image-preview":"max-image-preview:large","max-video-preview":"max-video-preview:-1"},"canonical":"https:\/\/ufb.be\/en\/beneficiary\/la-bulle-dair-asbl-service-residentiel-pour-personnes-handicapees-mentales\/","og_locale":"en_US","og_type":"article","og_title":"La Bulle d'Air asbl - Service r\u00e9sidentiel pour personnes handicap\u00e9es mentales - UFB","og_description":"ORGANISATION La Bulle d&#8217;A.I.R. est un service r\u00e9sidentiel pour 16 adultes porteurs d&#8217;une d\u00e9ficience mentale. L\u2019ASBL se situe \u00e0 Angleur en r\u00e9gion li\u00e9geoise. L&#8217;h\u00e9bergement repose sur 3 concepts : L&#8217;Autonomie, l&#8217;Int\u00e9gration et l&#8217;ouverture vers le R\u00e9seau. &nbsp; EVENEMENTS MARQUANTS Le 9 d\u00e9cembre 1997 : Six familles, dont un de leur enfant est porteur d&#8217;une d\u00e9ficience [&hellip;]","og_url":"https:\/\/ufb.be\/en\/beneficiary\/la-bulle-dair-asbl-service-residentiel-pour-personnes-handicapees-mentales\/","og_site_name":"UFB","article_modified_time":"2025-03-24T15:24:34+00:00","og_image":[{"width":1640,"height":924,"url":"https:\/\/ufb.be\/wp-content\/uploads\/2020\/11\/image_la-bulle-dair-1.jpg","type":"image\/jpeg"}],"twitter_card":"summary_large_image","twitter_misc":{"Est. reading time":"2 minutes"},"schema":{"@context":"https:\/\/schema.org","@graph":[{"@type":"WebPage","@id":"https:\/\/ufb.be\/en\/beneficiary\/la-bulle-dair-asbl-service-residentiel-pour-personnes-handicapees-mentales\/","url":"https:\/\/ufb.be\/en\/beneficiary\/la-bulle-dair-asbl-service-residentiel-pour-personnes-handicapees-mentales\/","name":"La Bulle d'Air asbl - Service r\u00e9sidentiel pour personnes handicap\u00e9es mentales - UFB","isPartOf":{"@id":"https:\/\/ufb.be\/en\/#website"},"primaryImageOfPage":{"@id":"https:\/\/ufb.be\/en\/beneficiary\/la-bulle-dair-asbl-service-residentiel-pour-personnes-handicapees-mentales\/#primaryimage"},"image":{"@id":"https:\/\/ufb.be\/en\/beneficiary\/la-bulle-dair-asbl-service-residentiel-pour-personnes-handicapees-mentales\/#primaryimage"},"thumbnailUrl":"https:\/\/ufb.be\/wp-content\/uploads\/2020\/11\/image_la-bulle-dair-1.jpg","datePublished":"2020-11-13T12:00:00+00:00","dateModified":"2025-03-24T15:24:34+00:00","breadcrumb":{"@id":"https:\/\/ufb.be\/en\/beneficiary\/la-bulle-dair-asbl-service-residentiel-pour-personnes-handicapees-mentales\/#breadcrumb"},"inLanguage":"en-US","potentialAction":[{"@type":"ReadAction","target":["https:\/\/ufb.be\/en\/beneficiary\/la-bulle-dair-asbl-service-residentiel-pour-personnes-handicapees-mentales\/"]}]},{"@type":"ImageObject","inLanguage":"en-US","@id":"https:\/\/ufb.be\/en\/beneficiary\/la-bulle-dair-asbl-service-residentiel-pour-personnes-handicapees-mentales\/#primaryimage","url":"https:\/\/ufb.be\/wp-content\/uploads\/2020\/11\/image_la-bulle-dair-1.jpg","contentUrl":"https:\/\/ufb.be\/wp-content\/uploads\/2020\/11\/image_la-bulle-dair-1.jpg","width":1640,"height":924},{"@type":"BreadcrumbList","@id":"https:\/\/ufb.be\/en\/beneficiary\/la-bulle-dair-asbl-service-residentiel-pour-personnes-handicapees-mentales\/#breadcrumb","itemListElement":[{"@type":"ListItem","position":1,"name":"Accueil","item":"https:\/\/ufb.be\/en\/"},{"@type":"ListItem","position":2,"name":"Beneficiaries","item":"https:\/\/ufb.be\/en\/beneficiary\/"},{"@type":"ListItem","position":3,"name":"La Bulle d&rsquo;Air asbl &#8211; Service r\u00e9sidentiel pour personnes handicap\u00e9es mentales"}]},{"@type":"WebSite","@id":"https:\/\/ufb.be\/en\/#website","url":"https:\/\/ufb.be\/en\/","name":"United Fund for Belgium","description":"Combattons l\u2019exclusion pour plus d\u2019int\u00e9gration sociale","publisher":{"@id":"https:\/\/ufb.be\/en\/#organization"},"alternateName":"UFB","potentialAction":[{"@type":"SearchAction","target":{"@type":"EntryPoint","urlTemplate":"https:\/\/ufb.be\/en\/?s={search_term_string}"},"query-input":{"@type":"PropertyValueSpecification","valueRequired":true,"valueName":"search_term_string"}}],"inLanguage":"en-US"},{"@type":"Organization","@id":"https:\/\/ufb.be\/en\/#organization","name":"United Fund for Belgium","alternateName":"UFB","url":"https:\/\/ufb.be\/en\/","logo":{"@type":"ImageObject","inLanguage":"en-US","@id":"https:\/\/ufb.be\/en\/#\/schema\/logo\/image\/","url":"https:\/\/ufb.be\/wp-content\/uploads\/2025\/07\/Logo-UFB-RS.png","contentUrl":"https:\/\/ufb.be\/wp-content\/uploads\/2025\/07\/Logo-UFB-RS.png","width":200,"height":200,"caption":"United Fund for Belgium"},"image":{"@id":"https:\/\/ufb.be\/en\/#\/schema\/logo\/image\/"}}]}},"_links":{"self":[{"href":"https:\/\/ufb.be\/en\/wp-json\/wp\/v2\/beneficiary\/8101","targetHints":{"allow":["GET"]}}],"collection":[{"href":"https:\/\/ufb.be\/en\/wp-json\/wp\/v2\/beneficiary"}],"about":[{"href":"https:\/\/ufb.be\/en\/wp-json\/wp\/v2\/types\/beneficiary"}],"wp:featuredmedia":[{"embeddable":true,"href":"https:\/\/ufb.be\/en\/wp-json\/wp\/v2\/media\/18446"}],"wp:attachment":[{"href":"https:\/\/ufb.be\/en\/wp-json\/wp\/v2\/media?parent=8101"}],"curies":[{"name":"wp","href":"https:\/\/api.w.org\/{rel}","templated":true}]}}