{"id":8142,"date":"2020-11-13T20:24:22","date_gmt":"2020-11-13T20:24:22","guid":{"rendered":"https:\/\/ufb1.wpengine.com\/?post_type=beneficiary&#038;p=8142"},"modified":"2021-05-06T14:39:37","modified_gmt":"2021-05-06T14:39:37","slug":"rolling-douche-asbl-service-dhygiene-mobile","status":"publish","type":"beneficiary","link":"https:\/\/ufb.be\/en\/beneficiary\/rolling-douche-asbl-service-dhygiene-mobile\/","title":{"rendered":"Rolling Douche asbl &#8211; service d&#8217;hygi\u00e8ne mobile"},"content":{"rendered":"<h3><strong>Pr\u00e9sentation de l&#8217;organisation<\/strong><\/h3>\n<p><strong>Rolling Douche,<\/strong> c&#8217;est un service mobile d&#8217;hygi\u00e8ne \u00e0 l&#8217;attention des personnes sans-abri, qui existe depuis mai 2016. Nous sommes \u00e9quip\u00e9s d&#8217;un motor-home et sillonnons Bruxelles depuis le 2 janvier 2017.<\/p>\n<p>Notre \u00e9quipe se compose de quelques personnes cl\u00e9s. Nous avons le conseil d&#8217;administration avec Colette Schyns, la pr\u00e9sidente, Jacques Schyns, le tr\u00e9sorier et Pascal Biesemans, le directeur de la gestion quotidienne.<\/p>\n<p>Nous avons \u00e9galement trois travailleurs sociaux et cinq b\u00e9n\u00e9voles sur le terrain.<\/p>\n<hr \/>\n<h3><strong>Ev\u00e9nements marquants de l&#8217;association<\/strong><\/h3>\n<p>D\u00e8s le lancement de l&#8217;asbl, nous sommes reconnus \u00e0 Bruxelles par la <strong>COCOM<\/strong>, comme projet innovant. Notre projet est unique en Belgique en 2016.\u00a0 Notre motor-home est pr\u00e9sent trois fois par semaine place Flagey, \u00e0 la gare Centrale et \u00e0 la gare du Midi.<\/p>\n<p>A la fin de 2017, notre premier travailleur social est engag\u00e9.<\/p>\n<p>En 2019, un subside &#8220;dispositif hiver&#8221; nous permet d&#8217;engager un second employ\u00e9.<\/p>\n<p>En 2020, suite \u00e0 la pand\u00e9mie mondiale, nous stoppons le v\u00e9hicule, mais notre asbl devient &#8220;responsable du p\u00f6le Douches&#8221; pour un centre de jour g\u00e9r\u00e9 par M\u00e9decins du Monde. A partir du mois de juillet, nous reprenons la route et offrons jusqu&#8217;\u00e0 14 douches par apr\u00e8s-midi. Le troisi\u00e8me travailleur est engag\u00e9.<\/p>\n<p>Nous recevons \u00e9norm\u00e9ment de dons en mat\u00e9riel, nourriture, v\u00eatements, produits d&#8217;hygi\u00e8ne et depuis peu, nous sollicitons l&#8217;aide de <span style=\"color: #b31218;\"><strong>United Fund of Belgium<\/strong><\/span> pour financer une camionnette fourgon pour g\u00e9rer tous ces dons que nous devons stocker et puis redistribuer aux personnes sans abri.<\/p>\n<hr \/>\n<h3>Projets<\/h3>\n<p>En 4 ans, nous avons donn\u00e9 5600 douches aux personnes sans-abri : environ 75% d&#8217;hommes, 20 % de femmes, 5% d&#8217;enfants, soit la m\u00eame proportion que les personnes vivant dans la rue dans la R\u00e9gion Bruxelloise.<\/p>\n<p><img decoding=\"async\" class=\"wp-image-15229 alignright\" src=\"https:\/\/ufb.be\/wp-content\/uploads\/2020\/11\/IMG_20210113_125935-2-300x300.jpg\" alt=\"\" width=\"195\" height=\"195\" srcset=\"https:\/\/ufb.be\/wp-content\/uploads\/2020\/11\/IMG_20210113_125935-2-300x300.jpg 300w, https:\/\/ufb.be\/wp-content\/uploads\/2020\/11\/IMG_20210113_125935-2-1024x1024.jpg 1024w, https:\/\/ufb.be\/wp-content\/uploads\/2020\/11\/IMG_20210113_125935-2-150x150.jpg 150w, https:\/\/ufb.be\/wp-content\/uploads\/2020\/11\/IMG_20210113_125935-2-768x768.jpg 768w, https:\/\/ufb.be\/wp-content\/uploads\/2020\/11\/IMG_20210113_125935-2-1536x1536.jpg 1536w, https:\/\/ufb.be\/wp-content\/uploads\/2020\/11\/IMG_20210113_125935-2-500x500.jpg 500w, https:\/\/ufb.be\/wp-content\/uploads\/2020\/11\/IMG_20210113_125935-2-600x600.jpg 600w, https:\/\/ufb.be\/wp-content\/uploads\/2020\/11\/IMG_20210113_125935-2-100x100.jpg 100w, https:\/\/ufb.be\/wp-content\/uploads\/2020\/11\/IMG_20210113_125935-2.jpg 1771w\" sizes=\"(max-width: 195px) 100vw, 195px\" \/><\/p>\n<p>Nous avons distribu\u00e9, durant 2020, l\u2019ann\u00e9e &#8220;covid&#8221;, plus de 5000 v\u00eatements et nous avons pu donner 4200 boissons chaudes.<\/p>\n<p>Notre projet principal pour 2021, est d&#8217;engager un quatri\u00e8me travailleur qui axera ses activit\u00e9s sur la remise en logement des sans-abris, apr\u00e8s un travail en r\u00e9seau avec d&#8217;autres associations. Gr\u00e2ce \u00e0 votre aide, nous pouvons d\u00e9sormais assurer le transport des meubles et autres fournitures pour que ces logements soient suffisamment accueillants pour ce public d\u00e9favoris\u00e9.<\/p>\n<p>Nous sommes soutenus par la presse locale et r\u00e9gionale par de nombreux articles depuis le d\u00e9but de l&#8217;aventure.<\/p>\n<hr \/>\n<h3><strong>T\u00e9moignage de leur exp\u00e9rience<\/strong><\/h3>\n<p>T\u00e9moignage d\u2019une personne qui est venue tout l&#8217;\u00e9t\u00e9 \u00e0 nos permanences gare Centrale : <strong><span style=\"color: #b31218;\">&#8220;C&#8217;est magnifique, merci, merci&#8221;<\/span><\/strong> s\u2019exclame S., professeur d\u2019\u00e9ducation physique originaire de Moldavie et naturalis\u00e9 portugais. Le lendemain, il a le rendez-vous pour d\u00e9crocher un petit job sur des chantiers de construction. Bien que sans-abri, il s\u2019y pr\u00e9sentera douch\u00e9, ras\u00e9 de pr\u00e8s et habill\u00e9 comme vous et moi. Il est content et fier d\u2019avoir retrouv\u00e9 sa dignit\u00e9 ne fusse que le temps de ce job.<\/p>\n","protected":false},"featured_media":15232,"parent":0,"template":"","meta":{"_acf_changed":false},"class_list":["post-8142","beneficiary","type-beneficiary","status-publish","has-post-thumbnail","hentry","province_type-brussels","social_type-lutte-contre-la-pauvrete"],"acf":[],"yoast_head":"<!-- This site is optimized with the Yoast SEO plugin v27.3 - https:\/\/yoast.com\/product\/yoast-seo-wordpress\/ -->\n<title>Rolling Douche asbl - service d&#039;hygi\u00e8ne mobile - UFB<\/title>\n<meta name=\"robots\" content=\"index, follow, max-snippet:-1, max-image-preview:large, max-video-preview:-1\" \/>\n<link rel=\"canonical\" href=\"https:\/\/ufb.be\/en\/beneficiary\/rolling-douche-asbl-service-dhygiene-mobile\/\" \/>\n<meta property=\"og:locale\" content=\"en_US\" \/>\n<meta property=\"og:type\" content=\"article\" \/>\n<meta property=\"og:title\" content=\"Rolling Douche asbl - service d&#039;hygi\u00e8ne mobile - UFB\" \/>\n<meta property=\"og:description\" content=\"Pr\u00e9sentation de l&#8217;organisation Rolling Douche, c&#8217;est un service mobile d&#8217;hygi\u00e8ne \u00e0 l&#8217;attention des personnes sans-abri, qui existe depuis mai 2016. Nous sommes \u00e9quip\u00e9s d&#8217;un motor-home et sillonnons Bruxelles depuis le 2 janvier 2017. Notre \u00e9quipe se compose de quelques personnes cl\u00e9s. Nous avons le conseil d&#8217;administration avec Colette Schyns, la pr\u00e9sidente, Jacques Schyns, le tr\u00e9sorier [&hellip;]\" \/>\n<meta property=\"og:url\" content=\"https:\/\/ufb.be\/en\/beneficiary\/rolling-douche-asbl-service-dhygiene-mobile\/\" \/>\n<meta property=\"og:site_name\" content=\"UFB\" \/>\n<meta property=\"article:modified_time\" content=\"2021-05-06T14:39:37+00:00\" \/>\n<meta property=\"og:image\" content=\"https:\/\/ufb.be\/wp-content\/uploads\/2020\/11\/IMG_20210113_125841-rolling-douche-scaled.jpg\" \/>\n\t<meta property=\"og:image:width\" content=\"2560\" \/>\n\t<meta property=\"og:image:height\" content=\"1152\" \/>\n\t<meta property=\"og:image:type\" content=\"image\/jpeg\" \/>\n<meta name=\"twitter:card\" content=\"summary_large_image\" \/>\n<meta name=\"twitter:label1\" content=\"Est. reading time\" \/>\n\t<meta name=\"twitter:data1\" content=\"3 minutes\" \/>\n<script type=\"application\/ld+json\" class=\"yoast-schema-graph\">{\"@context\":\"https:\\\/\\\/schema.org\",\"@graph\":[{\"@type\":\"WebPage\",\"@id\":\"https:\\\/\\\/ufb.be\\\/en\\\/beneficiary\\\/rolling-douche-asbl-service-dhygiene-mobile\\\/\",\"url\":\"https:\\\/\\\/ufb.be\\\/en\\\/beneficiary\\\/rolling-douche-asbl-service-dhygiene-mobile\\\/\",\"name\":\"Rolling Douche asbl - service d'hygi\u00e8ne mobile - UFB\",\"isPartOf\":{\"@id\":\"https:\\\/\\\/ufb.be\\\/en\\\/#website\"},\"primaryImageOfPage\":{\"@id\":\"https:\\\/\\\/ufb.be\\\/en\\\/beneficiary\\\/rolling-douche-asbl-service-dhygiene-mobile\\\/#primaryimage\"},\"image\":{\"@id\":\"https:\\\/\\\/ufb.be\\\/en\\\/beneficiary\\\/rolling-douche-asbl-service-dhygiene-mobile\\\/#primaryimage\"},\"thumbnailUrl\":\"https:\\\/\\\/ufb.be\\\/wp-content\\\/uploads\\\/2020\\\/11\\\/IMG_20210113_125841-rolling-douche-scaled.jpg\",\"datePublished\":\"2020-11-13T20:24:22+00:00\",\"dateModified\":\"2021-05-06T14:39:37+00:00\",\"breadcrumb\":{\"@id\":\"https:\\\/\\\/ufb.be\\\/en\\\/beneficiary\\\/rolling-douche-asbl-service-dhygiene-mobile\\\/#breadcrumb\"},\"inLanguage\":\"en-US\",\"potentialAction\":[{\"@type\":\"ReadAction\",\"target\":[\"https:\\\/\\\/ufb.be\\\/en\\\/beneficiary\\\/rolling-douche-asbl-service-dhygiene-mobile\\\/\"]}]},{\"@type\":\"ImageObject\",\"inLanguage\":\"en-US\",\"@id\":\"https:\\\/\\\/ufb.be\\\/en\\\/beneficiary\\\/rolling-douche-asbl-service-dhygiene-mobile\\\/#primaryimage\",\"url\":\"https:\\\/\\\/ufb.be\\\/wp-content\\\/uploads\\\/2020\\\/11\\\/IMG_20210113_125841-rolling-douche-scaled.jpg\",\"contentUrl\":\"https:\\\/\\\/ufb.be\\\/wp-content\\\/uploads\\\/2020\\\/11\\\/IMG_20210113_125841-rolling-douche-scaled.jpg\",\"width\":2560,\"height\":1152},{\"@type\":\"BreadcrumbList\",\"@id\":\"https:\\\/\\\/ufb.be\\\/en\\\/beneficiary\\\/rolling-douche-asbl-service-dhygiene-mobile\\\/#breadcrumb\",\"itemListElement\":[{\"@type\":\"ListItem\",\"position\":1,\"name\":\"Accueil\",\"item\":\"https:\\\/\\\/ufb.be\\\/en\\\/\"},{\"@type\":\"ListItem\",\"position\":2,\"name\":\"Beneficiaries\",\"item\":\"https:\\\/\\\/ufb.be\\\/en\\\/beneficiary\\\/\"},{\"@type\":\"ListItem\",\"position\":3,\"name\":\"Rolling Douche asbl &#8211; service d&#8217;hygi\u00e8ne mobile\"}]},{\"@type\":\"WebSite\",\"@id\":\"https:\\\/\\\/ufb.be\\\/en\\\/#website\",\"url\":\"https:\\\/\\\/ufb.be\\\/en\\\/\",\"name\":\"United Fund for Belgium\",\"description\":\"Combattons l\u2019exclusion pour plus d\u2019int\u00e9gration sociale\",\"publisher\":{\"@id\":\"https:\\\/\\\/ufb.be\\\/en\\\/#organization\"},\"alternateName\":\"UFB\",\"potentialAction\":[{\"@type\":\"SearchAction\",\"target\":{\"@type\":\"EntryPoint\",\"urlTemplate\":\"https:\\\/\\\/ufb.be\\\/en\\\/?s={search_term_string}\"},\"query-input\":{\"@type\":\"PropertyValueSpecification\",\"valueRequired\":true,\"valueName\":\"search_term_string\"}}],\"inLanguage\":\"en-US\"},{\"@type\":\"Organization\",\"@id\":\"https:\\\/\\\/ufb.be\\\/en\\\/#organization\",\"name\":\"United Fund for Belgium\",\"alternateName\":\"UFB\",\"url\":\"https:\\\/\\\/ufb.be\\\/en\\\/\",\"logo\":{\"@type\":\"ImageObject\",\"inLanguage\":\"en-US\",\"@id\":\"https:\\\/\\\/ufb.be\\\/en\\\/#\\\/schema\\\/logo\\\/image\\\/\",\"url\":\"https:\\\/\\\/ufb.be\\\/wp-content\\\/uploads\\\/2025\\\/07\\\/Logo-UFB-RS.png\",\"contentUrl\":\"https:\\\/\\\/ufb.be\\\/wp-content\\\/uploads\\\/2025\\\/07\\\/Logo-UFB-RS.png\",\"width\":200,\"height\":200,\"caption\":\"United Fund for Belgium\"},\"image\":{\"@id\":\"https:\\\/\\\/ufb.be\\\/en\\\/#\\\/schema\\\/logo\\\/image\\\/\"}}]}<\/script>\n<!-- \/ Yoast SEO plugin. -->","yoast_head_json":{"title":"Rolling Douche asbl - service d'hygi\u00e8ne mobile - UFB","robots":{"index":"index","follow":"follow","max-snippet":"max-snippet:-1","max-image-preview":"max-image-preview:large","max-video-preview":"max-video-preview:-1"},"canonical":"https:\/\/ufb.be\/en\/beneficiary\/rolling-douche-asbl-service-dhygiene-mobile\/","og_locale":"en_US","og_type":"article","og_title":"Rolling Douche asbl - service d'hygi\u00e8ne mobile - UFB","og_description":"Pr\u00e9sentation de l&#8217;organisation Rolling Douche, c&#8217;est un service mobile d&#8217;hygi\u00e8ne \u00e0 l&#8217;attention des personnes sans-abri, qui existe depuis mai 2016. Nous sommes \u00e9quip\u00e9s d&#8217;un motor-home et sillonnons Bruxelles depuis le 2 janvier 2017. Notre \u00e9quipe se compose de quelques personnes cl\u00e9s. Nous avons le conseil d&#8217;administration avec Colette Schyns, la pr\u00e9sidente, Jacques Schyns, le tr\u00e9sorier [&hellip;]","og_url":"https:\/\/ufb.be\/en\/beneficiary\/rolling-douche-asbl-service-dhygiene-mobile\/","og_site_name":"UFB","article_modified_time":"2021-05-06T14:39:37+00:00","og_image":[{"width":2560,"height":1152,"url":"https:\/\/ufb.be\/wp-content\/uploads\/2020\/11\/IMG_20210113_125841-rolling-douche-scaled.jpg","type":"image\/jpeg"}],"twitter_card":"summary_large_image","twitter_misc":{"Est. reading time":"3 minutes"},"schema":{"@context":"https:\/\/schema.org","@graph":[{"@type":"WebPage","@id":"https:\/\/ufb.be\/en\/beneficiary\/rolling-douche-asbl-service-dhygiene-mobile\/","url":"https:\/\/ufb.be\/en\/beneficiary\/rolling-douche-asbl-service-dhygiene-mobile\/","name":"Rolling Douche asbl - service d'hygi\u00e8ne mobile - UFB","isPartOf":{"@id":"https:\/\/ufb.be\/en\/#website"},"primaryImageOfPage":{"@id":"https:\/\/ufb.be\/en\/beneficiary\/rolling-douche-asbl-service-dhygiene-mobile\/#primaryimage"},"image":{"@id":"https:\/\/ufb.be\/en\/beneficiary\/rolling-douche-asbl-service-dhygiene-mobile\/#primaryimage"},"thumbnailUrl":"https:\/\/ufb.be\/wp-content\/uploads\/2020\/11\/IMG_20210113_125841-rolling-douche-scaled.jpg","datePublished":"2020-11-13T20:24:22+00:00","dateModified":"2021-05-06T14:39:37+00:00","breadcrumb":{"@id":"https:\/\/ufb.be\/en\/beneficiary\/rolling-douche-asbl-service-dhygiene-mobile\/#breadcrumb"},"inLanguage":"en-US","potentialAction":[{"@type":"ReadAction","target":["https:\/\/ufb.be\/en\/beneficiary\/rolling-douche-asbl-service-dhygiene-mobile\/"]}]},{"@type":"ImageObject","inLanguage":"en-US","@id":"https:\/\/ufb.be\/en\/beneficiary\/rolling-douche-asbl-service-dhygiene-mobile\/#primaryimage","url":"https:\/\/ufb.be\/wp-content\/uploads\/2020\/11\/IMG_20210113_125841-rolling-douche-scaled.jpg","contentUrl":"https:\/\/ufb.be\/wp-content\/uploads\/2020\/11\/IMG_20210113_125841-rolling-douche-scaled.jpg","width":2560,"height":1152},{"@type":"BreadcrumbList","@id":"https:\/\/ufb.be\/en\/beneficiary\/rolling-douche-asbl-service-dhygiene-mobile\/#breadcrumb","itemListElement":[{"@type":"ListItem","position":1,"name":"Accueil","item":"https:\/\/ufb.be\/en\/"},{"@type":"ListItem","position":2,"name":"Beneficiaries","item":"https:\/\/ufb.be\/en\/beneficiary\/"},{"@type":"ListItem","position":3,"name":"Rolling Douche asbl &#8211; service d&#8217;hygi\u00e8ne mobile"}]},{"@type":"WebSite","@id":"https:\/\/ufb.be\/en\/#website","url":"https:\/\/ufb.be\/en\/","name":"United Fund for Belgium","description":"Combattons l\u2019exclusion pour plus d\u2019int\u00e9gration sociale","publisher":{"@id":"https:\/\/ufb.be\/en\/#organization"},"alternateName":"UFB","potentialAction":[{"@type":"SearchAction","target":{"@type":"EntryPoint","urlTemplate":"https:\/\/ufb.be\/en\/?s={search_term_string}"},"query-input":{"@type":"PropertyValueSpecification","valueRequired":true,"valueName":"search_term_string"}}],"inLanguage":"en-US"},{"@type":"Organization","@id":"https:\/\/ufb.be\/en\/#organization","name":"United Fund for Belgium","alternateName":"UFB","url":"https:\/\/ufb.be\/en\/","logo":{"@type":"ImageObject","inLanguage":"en-US","@id":"https:\/\/ufb.be\/en\/#\/schema\/logo\/image\/","url":"https:\/\/ufb.be\/wp-content\/uploads\/2025\/07\/Logo-UFB-RS.png","contentUrl":"https:\/\/ufb.be\/wp-content\/uploads\/2025\/07\/Logo-UFB-RS.png","width":200,"height":200,"caption":"United Fund for Belgium"},"image":{"@id":"https:\/\/ufb.be\/en\/#\/schema\/logo\/image\/"}}]}},"_links":{"self":[{"href":"https:\/\/ufb.be\/en\/wp-json\/wp\/v2\/beneficiary\/8142","targetHints":{"allow":["GET"]}}],"collection":[{"href":"https:\/\/ufb.be\/en\/wp-json\/wp\/v2\/beneficiary"}],"about":[{"href":"https:\/\/ufb.be\/en\/wp-json\/wp\/v2\/types\/beneficiary"}],"wp:featuredmedia":[{"embeddable":true,"href":"https:\/\/ufb.be\/en\/wp-json\/wp\/v2\/media\/15232"}],"wp:attachment":[{"href":"https:\/\/ufb.be\/en\/wp-json\/wp\/v2\/media?parent=8142"}],"curies":[{"name":"wp","href":"https:\/\/api.w.org\/{rel}","templated":true}]}}