{"id":17261,"date":"2021-07-12T16:03:13","date_gmt":"2021-07-12T16:03:13","guid":{"rendered":"https:\/\/ufb.be\/?post_type=beneficiary&#038;p=17261"},"modified":"2025-05-12T12:45:44","modified_gmt":"2025-05-12T11:45:44","slug":"cannara-asbl-hebergement-et-reinsertion-de-personnes-sans-domicile","status":"publish","type":"beneficiary","link":"https:\/\/ufb.be\/nl\/beneficiary\/cannara-asbl-hebergement-et-reinsertion-de-personnes-sans-domicile\/","title":{"rendered":"Cannara asbl &#8211; H\u00e9bergement et r\u00e9insertion de personnes sans domicile"},"content":{"rendered":"<p><span style=\"color: #b31218;\"><strong>PRESENTATION DE L&#8217;ORGANISATION<\/strong><\/span><\/p>\n<p>Active depuis 2006, constitu\u00e9e en asbl en 2009, Cannara met \u00e0 disposition un logement, un accompagnement social et suit la r\u00e9insertion de personnes sans domicile (\u00e0 la rue, sortant de prison ou de cure psychiatrique de longue dur\u00e9e). Elle g\u00e8re trois petites maisons qui sont mises gracieusement \u00e0 sa disposition par des m\u00e9c\u00e8nes pour une tr\u00e8s longue dur\u00e9e. Sans personnel, elle est g\u00e9r\u00e9e par des b\u00e9n\u00e9voles aux comp\u00e9tences reconnues, infirmi\u00e8re, psychologue m\u00e9decins, avocat, assistante sociale. Elle pr\u00e9c\u00e8de le mouvement \u00ab home first \u00bb.<\/p>\n<p>&nbsp;<\/p>\n<p><span style=\"color: #b31218;\"><strong>EVENEMENTS MARQUANTS DE NOTRE ORGANISATION<\/strong><\/span><\/p>\n<p>Fin 2019, une troisi\u00e8me maison est mise \u00e0 notre disposition pour 99 ans. Cela va permettre de passer de 4 \u00e0 5 personnes accueillies simultan\u00e9ment dans de meilleures conditions. Les travaux de remise en \u00e9tat et la recherche de fonds vont s\u2019\u00e9taler sur l\u2019ensemble de l\u2019ann\u00e9e 2020, malgr\u00e9 les conditions difficiles de la pand\u00e9mie. Cette maison suppl\u00e9mentaire a accueilli ses premiers \u00ab\u00a0locataires\u00a0\u00bb en d\u00e9cembre 2020.<\/p>\n<p>&nbsp;<\/p>\n<p><span style=\"color: #b31218;\"><strong>NOS PROJETS, MISSIONS ET\/OU ACTIVITES<\/strong><\/span><\/p>\n<p>Le principe de Cannara, c\u2019est de mettre \u00e0 disposition un logement et d\u2019accompagner socialement les personnes par des activit\u00e9s diverses (balade \u00e0 v\u00e9lo, ping-pong, repas hebdomadaire en \u00ab\u00a0table d\u2019h\u00f4tes\u00a0\u00bb). Les personnes h\u00e9berg\u00e9es paient (quand elles le peuvent) les consommations (200 \u20ac par mois), mais pas de loyer. Il leur est propos\u00e9 une \u00e9pargne de 250 \u20ac par mois, ce qui leur permet, lors de leur d\u00e9part d\u2019envisager une caution locative, et quelques achats pour leur futur logement.<\/p>\n<p>&nbsp;<\/p>\n<p><span style=\"color: #b31218;\"><strong>TEMOIGNAGE<\/strong><\/span><\/p>\n<p>&#8220;Depuis sa fondation (2006), une bonne soixantaine de personnes sans domicile sont pass\u00e9es par Cannara et ont, pour la plupart \u00e9t\u00e9 r\u00e9ins\u00e9r\u00e9es. Pour les personnes h\u00e9berg\u00e9es, c\u2019est d\u2019abord le temps de se poser apr\u00e8s un accident de vie s\u00e9rieux, la rue, la prison ou l\u2019h\u00f4pital psychiatrique en long s\u00e9jour, tous \u00e9v\u00e8nements qui coupent de la famille et de la vie sociale.&#8221; (Serge Carabin, membre de l&#8217;asbl Cannara)<\/p>\n<p>&nbsp;<\/p>\n","protected":false},"featured_media":17262,"parent":0,"template":"","meta":{"_acf_changed":false},"class_list":["post-17261","beneficiary","type-beneficiary","status-publish","has-post-thumbnail","hentry","year_type-242","province_type-liege","social_type-lutte-contre-la-pauvrete"],"acf":[],"yoast_head":"<!-- This site is optimized with the Yoast SEO plugin v27.3 - https:\/\/yoast.com\/product\/yoast-seo-wordpress\/ -->\n<title>Cannara asbl - H\u00e9bergement et r\u00e9insertion de personnes sans domicile - UFB<\/title>\n<meta name=\"robots\" content=\"index, follow, max-snippet:-1, max-image-preview:large, max-video-preview:-1\" \/>\n<link rel=\"canonical\" href=\"https:\/\/ufb.be\/nl\/beneficiary\/cannara-asbl-hebergement-et-reinsertion-de-personnes-sans-domicile\/\" \/>\n<meta property=\"og:locale\" content=\"nl_NL\" \/>\n<meta property=\"og:type\" content=\"article\" \/>\n<meta property=\"og:title\" content=\"Cannara asbl - H\u00e9bergement et r\u00e9insertion de personnes sans domicile - UFB\" \/>\n<meta property=\"og:description\" content=\"PRESENTATION DE L&#8217;ORGANISATION Active depuis 2006, constitu\u00e9e en asbl en 2009, Cannara met \u00e0 disposition un logement, un accompagnement social et suit la r\u00e9insertion de personnes sans domicile (\u00e0 la rue, sortant de prison ou de cure psychiatrique de longue dur\u00e9e). Elle g\u00e8re trois petites maisons qui sont mises gracieusement \u00e0 sa disposition par des [&hellip;]\" \/>\n<meta property=\"og:url\" content=\"https:\/\/ufb.be\/nl\/beneficiary\/cannara-asbl-hebergement-et-reinsertion-de-personnes-sans-domicile\/\" \/>\n<meta property=\"og:site_name\" content=\"UFB\" \/>\n<meta property=\"article:modified_time\" content=\"2025-05-12T11:45:44+00:00\" \/>\n<meta property=\"og:image\" content=\"https:\/\/ufb.be\/wp-content\/uploads\/2021\/07\/image_cannara-asbl_hebergement-des-personnes-sans-domicile.png\" \/>\n\t<meta property=\"og:image:width\" content=\"1640\" \/>\n\t<meta property=\"og:image:height\" content=\"924\" \/>\n\t<meta property=\"og:image:type\" content=\"image\/png\" \/>\n<meta name=\"twitter:card\" content=\"summary_large_image\" \/>\n<meta name=\"twitter:label1\" content=\"Geschatte leestijd\" \/>\n\t<meta name=\"twitter:data1\" content=\"2 minutes\" \/>\n<script type=\"application\/ld+json\" class=\"yoast-schema-graph\">{\"@context\":\"https:\\\/\\\/schema.org\",\"@graph\":[{\"@type\":\"WebPage\",\"@id\":\"https:\\\/\\\/ufb.be\\\/nl\\\/beneficiary\\\/cannara-asbl-hebergement-et-reinsertion-de-personnes-sans-domicile\\\/\",\"url\":\"https:\\\/\\\/ufb.be\\\/nl\\\/beneficiary\\\/cannara-asbl-hebergement-et-reinsertion-de-personnes-sans-domicile\\\/\",\"name\":\"Cannara asbl - H\u00e9bergement et r\u00e9insertion de personnes sans domicile - UFB\",\"isPartOf\":{\"@id\":\"https:\\\/\\\/ufb.be\\\/nl\\\/#website\"},\"primaryImageOfPage\":{\"@id\":\"https:\\\/\\\/ufb.be\\\/nl\\\/beneficiary\\\/cannara-asbl-hebergement-et-reinsertion-de-personnes-sans-domicile\\\/#primaryimage\"},\"image\":{\"@id\":\"https:\\\/\\\/ufb.be\\\/nl\\\/beneficiary\\\/cannara-asbl-hebergement-et-reinsertion-de-personnes-sans-domicile\\\/#primaryimage\"},\"thumbnailUrl\":\"https:\\\/\\\/ufb.be\\\/wp-content\\\/uploads\\\/2021\\\/07\\\/image_cannara-asbl_hebergement-des-personnes-sans-domicile.png\",\"datePublished\":\"2021-07-12T16:03:13+00:00\",\"dateModified\":\"2025-05-12T11:45:44+00:00\",\"breadcrumb\":{\"@id\":\"https:\\\/\\\/ufb.be\\\/nl\\\/beneficiary\\\/cannara-asbl-hebergement-et-reinsertion-de-personnes-sans-domicile\\\/#breadcrumb\"},\"inLanguage\":\"nl-NL\",\"potentialAction\":[{\"@type\":\"ReadAction\",\"target\":[\"https:\\\/\\\/ufb.be\\\/nl\\\/beneficiary\\\/cannara-asbl-hebergement-et-reinsertion-de-personnes-sans-domicile\\\/\"]}]},{\"@type\":\"ImageObject\",\"inLanguage\":\"nl-NL\",\"@id\":\"https:\\\/\\\/ufb.be\\\/nl\\\/beneficiary\\\/cannara-asbl-hebergement-et-reinsertion-de-personnes-sans-domicile\\\/#primaryimage\",\"url\":\"https:\\\/\\\/ufb.be\\\/wp-content\\\/uploads\\\/2021\\\/07\\\/image_cannara-asbl_hebergement-des-personnes-sans-domicile.png\",\"contentUrl\":\"https:\\\/\\\/ufb.be\\\/wp-content\\\/uploads\\\/2021\\\/07\\\/image_cannara-asbl_hebergement-des-personnes-sans-domicile.png\",\"width\":1640,\"height\":924},{\"@type\":\"BreadcrumbList\",\"@id\":\"https:\\\/\\\/ufb.be\\\/nl\\\/beneficiary\\\/cannara-asbl-hebergement-et-reinsertion-de-personnes-sans-domicile\\\/#breadcrumb\",\"itemListElement\":[{\"@type\":\"ListItem\",\"position\":1,\"name\":\"Accueil\",\"item\":\"https:\\\/\\\/ufb.be\\\/nl\\\/\"},{\"@type\":\"ListItem\",\"position\":2,\"name\":\"Beneficiaries\",\"item\":\"https:\\\/\\\/ufb.be\\\/nl\\\/beneficiary\\\/\"},{\"@type\":\"ListItem\",\"position\":3,\"name\":\"Cannara asbl &#8211; H\u00e9bergement et r\u00e9insertion de personnes sans domicile\"}]},{\"@type\":\"WebSite\",\"@id\":\"https:\\\/\\\/ufb.be\\\/nl\\\/#website\",\"url\":\"https:\\\/\\\/ufb.be\\\/nl\\\/\",\"name\":\"United Fund for Belgium\",\"description\":\"Combattons l\u2019exclusion pour plus d\u2019int\u00e9gration sociale\",\"publisher\":{\"@id\":\"https:\\\/\\\/ufb.be\\\/nl\\\/#organization\"},\"alternateName\":\"UFB\",\"potentialAction\":[{\"@type\":\"SearchAction\",\"target\":{\"@type\":\"EntryPoint\",\"urlTemplate\":\"https:\\\/\\\/ufb.be\\\/nl\\\/?s={search_term_string}\"},\"query-input\":{\"@type\":\"PropertyValueSpecification\",\"valueRequired\":true,\"valueName\":\"search_term_string\"}}],\"inLanguage\":\"nl-NL\"},{\"@type\":\"Organization\",\"@id\":\"https:\\\/\\\/ufb.be\\\/nl\\\/#organization\",\"name\":\"United Fund for Belgium\",\"alternateName\":\"UFB\",\"url\":\"https:\\\/\\\/ufb.be\\\/nl\\\/\",\"logo\":{\"@type\":\"ImageObject\",\"inLanguage\":\"nl-NL\",\"@id\":\"https:\\\/\\\/ufb.be\\\/nl\\\/#\\\/schema\\\/logo\\\/image\\\/\",\"url\":\"https:\\\/\\\/ufb.be\\\/wp-content\\\/uploads\\\/2025\\\/07\\\/Logo-UFB-RS.png\",\"contentUrl\":\"https:\\\/\\\/ufb.be\\\/wp-content\\\/uploads\\\/2025\\\/07\\\/Logo-UFB-RS.png\",\"width\":200,\"height\":200,\"caption\":\"United Fund for Belgium\"},\"image\":{\"@id\":\"https:\\\/\\\/ufb.be\\\/nl\\\/#\\\/schema\\\/logo\\\/image\\\/\"}}]}<\/script>\n<!-- \/ Yoast SEO plugin. -->","yoast_head_json":{"title":"Cannara asbl - H\u00e9bergement et r\u00e9insertion de personnes sans domicile - UFB","robots":{"index":"index","follow":"follow","max-snippet":"max-snippet:-1","max-image-preview":"max-image-preview:large","max-video-preview":"max-video-preview:-1"},"canonical":"https:\/\/ufb.be\/nl\/beneficiary\/cannara-asbl-hebergement-et-reinsertion-de-personnes-sans-domicile\/","og_locale":"nl_NL","og_type":"article","og_title":"Cannara asbl - H\u00e9bergement et r\u00e9insertion de personnes sans domicile - UFB","og_description":"PRESENTATION DE L&#8217;ORGANISATION Active depuis 2006, constitu\u00e9e en asbl en 2009, Cannara met \u00e0 disposition un logement, un accompagnement social et suit la r\u00e9insertion de personnes sans domicile (\u00e0 la rue, sortant de prison ou de cure psychiatrique de longue dur\u00e9e). Elle g\u00e8re trois petites maisons qui sont mises gracieusement \u00e0 sa disposition par des [&hellip;]","og_url":"https:\/\/ufb.be\/nl\/beneficiary\/cannara-asbl-hebergement-et-reinsertion-de-personnes-sans-domicile\/","og_site_name":"UFB","article_modified_time":"2025-05-12T11:45:44+00:00","og_image":[{"width":1640,"height":924,"url":"https:\/\/ufb.be\/wp-content\/uploads\/2021\/07\/image_cannara-asbl_hebergement-des-personnes-sans-domicile.png","type":"image\/png"}],"twitter_card":"summary_large_image","twitter_misc":{"Geschatte leestijd":"2 minutes"},"schema":{"@context":"https:\/\/schema.org","@graph":[{"@type":"WebPage","@id":"https:\/\/ufb.be\/nl\/beneficiary\/cannara-asbl-hebergement-et-reinsertion-de-personnes-sans-domicile\/","url":"https:\/\/ufb.be\/nl\/beneficiary\/cannara-asbl-hebergement-et-reinsertion-de-personnes-sans-domicile\/","name":"Cannara asbl - H\u00e9bergement et r\u00e9insertion de personnes sans domicile - UFB","isPartOf":{"@id":"https:\/\/ufb.be\/nl\/#website"},"primaryImageOfPage":{"@id":"https:\/\/ufb.be\/nl\/beneficiary\/cannara-asbl-hebergement-et-reinsertion-de-personnes-sans-domicile\/#primaryimage"},"image":{"@id":"https:\/\/ufb.be\/nl\/beneficiary\/cannara-asbl-hebergement-et-reinsertion-de-personnes-sans-domicile\/#primaryimage"},"thumbnailUrl":"https:\/\/ufb.be\/wp-content\/uploads\/2021\/07\/image_cannara-asbl_hebergement-des-personnes-sans-domicile.png","datePublished":"2021-07-12T16:03:13+00:00","dateModified":"2025-05-12T11:45:44+00:00","breadcrumb":{"@id":"https:\/\/ufb.be\/nl\/beneficiary\/cannara-asbl-hebergement-et-reinsertion-de-personnes-sans-domicile\/#breadcrumb"},"inLanguage":"nl-NL","potentialAction":[{"@type":"ReadAction","target":["https:\/\/ufb.be\/nl\/beneficiary\/cannara-asbl-hebergement-et-reinsertion-de-personnes-sans-domicile\/"]}]},{"@type":"ImageObject","inLanguage":"nl-NL","@id":"https:\/\/ufb.be\/nl\/beneficiary\/cannara-asbl-hebergement-et-reinsertion-de-personnes-sans-domicile\/#primaryimage","url":"https:\/\/ufb.be\/wp-content\/uploads\/2021\/07\/image_cannara-asbl_hebergement-des-personnes-sans-domicile.png","contentUrl":"https:\/\/ufb.be\/wp-content\/uploads\/2021\/07\/image_cannara-asbl_hebergement-des-personnes-sans-domicile.png","width":1640,"height":924},{"@type":"BreadcrumbList","@id":"https:\/\/ufb.be\/nl\/beneficiary\/cannara-asbl-hebergement-et-reinsertion-de-personnes-sans-domicile\/#breadcrumb","itemListElement":[{"@type":"ListItem","position":1,"name":"Accueil","item":"https:\/\/ufb.be\/nl\/"},{"@type":"ListItem","position":2,"name":"Beneficiaries","item":"https:\/\/ufb.be\/nl\/beneficiary\/"},{"@type":"ListItem","position":3,"name":"Cannara asbl &#8211; H\u00e9bergement et r\u00e9insertion de personnes sans domicile"}]},{"@type":"WebSite","@id":"https:\/\/ufb.be\/nl\/#website","url":"https:\/\/ufb.be\/nl\/","name":"United Fund for Belgium","description":"Combattons l\u2019exclusion pour plus d\u2019int\u00e9gration sociale","publisher":{"@id":"https:\/\/ufb.be\/nl\/#organization"},"alternateName":"UFB","potentialAction":[{"@type":"SearchAction","target":{"@type":"EntryPoint","urlTemplate":"https:\/\/ufb.be\/nl\/?s={search_term_string}"},"query-input":{"@type":"PropertyValueSpecification","valueRequired":true,"valueName":"search_term_string"}}],"inLanguage":"nl-NL"},{"@type":"Organization","@id":"https:\/\/ufb.be\/nl\/#organization","name":"United Fund for Belgium","alternateName":"UFB","url":"https:\/\/ufb.be\/nl\/","logo":{"@type":"ImageObject","inLanguage":"nl-NL","@id":"https:\/\/ufb.be\/nl\/#\/schema\/logo\/image\/","url":"https:\/\/ufb.be\/wp-content\/uploads\/2025\/07\/Logo-UFB-RS.png","contentUrl":"https:\/\/ufb.be\/wp-content\/uploads\/2025\/07\/Logo-UFB-RS.png","width":200,"height":200,"caption":"United Fund for Belgium"},"image":{"@id":"https:\/\/ufb.be\/nl\/#\/schema\/logo\/image\/"}}]}},"_links":{"self":[{"href":"https:\/\/ufb.be\/nl\/wp-json\/wp\/v2\/beneficiary\/17261","targetHints":{"allow":["GET"]}}],"collection":[{"href":"https:\/\/ufb.be\/nl\/wp-json\/wp\/v2\/beneficiary"}],"about":[{"href":"https:\/\/ufb.be\/nl\/wp-json\/wp\/v2\/types\/beneficiary"}],"wp:featuredmedia":[{"embeddable":true,"href":"https:\/\/ufb.be\/nl\/wp-json\/wp\/v2\/media\/17262"}],"wp:attachment":[{"href":"https:\/\/ufb.be\/nl\/wp-json\/wp\/v2\/media?parent=17261"}],"curies":[{"name":"wp","href":"https:\/\/api.w.org\/{rel}","templated":true}]}}