{"id":17266,"date":"2021-07-12T16:23:36","date_gmt":"2021-07-12T16:23:36","guid":{"rendered":"https:\/\/ufb.be\/?post_type=beneficiary&#038;p=17266"},"modified":"2025-03-25T09:43:53","modified_gmt":"2025-03-25T08:43:53","slug":"copainpark-asbl-aide-aux-enfants-de-3-a-18-ans","status":"publish","type":"beneficiary","link":"https:\/\/ufb.be\/nl\/beneficiary\/copainpark-asbl-aide-aux-enfants-de-3-a-18-ans\/","title":{"rendered":"Copainpark asbl &#8211; Aide aux enfants de 3 \u00e0 18 ans"},"content":{"rendered":"<p><span style=\"color: #b31218;\"><strong>PRESENTATION DE L&#8217;ORGANISATION<\/strong><\/span><\/p>\n<p>Copainpark a \u00e9t\u00e9 cr\u00e9\u00e9 le 31 d\u00e9cembre 1965. Les personnes-cl\u00e9s de l\u2019organisation sont la directrice Mme Najla Derouiche, Mr Pierre Leemans &#8211; pr\u00e9sident et Mr Patrick Motte &#8211; administrateur d\u00e9l\u00e9gu\u00e9 du CA, ainsi que les membres du CA et de l\u2019\u00e9quipe \u00e9ducative.<\/p>\n<p>Sur demande du Service d&#8217;aide \u00e0 la Jeunesse ou du tribunal de la jeunesse, prise en charge de jeunes de 3 \u00e0 18 ans en proie \u00e0 des conflits familiaux graves, maltraitance physique ou psychologique, parents dans l\u2019incapacit\u00e9 d\u2019assurer leur \u00e9ducation \u00e0 la suite de leurs difficult\u00e9s personnelles.<\/p>\n<p>Domaine d\u2019impact : le bien-\u00eatre des enfants, contribution \u00e0 l\u2019int\u00e9gration sociale.<\/p>\n<p>&nbsp;<\/p>\n<p><span style=\"color: #b31218;\"><strong>EVENEMENTS MARQUANTS DE L&#8217;ORGANISATION<\/strong><\/span><\/p>\n<p>2015 : Soir\u00e9e th\u00e9\u00e2trale \u00ab les dessous chics 2 \u00bb pour les 50 ans de Copainpark , pi\u00e8ce \u00e9crite et jou\u00e9e par un ancien de la maison.<\/p>\n<p>2017 : cr\u00e9ation de 4 studios de mise en semi-autonomie des enfants entre 16 et 18 ans<\/p>\n<p>2019 : un projet \u00e9ducatif et collaboratif avec plus d\u2019ouverture vers l&#8217;ext\u00e9rieur, de pr\u00e9vention, d\u2019autonomie&#8230;,<\/p>\n<p>2019-2020 \u2013 p\u00e9riode in\u00e9dite de pand\u00e9mie et confinement : nouvelles activit\u00e9s comme le petit potager et la participation \u00e0 la cuisine, tous les enfants partent en vacances dans les Ardennes en \u00e9t\u00e9 et Saint-Nicolas les g\u00e2te autrement.<\/p>\n<p>&nbsp;<\/p>\n<p><span style=\"color: #b31218;\"><strong>PROJETS, MISSIONS ET\/OU ACTIVITES LES PLUS IMPORTANTS<\/strong><\/span><\/p>\n<p>&#8211; Accueillir et accompagner des jeunes n\u00e9cessitant une aide sp\u00e9cialis\u00e9e en dehors de leur milieu de vie<\/p>\n<p>&#8211; Mettre en \u0153uvre les d\u00e9cisions du Conseiller de l&#8217;aide \u00e0 Ia Jeunesse ou du Juge de Ia Jeunesse en vue de favoriser Ia r\u00e9insertion des jeunes dans leur milieu de vie.<\/p>\n<p>&#8211; Assurer Ia supervision ainsi que l&#8217;encadrement p\u00e9dagogique et social des jeunes en semi-autonomie (4 studios) au sein de Ia maison et en autonomie \u00e0 l&#8217;ext\u00e9rieur de Copainpark<\/p>\n<p>&#8211; Apporter une aide aux jeunes et \u00e0 leur famille dans leur milieu de vie par des actions socio-\u00e9ducatives.<\/p>\n<p>&nbsp;<\/p>\n<p><span style=\"color: #b31218;\"><strong>TEMOIGNAGE<\/strong><\/span><\/p>\n<p>&#8220;Etant Directrice de l\u2019asbl Copainpark depuis seulement deux ans, j\u2019ai le bonheur de partager le quotidien d\u2019une super \u00e9quipe et de merveilleux jeunes. Cr\u00e9ation d\u2019un petit potager, organisation de camps dans les Ardennes, organisation des moments festifs, encadrement des jeunes dans la bienveillance afin de les aider \u00e0 bien grandir, cr\u00e9ation en interne de studios de semi-autonomie afin de pr\u00e9parer les jeunes \u00e0 vivre seuls, \u2026. sont quelques exemples de notre quotidien.&#8221; (Najla Derouiche)<\/p>\n","protected":false},"featured_media":17267,"parent":0,"template":"","meta":{"_acf_changed":false},"class_list":["post-17266","beneficiary","type-beneficiary","status-publish","has-post-thumbnail","hentry","year_type-206","province_type-brussels","social_type-bien-etre-des-enfants"],"acf":[],"yoast_head":"<!-- This site is optimized with the Yoast SEO plugin v27.3 - https:\/\/yoast.com\/product\/yoast-seo-wordpress\/ -->\n<title>Copainpark asbl - Aide aux enfants de 3 \u00e0 18 ans - UFB<\/title>\n<meta name=\"robots\" content=\"index, follow, max-snippet:-1, max-image-preview:large, max-video-preview:-1\" \/>\n<link rel=\"canonical\" href=\"https:\/\/ufb.be\/nl\/beneficiary\/copainpark-asbl-aide-aux-enfants-de-3-a-18-ans\/\" \/>\n<meta property=\"og:locale\" content=\"nl_NL\" \/>\n<meta property=\"og:type\" content=\"article\" \/>\n<meta property=\"og:title\" content=\"Copainpark asbl - Aide aux enfants de 3 \u00e0 18 ans - UFB\" \/>\n<meta property=\"og:description\" content=\"PRESENTATION DE L&#8217;ORGANISATION Copainpark a \u00e9t\u00e9 cr\u00e9\u00e9 le 31 d\u00e9cembre 1965. Les personnes-cl\u00e9s de l\u2019organisation sont la directrice Mme Najla Derouiche, Mr Pierre Leemans &#8211; pr\u00e9sident et Mr Patrick Motte &#8211; administrateur d\u00e9l\u00e9gu\u00e9 du CA, ainsi que les membres du CA et de l\u2019\u00e9quipe \u00e9ducative. Sur demande du Service d&#8217;aide \u00e0 la Jeunesse ou du [&hellip;]\" \/>\n<meta property=\"og:url\" content=\"https:\/\/ufb.be\/nl\/beneficiary\/copainpark-asbl-aide-aux-enfants-de-3-a-18-ans\/\" \/>\n<meta property=\"og:site_name\" content=\"UFB\" \/>\n<meta property=\"article:modified_time\" content=\"2025-03-25T08:43:53+00:00\" \/>\n<meta property=\"og:image\" content=\"https:\/\/ufb.be\/wp-content\/uploads\/2021\/07\/image_copainpark-asbl.png\" \/>\n\t<meta property=\"og:image:width\" content=\"1640\" \/>\n\t<meta property=\"og:image:height\" content=\"924\" \/>\n\t<meta property=\"og:image:type\" content=\"image\/png\" \/>\n<meta name=\"twitter:card\" content=\"summary_large_image\" \/>\n<meta name=\"twitter:label1\" content=\"Geschatte leestijd\" \/>\n\t<meta name=\"twitter:data1\" content=\"3 minutes\" \/>\n<script type=\"application\/ld+json\" class=\"yoast-schema-graph\">{\"@context\":\"https:\\\/\\\/schema.org\",\"@graph\":[{\"@type\":\"WebPage\",\"@id\":\"https:\\\/\\\/ufb.be\\\/nl\\\/beneficiary\\\/copainpark-asbl-aide-aux-enfants-de-3-a-18-ans\\\/\",\"url\":\"https:\\\/\\\/ufb.be\\\/nl\\\/beneficiary\\\/copainpark-asbl-aide-aux-enfants-de-3-a-18-ans\\\/\",\"name\":\"Copainpark asbl - Aide aux enfants de 3 \u00e0 18 ans - UFB\",\"isPartOf\":{\"@id\":\"https:\\\/\\\/ufb.be\\\/nl\\\/#website\"},\"primaryImageOfPage\":{\"@id\":\"https:\\\/\\\/ufb.be\\\/nl\\\/beneficiary\\\/copainpark-asbl-aide-aux-enfants-de-3-a-18-ans\\\/#primaryimage\"},\"image\":{\"@id\":\"https:\\\/\\\/ufb.be\\\/nl\\\/beneficiary\\\/copainpark-asbl-aide-aux-enfants-de-3-a-18-ans\\\/#primaryimage\"},\"thumbnailUrl\":\"https:\\\/\\\/ufb.be\\\/wp-content\\\/uploads\\\/2021\\\/07\\\/image_copainpark-asbl.png\",\"datePublished\":\"2021-07-12T16:23:36+00:00\",\"dateModified\":\"2025-03-25T08:43:53+00:00\",\"breadcrumb\":{\"@id\":\"https:\\\/\\\/ufb.be\\\/nl\\\/beneficiary\\\/copainpark-asbl-aide-aux-enfants-de-3-a-18-ans\\\/#breadcrumb\"},\"inLanguage\":\"nl-NL\",\"potentialAction\":[{\"@type\":\"ReadAction\",\"target\":[\"https:\\\/\\\/ufb.be\\\/nl\\\/beneficiary\\\/copainpark-asbl-aide-aux-enfants-de-3-a-18-ans\\\/\"]}]},{\"@type\":\"ImageObject\",\"inLanguage\":\"nl-NL\",\"@id\":\"https:\\\/\\\/ufb.be\\\/nl\\\/beneficiary\\\/copainpark-asbl-aide-aux-enfants-de-3-a-18-ans\\\/#primaryimage\",\"url\":\"https:\\\/\\\/ufb.be\\\/wp-content\\\/uploads\\\/2021\\\/07\\\/image_copainpark-asbl.png\",\"contentUrl\":\"https:\\\/\\\/ufb.be\\\/wp-content\\\/uploads\\\/2021\\\/07\\\/image_copainpark-asbl.png\",\"width\":1640,\"height\":924},{\"@type\":\"BreadcrumbList\",\"@id\":\"https:\\\/\\\/ufb.be\\\/nl\\\/beneficiary\\\/copainpark-asbl-aide-aux-enfants-de-3-a-18-ans\\\/#breadcrumb\",\"itemListElement\":[{\"@type\":\"ListItem\",\"position\":1,\"name\":\"Accueil\",\"item\":\"https:\\\/\\\/ufb.be\\\/nl\\\/\"},{\"@type\":\"ListItem\",\"position\":2,\"name\":\"Beneficiaries\",\"item\":\"https:\\\/\\\/ufb.be\\\/nl\\\/beneficiary\\\/\"},{\"@type\":\"ListItem\",\"position\":3,\"name\":\"Copainpark asbl &#8211; Aide aux enfants de 3 \u00e0 18 ans\"}]},{\"@type\":\"WebSite\",\"@id\":\"https:\\\/\\\/ufb.be\\\/nl\\\/#website\",\"url\":\"https:\\\/\\\/ufb.be\\\/nl\\\/\",\"name\":\"United Fund for Belgium\",\"description\":\"Combattons l\u2019exclusion pour plus d\u2019int\u00e9gration sociale\",\"publisher\":{\"@id\":\"https:\\\/\\\/ufb.be\\\/nl\\\/#organization\"},\"alternateName\":\"UFB\",\"potentialAction\":[{\"@type\":\"SearchAction\",\"target\":{\"@type\":\"EntryPoint\",\"urlTemplate\":\"https:\\\/\\\/ufb.be\\\/nl\\\/?s={search_term_string}\"},\"query-input\":{\"@type\":\"PropertyValueSpecification\",\"valueRequired\":true,\"valueName\":\"search_term_string\"}}],\"inLanguage\":\"nl-NL\"},{\"@type\":\"Organization\",\"@id\":\"https:\\\/\\\/ufb.be\\\/nl\\\/#organization\",\"name\":\"United Fund for Belgium\",\"alternateName\":\"UFB\",\"url\":\"https:\\\/\\\/ufb.be\\\/nl\\\/\",\"logo\":{\"@type\":\"ImageObject\",\"inLanguage\":\"nl-NL\",\"@id\":\"https:\\\/\\\/ufb.be\\\/nl\\\/#\\\/schema\\\/logo\\\/image\\\/\",\"url\":\"https:\\\/\\\/ufb.be\\\/wp-content\\\/uploads\\\/2025\\\/07\\\/Logo-UFB-RS.png\",\"contentUrl\":\"https:\\\/\\\/ufb.be\\\/wp-content\\\/uploads\\\/2025\\\/07\\\/Logo-UFB-RS.png\",\"width\":200,\"height\":200,\"caption\":\"United Fund for Belgium\"},\"image\":{\"@id\":\"https:\\\/\\\/ufb.be\\\/nl\\\/#\\\/schema\\\/logo\\\/image\\\/\"}}]}<\/script>\n<!-- \/ Yoast SEO plugin. -->","yoast_head_json":{"title":"Copainpark asbl - Aide aux enfants de 3 \u00e0 18 ans - UFB","robots":{"index":"index","follow":"follow","max-snippet":"max-snippet:-1","max-image-preview":"max-image-preview:large","max-video-preview":"max-video-preview:-1"},"canonical":"https:\/\/ufb.be\/nl\/beneficiary\/copainpark-asbl-aide-aux-enfants-de-3-a-18-ans\/","og_locale":"nl_NL","og_type":"article","og_title":"Copainpark asbl - Aide aux enfants de 3 \u00e0 18 ans - UFB","og_description":"PRESENTATION DE L&#8217;ORGANISATION Copainpark a \u00e9t\u00e9 cr\u00e9\u00e9 le 31 d\u00e9cembre 1965. Les personnes-cl\u00e9s de l\u2019organisation sont la directrice Mme Najla Derouiche, Mr Pierre Leemans &#8211; pr\u00e9sident et Mr Patrick Motte &#8211; administrateur d\u00e9l\u00e9gu\u00e9 du CA, ainsi que les membres du CA et de l\u2019\u00e9quipe \u00e9ducative. Sur demande du Service d&#8217;aide \u00e0 la Jeunesse ou du [&hellip;]","og_url":"https:\/\/ufb.be\/nl\/beneficiary\/copainpark-asbl-aide-aux-enfants-de-3-a-18-ans\/","og_site_name":"UFB","article_modified_time":"2025-03-25T08:43:53+00:00","og_image":[{"width":1640,"height":924,"url":"https:\/\/ufb.be\/wp-content\/uploads\/2021\/07\/image_copainpark-asbl.png","type":"image\/png"}],"twitter_card":"summary_large_image","twitter_misc":{"Geschatte leestijd":"3 minutes"},"schema":{"@context":"https:\/\/schema.org","@graph":[{"@type":"WebPage","@id":"https:\/\/ufb.be\/nl\/beneficiary\/copainpark-asbl-aide-aux-enfants-de-3-a-18-ans\/","url":"https:\/\/ufb.be\/nl\/beneficiary\/copainpark-asbl-aide-aux-enfants-de-3-a-18-ans\/","name":"Copainpark asbl - Aide aux enfants de 3 \u00e0 18 ans - UFB","isPartOf":{"@id":"https:\/\/ufb.be\/nl\/#website"},"primaryImageOfPage":{"@id":"https:\/\/ufb.be\/nl\/beneficiary\/copainpark-asbl-aide-aux-enfants-de-3-a-18-ans\/#primaryimage"},"image":{"@id":"https:\/\/ufb.be\/nl\/beneficiary\/copainpark-asbl-aide-aux-enfants-de-3-a-18-ans\/#primaryimage"},"thumbnailUrl":"https:\/\/ufb.be\/wp-content\/uploads\/2021\/07\/image_copainpark-asbl.png","datePublished":"2021-07-12T16:23:36+00:00","dateModified":"2025-03-25T08:43:53+00:00","breadcrumb":{"@id":"https:\/\/ufb.be\/nl\/beneficiary\/copainpark-asbl-aide-aux-enfants-de-3-a-18-ans\/#breadcrumb"},"inLanguage":"nl-NL","potentialAction":[{"@type":"ReadAction","target":["https:\/\/ufb.be\/nl\/beneficiary\/copainpark-asbl-aide-aux-enfants-de-3-a-18-ans\/"]}]},{"@type":"ImageObject","inLanguage":"nl-NL","@id":"https:\/\/ufb.be\/nl\/beneficiary\/copainpark-asbl-aide-aux-enfants-de-3-a-18-ans\/#primaryimage","url":"https:\/\/ufb.be\/wp-content\/uploads\/2021\/07\/image_copainpark-asbl.png","contentUrl":"https:\/\/ufb.be\/wp-content\/uploads\/2021\/07\/image_copainpark-asbl.png","width":1640,"height":924},{"@type":"BreadcrumbList","@id":"https:\/\/ufb.be\/nl\/beneficiary\/copainpark-asbl-aide-aux-enfants-de-3-a-18-ans\/#breadcrumb","itemListElement":[{"@type":"ListItem","position":1,"name":"Accueil","item":"https:\/\/ufb.be\/nl\/"},{"@type":"ListItem","position":2,"name":"Beneficiaries","item":"https:\/\/ufb.be\/nl\/beneficiary\/"},{"@type":"ListItem","position":3,"name":"Copainpark asbl &#8211; Aide aux enfants de 3 \u00e0 18 ans"}]},{"@type":"WebSite","@id":"https:\/\/ufb.be\/nl\/#website","url":"https:\/\/ufb.be\/nl\/","name":"United Fund for Belgium","description":"Combattons l\u2019exclusion pour plus d\u2019int\u00e9gration sociale","publisher":{"@id":"https:\/\/ufb.be\/nl\/#organization"},"alternateName":"UFB","potentialAction":[{"@type":"SearchAction","target":{"@type":"EntryPoint","urlTemplate":"https:\/\/ufb.be\/nl\/?s={search_term_string}"},"query-input":{"@type":"PropertyValueSpecification","valueRequired":true,"valueName":"search_term_string"}}],"inLanguage":"nl-NL"},{"@type":"Organization","@id":"https:\/\/ufb.be\/nl\/#organization","name":"United Fund for Belgium","alternateName":"UFB","url":"https:\/\/ufb.be\/nl\/","logo":{"@type":"ImageObject","inLanguage":"nl-NL","@id":"https:\/\/ufb.be\/nl\/#\/schema\/logo\/image\/","url":"https:\/\/ufb.be\/wp-content\/uploads\/2025\/07\/Logo-UFB-RS.png","contentUrl":"https:\/\/ufb.be\/wp-content\/uploads\/2025\/07\/Logo-UFB-RS.png","width":200,"height":200,"caption":"United Fund for Belgium"},"image":{"@id":"https:\/\/ufb.be\/nl\/#\/schema\/logo\/image\/"}}]}},"_links":{"self":[{"href":"https:\/\/ufb.be\/nl\/wp-json\/wp\/v2\/beneficiary\/17266","targetHints":{"allow":["GET"]}}],"collection":[{"href":"https:\/\/ufb.be\/nl\/wp-json\/wp\/v2\/beneficiary"}],"about":[{"href":"https:\/\/ufb.be\/nl\/wp-json\/wp\/v2\/types\/beneficiary"}],"wp:featuredmedia":[{"embeddable":true,"href":"https:\/\/ufb.be\/nl\/wp-json\/wp\/v2\/media\/17267"}],"wp:attachment":[{"href":"https:\/\/ufb.be\/nl\/wp-json\/wp\/v2\/media?parent=17266"}],"curies":[{"name":"wp","href":"https:\/\/api.w.org\/{rel}","templated":true}]}}