{"id":17282,"date":"2021-07-13T10:54:41","date_gmt":"2021-07-13T10:54:41","guid":{"rendered":"https:\/\/ufb.be\/?post_type=beneficiary&#038;p=17282"},"modified":"2025-05-12T12:44:53","modified_gmt":"2025-05-12T11:44:53","slug":"cyclocoeur-asbl-cyclotourisme-pour-les-malvoyants","status":"publish","type":"beneficiary","link":"https:\/\/ufb.be\/nl\/beneficiary\/cyclocoeur-asbl-cyclotourisme-pour-les-malvoyants\/","title":{"rendered":"Cyclocoeur asbl &#8211; Cyclotourisme pour les malvoyants"},"content":{"rendered":"<p><span style=\"color: #b31218;\"><strong>PRESENTATION DE L&#8217;ORGANISATION<\/strong><\/span><\/p>\n<p>Le Club Cyclocoeur Namur a \u00e9t\u00e9 fond\u00e9 en 1997. Le club Cyclocoeur a pour objectif de permettre aux handicap\u00e9s de la vue de pratiquer, \u00e0 titre de loisir, le cyclotourisme en tandem. Il est pr\u00e9sid\u00e9 depuis de nombreuses ann\u00e9es par Robert Minet. Il aspire \u00e0 favoriser de la sorte les contacts entre personnes de tous horizons aussi bien valides qu&#8217;aveugles ou mal-voyantes dans un esprit d&#8217;entraide et de fraternit\u00e9.<\/p>\n<p><img fetchpriority=\"high\" decoding=\"async\" class=\"alignnone size-medium wp-image-17803\" src=\"https:\/\/ufb.be\/wp-content\/uploads\/2021\/07\/photo_cyclocoeur-300x169.png\" alt=\"\" width=\"300\" height=\"169\" srcset=\"https:\/\/ufb.be\/wp-content\/uploads\/2021\/07\/photo_cyclocoeur-300x169.png 300w, https:\/\/ufb.be\/wp-content\/uploads\/2021\/07\/photo_cyclocoeur-1024x577.png 1024w, https:\/\/ufb.be\/wp-content\/uploads\/2021\/07\/photo_cyclocoeur-768x433.png 768w, https:\/\/ufb.be\/wp-content\/uploads\/2021\/07\/photo_cyclocoeur-1536x865.png 1536w, https:\/\/ufb.be\/wp-content\/uploads\/2021\/07\/photo_cyclocoeur-600x338.png 600w, https:\/\/ufb.be\/wp-content\/uploads\/2021\/07\/photo_cyclocoeur.png 1640w\" sizes=\"(max-width: 300px) 100vw, 300px\" \/><\/p>\n<p><span style=\"color: #b31218;\"><strong>EVENEMENTS MARQUANTS DE L&#8217;ORGANISATION:<\/strong><\/span><\/p>\n<p>1997 : fondation du club<\/p>\n<p>D\u00e8s 1997, organisation de sorties et de s\u00e9jours en tandem. Organisation de sorties p\u00e9destres.<\/p>\n<p>2019 : d\u00e9m\u00e9nagement de notre local \u00e0 Jambes vers Flawinne<\/p>\n<p>2020 : remplacement de notre minibus par un nouveau minibus<\/p>\n<p><img decoding=\"async\" class=\"alignnone size-medium wp-image-17806\" src=\"https:\/\/ufb.be\/wp-content\/uploads\/2021\/07\/Photo_01-300x169.jpeg\" alt=\"\" width=\"300\" height=\"169\" srcset=\"https:\/\/ufb.be\/wp-content\/uploads\/2021\/07\/Photo_01-300x169.jpeg 300w, https:\/\/ufb.be\/wp-content\/uploads\/2021\/07\/Photo_01-600x338.jpeg 600w, https:\/\/ufb.be\/wp-content\/uploads\/2021\/07\/Photo_01.jpeg 640w\" sizes=\"(max-width: 300px) 100vw, 300px\" \/><\/p>\n<p><span style=\"color: #b31218;\"><strong>PROJETS, MISSIONS ET\/OU ACTIVITES LES PLUS IMPORTANTS<\/strong><\/span><\/p>\n<p>Le club Cyclocoeur a pour mission de permettre aux handicap\u00e9s de la vue de pratiquer, \u00e0 titre de loisir, le cyclotourisme en tandem.<\/p>\n<p>En plus de l&#8217;aspect sportif, le club ambitionne la solidarit\u00e9 et le partage de joies de la randonn\u00e9e en plein air.<\/p>\n<p>Si le passager arri\u00e8re du tandem doit accorder une confiance totale \u00e0 son co\u00e9quipier, il lui offre en retour une bonne dose de bonne humeur et d&#8217;enthousiasme dont il ne manque g\u00e9n\u00e9ralement pas.<\/p>\n<p><img decoding=\"async\" class=\"size-medium wp-image-17812 alignright\" src=\"https:\/\/ufb.be\/wp-content\/uploads\/2021\/07\/photo_cyclocoeur1-300x169.png\" alt=\"\" width=\"300\" height=\"169\" srcset=\"https:\/\/ufb.be\/wp-content\/uploads\/2021\/07\/photo_cyclocoeur1-300x169.png 300w, https:\/\/ufb.be\/wp-content\/uploads\/2021\/07\/photo_cyclocoeur1-1024x577.png 1024w, https:\/\/ufb.be\/wp-content\/uploads\/2021\/07\/photo_cyclocoeur1-768x433.png 768w, https:\/\/ufb.be\/wp-content\/uploads\/2021\/07\/photo_cyclocoeur1-1536x865.png 1536w, https:\/\/ufb.be\/wp-content\/uploads\/2021\/07\/photo_cyclocoeur1-600x338.png 600w, https:\/\/ufb.be\/wp-content\/uploads\/2021\/07\/photo_cyclocoeur1.png 1640w\" sizes=\"(max-width: 300px) 100vw, 300px\" \/><\/p>\n<p>&nbsp;<\/p>\n<p><span style=\"color: #b31218;\"><strong>TEMOIGNAGE<\/strong><\/span><\/p>\n<p>&#8220;Notre fille de 10 ans, malvoyante, voulait apprendre \u00e0 rouler \u00e0 v\u00e9lo 2 roues comme tout enfant de son \u00e2ge. Sa diff\u00e9rence ne lui permettait pas de s&#8217;aventurer en s\u00e9curit\u00e9.<\/p>\n<p>\u00c0 la suite d\u2019une conversation t\u00e9l\u00e9phonique, les coordonn\u00e9es de Mr Minet nous ont \u00e9t\u00e9 donn\u00e9es. Ce Monsieur d\u00e9crit par notre contact comme un Monsieur tr\u00e8s chaleureux et tr\u00e8s sympathique.<\/p>\n<p>En effet, Mr Minet nous a rappel\u00e9 rapidement et nous a gentiment dit : Ne vous inqui\u00e9tez pas, nous allons trouver une solution pour votre fille. Quelques jours plus tard, nous avons rencontr\u00e9 une \u00e9quipe soud\u00e9e, positive et souriante, nous vantant les avantages d&#8217;un tandem.<\/p>\n<p>Quel bonheur pour notre fille d&#8217;\u00eatre sur un 2 roues, grand et long mais autonome ! Merci pour cette adaptation, ce bonheur de partager des balades avec notre fille, un peu comme si de rien n&#8217;\u00e9tait.<\/p>\n<p>Comme nous a dit Mr Minet : C&#8217;est alors une r\u00e9ussite pour tout le monde, c&#8217;est parfait ! Julia est heureuse et c&#8217;est bien comme cela. Nous voil\u00e0 fin pr\u00eats pour la semaine de la mobilit\u00e9 de l&#8217;\u00e9cole!&#8221; (Parent de Julia, membre de l&#8217;asbl Cyclocoeur Namur)<\/p>\n<p>&nbsp;<\/p>\n<p>&nbsp;<\/p>\n","protected":false},"featured_media":17283,"parent":0,"template":"","meta":{"_acf_changed":false},"class_list":["post-17282","beneficiary","type-beneficiary","status-publish","has-post-thumbnail","hentry","year_type-242","province_type-namur","social_type-personnes-en-situation-de-handicap"],"acf":[],"yoast_head":"<!-- This site is optimized with the Yoast SEO plugin v27.3 - https:\/\/yoast.com\/product\/yoast-seo-wordpress\/ -->\n<title>Cyclocoeur asbl - Cyclotourisme pour les malvoyants - UFB<\/title>\n<meta name=\"robots\" content=\"index, follow, max-snippet:-1, max-image-preview:large, max-video-preview:-1\" \/>\n<link rel=\"canonical\" href=\"https:\/\/ufb.be\/nl\/beneficiary\/cyclocoeur-asbl-cyclotourisme-pour-les-malvoyants\/\" \/>\n<meta property=\"og:locale\" content=\"nl_NL\" \/>\n<meta property=\"og:type\" content=\"article\" \/>\n<meta property=\"og:title\" content=\"Cyclocoeur asbl - Cyclotourisme pour les malvoyants - UFB\" \/>\n<meta property=\"og:description\" content=\"PRESENTATION DE L&#8217;ORGANISATION Le Club Cyclocoeur Namur a \u00e9t\u00e9 fond\u00e9 en 1997. Le club Cyclocoeur a pour objectif de permettre aux handicap\u00e9s de la vue de pratiquer, \u00e0 titre de loisir, le cyclotourisme en tandem. Il est pr\u00e9sid\u00e9 depuis de nombreuses ann\u00e9es par Robert Minet. Il aspire \u00e0 favoriser de la sorte les contacts entre [&hellip;]\" \/>\n<meta property=\"og:url\" content=\"https:\/\/ufb.be\/nl\/beneficiary\/cyclocoeur-asbl-cyclotourisme-pour-les-malvoyants\/\" \/>\n<meta property=\"og:site_name\" content=\"UFB\" \/>\n<meta property=\"article:modified_time\" content=\"2025-05-12T11:44:53+00:00\" \/>\n<meta property=\"og:image\" content=\"https:\/\/ufb.be\/wp-content\/uploads\/2021\/07\/01_CYCLOCOEUR_LOGO_2017.png\" \/>\n\t<meta property=\"og:image:width\" content=\"2500\" \/>\n\t<meta property=\"og:image:height\" content=\"1424\" \/>\n\t<meta property=\"og:image:type\" content=\"image\/png\" \/>\n<meta name=\"twitter:card\" content=\"summary_large_image\" \/>\n<meta name=\"twitter:label1\" content=\"Geschatte leestijd\" \/>\n\t<meta name=\"twitter:data1\" content=\"3 minutes\" \/>\n<script type=\"application\/ld+json\" class=\"yoast-schema-graph\">{\"@context\":\"https:\\\/\\\/schema.org\",\"@graph\":[{\"@type\":\"WebPage\",\"@id\":\"https:\\\/\\\/ufb.be\\\/nl\\\/beneficiary\\\/cyclocoeur-asbl-cyclotourisme-pour-les-malvoyants\\\/\",\"url\":\"https:\\\/\\\/ufb.be\\\/nl\\\/beneficiary\\\/cyclocoeur-asbl-cyclotourisme-pour-les-malvoyants\\\/\",\"name\":\"Cyclocoeur asbl - Cyclotourisme pour les malvoyants - UFB\",\"isPartOf\":{\"@id\":\"https:\\\/\\\/ufb.be\\\/nl\\\/#website\"},\"primaryImageOfPage\":{\"@id\":\"https:\\\/\\\/ufb.be\\\/nl\\\/beneficiary\\\/cyclocoeur-asbl-cyclotourisme-pour-les-malvoyants\\\/#primaryimage\"},\"image\":{\"@id\":\"https:\\\/\\\/ufb.be\\\/nl\\\/beneficiary\\\/cyclocoeur-asbl-cyclotourisme-pour-les-malvoyants\\\/#primaryimage\"},\"thumbnailUrl\":\"https:\\\/\\\/ufb.be\\\/wp-content\\\/uploads\\\/2021\\\/07\\\/01_CYCLOCOEUR_LOGO_2017.png\",\"datePublished\":\"2021-07-13T10:54:41+00:00\",\"dateModified\":\"2025-05-12T11:44:53+00:00\",\"breadcrumb\":{\"@id\":\"https:\\\/\\\/ufb.be\\\/nl\\\/beneficiary\\\/cyclocoeur-asbl-cyclotourisme-pour-les-malvoyants\\\/#breadcrumb\"},\"inLanguage\":\"nl-NL\",\"potentialAction\":[{\"@type\":\"ReadAction\",\"target\":[\"https:\\\/\\\/ufb.be\\\/nl\\\/beneficiary\\\/cyclocoeur-asbl-cyclotourisme-pour-les-malvoyants\\\/\"]}]},{\"@type\":\"ImageObject\",\"inLanguage\":\"nl-NL\",\"@id\":\"https:\\\/\\\/ufb.be\\\/nl\\\/beneficiary\\\/cyclocoeur-asbl-cyclotourisme-pour-les-malvoyants\\\/#primaryimage\",\"url\":\"https:\\\/\\\/ufb.be\\\/wp-content\\\/uploads\\\/2021\\\/07\\\/01_CYCLOCOEUR_LOGO_2017.png\",\"contentUrl\":\"https:\\\/\\\/ufb.be\\\/wp-content\\\/uploads\\\/2021\\\/07\\\/01_CYCLOCOEUR_LOGO_2017.png\",\"width\":2500,\"height\":1424},{\"@type\":\"BreadcrumbList\",\"@id\":\"https:\\\/\\\/ufb.be\\\/nl\\\/beneficiary\\\/cyclocoeur-asbl-cyclotourisme-pour-les-malvoyants\\\/#breadcrumb\",\"itemListElement\":[{\"@type\":\"ListItem\",\"position\":1,\"name\":\"Accueil\",\"item\":\"https:\\\/\\\/ufb.be\\\/nl\\\/\"},{\"@type\":\"ListItem\",\"position\":2,\"name\":\"Beneficiaries\",\"item\":\"https:\\\/\\\/ufb.be\\\/nl\\\/beneficiary\\\/\"},{\"@type\":\"ListItem\",\"position\":3,\"name\":\"Cyclocoeur asbl &#8211; Cyclotourisme pour les malvoyants\"}]},{\"@type\":\"WebSite\",\"@id\":\"https:\\\/\\\/ufb.be\\\/nl\\\/#website\",\"url\":\"https:\\\/\\\/ufb.be\\\/nl\\\/\",\"name\":\"United Fund for Belgium\",\"description\":\"Combattons l\u2019exclusion pour plus d\u2019int\u00e9gration sociale\",\"publisher\":{\"@id\":\"https:\\\/\\\/ufb.be\\\/nl\\\/#organization\"},\"alternateName\":\"UFB\",\"potentialAction\":[{\"@type\":\"SearchAction\",\"target\":{\"@type\":\"EntryPoint\",\"urlTemplate\":\"https:\\\/\\\/ufb.be\\\/nl\\\/?s={search_term_string}\"},\"query-input\":{\"@type\":\"PropertyValueSpecification\",\"valueRequired\":true,\"valueName\":\"search_term_string\"}}],\"inLanguage\":\"nl-NL\"},{\"@type\":\"Organization\",\"@id\":\"https:\\\/\\\/ufb.be\\\/nl\\\/#organization\",\"name\":\"United Fund for Belgium\",\"alternateName\":\"UFB\",\"url\":\"https:\\\/\\\/ufb.be\\\/nl\\\/\",\"logo\":{\"@type\":\"ImageObject\",\"inLanguage\":\"nl-NL\",\"@id\":\"https:\\\/\\\/ufb.be\\\/nl\\\/#\\\/schema\\\/logo\\\/image\\\/\",\"url\":\"https:\\\/\\\/ufb.be\\\/wp-content\\\/uploads\\\/2025\\\/07\\\/Logo-UFB-RS.png\",\"contentUrl\":\"https:\\\/\\\/ufb.be\\\/wp-content\\\/uploads\\\/2025\\\/07\\\/Logo-UFB-RS.png\",\"width\":200,\"height\":200,\"caption\":\"United Fund for Belgium\"},\"image\":{\"@id\":\"https:\\\/\\\/ufb.be\\\/nl\\\/#\\\/schema\\\/logo\\\/image\\\/\"}}]}<\/script>\n<!-- \/ Yoast SEO plugin. -->","yoast_head_json":{"title":"Cyclocoeur asbl - Cyclotourisme pour les malvoyants - UFB","robots":{"index":"index","follow":"follow","max-snippet":"max-snippet:-1","max-image-preview":"max-image-preview:large","max-video-preview":"max-video-preview:-1"},"canonical":"https:\/\/ufb.be\/nl\/beneficiary\/cyclocoeur-asbl-cyclotourisme-pour-les-malvoyants\/","og_locale":"nl_NL","og_type":"article","og_title":"Cyclocoeur asbl - Cyclotourisme pour les malvoyants - UFB","og_description":"PRESENTATION DE L&#8217;ORGANISATION Le Club Cyclocoeur Namur a \u00e9t\u00e9 fond\u00e9 en 1997. Le club Cyclocoeur a pour objectif de permettre aux handicap\u00e9s de la vue de pratiquer, \u00e0 titre de loisir, le cyclotourisme en tandem. Il est pr\u00e9sid\u00e9 depuis de nombreuses ann\u00e9es par Robert Minet. Il aspire \u00e0 favoriser de la sorte les contacts entre [&hellip;]","og_url":"https:\/\/ufb.be\/nl\/beneficiary\/cyclocoeur-asbl-cyclotourisme-pour-les-malvoyants\/","og_site_name":"UFB","article_modified_time":"2025-05-12T11:44:53+00:00","og_image":[{"width":2500,"height":1424,"url":"https:\/\/ufb.be\/wp-content\/uploads\/2021\/07\/01_CYCLOCOEUR_LOGO_2017.png","type":"image\/png"}],"twitter_card":"summary_large_image","twitter_misc":{"Geschatte leestijd":"3 minutes"},"schema":{"@context":"https:\/\/schema.org","@graph":[{"@type":"WebPage","@id":"https:\/\/ufb.be\/nl\/beneficiary\/cyclocoeur-asbl-cyclotourisme-pour-les-malvoyants\/","url":"https:\/\/ufb.be\/nl\/beneficiary\/cyclocoeur-asbl-cyclotourisme-pour-les-malvoyants\/","name":"Cyclocoeur asbl - Cyclotourisme pour les malvoyants - UFB","isPartOf":{"@id":"https:\/\/ufb.be\/nl\/#website"},"primaryImageOfPage":{"@id":"https:\/\/ufb.be\/nl\/beneficiary\/cyclocoeur-asbl-cyclotourisme-pour-les-malvoyants\/#primaryimage"},"image":{"@id":"https:\/\/ufb.be\/nl\/beneficiary\/cyclocoeur-asbl-cyclotourisme-pour-les-malvoyants\/#primaryimage"},"thumbnailUrl":"https:\/\/ufb.be\/wp-content\/uploads\/2021\/07\/01_CYCLOCOEUR_LOGO_2017.png","datePublished":"2021-07-13T10:54:41+00:00","dateModified":"2025-05-12T11:44:53+00:00","breadcrumb":{"@id":"https:\/\/ufb.be\/nl\/beneficiary\/cyclocoeur-asbl-cyclotourisme-pour-les-malvoyants\/#breadcrumb"},"inLanguage":"nl-NL","potentialAction":[{"@type":"ReadAction","target":["https:\/\/ufb.be\/nl\/beneficiary\/cyclocoeur-asbl-cyclotourisme-pour-les-malvoyants\/"]}]},{"@type":"ImageObject","inLanguage":"nl-NL","@id":"https:\/\/ufb.be\/nl\/beneficiary\/cyclocoeur-asbl-cyclotourisme-pour-les-malvoyants\/#primaryimage","url":"https:\/\/ufb.be\/wp-content\/uploads\/2021\/07\/01_CYCLOCOEUR_LOGO_2017.png","contentUrl":"https:\/\/ufb.be\/wp-content\/uploads\/2021\/07\/01_CYCLOCOEUR_LOGO_2017.png","width":2500,"height":1424},{"@type":"BreadcrumbList","@id":"https:\/\/ufb.be\/nl\/beneficiary\/cyclocoeur-asbl-cyclotourisme-pour-les-malvoyants\/#breadcrumb","itemListElement":[{"@type":"ListItem","position":1,"name":"Accueil","item":"https:\/\/ufb.be\/nl\/"},{"@type":"ListItem","position":2,"name":"Beneficiaries","item":"https:\/\/ufb.be\/nl\/beneficiary\/"},{"@type":"ListItem","position":3,"name":"Cyclocoeur asbl &#8211; Cyclotourisme pour les malvoyants"}]},{"@type":"WebSite","@id":"https:\/\/ufb.be\/nl\/#website","url":"https:\/\/ufb.be\/nl\/","name":"United Fund for Belgium","description":"Combattons l\u2019exclusion pour plus d\u2019int\u00e9gration sociale","publisher":{"@id":"https:\/\/ufb.be\/nl\/#organization"},"alternateName":"UFB","potentialAction":[{"@type":"SearchAction","target":{"@type":"EntryPoint","urlTemplate":"https:\/\/ufb.be\/nl\/?s={search_term_string}"},"query-input":{"@type":"PropertyValueSpecification","valueRequired":true,"valueName":"search_term_string"}}],"inLanguage":"nl-NL"},{"@type":"Organization","@id":"https:\/\/ufb.be\/nl\/#organization","name":"United Fund for Belgium","alternateName":"UFB","url":"https:\/\/ufb.be\/nl\/","logo":{"@type":"ImageObject","inLanguage":"nl-NL","@id":"https:\/\/ufb.be\/nl\/#\/schema\/logo\/image\/","url":"https:\/\/ufb.be\/wp-content\/uploads\/2025\/07\/Logo-UFB-RS.png","contentUrl":"https:\/\/ufb.be\/wp-content\/uploads\/2025\/07\/Logo-UFB-RS.png","width":200,"height":200,"caption":"United Fund for Belgium"},"image":{"@id":"https:\/\/ufb.be\/nl\/#\/schema\/logo\/image\/"}}]}},"_links":{"self":[{"href":"https:\/\/ufb.be\/nl\/wp-json\/wp\/v2\/beneficiary\/17282","targetHints":{"allow":["GET"]}}],"collection":[{"href":"https:\/\/ufb.be\/nl\/wp-json\/wp\/v2\/beneficiary"}],"about":[{"href":"https:\/\/ufb.be\/nl\/wp-json\/wp\/v2\/types\/beneficiary"}],"wp:featuredmedia":[{"embeddable":true,"href":"https:\/\/ufb.be\/nl\/wp-json\/wp\/v2\/media\/17283"}],"wp:attachment":[{"href":"https:\/\/ufb.be\/nl\/wp-json\/wp\/v2\/media?parent=17282"}],"curies":[{"name":"wp","href":"https:\/\/api.w.org\/{rel}","templated":true}]}}