{"id":18695,"date":"2021-09-20T12:11:11","date_gmt":"2021-09-20T12:11:11","guid":{"rendered":"https:\/\/ufb.be\/?post_type=beneficiary&#038;p=18695"},"modified":"2025-05-12T12:44:26","modified_gmt":"2025-05-12T11:44:26","slug":"espoir-et-sourire-asbl-maison-daccueil-pour-les-femmes-handicapees","status":"publish","type":"beneficiary","link":"https:\/\/ufb.be\/nl\/beneficiary\/espoir-et-sourire-asbl-maison-daccueil-pour-les-femmes-handicapees\/","title":{"rendered":"Espoir et sourire asbl &#8211; Maison d&#8217;accueil pour les femmes handicap\u00e9es"},"content":{"rendered":"<p><strong>ORGANISATION<\/strong><\/p>\n<p>En 1947, plusieurs jeunes filles en situation de handicap l\u00e9ger, membres d\u2019une unit\u00e9 guide, d\u00e9cident d\u2019essayer de trouver une solution pour \u00eatre plus autonome et ne plus constituer une charge permanente pour leurs familles. Avec le support de leurs parents, elles s\u2019installent dans une maison mise \u00e0 la disposition par l\u2019une des familles, sous la supervision d\u2019une g\u00e9rante. Une ASBL est cr\u00e9\u00e9e le 30\/9\/1947.\u00a0 Plus tard, la famille propri\u00e9taire de la maison, en fait tr\u00e8s g\u00e9n\u00e9reusement don \u00e0 l\u2019ASBL. Dans cette maison, dot\u00e9e d&#8217;un jardin, anim\u00e9e par une petite \u00e9quipe de g\u00e9rantes professionnelles, onze chambres accueillent dans un climat familial et d\u00e9tendu, des femmes fragilis\u00e9es par la vie ou atteintes d\u2019un handicap physique ou mental l\u00e9ger.<\/p>\n<p><img fetchpriority=\"high\" decoding=\"async\" class=\"size-medium wp-image-18699 aligncenter\" src=\"https:\/\/ufb.be\/wp-content\/uploads\/2021\/09\/photo_espoir-et-sourire1-300x169.jpg\" alt=\"\" width=\"300\" height=\"169\" srcset=\"https:\/\/ufb.be\/wp-content\/uploads\/2021\/09\/photo_espoir-et-sourire1-300x169.jpg 300w, https:\/\/ufb.be\/wp-content\/uploads\/2021\/09\/photo_espoir-et-sourire1-1024x577.jpg 1024w, https:\/\/ufb.be\/wp-content\/uploads\/2021\/09\/photo_espoir-et-sourire1-768x433.jpg 768w, https:\/\/ufb.be\/wp-content\/uploads\/2021\/09\/photo_espoir-et-sourire1-1536x865.jpg 1536w, https:\/\/ufb.be\/wp-content\/uploads\/2021\/09\/photo_espoir-et-sourire1-600x338.jpg 600w, https:\/\/ufb.be\/wp-content\/uploads\/2021\/09\/photo_espoir-et-sourire1.jpg 1640w\" sizes=\"(max-width: 300px) 100vw, 300px\" \/><\/p>\n<p>&nbsp;<\/p>\n<p><strong>EVENEMENTS MARQUANTS<\/strong><\/p>\n<p>En 2016 l\u2019ASBL a re\u00e7u un don qui lui a permis de r\u00e9am\u00e9nager 80 m2 au rez-de-jardin en vue d\u2019accueillir deux r\u00e9sidentes suppl\u00e9mentaires. En 2019, l\u2019ASBL a pu am\u00e9nager un jardin potager au fond de son jardin. Ceci a permis \u00e0 nos r\u00e9sidentes de cultiver des l\u00e9gumes qu\u2019elles int\u00e8grent dans leur repas du soir et leur fournit une alimentation \u00e9quilibr\u00e9e. En 2020, nous avons engag\u00e9 une nouvelle g\u00e9rante tr\u00e8s qualifi\u00e9e, qui m\u00e8ne tr\u00e8s bien l&#8217;\u00e9quipe et s&#8217;occupe des r\u00e9sidentes avec une grande efficacit\u00e9, y compris leur alimentation, bien \u00eatre et sant\u00e9.<\/p>\n<p><img decoding=\"async\" class=\"size-medium wp-image-18702 aligncenter\" src=\"https:\/\/ufb.be\/wp-content\/uploads\/2021\/09\/photo_espoir-et-sourire2-300x169.jpg\" alt=\"\" width=\"300\" height=\"169\" srcset=\"https:\/\/ufb.be\/wp-content\/uploads\/2021\/09\/photo_espoir-et-sourire2-300x169.jpg 300w, https:\/\/ufb.be\/wp-content\/uploads\/2021\/09\/photo_espoir-et-sourire2-1024x577.jpg 1024w, https:\/\/ufb.be\/wp-content\/uploads\/2021\/09\/photo_espoir-et-sourire2-768x433.jpg 768w, https:\/\/ufb.be\/wp-content\/uploads\/2021\/09\/photo_espoir-et-sourire2-1536x865.jpg 1536w, https:\/\/ufb.be\/wp-content\/uploads\/2021\/09\/photo_espoir-et-sourire2-600x338.jpg 600w, https:\/\/ufb.be\/wp-content\/uploads\/2021\/09\/photo_espoir-et-sourire2.jpg 1640w\" sizes=\"(max-width: 300px) 100vw, 300px\" \/><\/p>\n<p><strong>PROJETS<\/strong><\/p>\n<p>Pour 2021, l\u2019ASBL ambitionne d\u2019am\u00e9nager un espace encore disponible au rez de jardin en un espace d\u00e9tente et loisirs. L\u2019objectif de cet espace est double : permettre \u00e0 nos r\u00e9sidentes de bricoler, peindre, coudre ; permettre \u00e0 nos r\u00e9sidentes de recevoir des soins (coiffeur, p\u00e9dicure) au sein de la maison. C&#8217;est le projet que United Fund for Belgium a d\u00e9cid\u00e9 de soutenir avec son don tr\u00e8s g\u00e9n\u00e9reux. Ce salon est \u00e0 pr\u00e9sent termin\u00e9 et d\u00e9j\u00e0 fort appr\u00e9ci\u00e9 par nos h\u00f4tes. Nous sommes en train de faire vacciner toutes les r\u00e9sidentes contre le COVID, ce qui leur permettra de retourner \u00e0 leurs occupations de la journ\u00e9e, tr\u00e8s importantes pour leur \u00e9quilibre psychique. Une \u00e9tape importante en 2022 sera d&#8217;am\u00e9liorer l&#8217;isolation de la maison et d&#8217;installer des panneaux photovolta\u00efques sur son toit sud. Nous voulons non seulement contribuer \u00e0 une r\u00e9duction de notre empreinte environnementale mais aussi diminuer nos d\u00e9penses courantes, qui d\u00e9passent actuellement nos recettes.<\/p>\n<p>&nbsp;<\/p>\n<p><strong>TEMOIGNAGE<\/strong><\/p>\n<p>\u00abCoucou je suis Taline, j&#8217;habite au CHAINON depuis presque 9 ans. Je travaille \u00e0 Waterloo dans une boulangerie et je m&#8217;occupe aussi de la cuisine. J&#8217;adore regarder la t\u00e9l\u00e9vision et m&#8217;occuper des deux chats. J&#8217;ai une grande chambre que j&#8217;ai d\u00e9cor\u00e9 et ou j&#8217;aime passer mon temps. J&#8217;aime beaucoup faire du shopping et aller au man\u00e8ge juste \u00e0 cot\u00e9 du \u00ab Chainon \u00bb pour voir les chevaux. Deux fois par mois, je vais \u00e0 \u00ab Transition \u00bb faire des activit\u00e9s de loisirs&#8230;Je rentre certains week-ends dans ma famille \u00e0 Anvers. Mon ami d&#8217;enfance vient souvent me rendre visite au \u00ab Chainon\u00bb (anonyme, b\u00e9n\u00e9ficiaire d\u2019Espoir et Sourire)<\/p>\n<p>&nbsp;<\/p>\n<p>&nbsp;<\/p>\n","protected":false},"featured_media":18696,"parent":0,"template":"","meta":{"_acf_changed":false},"class_list":["post-18695","beneficiary","type-beneficiary","status-publish","has-post-thumbnail","hentry","year_type-242","province_type-brussels","social_type-personnes-en-situation-de-handicap"],"acf":[],"yoast_head":"<!-- This site is optimized with the Yoast SEO plugin v27.3 - https:\/\/yoast.com\/product\/yoast-seo-wordpress\/ -->\n<title>Espoir et sourire asbl - Maison d&#039;accueil pour les femmes handicap\u00e9es - UFB<\/title>\n<meta name=\"robots\" content=\"index, follow, max-snippet:-1, max-image-preview:large, max-video-preview:-1\" \/>\n<link rel=\"canonical\" href=\"https:\/\/ufb.be\/nl\/beneficiary\/espoir-et-sourire-asbl-maison-daccueil-pour-les-femmes-handicapees\/\" \/>\n<meta property=\"og:locale\" content=\"nl_NL\" \/>\n<meta property=\"og:type\" content=\"article\" \/>\n<meta property=\"og:title\" content=\"Espoir et sourire asbl - Maison d&#039;accueil pour les femmes handicap\u00e9es - UFB\" \/>\n<meta property=\"og:description\" content=\"ORGANISATION En 1947, plusieurs jeunes filles en situation de handicap l\u00e9ger, membres d\u2019une unit\u00e9 guide, d\u00e9cident d\u2019essayer de trouver une solution pour \u00eatre plus autonome et ne plus constituer une charge permanente pour leurs familles. Avec le support de leurs parents, elles s\u2019installent dans une maison mise \u00e0 la disposition par l\u2019une des familles, sous [&hellip;]\" \/>\n<meta property=\"og:url\" content=\"https:\/\/ufb.be\/nl\/beneficiary\/espoir-et-sourire-asbl-maison-daccueil-pour-les-femmes-handicapees\/\" \/>\n<meta property=\"og:site_name\" content=\"UFB\" \/>\n<meta property=\"article:modified_time\" content=\"2025-05-12T11:44:26+00:00\" \/>\n<meta property=\"og:image\" content=\"https:\/\/ufb.be\/wp-content\/uploads\/2021\/09\/image_espoir-et-sourire.jpg\" \/>\n\t<meta property=\"og:image:width\" content=\"1640\" \/>\n\t<meta property=\"og:image:height\" content=\"924\" \/>\n\t<meta property=\"og:image:type\" content=\"image\/jpeg\" \/>\n<meta name=\"twitter:card\" content=\"summary_large_image\" \/>\n<meta name=\"twitter:label1\" content=\"Geschatte leestijd\" \/>\n\t<meta name=\"twitter:data1\" content=\"3 minutes\" \/>\n<script type=\"application\/ld+json\" class=\"yoast-schema-graph\">{\"@context\":\"https:\\\/\\\/schema.org\",\"@graph\":[{\"@type\":\"WebPage\",\"@id\":\"https:\\\/\\\/ufb.be\\\/nl\\\/beneficiary\\\/espoir-et-sourire-asbl-maison-daccueil-pour-les-femmes-handicapees\\\/\",\"url\":\"https:\\\/\\\/ufb.be\\\/nl\\\/beneficiary\\\/espoir-et-sourire-asbl-maison-daccueil-pour-les-femmes-handicapees\\\/\",\"name\":\"Espoir et sourire asbl - Maison d'accueil pour les femmes handicap\u00e9es - UFB\",\"isPartOf\":{\"@id\":\"https:\\\/\\\/ufb.be\\\/nl\\\/#website\"},\"primaryImageOfPage\":{\"@id\":\"https:\\\/\\\/ufb.be\\\/nl\\\/beneficiary\\\/espoir-et-sourire-asbl-maison-daccueil-pour-les-femmes-handicapees\\\/#primaryimage\"},\"image\":{\"@id\":\"https:\\\/\\\/ufb.be\\\/nl\\\/beneficiary\\\/espoir-et-sourire-asbl-maison-daccueil-pour-les-femmes-handicapees\\\/#primaryimage\"},\"thumbnailUrl\":\"https:\\\/\\\/ufb.be\\\/wp-content\\\/uploads\\\/2021\\\/09\\\/image_espoir-et-sourire.jpg\",\"datePublished\":\"2021-09-20T12:11:11+00:00\",\"dateModified\":\"2025-05-12T11:44:26+00:00\",\"breadcrumb\":{\"@id\":\"https:\\\/\\\/ufb.be\\\/nl\\\/beneficiary\\\/espoir-et-sourire-asbl-maison-daccueil-pour-les-femmes-handicapees\\\/#breadcrumb\"},\"inLanguage\":\"nl-NL\",\"potentialAction\":[{\"@type\":\"ReadAction\",\"target\":[\"https:\\\/\\\/ufb.be\\\/nl\\\/beneficiary\\\/espoir-et-sourire-asbl-maison-daccueil-pour-les-femmes-handicapees\\\/\"]}]},{\"@type\":\"ImageObject\",\"inLanguage\":\"nl-NL\",\"@id\":\"https:\\\/\\\/ufb.be\\\/nl\\\/beneficiary\\\/espoir-et-sourire-asbl-maison-daccueil-pour-les-femmes-handicapees\\\/#primaryimage\",\"url\":\"https:\\\/\\\/ufb.be\\\/wp-content\\\/uploads\\\/2021\\\/09\\\/image_espoir-et-sourire.jpg\",\"contentUrl\":\"https:\\\/\\\/ufb.be\\\/wp-content\\\/uploads\\\/2021\\\/09\\\/image_espoir-et-sourire.jpg\",\"width\":1640,\"height\":924},{\"@type\":\"BreadcrumbList\",\"@id\":\"https:\\\/\\\/ufb.be\\\/nl\\\/beneficiary\\\/espoir-et-sourire-asbl-maison-daccueil-pour-les-femmes-handicapees\\\/#breadcrumb\",\"itemListElement\":[{\"@type\":\"ListItem\",\"position\":1,\"name\":\"Accueil\",\"item\":\"https:\\\/\\\/ufb.be\\\/nl\\\/\"},{\"@type\":\"ListItem\",\"position\":2,\"name\":\"Beneficiaries\",\"item\":\"https:\\\/\\\/ufb.be\\\/nl\\\/beneficiary\\\/\"},{\"@type\":\"ListItem\",\"position\":3,\"name\":\"Espoir et sourire asbl &#8211; Maison d&#8217;accueil pour les femmes handicap\u00e9es\"}]},{\"@type\":\"WebSite\",\"@id\":\"https:\\\/\\\/ufb.be\\\/nl\\\/#website\",\"url\":\"https:\\\/\\\/ufb.be\\\/nl\\\/\",\"name\":\"United Fund for Belgium\",\"description\":\"Combattons l\u2019exclusion pour plus d\u2019int\u00e9gration sociale\",\"publisher\":{\"@id\":\"https:\\\/\\\/ufb.be\\\/nl\\\/#organization\"},\"alternateName\":\"UFB\",\"potentialAction\":[{\"@type\":\"SearchAction\",\"target\":{\"@type\":\"EntryPoint\",\"urlTemplate\":\"https:\\\/\\\/ufb.be\\\/nl\\\/?s={search_term_string}\"},\"query-input\":{\"@type\":\"PropertyValueSpecification\",\"valueRequired\":true,\"valueName\":\"search_term_string\"}}],\"inLanguage\":\"nl-NL\"},{\"@type\":\"Organization\",\"@id\":\"https:\\\/\\\/ufb.be\\\/nl\\\/#organization\",\"name\":\"United Fund for Belgium\",\"alternateName\":\"UFB\",\"url\":\"https:\\\/\\\/ufb.be\\\/nl\\\/\",\"logo\":{\"@type\":\"ImageObject\",\"inLanguage\":\"nl-NL\",\"@id\":\"https:\\\/\\\/ufb.be\\\/nl\\\/#\\\/schema\\\/logo\\\/image\\\/\",\"url\":\"https:\\\/\\\/ufb.be\\\/wp-content\\\/uploads\\\/2025\\\/07\\\/Logo-UFB-RS.png\",\"contentUrl\":\"https:\\\/\\\/ufb.be\\\/wp-content\\\/uploads\\\/2025\\\/07\\\/Logo-UFB-RS.png\",\"width\":200,\"height\":200,\"caption\":\"United Fund for Belgium\"},\"image\":{\"@id\":\"https:\\\/\\\/ufb.be\\\/nl\\\/#\\\/schema\\\/logo\\\/image\\\/\"}}]}<\/script>\n<!-- \/ Yoast SEO plugin. -->","yoast_head_json":{"title":"Espoir et sourire asbl - Maison d'accueil pour les femmes handicap\u00e9es - UFB","robots":{"index":"index","follow":"follow","max-snippet":"max-snippet:-1","max-image-preview":"max-image-preview:large","max-video-preview":"max-video-preview:-1"},"canonical":"https:\/\/ufb.be\/nl\/beneficiary\/espoir-et-sourire-asbl-maison-daccueil-pour-les-femmes-handicapees\/","og_locale":"nl_NL","og_type":"article","og_title":"Espoir et sourire asbl - Maison d'accueil pour les femmes handicap\u00e9es - UFB","og_description":"ORGANISATION En 1947, plusieurs jeunes filles en situation de handicap l\u00e9ger, membres d\u2019une unit\u00e9 guide, d\u00e9cident d\u2019essayer de trouver une solution pour \u00eatre plus autonome et ne plus constituer une charge permanente pour leurs familles. Avec le support de leurs parents, elles s\u2019installent dans une maison mise \u00e0 la disposition par l\u2019une des familles, sous [&hellip;]","og_url":"https:\/\/ufb.be\/nl\/beneficiary\/espoir-et-sourire-asbl-maison-daccueil-pour-les-femmes-handicapees\/","og_site_name":"UFB","article_modified_time":"2025-05-12T11:44:26+00:00","og_image":[{"width":1640,"height":924,"url":"https:\/\/ufb.be\/wp-content\/uploads\/2021\/09\/image_espoir-et-sourire.jpg","type":"image\/jpeg"}],"twitter_card":"summary_large_image","twitter_misc":{"Geschatte leestijd":"3 minutes"},"schema":{"@context":"https:\/\/schema.org","@graph":[{"@type":"WebPage","@id":"https:\/\/ufb.be\/nl\/beneficiary\/espoir-et-sourire-asbl-maison-daccueil-pour-les-femmes-handicapees\/","url":"https:\/\/ufb.be\/nl\/beneficiary\/espoir-et-sourire-asbl-maison-daccueil-pour-les-femmes-handicapees\/","name":"Espoir et sourire asbl - Maison d'accueil pour les femmes handicap\u00e9es - UFB","isPartOf":{"@id":"https:\/\/ufb.be\/nl\/#website"},"primaryImageOfPage":{"@id":"https:\/\/ufb.be\/nl\/beneficiary\/espoir-et-sourire-asbl-maison-daccueil-pour-les-femmes-handicapees\/#primaryimage"},"image":{"@id":"https:\/\/ufb.be\/nl\/beneficiary\/espoir-et-sourire-asbl-maison-daccueil-pour-les-femmes-handicapees\/#primaryimage"},"thumbnailUrl":"https:\/\/ufb.be\/wp-content\/uploads\/2021\/09\/image_espoir-et-sourire.jpg","datePublished":"2021-09-20T12:11:11+00:00","dateModified":"2025-05-12T11:44:26+00:00","breadcrumb":{"@id":"https:\/\/ufb.be\/nl\/beneficiary\/espoir-et-sourire-asbl-maison-daccueil-pour-les-femmes-handicapees\/#breadcrumb"},"inLanguage":"nl-NL","potentialAction":[{"@type":"ReadAction","target":["https:\/\/ufb.be\/nl\/beneficiary\/espoir-et-sourire-asbl-maison-daccueil-pour-les-femmes-handicapees\/"]}]},{"@type":"ImageObject","inLanguage":"nl-NL","@id":"https:\/\/ufb.be\/nl\/beneficiary\/espoir-et-sourire-asbl-maison-daccueil-pour-les-femmes-handicapees\/#primaryimage","url":"https:\/\/ufb.be\/wp-content\/uploads\/2021\/09\/image_espoir-et-sourire.jpg","contentUrl":"https:\/\/ufb.be\/wp-content\/uploads\/2021\/09\/image_espoir-et-sourire.jpg","width":1640,"height":924},{"@type":"BreadcrumbList","@id":"https:\/\/ufb.be\/nl\/beneficiary\/espoir-et-sourire-asbl-maison-daccueil-pour-les-femmes-handicapees\/#breadcrumb","itemListElement":[{"@type":"ListItem","position":1,"name":"Accueil","item":"https:\/\/ufb.be\/nl\/"},{"@type":"ListItem","position":2,"name":"Beneficiaries","item":"https:\/\/ufb.be\/nl\/beneficiary\/"},{"@type":"ListItem","position":3,"name":"Espoir et sourire asbl &#8211; Maison d&#8217;accueil pour les femmes handicap\u00e9es"}]},{"@type":"WebSite","@id":"https:\/\/ufb.be\/nl\/#website","url":"https:\/\/ufb.be\/nl\/","name":"United Fund for Belgium","description":"Combattons l\u2019exclusion pour plus d\u2019int\u00e9gration sociale","publisher":{"@id":"https:\/\/ufb.be\/nl\/#organization"},"alternateName":"UFB","potentialAction":[{"@type":"SearchAction","target":{"@type":"EntryPoint","urlTemplate":"https:\/\/ufb.be\/nl\/?s={search_term_string}"},"query-input":{"@type":"PropertyValueSpecification","valueRequired":true,"valueName":"search_term_string"}}],"inLanguage":"nl-NL"},{"@type":"Organization","@id":"https:\/\/ufb.be\/nl\/#organization","name":"United Fund for Belgium","alternateName":"UFB","url":"https:\/\/ufb.be\/nl\/","logo":{"@type":"ImageObject","inLanguage":"nl-NL","@id":"https:\/\/ufb.be\/nl\/#\/schema\/logo\/image\/","url":"https:\/\/ufb.be\/wp-content\/uploads\/2025\/07\/Logo-UFB-RS.png","contentUrl":"https:\/\/ufb.be\/wp-content\/uploads\/2025\/07\/Logo-UFB-RS.png","width":200,"height":200,"caption":"United Fund for Belgium"},"image":{"@id":"https:\/\/ufb.be\/nl\/#\/schema\/logo\/image\/"}}]}},"_links":{"self":[{"href":"https:\/\/ufb.be\/nl\/wp-json\/wp\/v2\/beneficiary\/18695","targetHints":{"allow":["GET"]}}],"collection":[{"href":"https:\/\/ufb.be\/nl\/wp-json\/wp\/v2\/beneficiary"}],"about":[{"href":"https:\/\/ufb.be\/nl\/wp-json\/wp\/v2\/types\/beneficiary"}],"wp:featuredmedia":[{"embeddable":true,"href":"https:\/\/ufb.be\/nl\/wp-json\/wp\/v2\/media\/18696"}],"wp:attachment":[{"href":"https:\/\/ufb.be\/nl\/wp-json\/wp\/v2\/media?parent=18695"}],"curies":[{"name":"wp","href":"https:\/\/api.w.org\/{rel}","templated":true}]}}