{"id":18876,"date":"2021-09-24T13:39:19","date_gmt":"2021-09-24T13:39:19","guid":{"rendered":"https:\/\/ufb.be\/?post_type=beneficiary&#038;p=18876"},"modified":"2025-03-24T14:46:13","modified_gmt":"2025-03-24T13:46:13","slug":"sans-logis-asbl-maison-dhebergement-pour-les-personnes-en-difficulte","status":"publish","type":"beneficiary","link":"https:\/\/ufb.be\/nl\/beneficiary\/sans-logis-asbl-maison-dhebergement-pour-les-personnes-en-difficulte\/","title":{"rendered":"Sans Logis asbl &#8211; Maison d&#8217;h\u00e9bergement pour les personnes en difficult\u00e9"},"content":{"rendered":"<p><strong>ORGANISATION<\/strong><\/p>\n<p>Depuis 1980, la Maison d\u2019Accueil des Sans Logis Pour femmes et enfants accueille et h\u00e9berge annuellement deux cent femmes et cent enfants en situation de grande pr\u00e9carit\u00e9. Elle leur offre le g\u00eete et le couvert et leur propose un accompagnement social et \u00e9ducatif en vue de favoriser leur r\u00e9insertion sociale. L\u2019accueil est inconditionnel. La maison d\u2019accueil est ouverte 24\/24h, 7\/7 jours.<\/p>\n<p><img decoding=\"async\" class=\"wp-image-18910 alignright\" src=\"https:\/\/ufb.be\/wp-content\/uploads\/2021\/09\/1-a-300x200.jpg\" alt=\"\" width=\"260\" height=\"173\" srcset=\"https:\/\/ufb.be\/wp-content\/uploads\/2021\/09\/1-a-300x200.jpg 300w, https:\/\/ufb.be\/wp-content\/uploads\/2021\/09\/1-a-768x512.jpg 768w, https:\/\/ufb.be\/wp-content\/uploads\/2021\/09\/1-a-600x400.jpg 600w, https:\/\/ufb.be\/wp-content\/uploads\/2021\/09\/1-a.jpg 800w\" sizes=\"(max-width: 260px) 100vw, 260px\" \/><\/p>\n<p>&nbsp;<\/p>\n<p><strong>EVENEMENTS MARQUANTS<\/strong><\/p>\n<p>C\u2019est en 1955 que, pour r\u00e9pondre aux sollicitations de plus en plus nombreuses d\u2019hommes \u00ab venus de nulle part \u00bb qu\u2019est cr\u00e9\u00e9e la premi\u00e8re Maison d&#8217;Accueil de l\u2019Asbl Sans-Logis, Rue Saint Laurent \u00e0 Li\u00e8ge. En approchant les probl\u00e8mes des hommes, il n\u2019\u00e9tait pas possible d\u2019\u00e9viter de rencontrer les drames v\u00e9cus par les femmes : la Maison d\u2019Accueil pour Femmes et Enfants, ouverte en 1980, install\u00e9e rue Bassenge \u00e0 Li\u00e8ge leur a \u00e9t\u00e9 destin\u00e9e.<\/p>\n<p><img decoding=\"async\" class=\"alignnone wp-image-18916\" src=\"https:\/\/ufb.be\/wp-content\/uploads\/2021\/09\/7-scaled-1-300x169.jpg\" alt=\"\" width=\"245\" height=\"138\" srcset=\"https:\/\/ufb.be\/wp-content\/uploads\/2021\/09\/7-scaled-1-300x169.jpg 300w, https:\/\/ufb.be\/wp-content\/uploads\/2021\/09\/7-scaled-1-1024x576.jpg 1024w, https:\/\/ufb.be\/wp-content\/uploads\/2021\/09\/7-scaled-1-768x432.jpg 768w, https:\/\/ufb.be\/wp-content\/uploads\/2021\/09\/7-scaled-1-1536x864.jpg 1536w, https:\/\/ufb.be\/wp-content\/uploads\/2021\/09\/7-scaled-1-2048x1152.jpg 2048w, https:\/\/ufb.be\/wp-content\/uploads\/2021\/09\/7-scaled-1-600x338.jpg 600w\" sizes=\"(max-width: 245px) 100vw, 245px\" \/><\/p>\n<p><strong>PROJETS, MISSIONS ET\/OU ACTIVITES LES PLUS IMPORTANTS ET LEUR IMPACT<\/strong><\/p>\n<p>Nous accueillons en moyenne deux cent femmes par an et une centaine d\u2019enfants. 65% d\u2019entre elles sont \u00e2g\u00e9es de moins de quarante ans. D\u2019une capacit\u00e9 de 48 lits, notre maison accueille en permanence des femmes en grandes difficult\u00e9s sociales et psychologiques, accompagn\u00e9es souvent de leurs enfants. Un nombre important d\u2019entre elles ont fuit leur logement en raison des violences que leur faisaient subir leur conjoints (45%).<\/p>\n<p><img decoding=\"async\" class=\"alignnone wp-image-18913\" src=\"https:\/\/ufb.be\/wp-content\/uploads\/2021\/09\/6-300x200.jpg\" alt=\"\" width=\"245\" height=\"163\" srcset=\"https:\/\/ufb.be\/wp-content\/uploads\/2021\/09\/6-300x200.jpg 300w, https:\/\/ufb.be\/wp-content\/uploads\/2021\/09\/6-1024x683.jpg 1024w, https:\/\/ufb.be\/wp-content\/uploads\/2021\/09\/6-768x512.jpg 768w, https:\/\/ufb.be\/wp-content\/uploads\/2021\/09\/6-1536x1024.jpg 1536w, https:\/\/ufb.be\/wp-content\/uploads\/2021\/09\/6-600x400.jpg 600w, https:\/\/ufb.be\/wp-content\/uploads\/2021\/09\/6.jpg 1600w\" sizes=\"(max-width: 245px) 100vw, 245px\" \/><\/p>\n<p><strong>TEMOIGNAGE<\/strong><\/p>\n<p>Message transmis par une r\u00e9sidente: \u00ab\u00a0Mr le directeur, un grand merci pour votre gentillesse de m\u2019avoir accueillie dans votre centre, vous, vos assistants sociaux et tout le personnel. J\u2019ai eu beaucoup de jours de d\u00e9tresse mais gr\u00e2ce \u00e0 vos encouragements et votre soutien, j\u2019ai pu remonter la pente\u00a0 et rependre confiance en moi. Un grand merci et \u00e0 bient\u00f4t. L.R. 28 juin 2021\u00a0\u00bb<\/p>\n<p>Pour plus d\u2019informations, veuillez contacter notre Project Manager, S\u00e9verine Laneau, qui pourra r\u00e9pondre \u00e0 votre demande et vous renseigner comment vous pouvez soutenir le projet \u00e0 travers UFB.<\/p>\n","protected":false},"featured_media":18922,"parent":0,"template":"","meta":{"_acf_changed":false},"class_list":["post-18876","beneficiary","type-beneficiary","status-publish","has-post-thumbnail","hentry","year_type-206","province_type-liege","social_type-lutte-contre-la-pauvrete"],"acf":[],"yoast_head":"<!-- This site is optimized with the Yoast SEO plugin v27.3 - https:\/\/yoast.com\/product\/yoast-seo-wordpress\/ -->\n<title>Sans Logis asbl - Maison d&#039;h\u00e9bergement pour les personnes en difficult\u00e9 - UFB<\/title>\n<meta name=\"robots\" content=\"index, follow, max-snippet:-1, max-image-preview:large, max-video-preview:-1\" \/>\n<link rel=\"canonical\" href=\"https:\/\/ufb.be\/nl\/beneficiary\/sans-logis-asbl-maison-dhebergement-pour-les-personnes-en-difficulte\/\" \/>\n<meta property=\"og:locale\" content=\"nl_NL\" \/>\n<meta property=\"og:type\" content=\"article\" \/>\n<meta property=\"og:title\" content=\"Sans Logis asbl - Maison d&#039;h\u00e9bergement pour les personnes en difficult\u00e9 - UFB\" \/>\n<meta property=\"og:description\" content=\"ORGANISATION Depuis 1980, la Maison d\u2019Accueil des Sans Logis Pour femmes et enfants accueille et h\u00e9berge annuellement deux cent femmes et cent enfants en situation de grande pr\u00e9carit\u00e9. Elle leur offre le g\u00eete et le couvert et leur propose un accompagnement social et \u00e9ducatif en vue de favoriser leur r\u00e9insertion sociale. L\u2019accueil est inconditionnel. La [&hellip;]\" \/>\n<meta property=\"og:url\" content=\"https:\/\/ufb.be\/nl\/beneficiary\/sans-logis-asbl-maison-dhebergement-pour-les-personnes-en-difficulte\/\" \/>\n<meta property=\"og:site_name\" content=\"UFB\" \/>\n<meta property=\"article:modified_time\" content=\"2025-03-24T13:46:13+00:00\" \/>\n<meta property=\"og:image\" content=\"https:\/\/ufb.be\/wp-content\/uploads\/2021\/09\/image_sans-logis.jpg\" \/>\n\t<meta property=\"og:image:width\" content=\"1640\" \/>\n\t<meta property=\"og:image:height\" content=\"924\" \/>\n\t<meta property=\"og:image:type\" content=\"image\/jpeg\" \/>\n<meta name=\"twitter:card\" content=\"summary_large_image\" \/>\n<meta name=\"twitter:label1\" content=\"Geschatte leestijd\" \/>\n\t<meta name=\"twitter:data1\" content=\"3 minutes\" \/>\n<script type=\"application\/ld+json\" class=\"yoast-schema-graph\">{\"@context\":\"https:\\\/\\\/schema.org\",\"@graph\":[{\"@type\":\"WebPage\",\"@id\":\"https:\\\/\\\/ufb.be\\\/nl\\\/beneficiary\\\/sans-logis-asbl-maison-dhebergement-pour-les-personnes-en-difficulte\\\/\",\"url\":\"https:\\\/\\\/ufb.be\\\/nl\\\/beneficiary\\\/sans-logis-asbl-maison-dhebergement-pour-les-personnes-en-difficulte\\\/\",\"name\":\"Sans Logis asbl - Maison d'h\u00e9bergement pour les personnes en difficult\u00e9 - UFB\",\"isPartOf\":{\"@id\":\"https:\\\/\\\/ufb.be\\\/nl\\\/#website\"},\"primaryImageOfPage\":{\"@id\":\"https:\\\/\\\/ufb.be\\\/nl\\\/beneficiary\\\/sans-logis-asbl-maison-dhebergement-pour-les-personnes-en-difficulte\\\/#primaryimage\"},\"image\":{\"@id\":\"https:\\\/\\\/ufb.be\\\/nl\\\/beneficiary\\\/sans-logis-asbl-maison-dhebergement-pour-les-personnes-en-difficulte\\\/#primaryimage\"},\"thumbnailUrl\":\"https:\\\/\\\/ufb.be\\\/wp-content\\\/uploads\\\/2021\\\/09\\\/image_sans-logis.jpg\",\"datePublished\":\"2021-09-24T13:39:19+00:00\",\"dateModified\":\"2025-03-24T13:46:13+00:00\",\"breadcrumb\":{\"@id\":\"https:\\\/\\\/ufb.be\\\/nl\\\/beneficiary\\\/sans-logis-asbl-maison-dhebergement-pour-les-personnes-en-difficulte\\\/#breadcrumb\"},\"inLanguage\":\"nl-NL\",\"potentialAction\":[{\"@type\":\"ReadAction\",\"target\":[\"https:\\\/\\\/ufb.be\\\/nl\\\/beneficiary\\\/sans-logis-asbl-maison-dhebergement-pour-les-personnes-en-difficulte\\\/\"]}]},{\"@type\":\"ImageObject\",\"inLanguage\":\"nl-NL\",\"@id\":\"https:\\\/\\\/ufb.be\\\/nl\\\/beneficiary\\\/sans-logis-asbl-maison-dhebergement-pour-les-personnes-en-difficulte\\\/#primaryimage\",\"url\":\"https:\\\/\\\/ufb.be\\\/wp-content\\\/uploads\\\/2021\\\/09\\\/image_sans-logis.jpg\",\"contentUrl\":\"https:\\\/\\\/ufb.be\\\/wp-content\\\/uploads\\\/2021\\\/09\\\/image_sans-logis.jpg\",\"width\":1640,\"height\":924},{\"@type\":\"BreadcrumbList\",\"@id\":\"https:\\\/\\\/ufb.be\\\/nl\\\/beneficiary\\\/sans-logis-asbl-maison-dhebergement-pour-les-personnes-en-difficulte\\\/#breadcrumb\",\"itemListElement\":[{\"@type\":\"ListItem\",\"position\":1,\"name\":\"Accueil\",\"item\":\"https:\\\/\\\/ufb.be\\\/nl\\\/\"},{\"@type\":\"ListItem\",\"position\":2,\"name\":\"Beneficiaries\",\"item\":\"https:\\\/\\\/ufb.be\\\/nl\\\/beneficiary\\\/\"},{\"@type\":\"ListItem\",\"position\":3,\"name\":\"Sans Logis asbl &#8211; Maison d&rsquo;h\u00e9bergement pour les personnes en difficult\u00e9\"}]},{\"@type\":\"WebSite\",\"@id\":\"https:\\\/\\\/ufb.be\\\/nl\\\/#website\",\"url\":\"https:\\\/\\\/ufb.be\\\/nl\\\/\",\"name\":\"United Fund for Belgium\",\"description\":\"Combattons l\u2019exclusion pour plus d\u2019int\u00e9gration sociale\",\"publisher\":{\"@id\":\"https:\\\/\\\/ufb.be\\\/nl\\\/#organization\"},\"alternateName\":\"UFB\",\"potentialAction\":[{\"@type\":\"SearchAction\",\"target\":{\"@type\":\"EntryPoint\",\"urlTemplate\":\"https:\\\/\\\/ufb.be\\\/nl\\\/?s={search_term_string}\"},\"query-input\":{\"@type\":\"PropertyValueSpecification\",\"valueRequired\":true,\"valueName\":\"search_term_string\"}}],\"inLanguage\":\"nl-NL\"},{\"@type\":\"Organization\",\"@id\":\"https:\\\/\\\/ufb.be\\\/nl\\\/#organization\",\"name\":\"United Fund for Belgium\",\"alternateName\":\"UFB\",\"url\":\"https:\\\/\\\/ufb.be\\\/nl\\\/\",\"logo\":{\"@type\":\"ImageObject\",\"inLanguage\":\"nl-NL\",\"@id\":\"https:\\\/\\\/ufb.be\\\/nl\\\/#\\\/schema\\\/logo\\\/image\\\/\",\"url\":\"https:\\\/\\\/ufb.be\\\/wp-content\\\/uploads\\\/2025\\\/07\\\/Logo-UFB-RS.png\",\"contentUrl\":\"https:\\\/\\\/ufb.be\\\/wp-content\\\/uploads\\\/2025\\\/07\\\/Logo-UFB-RS.png\",\"width\":200,\"height\":200,\"caption\":\"United Fund for Belgium\"},\"image\":{\"@id\":\"https:\\\/\\\/ufb.be\\\/nl\\\/#\\\/schema\\\/logo\\\/image\\\/\"}}]}<\/script>\n<!-- \/ Yoast SEO plugin. -->","yoast_head_json":{"title":"Sans Logis asbl - Maison d'h\u00e9bergement pour les personnes en difficult\u00e9 - UFB","robots":{"index":"index","follow":"follow","max-snippet":"max-snippet:-1","max-image-preview":"max-image-preview:large","max-video-preview":"max-video-preview:-1"},"canonical":"https:\/\/ufb.be\/nl\/beneficiary\/sans-logis-asbl-maison-dhebergement-pour-les-personnes-en-difficulte\/","og_locale":"nl_NL","og_type":"article","og_title":"Sans Logis asbl - Maison d'h\u00e9bergement pour les personnes en difficult\u00e9 - UFB","og_description":"ORGANISATION Depuis 1980, la Maison d\u2019Accueil des Sans Logis Pour femmes et enfants accueille et h\u00e9berge annuellement deux cent femmes et cent enfants en situation de grande pr\u00e9carit\u00e9. Elle leur offre le g\u00eete et le couvert et leur propose un accompagnement social et \u00e9ducatif en vue de favoriser leur r\u00e9insertion sociale. L\u2019accueil est inconditionnel. La [&hellip;]","og_url":"https:\/\/ufb.be\/nl\/beneficiary\/sans-logis-asbl-maison-dhebergement-pour-les-personnes-en-difficulte\/","og_site_name":"UFB","article_modified_time":"2025-03-24T13:46:13+00:00","og_image":[{"width":1640,"height":924,"url":"https:\/\/ufb.be\/wp-content\/uploads\/2021\/09\/image_sans-logis.jpg","type":"image\/jpeg"}],"twitter_card":"summary_large_image","twitter_misc":{"Geschatte leestijd":"3 minutes"},"schema":{"@context":"https:\/\/schema.org","@graph":[{"@type":"WebPage","@id":"https:\/\/ufb.be\/nl\/beneficiary\/sans-logis-asbl-maison-dhebergement-pour-les-personnes-en-difficulte\/","url":"https:\/\/ufb.be\/nl\/beneficiary\/sans-logis-asbl-maison-dhebergement-pour-les-personnes-en-difficulte\/","name":"Sans Logis asbl - Maison d'h\u00e9bergement pour les personnes en difficult\u00e9 - UFB","isPartOf":{"@id":"https:\/\/ufb.be\/nl\/#website"},"primaryImageOfPage":{"@id":"https:\/\/ufb.be\/nl\/beneficiary\/sans-logis-asbl-maison-dhebergement-pour-les-personnes-en-difficulte\/#primaryimage"},"image":{"@id":"https:\/\/ufb.be\/nl\/beneficiary\/sans-logis-asbl-maison-dhebergement-pour-les-personnes-en-difficulte\/#primaryimage"},"thumbnailUrl":"https:\/\/ufb.be\/wp-content\/uploads\/2021\/09\/image_sans-logis.jpg","datePublished":"2021-09-24T13:39:19+00:00","dateModified":"2025-03-24T13:46:13+00:00","breadcrumb":{"@id":"https:\/\/ufb.be\/nl\/beneficiary\/sans-logis-asbl-maison-dhebergement-pour-les-personnes-en-difficulte\/#breadcrumb"},"inLanguage":"nl-NL","potentialAction":[{"@type":"ReadAction","target":["https:\/\/ufb.be\/nl\/beneficiary\/sans-logis-asbl-maison-dhebergement-pour-les-personnes-en-difficulte\/"]}]},{"@type":"ImageObject","inLanguage":"nl-NL","@id":"https:\/\/ufb.be\/nl\/beneficiary\/sans-logis-asbl-maison-dhebergement-pour-les-personnes-en-difficulte\/#primaryimage","url":"https:\/\/ufb.be\/wp-content\/uploads\/2021\/09\/image_sans-logis.jpg","contentUrl":"https:\/\/ufb.be\/wp-content\/uploads\/2021\/09\/image_sans-logis.jpg","width":1640,"height":924},{"@type":"BreadcrumbList","@id":"https:\/\/ufb.be\/nl\/beneficiary\/sans-logis-asbl-maison-dhebergement-pour-les-personnes-en-difficulte\/#breadcrumb","itemListElement":[{"@type":"ListItem","position":1,"name":"Accueil","item":"https:\/\/ufb.be\/nl\/"},{"@type":"ListItem","position":2,"name":"Beneficiaries","item":"https:\/\/ufb.be\/nl\/beneficiary\/"},{"@type":"ListItem","position":3,"name":"Sans Logis asbl &#8211; Maison d&rsquo;h\u00e9bergement pour les personnes en difficult\u00e9"}]},{"@type":"WebSite","@id":"https:\/\/ufb.be\/nl\/#website","url":"https:\/\/ufb.be\/nl\/","name":"United Fund for Belgium","description":"Combattons l\u2019exclusion pour plus d\u2019int\u00e9gration sociale","publisher":{"@id":"https:\/\/ufb.be\/nl\/#organization"},"alternateName":"UFB","potentialAction":[{"@type":"SearchAction","target":{"@type":"EntryPoint","urlTemplate":"https:\/\/ufb.be\/nl\/?s={search_term_string}"},"query-input":{"@type":"PropertyValueSpecification","valueRequired":true,"valueName":"search_term_string"}}],"inLanguage":"nl-NL"},{"@type":"Organization","@id":"https:\/\/ufb.be\/nl\/#organization","name":"United Fund for Belgium","alternateName":"UFB","url":"https:\/\/ufb.be\/nl\/","logo":{"@type":"ImageObject","inLanguage":"nl-NL","@id":"https:\/\/ufb.be\/nl\/#\/schema\/logo\/image\/","url":"https:\/\/ufb.be\/wp-content\/uploads\/2025\/07\/Logo-UFB-RS.png","contentUrl":"https:\/\/ufb.be\/wp-content\/uploads\/2025\/07\/Logo-UFB-RS.png","width":200,"height":200,"caption":"United Fund for Belgium"},"image":{"@id":"https:\/\/ufb.be\/nl\/#\/schema\/logo\/image\/"}}]}},"_links":{"self":[{"href":"https:\/\/ufb.be\/nl\/wp-json\/wp\/v2\/beneficiary\/18876","targetHints":{"allow":["GET"]}}],"collection":[{"href":"https:\/\/ufb.be\/nl\/wp-json\/wp\/v2\/beneficiary"}],"about":[{"href":"https:\/\/ufb.be\/nl\/wp-json\/wp\/v2\/types\/beneficiary"}],"wp:featuredmedia":[{"embeddable":true,"href":"https:\/\/ufb.be\/nl\/wp-json\/wp\/v2\/media\/18922"}],"wp:attachment":[{"href":"https:\/\/ufb.be\/nl\/wp-json\/wp\/v2\/media?parent=18876"}],"curies":[{"name":"wp","href":"https:\/\/api.w.org\/{rel}","templated":true}]}}