{"id":31510,"date":"2022-08-18T10:18:24","date_gmt":"2022-08-18T10:18:24","guid":{"rendered":"https:\/\/ufb.be\/?post_type=beneficiary&#038;p=31510"},"modified":"2025-03-24T14:25:24","modified_gmt":"2025-03-24T13:25:24","slug":"farra-clerlande-asbl-home-pour-adultes-handicapes-mentaux","status":"publish","type":"beneficiary","link":"https:\/\/ufb.be\/nl\/beneficiary\/farra-clerlande-asbl-home-pour-adultes-handicapes-mentaux\/","title":{"rendered":"Farra Clerlande asbl &#8211; Home pour adultes handicap\u00e9s mentaux"},"content":{"rendered":"<p><strong>L&#8217;ORGANISATION EN QUELQUES LIGNES.<\/strong><\/p>\n<p>L\u2019asbl\u00a0 Farra a \u00e9t\u00e9 fond\u00e9 le 14 d\u00e9cembre 1971. Le Farra Clerlande Ottignies a ouvert ses portes en mars 1984. Le Farra Clerlande est un home d\u2019h\u00e9bergement situ\u00e9 \u00e0 Ottignies, dans le Brabant Wallon accueillant 55 personnes adultes \u00e0 handicap mental profond et troubles physiques associ\u00e9s. Il leur propose un accompagnement au quotidien, un suivi m\u00e9dical, des activit\u00e9s de loisirs, \u2026 Madame Fatima Fontaine en est actuellement la directrice.<\/p>\n<p>&nbsp;<\/p>\n<p><strong>LES \u00c9V\u00c8NEMENTS MARQUANTS DE L&#8217;ORGANISATION\u00a0<\/strong><\/p>\n<p><strong>mars 1984:<\/strong> ouverture du Farra Clerlande avec deux pavillons<\/p>\n<p><strong>1998:<\/strong> ouverture d\u2019un troisi\u00e8me pavillon<\/p>\n<p><strong>juin 2019:<\/strong> f\u00eate des 35 ans d\u2019existence du Farra janvier 2021: scission du troisi\u00e8me pavillon en deux pavillons distincts<\/p>\n<p><strong>juillet 2021:<\/strong> visite de la famille royale<\/p>\n<p>&nbsp;<\/p>\n<p><strong>LES PROJETS, MISSIONS ET\/OU ACTIVIT\u00c9S LES PLUS IMPORTANTS ET DE LEUR IMPACT\u00a0<\/strong><\/p>\n<p>Tous les habitants du FARRA-Clerlande ont besoin d\u2019une tierce personne pour accomplir les gestes de la vie quotidienne. Le FARRA les accueille \u00e0 vie. L\u2019\u00e9quipe est compos\u00e9e d\u2019\u00e9ducateurs, d\u2019un m\u00e9decin et de param\u00e9dicaux. Le FARRA offre \u00e0 ses r\u00e9sidants des ateliers occupationnels, des activit\u00e9s adapt\u00e9es, des excursions, des s\u00e9jours de vacances. Le Farra veille \u00e0 entretenir ou tente de reconstruire les liens des r\u00e9sidents avec leur famille et entourage.<\/p>\n<p>&nbsp;<\/p>\n<p><strong>COURT T\u00c9MOIGNAGE EN RAPPORT AVEC L&#8217;ASSOCIATION OU L\u2019UN DES PROJETS OU ACTIVIT\u00c9S\u00a0<\/strong><\/p>\n<p><em>\u00ab Des choses sont v\u00e9cues ici comme nulle part ailleurs. Dans notre soci\u00e9t\u00e9 obnubil\u00e9e par la rentabilit\u00e9, le Farra Clerlande apparait comme un lieu prot\u00e9g\u00e9 de la question de la production. La seule chose \u00ab \u00e0 produire \u00bb, c\u2019est du lien humain. C\u2019est un lieu qui t\u00e9moigne de l\u2019essence m\u00eame de ce qu\u2019est l\u2019\u00eatre humain, et de ce que signifie vivre humainement. On peut souhaiter que, ce qui se joue dans des lieux comme celui-ci, \u00e7a se sache. \u00bb<\/em> Pascal Nottet, charg\u00e9 des supervision de 2006 \u00e0 2013<\/p>\n<p>&nbsp;<\/p>\n<p><strong>Site web: <\/strong><a href=\"http:\/\/farra-clerlande.be\/\">http:\/\/farra-clerlande.be\/<\/a><\/p>\n<p>Pour plus d\u2019informations, veuillez contacter notre Project Manager, S\u00e9verine Laneau\u00a0<a href=\"mailto:slaneau@ufb.be\">slaneau@ufb.be<\/a>\u00a0qui pourra r\u00e9pondre \u00e0 votre demande et vous renseigner comment vous pouvez soutenir ce ou un autre projet \u00e0 travers UFB.<\/p>\n<p>&nbsp;<\/p>\n","protected":false},"featured_media":31517,"parent":0,"template":"","meta":{"_acf_changed":false},"class_list":["post-31510","beneficiary","type-beneficiary","status-publish","has-post-thumbnail","hentry","year_type-202","province_type-brabant-wallon","social_type-personnes-en-situation-de-handicap"],"acf":[],"yoast_head":"<!-- This site is optimized with the Yoast SEO plugin v27.3 - https:\/\/yoast.com\/product\/yoast-seo-wordpress\/ -->\n<title>Farra Clerlande asbl - Home pour adultes handicap\u00e9s mentaux - UFB<\/title>\n<meta name=\"robots\" content=\"index, follow, max-snippet:-1, max-image-preview:large, max-video-preview:-1\" \/>\n<link rel=\"canonical\" href=\"https:\/\/ufb.be\/nl\/beneficiary\/farra-clerlande-asbl-home-pour-adultes-handicapes-mentaux\/\" \/>\n<meta property=\"og:locale\" content=\"nl_NL\" \/>\n<meta property=\"og:type\" content=\"article\" \/>\n<meta property=\"og:title\" content=\"Farra Clerlande asbl - Home pour adultes handicap\u00e9s mentaux - UFB\" \/>\n<meta property=\"og:description\" content=\"L&#8217;ORGANISATION EN QUELQUES LIGNES. L\u2019asbl\u00a0 Farra a \u00e9t\u00e9 fond\u00e9 le 14 d\u00e9cembre 1971. Le Farra Clerlande Ottignies a ouvert ses portes en mars 1984. Le Farra Clerlande est un home d\u2019h\u00e9bergement situ\u00e9 \u00e0 Ottignies, dans le Brabant Wallon accueillant 55 personnes adultes \u00e0 handicap mental profond et troubles physiques associ\u00e9s. Il leur propose un accompagnement [&hellip;]\" \/>\n<meta property=\"og:url\" content=\"https:\/\/ufb.be\/nl\/beneficiary\/farra-clerlande-asbl-home-pour-adultes-handicapes-mentaux\/\" \/>\n<meta property=\"og:site_name\" content=\"UFB\" \/>\n<meta property=\"article:modified_time\" content=\"2025-03-24T13:25:24+00:00\" \/>\n<meta property=\"og:image\" content=\"https:\/\/ufb.be\/wp-content\/uploads\/2022\/08\/imagefarraclerlande.png\" \/>\n\t<meta property=\"og:image:width\" content=\"1920\" \/>\n\t<meta property=\"og:image:height\" content=\"1080\" \/>\n\t<meta property=\"og:image:type\" content=\"image\/png\" \/>\n<meta name=\"twitter:card\" content=\"summary_large_image\" \/>\n<meta name=\"twitter:label1\" content=\"Geschatte leestijd\" \/>\n\t<meta name=\"twitter:data1\" content=\"2 minutes\" \/>\n<script type=\"application\/ld+json\" class=\"yoast-schema-graph\">{\"@context\":\"https:\\\/\\\/schema.org\",\"@graph\":[{\"@type\":\"WebPage\",\"@id\":\"https:\\\/\\\/ufb.be\\\/nl\\\/beneficiary\\\/farra-clerlande-asbl-home-pour-adultes-handicapes-mentaux\\\/\",\"url\":\"https:\\\/\\\/ufb.be\\\/nl\\\/beneficiary\\\/farra-clerlande-asbl-home-pour-adultes-handicapes-mentaux\\\/\",\"name\":\"Farra Clerlande asbl - Home pour adultes handicap\u00e9s mentaux - UFB\",\"isPartOf\":{\"@id\":\"https:\\\/\\\/ufb.be\\\/nl\\\/#website\"},\"primaryImageOfPage\":{\"@id\":\"https:\\\/\\\/ufb.be\\\/nl\\\/beneficiary\\\/farra-clerlande-asbl-home-pour-adultes-handicapes-mentaux\\\/#primaryimage\"},\"image\":{\"@id\":\"https:\\\/\\\/ufb.be\\\/nl\\\/beneficiary\\\/farra-clerlande-asbl-home-pour-adultes-handicapes-mentaux\\\/#primaryimage\"},\"thumbnailUrl\":\"https:\\\/\\\/ufb.be\\\/wp-content\\\/uploads\\\/2022\\\/08\\\/imagefarraclerlande.png\",\"datePublished\":\"2022-08-18T10:18:24+00:00\",\"dateModified\":\"2025-03-24T13:25:24+00:00\",\"breadcrumb\":{\"@id\":\"https:\\\/\\\/ufb.be\\\/nl\\\/beneficiary\\\/farra-clerlande-asbl-home-pour-adultes-handicapes-mentaux\\\/#breadcrumb\"},\"inLanguage\":\"nl-NL\",\"potentialAction\":[{\"@type\":\"ReadAction\",\"target\":[\"https:\\\/\\\/ufb.be\\\/nl\\\/beneficiary\\\/farra-clerlande-asbl-home-pour-adultes-handicapes-mentaux\\\/\"]}]},{\"@type\":\"ImageObject\",\"inLanguage\":\"nl-NL\",\"@id\":\"https:\\\/\\\/ufb.be\\\/nl\\\/beneficiary\\\/farra-clerlande-asbl-home-pour-adultes-handicapes-mentaux\\\/#primaryimage\",\"url\":\"https:\\\/\\\/ufb.be\\\/wp-content\\\/uploads\\\/2022\\\/08\\\/imagefarraclerlande.png\",\"contentUrl\":\"https:\\\/\\\/ufb.be\\\/wp-content\\\/uploads\\\/2022\\\/08\\\/imagefarraclerlande.png\",\"width\":1920,\"height\":1080},{\"@type\":\"BreadcrumbList\",\"@id\":\"https:\\\/\\\/ufb.be\\\/nl\\\/beneficiary\\\/farra-clerlande-asbl-home-pour-adultes-handicapes-mentaux\\\/#breadcrumb\",\"itemListElement\":[{\"@type\":\"ListItem\",\"position\":1,\"name\":\"Accueil\",\"item\":\"https:\\\/\\\/ufb.be\\\/nl\\\/\"},{\"@type\":\"ListItem\",\"position\":2,\"name\":\"Beneficiaries\",\"item\":\"https:\\\/\\\/ufb.be\\\/nl\\\/beneficiary\\\/\"},{\"@type\":\"ListItem\",\"position\":3,\"name\":\"Farra Clerlande asbl &#8211; Home pour adultes handicap\u00e9s mentaux\"}]},{\"@type\":\"WebSite\",\"@id\":\"https:\\\/\\\/ufb.be\\\/nl\\\/#website\",\"url\":\"https:\\\/\\\/ufb.be\\\/nl\\\/\",\"name\":\"United Fund for Belgium\",\"description\":\"Combattons l\u2019exclusion pour plus d\u2019int\u00e9gration sociale\",\"publisher\":{\"@id\":\"https:\\\/\\\/ufb.be\\\/nl\\\/#organization\"},\"alternateName\":\"UFB\",\"potentialAction\":[{\"@type\":\"SearchAction\",\"target\":{\"@type\":\"EntryPoint\",\"urlTemplate\":\"https:\\\/\\\/ufb.be\\\/nl\\\/?s={search_term_string}\"},\"query-input\":{\"@type\":\"PropertyValueSpecification\",\"valueRequired\":true,\"valueName\":\"search_term_string\"}}],\"inLanguage\":\"nl-NL\"},{\"@type\":\"Organization\",\"@id\":\"https:\\\/\\\/ufb.be\\\/nl\\\/#organization\",\"name\":\"United Fund for Belgium\",\"alternateName\":\"UFB\",\"url\":\"https:\\\/\\\/ufb.be\\\/nl\\\/\",\"logo\":{\"@type\":\"ImageObject\",\"inLanguage\":\"nl-NL\",\"@id\":\"https:\\\/\\\/ufb.be\\\/nl\\\/#\\\/schema\\\/logo\\\/image\\\/\",\"url\":\"https:\\\/\\\/ufb.be\\\/wp-content\\\/uploads\\\/2025\\\/07\\\/Logo-UFB-RS.png\",\"contentUrl\":\"https:\\\/\\\/ufb.be\\\/wp-content\\\/uploads\\\/2025\\\/07\\\/Logo-UFB-RS.png\",\"width\":200,\"height\":200,\"caption\":\"United Fund for Belgium\"},\"image\":{\"@id\":\"https:\\\/\\\/ufb.be\\\/nl\\\/#\\\/schema\\\/logo\\\/image\\\/\"}}]}<\/script>\n<!-- \/ Yoast SEO plugin. -->","yoast_head_json":{"title":"Farra Clerlande asbl - Home pour adultes handicap\u00e9s mentaux - UFB","robots":{"index":"index","follow":"follow","max-snippet":"max-snippet:-1","max-image-preview":"max-image-preview:large","max-video-preview":"max-video-preview:-1"},"canonical":"https:\/\/ufb.be\/nl\/beneficiary\/farra-clerlande-asbl-home-pour-adultes-handicapes-mentaux\/","og_locale":"nl_NL","og_type":"article","og_title":"Farra Clerlande asbl - Home pour adultes handicap\u00e9s mentaux - UFB","og_description":"L&#8217;ORGANISATION EN QUELQUES LIGNES. L\u2019asbl\u00a0 Farra a \u00e9t\u00e9 fond\u00e9 le 14 d\u00e9cembre 1971. Le Farra Clerlande Ottignies a ouvert ses portes en mars 1984. Le Farra Clerlande est un home d\u2019h\u00e9bergement situ\u00e9 \u00e0 Ottignies, dans le Brabant Wallon accueillant 55 personnes adultes \u00e0 handicap mental profond et troubles physiques associ\u00e9s. Il leur propose un accompagnement [&hellip;]","og_url":"https:\/\/ufb.be\/nl\/beneficiary\/farra-clerlande-asbl-home-pour-adultes-handicapes-mentaux\/","og_site_name":"UFB","article_modified_time":"2025-03-24T13:25:24+00:00","og_image":[{"width":1920,"height":1080,"url":"https:\/\/ufb.be\/wp-content\/uploads\/2022\/08\/imagefarraclerlande.png","type":"image\/png"}],"twitter_card":"summary_large_image","twitter_misc":{"Geschatte leestijd":"2 minutes"},"schema":{"@context":"https:\/\/schema.org","@graph":[{"@type":"WebPage","@id":"https:\/\/ufb.be\/nl\/beneficiary\/farra-clerlande-asbl-home-pour-adultes-handicapes-mentaux\/","url":"https:\/\/ufb.be\/nl\/beneficiary\/farra-clerlande-asbl-home-pour-adultes-handicapes-mentaux\/","name":"Farra Clerlande asbl - Home pour adultes handicap\u00e9s mentaux - UFB","isPartOf":{"@id":"https:\/\/ufb.be\/nl\/#website"},"primaryImageOfPage":{"@id":"https:\/\/ufb.be\/nl\/beneficiary\/farra-clerlande-asbl-home-pour-adultes-handicapes-mentaux\/#primaryimage"},"image":{"@id":"https:\/\/ufb.be\/nl\/beneficiary\/farra-clerlande-asbl-home-pour-adultes-handicapes-mentaux\/#primaryimage"},"thumbnailUrl":"https:\/\/ufb.be\/wp-content\/uploads\/2022\/08\/imagefarraclerlande.png","datePublished":"2022-08-18T10:18:24+00:00","dateModified":"2025-03-24T13:25:24+00:00","breadcrumb":{"@id":"https:\/\/ufb.be\/nl\/beneficiary\/farra-clerlande-asbl-home-pour-adultes-handicapes-mentaux\/#breadcrumb"},"inLanguage":"nl-NL","potentialAction":[{"@type":"ReadAction","target":["https:\/\/ufb.be\/nl\/beneficiary\/farra-clerlande-asbl-home-pour-adultes-handicapes-mentaux\/"]}]},{"@type":"ImageObject","inLanguage":"nl-NL","@id":"https:\/\/ufb.be\/nl\/beneficiary\/farra-clerlande-asbl-home-pour-adultes-handicapes-mentaux\/#primaryimage","url":"https:\/\/ufb.be\/wp-content\/uploads\/2022\/08\/imagefarraclerlande.png","contentUrl":"https:\/\/ufb.be\/wp-content\/uploads\/2022\/08\/imagefarraclerlande.png","width":1920,"height":1080},{"@type":"BreadcrumbList","@id":"https:\/\/ufb.be\/nl\/beneficiary\/farra-clerlande-asbl-home-pour-adultes-handicapes-mentaux\/#breadcrumb","itemListElement":[{"@type":"ListItem","position":1,"name":"Accueil","item":"https:\/\/ufb.be\/nl\/"},{"@type":"ListItem","position":2,"name":"Beneficiaries","item":"https:\/\/ufb.be\/nl\/beneficiary\/"},{"@type":"ListItem","position":3,"name":"Farra Clerlande asbl &#8211; Home pour adultes handicap\u00e9s mentaux"}]},{"@type":"WebSite","@id":"https:\/\/ufb.be\/nl\/#website","url":"https:\/\/ufb.be\/nl\/","name":"United Fund for Belgium","description":"Combattons l\u2019exclusion pour plus d\u2019int\u00e9gration sociale","publisher":{"@id":"https:\/\/ufb.be\/nl\/#organization"},"alternateName":"UFB","potentialAction":[{"@type":"SearchAction","target":{"@type":"EntryPoint","urlTemplate":"https:\/\/ufb.be\/nl\/?s={search_term_string}"},"query-input":{"@type":"PropertyValueSpecification","valueRequired":true,"valueName":"search_term_string"}}],"inLanguage":"nl-NL"},{"@type":"Organization","@id":"https:\/\/ufb.be\/nl\/#organization","name":"United Fund for Belgium","alternateName":"UFB","url":"https:\/\/ufb.be\/nl\/","logo":{"@type":"ImageObject","inLanguage":"nl-NL","@id":"https:\/\/ufb.be\/nl\/#\/schema\/logo\/image\/","url":"https:\/\/ufb.be\/wp-content\/uploads\/2025\/07\/Logo-UFB-RS.png","contentUrl":"https:\/\/ufb.be\/wp-content\/uploads\/2025\/07\/Logo-UFB-RS.png","width":200,"height":200,"caption":"United Fund for Belgium"},"image":{"@id":"https:\/\/ufb.be\/nl\/#\/schema\/logo\/image\/"}}]}},"_links":{"self":[{"href":"https:\/\/ufb.be\/nl\/wp-json\/wp\/v2\/beneficiary\/31510","targetHints":{"allow":["GET"]}}],"collection":[{"href":"https:\/\/ufb.be\/nl\/wp-json\/wp\/v2\/beneficiary"}],"about":[{"href":"https:\/\/ufb.be\/nl\/wp-json\/wp\/v2\/types\/beneficiary"}],"wp:featuredmedia":[{"embeddable":true,"href":"https:\/\/ufb.be\/nl\/wp-json\/wp\/v2\/media\/31517"}],"wp:attachment":[{"href":"https:\/\/ufb.be\/nl\/wp-json\/wp\/v2\/media?parent=31510"}],"curies":[{"name":"wp","href":"https:\/\/api.w.org\/{rel}","templated":true}]}}