{"id":31550,"date":"2022-08-18T11:08:14","date_gmt":"2022-08-18T11:08:14","guid":{"rendered":"https:\/\/ufb.be\/?post_type=beneficiary&#038;p=31550"},"modified":"2025-03-27T08:53:42","modified_gmt":"2025-03-27T07:53:42","slug":"le-chaf-asbl-centre-pour-personnes-handicapees","status":"publish","type":"beneficiary","link":"https:\/\/ufb.be\/nl\/beneficiary\/le-chaf-asbl-centre-pour-personnes-handicapees\/","title":{"rendered":"LE CHAF asbl &#8211; Centre pour personnes handicap\u00e9es"},"content":{"rendered":"<p><strong>L&#8217;ORGANISATION EN QUELQUES LIGNES.<\/strong><\/p>\n<p><strong>1988:<\/strong> Cr\u00e9ation du CA<\/p>\n<p><strong>1998:<\/strong> ouverture du Centre de JOur<\/p>\n<p><strong>2000:<\/strong> ouverture du service r\u00e9sidentiel<\/p>\n<p>Nous accueillons des adultes en situation de handicap mental de l\u00e9ger \u00e0 profond avec ou sans trouble associ\u00e9 comme un trouble du spectre autistique, de l&#8217;\u00e9pilepsie, un double diagnostic. Nous sommes situ\u00e9s \u00e0 Farciennes proche de Charleroi.<\/p>\n<p><strong>LES \u00c9V\u00c8NEMENTS MARQUANTS DE VOTRE ORGANISATION\u00a0<\/strong><\/p>\n<ul>\n<li>En 2016, changement de direction suite au d\u00e9part \u00e0 la retraite de la directrice du d\u00e9part, en 2020, signature du bail emphyt\u00e9otique avec la commune en vue de pouvoir r\u00e9aliser des travaux de r\u00e9novations.<\/li>\n<li>Obtention d&#8217;un accord en d\u00e9cembre de subsides de l&#8217;AVIQ pour la construction d&#8217;un nouveau b\u00e2timent pour cr\u00e9er une nouvelle unit\u00e9 de vie pour les personnes vieillissantes.<\/li>\n<li>En 2021, d\u00e9marrage de premiers travaux de r\u00e9novations des int\u00e9rieurs du CHAF (toiture, carrelage, unit\u00e9 de vie&#8230;) 2022, r\u00e9novation de la route et des abords ext\u00e9rieurs Cr\u00e9ation du CONTRAT d&#8217;objectif afin de penser \u00e0 des projets futurs tels que la construction, un espace sensoriel, des am\u00e9nagements ext\u00e9rieurs, une meilleure communication et formation des \u00e9quipes.<\/li>\n<\/ul>\n<p><strong>LES PROJETS, MISSIONS ET\/OU ACTIVIT\u00c9S LES PLUS IMPORTANTS ET DE LEUR IMPACT<\/strong><\/p>\n<p>Nous accueillons au quotidien 65 personnes au CHAF en situation de handicap mental, une moiti\u00e9 par le Centre de jour et une autre moiti\u00e9 par le service r\u00e9sidentiel, notre souhait est l&#8217;accompagnement de la personne le plus individualis\u00e9 possible pour permettre un \u00e9panouissement de celle-ci optimal par diverses activit\u00e9s tel qu&#8217;artistique, sensoriel, manuel, informatique, de jardinage, de menuiserie, de diverses th\u00e9rapies avec l&#8217;animal (cynoth\u00e9rapie, hippoth\u00e9rapie&#8230;) et d&#8217;int\u00e9gration dans la soci\u00e9t\u00e9 via une collaboration \u00e9troite avec le Centre Culturel de la r\u00e9gion et quelques activit\u00e9s citoyennes.<\/p>\n<p><strong>COURT T\u00c9MOIGNAGE EN RAPPORT AVEC VOTRE ASSOCIATION OU L\u2019UN DE VOS PROJETS OU ACTIVIT\u00c9S<\/strong><\/p>\n<ul>\n<li>LE CHAF participe aux Concours de Talents regardez la video :<\/li>\n<\/ul>\n<p><a href=\"https:\/\/youtu.be\/6zdeRfE9IXk\">https:\/\/youtu.be\/6zdeRfE9IXk<\/a><\/p>\n<ul>\n<li>Le CHAF a particip\u00e9 aux Sp\u00e9ciales Olympiques avec 6 athl\u00e8tes, une vid\u00e9o est visible sur la page Facebook.<\/li>\n<li>Les Chafripons se sont lanc\u00e9s un d\u00e9fi \u00ab marcher 100 km ou plus \u00bb entre le 7 avril et le 7 mai.<\/li>\n<\/ul>\n<p><a href=\"https:\/\/www.strava.com\/athletes\/100438570\">https:\/\/www.strava.com\/athletes\/100438570<\/a><\/p>\n<ul>\n<li>participation aux tambours pour la paix avec la ville de Farciennes en mars chaque ann\u00e9e afin de faire venir le printemps et chasser l&#8217;hiver.<\/li>\n<\/ul>\n<p><strong>Site web: <\/strong><a href=\"http:\/\/le-chaf.be\/\">http:\/\/le-chaf.be\/<\/a><\/p>\n<p>Pour plus d\u2019informations, veuillez contacter notre Project Manager, S\u00e9verine Laneau\u00a0<a href=\"mailto:slaneau@ufb.be\">slaneau@ufb.be<\/a>\u00a0qui pourra r\u00e9pondre \u00e0 votre demande et vous renseigner comment vous pouvez soutenir ce ou un autre projet \u00e0 travers UFB.<\/p>\n","protected":false},"featured_media":53688,"parent":0,"template":"","meta":{"_acf_changed":false},"class_list":["post-31550","beneficiary","type-beneficiary","status-publish","has-post-thumbnail","hentry","year_type-206","province_type-hainaut","social_type-personnes-en-situation-de-handicap"],"acf":[],"yoast_head":"<!-- This site is optimized with the Yoast SEO plugin v27.3 - https:\/\/yoast.com\/product\/yoast-seo-wordpress\/ -->\n<title>LE CHAF asbl - Centre pour personnes handicap\u00e9es - UFB<\/title>\n<meta name=\"robots\" content=\"index, follow, max-snippet:-1, max-image-preview:large, max-video-preview:-1\" \/>\n<link rel=\"canonical\" href=\"https:\/\/ufb.be\/nl\/beneficiary\/le-chaf-asbl-centre-pour-personnes-handicapees\/\" \/>\n<meta property=\"og:locale\" content=\"nl_NL\" \/>\n<meta property=\"og:type\" content=\"article\" \/>\n<meta property=\"og:title\" content=\"LE CHAF asbl - Centre pour personnes handicap\u00e9es - UFB\" \/>\n<meta property=\"og:description\" content=\"L&#8217;ORGANISATION EN QUELQUES LIGNES. 1988: Cr\u00e9ation du CA 1998: ouverture du Centre de JOur 2000: ouverture du service r\u00e9sidentiel Nous accueillons des adultes en situation de handicap mental de l\u00e9ger \u00e0 profond avec ou sans trouble associ\u00e9 comme un trouble du spectre autistique, de l&#8217;\u00e9pilepsie, un double diagnostic. Nous sommes situ\u00e9s \u00e0 Farciennes proche de [&hellip;]\" \/>\n<meta property=\"og:url\" content=\"https:\/\/ufb.be\/nl\/beneficiary\/le-chaf-asbl-centre-pour-personnes-handicapees\/\" \/>\n<meta property=\"og:site_name\" content=\"UFB\" \/>\n<meta property=\"article:modified_time\" content=\"2025-03-27T07:53:42+00:00\" \/>\n<meta property=\"og:image\" content=\"https:\/\/ufb.be\/wp-content\/uploads\/2022\/08\/475660923_3824797504399448_944651460594936453_n.jpg\" \/>\n\t<meta property=\"og:image:width\" content=\"2048\" \/>\n\t<meta property=\"og:image:height\" content=\"1365\" \/>\n\t<meta property=\"og:image:type\" content=\"image\/jpeg\" \/>\n<meta name=\"twitter:card\" content=\"summary_large_image\" \/>\n<meta name=\"twitter:label1\" content=\"Geschatte leestijd\" \/>\n\t<meta name=\"twitter:data1\" content=\"3 minutes\" \/>\n<script type=\"application\/ld+json\" class=\"yoast-schema-graph\">{\"@context\":\"https:\\\/\\\/schema.org\",\"@graph\":[{\"@type\":\"WebPage\",\"@id\":\"https:\\\/\\\/ufb.be\\\/nl\\\/beneficiary\\\/le-chaf-asbl-centre-pour-personnes-handicapees\\\/\",\"url\":\"https:\\\/\\\/ufb.be\\\/nl\\\/beneficiary\\\/le-chaf-asbl-centre-pour-personnes-handicapees\\\/\",\"name\":\"LE CHAF asbl - Centre pour personnes handicap\u00e9es - UFB\",\"isPartOf\":{\"@id\":\"https:\\\/\\\/ufb.be\\\/nl\\\/#website\"},\"primaryImageOfPage\":{\"@id\":\"https:\\\/\\\/ufb.be\\\/nl\\\/beneficiary\\\/le-chaf-asbl-centre-pour-personnes-handicapees\\\/#primaryimage\"},\"image\":{\"@id\":\"https:\\\/\\\/ufb.be\\\/nl\\\/beneficiary\\\/le-chaf-asbl-centre-pour-personnes-handicapees\\\/#primaryimage\"},\"thumbnailUrl\":\"https:\\\/\\\/ufb.be\\\/wp-content\\\/uploads\\\/2022\\\/08\\\/475660923_3824797504399448_944651460594936453_n.jpg\",\"datePublished\":\"2022-08-18T11:08:14+00:00\",\"dateModified\":\"2025-03-27T07:53:42+00:00\",\"breadcrumb\":{\"@id\":\"https:\\\/\\\/ufb.be\\\/nl\\\/beneficiary\\\/le-chaf-asbl-centre-pour-personnes-handicapees\\\/#breadcrumb\"},\"inLanguage\":\"nl-NL\",\"potentialAction\":[{\"@type\":\"ReadAction\",\"target\":[\"https:\\\/\\\/ufb.be\\\/nl\\\/beneficiary\\\/le-chaf-asbl-centre-pour-personnes-handicapees\\\/\"]}]},{\"@type\":\"ImageObject\",\"inLanguage\":\"nl-NL\",\"@id\":\"https:\\\/\\\/ufb.be\\\/nl\\\/beneficiary\\\/le-chaf-asbl-centre-pour-personnes-handicapees\\\/#primaryimage\",\"url\":\"https:\\\/\\\/ufb.be\\\/wp-content\\\/uploads\\\/2022\\\/08\\\/475660923_3824797504399448_944651460594936453_n.jpg\",\"contentUrl\":\"https:\\\/\\\/ufb.be\\\/wp-content\\\/uploads\\\/2022\\\/08\\\/475660923_3824797504399448_944651460594936453_n.jpg\",\"width\":2048,\"height\":1365},{\"@type\":\"BreadcrumbList\",\"@id\":\"https:\\\/\\\/ufb.be\\\/nl\\\/beneficiary\\\/le-chaf-asbl-centre-pour-personnes-handicapees\\\/#breadcrumb\",\"itemListElement\":[{\"@type\":\"ListItem\",\"position\":1,\"name\":\"Accueil\",\"item\":\"https:\\\/\\\/ufb.be\\\/nl\\\/\"},{\"@type\":\"ListItem\",\"position\":2,\"name\":\"Beneficiaries\",\"item\":\"https:\\\/\\\/ufb.be\\\/nl\\\/beneficiary\\\/\"},{\"@type\":\"ListItem\",\"position\":3,\"name\":\"LE CHAF asbl &#8211; Centre pour personnes handicap\u00e9es\"}]},{\"@type\":\"WebSite\",\"@id\":\"https:\\\/\\\/ufb.be\\\/nl\\\/#website\",\"url\":\"https:\\\/\\\/ufb.be\\\/nl\\\/\",\"name\":\"United Fund for Belgium\",\"description\":\"Combattons l\u2019exclusion pour plus d\u2019int\u00e9gration sociale\",\"publisher\":{\"@id\":\"https:\\\/\\\/ufb.be\\\/nl\\\/#organization\"},\"alternateName\":\"UFB\",\"potentialAction\":[{\"@type\":\"SearchAction\",\"target\":{\"@type\":\"EntryPoint\",\"urlTemplate\":\"https:\\\/\\\/ufb.be\\\/nl\\\/?s={search_term_string}\"},\"query-input\":{\"@type\":\"PropertyValueSpecification\",\"valueRequired\":true,\"valueName\":\"search_term_string\"}}],\"inLanguage\":\"nl-NL\"},{\"@type\":\"Organization\",\"@id\":\"https:\\\/\\\/ufb.be\\\/nl\\\/#organization\",\"name\":\"United Fund for Belgium\",\"alternateName\":\"UFB\",\"url\":\"https:\\\/\\\/ufb.be\\\/nl\\\/\",\"logo\":{\"@type\":\"ImageObject\",\"inLanguage\":\"nl-NL\",\"@id\":\"https:\\\/\\\/ufb.be\\\/nl\\\/#\\\/schema\\\/logo\\\/image\\\/\",\"url\":\"https:\\\/\\\/ufb.be\\\/wp-content\\\/uploads\\\/2025\\\/07\\\/Logo-UFB-RS.png\",\"contentUrl\":\"https:\\\/\\\/ufb.be\\\/wp-content\\\/uploads\\\/2025\\\/07\\\/Logo-UFB-RS.png\",\"width\":200,\"height\":200,\"caption\":\"United Fund for Belgium\"},\"image\":{\"@id\":\"https:\\\/\\\/ufb.be\\\/nl\\\/#\\\/schema\\\/logo\\\/image\\\/\"}}]}<\/script>\n<!-- \/ Yoast SEO plugin. -->","yoast_head_json":{"title":"LE CHAF asbl - Centre pour personnes handicap\u00e9es - UFB","robots":{"index":"index","follow":"follow","max-snippet":"max-snippet:-1","max-image-preview":"max-image-preview:large","max-video-preview":"max-video-preview:-1"},"canonical":"https:\/\/ufb.be\/nl\/beneficiary\/le-chaf-asbl-centre-pour-personnes-handicapees\/","og_locale":"nl_NL","og_type":"article","og_title":"LE CHAF asbl - Centre pour personnes handicap\u00e9es - UFB","og_description":"L&#8217;ORGANISATION EN QUELQUES LIGNES. 1988: Cr\u00e9ation du CA 1998: ouverture du Centre de JOur 2000: ouverture du service r\u00e9sidentiel Nous accueillons des adultes en situation de handicap mental de l\u00e9ger \u00e0 profond avec ou sans trouble associ\u00e9 comme un trouble du spectre autistique, de l&#8217;\u00e9pilepsie, un double diagnostic. Nous sommes situ\u00e9s \u00e0 Farciennes proche de [&hellip;]","og_url":"https:\/\/ufb.be\/nl\/beneficiary\/le-chaf-asbl-centre-pour-personnes-handicapees\/","og_site_name":"UFB","article_modified_time":"2025-03-27T07:53:42+00:00","og_image":[{"width":2048,"height":1365,"url":"https:\/\/ufb.be\/wp-content\/uploads\/2022\/08\/475660923_3824797504399448_944651460594936453_n.jpg","type":"image\/jpeg"}],"twitter_card":"summary_large_image","twitter_misc":{"Geschatte leestijd":"3 minutes"},"schema":{"@context":"https:\/\/schema.org","@graph":[{"@type":"WebPage","@id":"https:\/\/ufb.be\/nl\/beneficiary\/le-chaf-asbl-centre-pour-personnes-handicapees\/","url":"https:\/\/ufb.be\/nl\/beneficiary\/le-chaf-asbl-centre-pour-personnes-handicapees\/","name":"LE CHAF asbl - Centre pour personnes handicap\u00e9es - UFB","isPartOf":{"@id":"https:\/\/ufb.be\/nl\/#website"},"primaryImageOfPage":{"@id":"https:\/\/ufb.be\/nl\/beneficiary\/le-chaf-asbl-centre-pour-personnes-handicapees\/#primaryimage"},"image":{"@id":"https:\/\/ufb.be\/nl\/beneficiary\/le-chaf-asbl-centre-pour-personnes-handicapees\/#primaryimage"},"thumbnailUrl":"https:\/\/ufb.be\/wp-content\/uploads\/2022\/08\/475660923_3824797504399448_944651460594936453_n.jpg","datePublished":"2022-08-18T11:08:14+00:00","dateModified":"2025-03-27T07:53:42+00:00","breadcrumb":{"@id":"https:\/\/ufb.be\/nl\/beneficiary\/le-chaf-asbl-centre-pour-personnes-handicapees\/#breadcrumb"},"inLanguage":"nl-NL","potentialAction":[{"@type":"ReadAction","target":["https:\/\/ufb.be\/nl\/beneficiary\/le-chaf-asbl-centre-pour-personnes-handicapees\/"]}]},{"@type":"ImageObject","inLanguage":"nl-NL","@id":"https:\/\/ufb.be\/nl\/beneficiary\/le-chaf-asbl-centre-pour-personnes-handicapees\/#primaryimage","url":"https:\/\/ufb.be\/wp-content\/uploads\/2022\/08\/475660923_3824797504399448_944651460594936453_n.jpg","contentUrl":"https:\/\/ufb.be\/wp-content\/uploads\/2022\/08\/475660923_3824797504399448_944651460594936453_n.jpg","width":2048,"height":1365},{"@type":"BreadcrumbList","@id":"https:\/\/ufb.be\/nl\/beneficiary\/le-chaf-asbl-centre-pour-personnes-handicapees\/#breadcrumb","itemListElement":[{"@type":"ListItem","position":1,"name":"Accueil","item":"https:\/\/ufb.be\/nl\/"},{"@type":"ListItem","position":2,"name":"Beneficiaries","item":"https:\/\/ufb.be\/nl\/beneficiary\/"},{"@type":"ListItem","position":3,"name":"LE CHAF asbl &#8211; Centre pour personnes handicap\u00e9es"}]},{"@type":"WebSite","@id":"https:\/\/ufb.be\/nl\/#website","url":"https:\/\/ufb.be\/nl\/","name":"United Fund for Belgium","description":"Combattons l\u2019exclusion pour plus d\u2019int\u00e9gration sociale","publisher":{"@id":"https:\/\/ufb.be\/nl\/#organization"},"alternateName":"UFB","potentialAction":[{"@type":"SearchAction","target":{"@type":"EntryPoint","urlTemplate":"https:\/\/ufb.be\/nl\/?s={search_term_string}"},"query-input":{"@type":"PropertyValueSpecification","valueRequired":true,"valueName":"search_term_string"}}],"inLanguage":"nl-NL"},{"@type":"Organization","@id":"https:\/\/ufb.be\/nl\/#organization","name":"United Fund for Belgium","alternateName":"UFB","url":"https:\/\/ufb.be\/nl\/","logo":{"@type":"ImageObject","inLanguage":"nl-NL","@id":"https:\/\/ufb.be\/nl\/#\/schema\/logo\/image\/","url":"https:\/\/ufb.be\/wp-content\/uploads\/2025\/07\/Logo-UFB-RS.png","contentUrl":"https:\/\/ufb.be\/wp-content\/uploads\/2025\/07\/Logo-UFB-RS.png","width":200,"height":200,"caption":"United Fund for Belgium"},"image":{"@id":"https:\/\/ufb.be\/nl\/#\/schema\/logo\/image\/"}}]}},"_links":{"self":[{"href":"https:\/\/ufb.be\/nl\/wp-json\/wp\/v2\/beneficiary\/31550","targetHints":{"allow":["GET"]}}],"collection":[{"href":"https:\/\/ufb.be\/nl\/wp-json\/wp\/v2\/beneficiary"}],"about":[{"href":"https:\/\/ufb.be\/nl\/wp-json\/wp\/v2\/types\/beneficiary"}],"wp:featuredmedia":[{"embeddable":true,"href":"https:\/\/ufb.be\/nl\/wp-json\/wp\/v2\/media\/53688"}],"wp:attachment":[{"href":"https:\/\/ufb.be\/nl\/wp-json\/wp\/v2\/media?parent=31550"}],"curies":[{"name":"wp","href":"https:\/\/api.w.org\/{rel}","templated":true}]}}