{"id":31663,"date":"2022-08-18T15:39:39","date_gmt":"2022-08-18T15:39:39","guid":{"rendered":"https:\/\/ufb.be\/?post_type=beneficiary&#038;p=31663"},"modified":"2025-03-26T13:15:44","modified_gmt":"2025-03-26T12:15:44","slug":"les-exploits-sportifs-asbl","status":"publish","type":"beneficiary","link":"https:\/\/ufb.be\/nl\/beneficiary\/les-exploits-sportifs-asbl\/","title":{"rendered":"Les Exploits Sportifs asbl &#8211; Organisation d&#8217;\u00e9v\u00e9nements pour enfants gravement malades ou issues des familles pr\u00e9caris\u00e9es"},"content":{"rendered":"<p><strong>L&#8217;ORGANISATION EN QUELQUES LIGNES<\/strong><\/p>\n<p>Cr\u00e9\u00e9e en 1999 la principale mission de l&#8217;ASBL est de favoriser le bien-\u00eatre des enfants\/jeunes gravement malades en leur offrant des activit\u00e9s extrascolaires sous la surveillance d&#8217;un m\u00e9decin et d&#8217;une infirmi\u00e8re b\u00e9n\u00e9voles. \u00c0 cause de leur traitement m\u00e9dical, il \u00e9tait tout simplement impossible pour eux de partir en voyage scolaire, de b\u00e9n\u00e9ficier d&#8217;activit\u00e9s, de grandir et de s&#8217;\u00e9panouir en dehors du cocon familial.<\/p>\n<p>&nbsp;<\/p>\n<p><strong>LES \u00c9V\u00c8NEMENTS MARQUANTS DE VOTRE ORGANISATION<\/strong><\/p>\n<p>En 2020 suite \u00e0 une forte demande et suite \u00e0 la probl\u00e9matique europ\u00e9enne li\u00e9e \u00e0 la pauvret\u00e9, nous avons d\u00e9cid\u00e9 d&#8217;ouvrir nos services aux enfants d\u00e9favoris\u00e9s. Nous misons sur l&#8217;inclusion, \u00e0 l&#8217;image de l&#8217;enseignement inclusif nous mettons tout en \u0153uvre pour supprimer les barri\u00e8res m\u00e9dicales et sociales.<\/p>\n<p>&nbsp;<\/p>\n<p><strong>LES PROJETS, MISSIONS ET\/OU ACTIVIT\u00c9S LES PLUS IMPORTANTS ET DE LEUR IMPACT<\/strong><\/p>\n<p>A travers nos actions\/activit\u00e9s le but est de sortir ces enfants\/jeunes de l\u2019exclusion sociale dans laquelle ils sont confin\u00e9s, de soutenir les familles, de lutter contre le d\u00e9crochage scolaire, la discrimination, de promouvoir des valeurs telles que la solidarit\u00e9, l\u2019esprit d\u2019\u00e9quipe, l\u2019\u00e9galit\u00e9, la libert\u00e9, la tol\u00e9rance et le respect.<\/p>\n<p>&nbsp;<\/p>\n<p><strong>Site web: <\/strong><a href=\"https:\/\/www.aexs.org\/\">https:\/\/www.aexs.org\/<\/a><\/p>\n<p>Pour plus d\u2019informations, veuillez contacter notre Project Manager, S\u00e9verine Laneau\u00a0<a href=\"mailto:slaneau@ufb.be\">slaneau@ufb.be<\/a>\u00a0qui pourra r\u00e9pondre \u00e0 votre demande et vous renseigner comment vous pouvez soutenir ce ou un autre projet \u00e0 travers UFB.<\/p>\n","protected":false},"featured_media":53559,"parent":0,"template":"","meta":{"_acf_changed":false},"class_list":["post-31663","beneficiary","type-beneficiary","status-publish","has-post-thumbnail","hentry","year_type-170","province_type-brussels","social_type-bien-etre-des-enfants"],"acf":[],"yoast_head":"<!-- This site is optimized with the Yoast SEO plugin v27.3 - https:\/\/yoast.com\/product\/yoast-seo-wordpress\/ -->\n<title>Les Exploits Sportifs asbl - Organisation d&#039;\u00e9v\u00e9nements pour enfants gravement malades ou issues des familles pr\u00e9caris\u00e9es - UFB<\/title>\n<meta name=\"robots\" content=\"index, follow, max-snippet:-1, max-image-preview:large, max-video-preview:-1\" \/>\n<link rel=\"canonical\" href=\"https:\/\/ufb.be\/nl\/beneficiary\/les-exploits-sportifs-asbl\/\" \/>\n<meta property=\"og:locale\" content=\"nl_NL\" \/>\n<meta property=\"og:type\" content=\"article\" \/>\n<meta property=\"og:title\" content=\"Les Exploits Sportifs asbl - Organisation d&#039;\u00e9v\u00e9nements pour enfants gravement malades ou issues des familles pr\u00e9caris\u00e9es - UFB\" \/>\n<meta property=\"og:description\" content=\"L&#8217;ORGANISATION EN QUELQUES LIGNES Cr\u00e9\u00e9e en 1999 la principale mission de l&#8217;ASBL est de favoriser le bien-\u00eatre des enfants\/jeunes gravement malades en leur offrant des activit\u00e9s extrascolaires sous la surveillance d&#8217;un m\u00e9decin et d&#8217;une infirmi\u00e8re b\u00e9n\u00e9voles. \u00c0 cause de leur traitement m\u00e9dical, il \u00e9tait tout simplement impossible pour eux de partir en voyage scolaire, de [&hellip;]\" \/>\n<meta property=\"og:url\" content=\"https:\/\/ufb.be\/nl\/beneficiary\/les-exploits-sportifs-asbl\/\" \/>\n<meta property=\"og:site_name\" content=\"UFB\" \/>\n<meta property=\"article:modified_time\" content=\"2025-03-26T12:15:44+00:00\" \/>\n<meta property=\"og:image\" content=\"https:\/\/ufb.be\/wp-content\/uploads\/2022\/08\/473830680_933669655565395_7674633851712543107_n.jpg\" \/>\n\t<meta property=\"og:image:width\" content=\"1536\" \/>\n\t<meta property=\"og:image:height\" content=\"2048\" \/>\n\t<meta property=\"og:image:type\" content=\"image\/jpeg\" \/>\n<meta name=\"twitter:card\" content=\"summary_large_image\" \/>\n<meta name=\"twitter:label1\" content=\"Geschatte leestijd\" \/>\n\t<meta name=\"twitter:data1\" content=\"2 minutes\" \/>\n<script type=\"application\/ld+json\" class=\"yoast-schema-graph\">{\"@context\":\"https:\\\/\\\/schema.org\",\"@graph\":[{\"@type\":\"WebPage\",\"@id\":\"https:\\\/\\\/ufb.be\\\/nl\\\/beneficiary\\\/les-exploits-sportifs-asbl\\\/\",\"url\":\"https:\\\/\\\/ufb.be\\\/nl\\\/beneficiary\\\/les-exploits-sportifs-asbl\\\/\",\"name\":\"Les Exploits Sportifs asbl - Organisation d'\u00e9v\u00e9nements pour enfants gravement malades ou issues des familles pr\u00e9caris\u00e9es - UFB\",\"isPartOf\":{\"@id\":\"https:\\\/\\\/ufb.be\\\/nl\\\/#website\"},\"primaryImageOfPage\":{\"@id\":\"https:\\\/\\\/ufb.be\\\/nl\\\/beneficiary\\\/les-exploits-sportifs-asbl\\\/#primaryimage\"},\"image\":{\"@id\":\"https:\\\/\\\/ufb.be\\\/nl\\\/beneficiary\\\/les-exploits-sportifs-asbl\\\/#primaryimage\"},\"thumbnailUrl\":\"https:\\\/\\\/ufb.be\\\/wp-content\\\/uploads\\\/2022\\\/08\\\/473830680_933669655565395_7674633851712543107_n.jpg\",\"datePublished\":\"2022-08-18T15:39:39+00:00\",\"dateModified\":\"2025-03-26T12:15:44+00:00\",\"breadcrumb\":{\"@id\":\"https:\\\/\\\/ufb.be\\\/nl\\\/beneficiary\\\/les-exploits-sportifs-asbl\\\/#breadcrumb\"},\"inLanguage\":\"nl-NL\",\"potentialAction\":[{\"@type\":\"ReadAction\",\"target\":[\"https:\\\/\\\/ufb.be\\\/nl\\\/beneficiary\\\/les-exploits-sportifs-asbl\\\/\"]}]},{\"@type\":\"ImageObject\",\"inLanguage\":\"nl-NL\",\"@id\":\"https:\\\/\\\/ufb.be\\\/nl\\\/beneficiary\\\/les-exploits-sportifs-asbl\\\/#primaryimage\",\"url\":\"https:\\\/\\\/ufb.be\\\/wp-content\\\/uploads\\\/2022\\\/08\\\/473830680_933669655565395_7674633851712543107_n.jpg\",\"contentUrl\":\"https:\\\/\\\/ufb.be\\\/wp-content\\\/uploads\\\/2022\\\/08\\\/473830680_933669655565395_7674633851712543107_n.jpg\",\"width\":1536,\"height\":2048},{\"@type\":\"BreadcrumbList\",\"@id\":\"https:\\\/\\\/ufb.be\\\/nl\\\/beneficiary\\\/les-exploits-sportifs-asbl\\\/#breadcrumb\",\"itemListElement\":[{\"@type\":\"ListItem\",\"position\":1,\"name\":\"Accueil\",\"item\":\"https:\\\/\\\/ufb.be\\\/nl\\\/\"},{\"@type\":\"ListItem\",\"position\":2,\"name\":\"Beneficiaries\",\"item\":\"https:\\\/\\\/ufb.be\\\/nl\\\/beneficiary\\\/\"},{\"@type\":\"ListItem\",\"position\":3,\"name\":\"Les Exploits Sportifs asbl &#8211; Organisation d&rsquo;\u00e9v\u00e9nements pour enfants gravement malades ou issues des familles pr\u00e9caris\u00e9es\"}]},{\"@type\":\"WebSite\",\"@id\":\"https:\\\/\\\/ufb.be\\\/nl\\\/#website\",\"url\":\"https:\\\/\\\/ufb.be\\\/nl\\\/\",\"name\":\"United Fund for Belgium\",\"description\":\"Combattons l\u2019exclusion pour plus d\u2019int\u00e9gration sociale\",\"publisher\":{\"@id\":\"https:\\\/\\\/ufb.be\\\/nl\\\/#organization\"},\"alternateName\":\"UFB\",\"potentialAction\":[{\"@type\":\"SearchAction\",\"target\":{\"@type\":\"EntryPoint\",\"urlTemplate\":\"https:\\\/\\\/ufb.be\\\/nl\\\/?s={search_term_string}\"},\"query-input\":{\"@type\":\"PropertyValueSpecification\",\"valueRequired\":true,\"valueName\":\"search_term_string\"}}],\"inLanguage\":\"nl-NL\"},{\"@type\":\"Organization\",\"@id\":\"https:\\\/\\\/ufb.be\\\/nl\\\/#organization\",\"name\":\"United Fund for Belgium\",\"alternateName\":\"UFB\",\"url\":\"https:\\\/\\\/ufb.be\\\/nl\\\/\",\"logo\":{\"@type\":\"ImageObject\",\"inLanguage\":\"nl-NL\",\"@id\":\"https:\\\/\\\/ufb.be\\\/nl\\\/#\\\/schema\\\/logo\\\/image\\\/\",\"url\":\"https:\\\/\\\/ufb.be\\\/wp-content\\\/uploads\\\/2025\\\/07\\\/Logo-UFB-RS.png\",\"contentUrl\":\"https:\\\/\\\/ufb.be\\\/wp-content\\\/uploads\\\/2025\\\/07\\\/Logo-UFB-RS.png\",\"width\":200,\"height\":200,\"caption\":\"United Fund for Belgium\"},\"image\":{\"@id\":\"https:\\\/\\\/ufb.be\\\/nl\\\/#\\\/schema\\\/logo\\\/image\\\/\"}}]}<\/script>\n<!-- \/ Yoast SEO plugin. -->","yoast_head_json":{"title":"Les Exploits Sportifs asbl - Organisation d'\u00e9v\u00e9nements pour enfants gravement malades ou issues des familles pr\u00e9caris\u00e9es - UFB","robots":{"index":"index","follow":"follow","max-snippet":"max-snippet:-1","max-image-preview":"max-image-preview:large","max-video-preview":"max-video-preview:-1"},"canonical":"https:\/\/ufb.be\/nl\/beneficiary\/les-exploits-sportifs-asbl\/","og_locale":"nl_NL","og_type":"article","og_title":"Les Exploits Sportifs asbl - Organisation d'\u00e9v\u00e9nements pour enfants gravement malades ou issues des familles pr\u00e9caris\u00e9es - UFB","og_description":"L&#8217;ORGANISATION EN QUELQUES LIGNES Cr\u00e9\u00e9e en 1999 la principale mission de l&#8217;ASBL est de favoriser le bien-\u00eatre des enfants\/jeunes gravement malades en leur offrant des activit\u00e9s extrascolaires sous la surveillance d&#8217;un m\u00e9decin et d&#8217;une infirmi\u00e8re b\u00e9n\u00e9voles. \u00c0 cause de leur traitement m\u00e9dical, il \u00e9tait tout simplement impossible pour eux de partir en voyage scolaire, de [&hellip;]","og_url":"https:\/\/ufb.be\/nl\/beneficiary\/les-exploits-sportifs-asbl\/","og_site_name":"UFB","article_modified_time":"2025-03-26T12:15:44+00:00","og_image":[{"width":1536,"height":2048,"url":"https:\/\/ufb.be\/wp-content\/uploads\/2022\/08\/473830680_933669655565395_7674633851712543107_n.jpg","type":"image\/jpeg"}],"twitter_card":"summary_large_image","twitter_misc":{"Geschatte leestijd":"2 minutes"},"schema":{"@context":"https:\/\/schema.org","@graph":[{"@type":"WebPage","@id":"https:\/\/ufb.be\/nl\/beneficiary\/les-exploits-sportifs-asbl\/","url":"https:\/\/ufb.be\/nl\/beneficiary\/les-exploits-sportifs-asbl\/","name":"Les Exploits Sportifs asbl - Organisation d'\u00e9v\u00e9nements pour enfants gravement malades ou issues des familles pr\u00e9caris\u00e9es - UFB","isPartOf":{"@id":"https:\/\/ufb.be\/nl\/#website"},"primaryImageOfPage":{"@id":"https:\/\/ufb.be\/nl\/beneficiary\/les-exploits-sportifs-asbl\/#primaryimage"},"image":{"@id":"https:\/\/ufb.be\/nl\/beneficiary\/les-exploits-sportifs-asbl\/#primaryimage"},"thumbnailUrl":"https:\/\/ufb.be\/wp-content\/uploads\/2022\/08\/473830680_933669655565395_7674633851712543107_n.jpg","datePublished":"2022-08-18T15:39:39+00:00","dateModified":"2025-03-26T12:15:44+00:00","breadcrumb":{"@id":"https:\/\/ufb.be\/nl\/beneficiary\/les-exploits-sportifs-asbl\/#breadcrumb"},"inLanguage":"nl-NL","potentialAction":[{"@type":"ReadAction","target":["https:\/\/ufb.be\/nl\/beneficiary\/les-exploits-sportifs-asbl\/"]}]},{"@type":"ImageObject","inLanguage":"nl-NL","@id":"https:\/\/ufb.be\/nl\/beneficiary\/les-exploits-sportifs-asbl\/#primaryimage","url":"https:\/\/ufb.be\/wp-content\/uploads\/2022\/08\/473830680_933669655565395_7674633851712543107_n.jpg","contentUrl":"https:\/\/ufb.be\/wp-content\/uploads\/2022\/08\/473830680_933669655565395_7674633851712543107_n.jpg","width":1536,"height":2048},{"@type":"BreadcrumbList","@id":"https:\/\/ufb.be\/nl\/beneficiary\/les-exploits-sportifs-asbl\/#breadcrumb","itemListElement":[{"@type":"ListItem","position":1,"name":"Accueil","item":"https:\/\/ufb.be\/nl\/"},{"@type":"ListItem","position":2,"name":"Beneficiaries","item":"https:\/\/ufb.be\/nl\/beneficiary\/"},{"@type":"ListItem","position":3,"name":"Les Exploits Sportifs asbl &#8211; Organisation d&rsquo;\u00e9v\u00e9nements pour enfants gravement malades ou issues des familles pr\u00e9caris\u00e9es"}]},{"@type":"WebSite","@id":"https:\/\/ufb.be\/nl\/#website","url":"https:\/\/ufb.be\/nl\/","name":"United Fund for Belgium","description":"Combattons l\u2019exclusion pour plus d\u2019int\u00e9gration sociale","publisher":{"@id":"https:\/\/ufb.be\/nl\/#organization"},"alternateName":"UFB","potentialAction":[{"@type":"SearchAction","target":{"@type":"EntryPoint","urlTemplate":"https:\/\/ufb.be\/nl\/?s={search_term_string}"},"query-input":{"@type":"PropertyValueSpecification","valueRequired":true,"valueName":"search_term_string"}}],"inLanguage":"nl-NL"},{"@type":"Organization","@id":"https:\/\/ufb.be\/nl\/#organization","name":"United Fund for Belgium","alternateName":"UFB","url":"https:\/\/ufb.be\/nl\/","logo":{"@type":"ImageObject","inLanguage":"nl-NL","@id":"https:\/\/ufb.be\/nl\/#\/schema\/logo\/image\/","url":"https:\/\/ufb.be\/wp-content\/uploads\/2025\/07\/Logo-UFB-RS.png","contentUrl":"https:\/\/ufb.be\/wp-content\/uploads\/2025\/07\/Logo-UFB-RS.png","width":200,"height":200,"caption":"United Fund for Belgium"},"image":{"@id":"https:\/\/ufb.be\/nl\/#\/schema\/logo\/image\/"}}]}},"_links":{"self":[{"href":"https:\/\/ufb.be\/nl\/wp-json\/wp\/v2\/beneficiary\/31663","targetHints":{"allow":["GET"]}}],"collection":[{"href":"https:\/\/ufb.be\/nl\/wp-json\/wp\/v2\/beneficiary"}],"about":[{"href":"https:\/\/ufb.be\/nl\/wp-json\/wp\/v2\/types\/beneficiary"}],"wp:featuredmedia":[{"embeddable":true,"href":"https:\/\/ufb.be\/nl\/wp-json\/wp\/v2\/media\/53559"}],"wp:attachment":[{"href":"https:\/\/ufb.be\/nl\/wp-json\/wp\/v2\/media?parent=31663"}],"curies":[{"name":"wp","href":"https:\/\/api.w.org\/{rel}","templated":true}]}}