{"id":31790,"date":"2022-08-23T15:33:34","date_gmt":"2022-08-23T15:33:34","guid":{"rendered":"https:\/\/ufb.be\/?post_type=beneficiary&#038;p=31790"},"modified":"2025-03-24T14:41:28","modified_gmt":"2025-03-24T13:41:28","slug":"emmaus-liege-asbl-logement-dinsertion-pour-hommes","status":"publish","type":"beneficiary","link":"https:\/\/ufb.be\/nl\/beneficiary\/emmaus-liege-asbl-logement-dinsertion-pour-hommes\/","title":{"rendered":"Emma\u00fcs Li\u00e8ge asbl &#8211; Logement d&#8217;insertion pour hommes"},"content":{"rendered":"<p><strong>L&#8217;ORGANISATION EN QUELQUES LIGNES<\/strong><\/p>\n<p>L\u2019Asbl Emma\u00fcs Li\u00e8ge cr\u00e9e en 1982,\u00a0 a pour mission d\u2019h\u00e9berger 12 hommes majeurs pr\u00e9sentant des difficult\u00e9s d\u2019ordres sociales, familiales, financi\u00e8res ou de logement.\u00a0 L\u2019h\u00e9bergement propos\u00e9 est un logement d\u2019insertion limit\u00e9 \u00e0\u00a0 9 mois. Notre petite structure permet d\u2019offrir \u00e0 chaque h\u00e9berg\u00e9, un logement de type familial avec un suivi individuel tr\u00e8s soutenu o\u00f9 il lui sera possible de progresser dans son autonomie et ses projets ainsi que favoriser son mieux-\u00eatre.<\/p>\n<p>&nbsp;<\/p>\n<p><strong>LES \u00c9V\u00c8NEMENTS MARQUANTS DE VOTRE ORGANISATION<\/strong><\/p>\n<p>L&#8217;asbl proposait l&#8217;accueil de 24 personnes jusqu&#8217;en 2002.Ensuite, elle a \u00e9t\u00e9 agr\u00e9e pour 15 lits jusqu&#8217;en 2006 ou la maison d&#8217;accueil change d&#8217;agr\u00e9ment vers une maison de vie communautaire jusqu&#8217;en 2012.\u00a0 Face \u00e0 la r\u00e9alit\u00e9 de terrain, retour vers un agr\u00e9ment 12 lits avec un subventionnement de 10 lits. Depuis 2018, l&#8217;asbl est agr\u00e9e et subventionn\u00e9 par la R\u00e9gion Wallone pour 12 lits avec une augmentation de l&#8217;\u00e9quipe sociale. L&#8217;asbl est victime d&#8217;un incendie en 2019 et des inondations en 2021 engendrant une multitude de travaux.<\/p>\n<p>&nbsp;<\/p>\n<p><strong>LES PROJETS, MISSIONS ET\/OU ACTIVIT\u00c9S LES PLUS IMPORTANTS ET DE LEUR IMPACT<\/strong><\/p>\n<p>L&#8217;asbl a pour mission l&#8217;h\u00e9bergement de 12 hommes. La structure propose le g\u00eete, le couvert et le blanchissage, se r\u00e9partit en douze chambres individuelles. L&#8217;\u00e9quipe propose un suivi administratif, financier, m\u00e9dical et psychosocial en collaboration avec le r\u00e9seau local. Au quotidien, une gestion des t\u00e2ches m\u00e9nag\u00e8res est instaur\u00e9e. Des activit\u00e9s intra et extra muros sont propos\u00e9s r\u00e9guli\u00e8rement afin de favoriser le d\u00e9veloppement personnel, l&#8217;estime de soi et l&#8217;autonomie.<\/p>\n<p>&nbsp;<\/p>\n<p><strong>Facebook: <\/strong><a href=\"https:\/\/www.facebook.com\/EMMA%C3%9CS-Li%C3%A8ge-Ch%C3%AAn%C3%A9e-2110953755608782\">Emma\u00fcs Li\u00e8ge<\/a><\/p>\n<p>Pour plus d\u2019informations, veuillez contacter notre Project Manager, S\u00e9verine Laneau\u00a0<a href=\"mailto:slaneau@ufb.be\">slaneau@ufb.be<\/a>\u00a0qui pourra r\u00e9pondre \u00e0 votre demande et vous renseigner comment vous pouvez soutenir ce ou un autre projet \u00e0 travers UFB.<\/p>\n","protected":false},"featured_media":31809,"parent":0,"template":"","meta":{"_acf_changed":false},"class_list":["post-31790","beneficiary","type-beneficiary","status-publish","has-post-thumbnail","hentry","year_type-170","province_type-liege","social_type-lutte-contre-la-pauvrete","social_type-personnes-en-detresse"],"acf":[],"yoast_head":"<!-- This site is optimized with the Yoast SEO plugin v27.3 - https:\/\/yoast.com\/product\/yoast-seo-wordpress\/ -->\n<title>Emma\u00fcs Li\u00e8ge asbl - Logement d&#039;insertion pour hommes - UFB<\/title>\n<meta name=\"robots\" content=\"index, follow, max-snippet:-1, max-image-preview:large, max-video-preview:-1\" \/>\n<link rel=\"canonical\" href=\"https:\/\/ufb.be\/nl\/beneficiary\/emmaus-liege-asbl-logement-dinsertion-pour-hommes\/\" \/>\n<meta property=\"og:locale\" content=\"nl_NL\" \/>\n<meta property=\"og:type\" content=\"article\" \/>\n<meta property=\"og:title\" content=\"Emma\u00fcs Li\u00e8ge asbl - Logement d&#039;insertion pour hommes - UFB\" \/>\n<meta property=\"og:description\" content=\"L&#8217;ORGANISATION EN QUELQUES LIGNES L\u2019Asbl Emma\u00fcs Li\u00e8ge cr\u00e9e en 1982,\u00a0 a pour mission d\u2019h\u00e9berger 12 hommes majeurs pr\u00e9sentant des difficult\u00e9s d\u2019ordres sociales, familiales, financi\u00e8res ou de logement.\u00a0 L\u2019h\u00e9bergement propos\u00e9 est un logement d\u2019insertion limit\u00e9 \u00e0\u00a0 9 mois. Notre petite structure permet d\u2019offrir \u00e0 chaque h\u00e9berg\u00e9, un logement de type familial avec un suivi individuel tr\u00e8s [&hellip;]\" \/>\n<meta property=\"og:url\" content=\"https:\/\/ufb.be\/nl\/beneficiary\/emmaus-liege-asbl-logement-dinsertion-pour-hommes\/\" \/>\n<meta property=\"og:site_name\" content=\"UFB\" \/>\n<meta property=\"article:modified_time\" content=\"2025-03-24T13:41:28+00:00\" \/>\n<meta property=\"og:image\" content=\"https:\/\/ufb.be\/wp-content\/uploads\/2022\/08\/imageemmausliege.png\" \/>\n\t<meta property=\"og:image:width\" content=\"1920\" \/>\n\t<meta property=\"og:image:height\" content=\"1080\" \/>\n\t<meta property=\"og:image:type\" content=\"image\/png\" \/>\n<meta name=\"twitter:card\" content=\"summary_large_image\" \/>\n<meta name=\"twitter:label1\" content=\"Geschatte leestijd\" \/>\n\t<meta name=\"twitter:data1\" content=\"2 minutes\" \/>\n<script type=\"application\/ld+json\" class=\"yoast-schema-graph\">{\"@context\":\"https:\\\/\\\/schema.org\",\"@graph\":[{\"@type\":\"WebPage\",\"@id\":\"https:\\\/\\\/ufb.be\\\/nl\\\/beneficiary\\\/emmaus-liege-asbl-logement-dinsertion-pour-hommes\\\/\",\"url\":\"https:\\\/\\\/ufb.be\\\/nl\\\/beneficiary\\\/emmaus-liege-asbl-logement-dinsertion-pour-hommes\\\/\",\"name\":\"Emma\u00fcs Li\u00e8ge asbl - Logement d'insertion pour hommes - UFB\",\"isPartOf\":{\"@id\":\"https:\\\/\\\/ufb.be\\\/nl\\\/#website\"},\"primaryImageOfPage\":{\"@id\":\"https:\\\/\\\/ufb.be\\\/nl\\\/beneficiary\\\/emmaus-liege-asbl-logement-dinsertion-pour-hommes\\\/#primaryimage\"},\"image\":{\"@id\":\"https:\\\/\\\/ufb.be\\\/nl\\\/beneficiary\\\/emmaus-liege-asbl-logement-dinsertion-pour-hommes\\\/#primaryimage\"},\"thumbnailUrl\":\"https:\\\/\\\/ufb.be\\\/wp-content\\\/uploads\\\/2022\\\/08\\\/imageemmausliege.png\",\"datePublished\":\"2022-08-23T15:33:34+00:00\",\"dateModified\":\"2025-03-24T13:41:28+00:00\",\"breadcrumb\":{\"@id\":\"https:\\\/\\\/ufb.be\\\/nl\\\/beneficiary\\\/emmaus-liege-asbl-logement-dinsertion-pour-hommes\\\/#breadcrumb\"},\"inLanguage\":\"nl-NL\",\"potentialAction\":[{\"@type\":\"ReadAction\",\"target\":[\"https:\\\/\\\/ufb.be\\\/nl\\\/beneficiary\\\/emmaus-liege-asbl-logement-dinsertion-pour-hommes\\\/\"]}]},{\"@type\":\"ImageObject\",\"inLanguage\":\"nl-NL\",\"@id\":\"https:\\\/\\\/ufb.be\\\/nl\\\/beneficiary\\\/emmaus-liege-asbl-logement-dinsertion-pour-hommes\\\/#primaryimage\",\"url\":\"https:\\\/\\\/ufb.be\\\/wp-content\\\/uploads\\\/2022\\\/08\\\/imageemmausliege.png\",\"contentUrl\":\"https:\\\/\\\/ufb.be\\\/wp-content\\\/uploads\\\/2022\\\/08\\\/imageemmausliege.png\",\"width\":1920,\"height\":1080},{\"@type\":\"BreadcrumbList\",\"@id\":\"https:\\\/\\\/ufb.be\\\/nl\\\/beneficiary\\\/emmaus-liege-asbl-logement-dinsertion-pour-hommes\\\/#breadcrumb\",\"itemListElement\":[{\"@type\":\"ListItem\",\"position\":1,\"name\":\"Accueil\",\"item\":\"https:\\\/\\\/ufb.be\\\/nl\\\/\"},{\"@type\":\"ListItem\",\"position\":2,\"name\":\"Beneficiaries\",\"item\":\"https:\\\/\\\/ufb.be\\\/nl\\\/beneficiary\\\/\"},{\"@type\":\"ListItem\",\"position\":3,\"name\":\"Emma\u00fcs Li\u00e8ge asbl &#8211; Logement d&rsquo;insertion pour hommes\"}]},{\"@type\":\"WebSite\",\"@id\":\"https:\\\/\\\/ufb.be\\\/nl\\\/#website\",\"url\":\"https:\\\/\\\/ufb.be\\\/nl\\\/\",\"name\":\"United Fund for Belgium\",\"description\":\"Combattons l\u2019exclusion pour plus d\u2019int\u00e9gration sociale\",\"publisher\":{\"@id\":\"https:\\\/\\\/ufb.be\\\/nl\\\/#organization\"},\"alternateName\":\"UFB\",\"potentialAction\":[{\"@type\":\"SearchAction\",\"target\":{\"@type\":\"EntryPoint\",\"urlTemplate\":\"https:\\\/\\\/ufb.be\\\/nl\\\/?s={search_term_string}\"},\"query-input\":{\"@type\":\"PropertyValueSpecification\",\"valueRequired\":true,\"valueName\":\"search_term_string\"}}],\"inLanguage\":\"nl-NL\"},{\"@type\":\"Organization\",\"@id\":\"https:\\\/\\\/ufb.be\\\/nl\\\/#organization\",\"name\":\"United Fund for Belgium\",\"alternateName\":\"UFB\",\"url\":\"https:\\\/\\\/ufb.be\\\/nl\\\/\",\"logo\":{\"@type\":\"ImageObject\",\"inLanguage\":\"nl-NL\",\"@id\":\"https:\\\/\\\/ufb.be\\\/nl\\\/#\\\/schema\\\/logo\\\/image\\\/\",\"url\":\"https:\\\/\\\/ufb.be\\\/wp-content\\\/uploads\\\/2025\\\/07\\\/Logo-UFB-RS.png\",\"contentUrl\":\"https:\\\/\\\/ufb.be\\\/wp-content\\\/uploads\\\/2025\\\/07\\\/Logo-UFB-RS.png\",\"width\":200,\"height\":200,\"caption\":\"United Fund for Belgium\"},\"image\":{\"@id\":\"https:\\\/\\\/ufb.be\\\/nl\\\/#\\\/schema\\\/logo\\\/image\\\/\"}}]}<\/script>\n<!-- \/ Yoast SEO plugin. -->","yoast_head_json":{"title":"Emma\u00fcs Li\u00e8ge asbl - Logement d'insertion pour hommes - UFB","robots":{"index":"index","follow":"follow","max-snippet":"max-snippet:-1","max-image-preview":"max-image-preview:large","max-video-preview":"max-video-preview:-1"},"canonical":"https:\/\/ufb.be\/nl\/beneficiary\/emmaus-liege-asbl-logement-dinsertion-pour-hommes\/","og_locale":"nl_NL","og_type":"article","og_title":"Emma\u00fcs Li\u00e8ge asbl - Logement d'insertion pour hommes - UFB","og_description":"L&#8217;ORGANISATION EN QUELQUES LIGNES L\u2019Asbl Emma\u00fcs Li\u00e8ge cr\u00e9e en 1982,\u00a0 a pour mission d\u2019h\u00e9berger 12 hommes majeurs pr\u00e9sentant des difficult\u00e9s d\u2019ordres sociales, familiales, financi\u00e8res ou de logement.\u00a0 L\u2019h\u00e9bergement propos\u00e9 est un logement d\u2019insertion limit\u00e9 \u00e0\u00a0 9 mois. Notre petite structure permet d\u2019offrir \u00e0 chaque h\u00e9berg\u00e9, un logement de type familial avec un suivi individuel tr\u00e8s [&hellip;]","og_url":"https:\/\/ufb.be\/nl\/beneficiary\/emmaus-liege-asbl-logement-dinsertion-pour-hommes\/","og_site_name":"UFB","article_modified_time":"2025-03-24T13:41:28+00:00","og_image":[{"width":1920,"height":1080,"url":"https:\/\/ufb.be\/wp-content\/uploads\/2022\/08\/imageemmausliege.png","type":"image\/png"}],"twitter_card":"summary_large_image","twitter_misc":{"Geschatte leestijd":"2 minutes"},"schema":{"@context":"https:\/\/schema.org","@graph":[{"@type":"WebPage","@id":"https:\/\/ufb.be\/nl\/beneficiary\/emmaus-liege-asbl-logement-dinsertion-pour-hommes\/","url":"https:\/\/ufb.be\/nl\/beneficiary\/emmaus-liege-asbl-logement-dinsertion-pour-hommes\/","name":"Emma\u00fcs Li\u00e8ge asbl - Logement d'insertion pour hommes - UFB","isPartOf":{"@id":"https:\/\/ufb.be\/nl\/#website"},"primaryImageOfPage":{"@id":"https:\/\/ufb.be\/nl\/beneficiary\/emmaus-liege-asbl-logement-dinsertion-pour-hommes\/#primaryimage"},"image":{"@id":"https:\/\/ufb.be\/nl\/beneficiary\/emmaus-liege-asbl-logement-dinsertion-pour-hommes\/#primaryimage"},"thumbnailUrl":"https:\/\/ufb.be\/wp-content\/uploads\/2022\/08\/imageemmausliege.png","datePublished":"2022-08-23T15:33:34+00:00","dateModified":"2025-03-24T13:41:28+00:00","breadcrumb":{"@id":"https:\/\/ufb.be\/nl\/beneficiary\/emmaus-liege-asbl-logement-dinsertion-pour-hommes\/#breadcrumb"},"inLanguage":"nl-NL","potentialAction":[{"@type":"ReadAction","target":["https:\/\/ufb.be\/nl\/beneficiary\/emmaus-liege-asbl-logement-dinsertion-pour-hommes\/"]}]},{"@type":"ImageObject","inLanguage":"nl-NL","@id":"https:\/\/ufb.be\/nl\/beneficiary\/emmaus-liege-asbl-logement-dinsertion-pour-hommes\/#primaryimage","url":"https:\/\/ufb.be\/wp-content\/uploads\/2022\/08\/imageemmausliege.png","contentUrl":"https:\/\/ufb.be\/wp-content\/uploads\/2022\/08\/imageemmausliege.png","width":1920,"height":1080},{"@type":"BreadcrumbList","@id":"https:\/\/ufb.be\/nl\/beneficiary\/emmaus-liege-asbl-logement-dinsertion-pour-hommes\/#breadcrumb","itemListElement":[{"@type":"ListItem","position":1,"name":"Accueil","item":"https:\/\/ufb.be\/nl\/"},{"@type":"ListItem","position":2,"name":"Beneficiaries","item":"https:\/\/ufb.be\/nl\/beneficiary\/"},{"@type":"ListItem","position":3,"name":"Emma\u00fcs Li\u00e8ge asbl &#8211; Logement d&rsquo;insertion pour hommes"}]},{"@type":"WebSite","@id":"https:\/\/ufb.be\/nl\/#website","url":"https:\/\/ufb.be\/nl\/","name":"United Fund for Belgium","description":"Combattons l\u2019exclusion pour plus d\u2019int\u00e9gration sociale","publisher":{"@id":"https:\/\/ufb.be\/nl\/#organization"},"alternateName":"UFB","potentialAction":[{"@type":"SearchAction","target":{"@type":"EntryPoint","urlTemplate":"https:\/\/ufb.be\/nl\/?s={search_term_string}"},"query-input":{"@type":"PropertyValueSpecification","valueRequired":true,"valueName":"search_term_string"}}],"inLanguage":"nl-NL"},{"@type":"Organization","@id":"https:\/\/ufb.be\/nl\/#organization","name":"United Fund for Belgium","alternateName":"UFB","url":"https:\/\/ufb.be\/nl\/","logo":{"@type":"ImageObject","inLanguage":"nl-NL","@id":"https:\/\/ufb.be\/nl\/#\/schema\/logo\/image\/","url":"https:\/\/ufb.be\/wp-content\/uploads\/2025\/07\/Logo-UFB-RS.png","contentUrl":"https:\/\/ufb.be\/wp-content\/uploads\/2025\/07\/Logo-UFB-RS.png","width":200,"height":200,"caption":"United Fund for Belgium"},"image":{"@id":"https:\/\/ufb.be\/nl\/#\/schema\/logo\/image\/"}}]}},"_links":{"self":[{"href":"https:\/\/ufb.be\/nl\/wp-json\/wp\/v2\/beneficiary\/31790","targetHints":{"allow":["GET"]}}],"collection":[{"href":"https:\/\/ufb.be\/nl\/wp-json\/wp\/v2\/beneficiary"}],"about":[{"href":"https:\/\/ufb.be\/nl\/wp-json\/wp\/v2\/types\/beneficiary"}],"wp:featuredmedia":[{"embeddable":true,"href":"https:\/\/ufb.be\/nl\/wp-json\/wp\/v2\/media\/31809"}],"wp:attachment":[{"href":"https:\/\/ufb.be\/nl\/wp-json\/wp\/v2\/media?parent=31790"}],"curies":[{"name":"wp","href":"https:\/\/api.w.org\/{rel}","templated":true}]}}