{"id":33743,"date":"2022-10-25T12:33:12","date_gmt":"2022-10-25T12:33:12","guid":{"rendered":"https:\/\/ufb.be\/?post_type=beneficiary&#038;p=33743"},"modified":"2025-03-24T14:06:45","modified_gmt":"2025-03-24T13:06:45","slug":"eqla-asbl-anciennement-oeuvre-nationale-des-aveugles","status":"publish","type":"beneficiary","link":"https:\/\/ufb.be\/nl\/beneficiary\/eqla-asbl-anciennement-oeuvre-nationale-des-aveugles\/","title":{"rendered":"Eqla asbl (anciennement Oeuvre Nationale des Aveugles)"},"content":{"rendered":"<p>L&#8217;ORGANISATION EN QUELQUES LIGNES<\/p>\n<p>Eqla est une association belge qui agit au quotidien avec et pour des personnes d\u00e9ficientes visuelles. Gr\u00e2ce \u00e0 diff\u00e9rents services de proximit\u00e9, l&#8217;association, n\u00e9e en 1922 sous l&#8217;impulsion du P\u00e8re Agnello, favorise l&#8217;inclusion dans la soci\u00e9t\u00e9 des personnes d\u00e9ficientes visuelles en construisant avec elles des solutions d&#8217;autonomie et d&#8217;\u00e9panouissement : accompagnement global et personnalis\u00e9 \u00e0 tous les \u00e2ges de la vie, acc\u00e8s \u00e0 diverses activit\u00e9s culturelles et de loisirs, formations aux nouvelles technologies.<\/p>\n<p>LES \u00c9V\u00c8NEMENTS MARQUANTS DE L&#8217;ORGANISATION<\/p>\n<ul>\n<li>1922 &#8211; cr\u00e9ation de l&#8217;Oeuvre Nationale des Aveugles<\/li>\n<li>1948 &#8211; cr\u00e9ation du service social<\/li>\n<li>1988 &#8211; cr\u00e9ation du service d&#8217;accompagnement pour les jeunes<\/li>\n<li>\u00e0 partir de 1997 &#8211; reconnaissance de l&#8217;association par les autorit\u00e9s r\u00e9gionales (AVIQ, Phare, COCOF&#8230;)<\/li>\n<li>2019 &#8211; changement de nom : l&#8217;ONA devient Eqla<\/li>\n<li>2022 &#8211; Eqla a 100 ans !<\/li>\n<\/ul>\n<p>LES PROJETS, MISSIONS ET\/OU ACTIVIT\u00c9S LES PLUS IMPORTANTS ET DE LEUR IMPACT :<\/p>\n<p>Nous proposons :<\/p>\n<p>&#8211; un suivi global, qui implique l&#8217;entourage et tient compte des besoins de la personne dans tous les domaines de la vie<\/p>\n<p>&#8211; des r\u00e9ponses personnalis\u00e9es, dans le respect de la personne et de ses choix<\/p>\n<p>&#8211; un accompagnement sp\u00e9cifique \u00e0 tous les \u00e2ges de la vie<\/p>\n<p>&#8211; des solutions adapt\u00e9es \u00e0 l&#8217;\u00e9volution de la soci\u00e9t\u00e9<\/p>\n<p>&#8211; la volont\u00e9 de rendre la personne pleinement actrice de son projet de vie<\/p>\n<p>COURT T\u00c9MOIGNAGE EN RAPPORT AVEC L&#8217;ASSOCIATION OU L\u2019UN DES PROJETS OU ACTIVIT\u00c9S<\/p>\n<p><em>&#8220;Lire, quand on est atteint d&#8217;une d\u00e9ficience visuelle, est tr\u00e8s difficile. C&#8217;est la raison pour laquelle j&#8217;utilise un lecteur audio adapt\u00e9 : j&#8217;\u00e9coute le livre ! Les lectures me font voyager, me permettre de m&#8217;\u00e9vader quelques heures. Le lecteur audio est facile \u00e0 utiliser, je per\u00e7ois bien les grosses touches qui me permettent ce moment de d\u00e9tente. Malheureusement, les autorit\u00e9s n&#8217;interviennent pas dans le co\u00fbt de ce lecteur parce que j&#8217;ai plus de 65 ans. Heureusement que je peux l&#8217;avoir en pr\u00eat, gratuitement, chez Eqla.&#8221;<\/em><\/p>\n<p>Site web: <a href=\"https:\/\/eqla.be\/\">Eqla asbl<\/a><\/p>\n<p>Pour plus d\u2019informations, veuillez contacter notre Project Manager, S\u00e9verine Laneau\u00a0<a href=\"mailto:slaneau@ufb.be\">slaneau@ufb.be<\/a>\u00a0qui pourra r\u00e9pondre \u00e0 votre demande et vous renseigner comment vous pouvez soutenir ce ou un autre projet \u00e0 travers UFB.<\/p>\n","protected":false},"featured_media":49993,"parent":0,"template":"","meta":{"_acf_changed":false},"class_list":["post-33743","beneficiary","type-beneficiary","status-publish","has-post-thumbnail","hentry","year_type-206","province_type-brussels","social_type-personnes-en-situation-de-handicap"],"acf":[],"yoast_head":"<!-- This site is optimized with the Yoast SEO plugin v27.3 - https:\/\/yoast.com\/product\/yoast-seo-wordpress\/ -->\n<title>Eqla asbl (anciennement Oeuvre Nationale des Aveugles) - UFB<\/title>\n<meta name=\"robots\" content=\"index, follow, max-snippet:-1, max-image-preview:large, max-video-preview:-1\" \/>\n<link rel=\"canonical\" href=\"https:\/\/ufb.be\/nl\/beneficiary\/eqla-asbl-anciennement-oeuvre-nationale-des-aveugles\/\" \/>\n<meta property=\"og:locale\" content=\"nl_NL\" \/>\n<meta property=\"og:type\" content=\"article\" \/>\n<meta property=\"og:title\" content=\"Eqla asbl (anciennement Oeuvre Nationale des Aveugles) - UFB\" \/>\n<meta property=\"og:description\" content=\"L&#8217;ORGANISATION EN QUELQUES LIGNES Eqla est une association belge qui agit au quotidien avec et pour des personnes d\u00e9ficientes visuelles. Gr\u00e2ce \u00e0 diff\u00e9rents services de proximit\u00e9, l&#8217;association, n\u00e9e en 1922 sous l&#8217;impulsion du P\u00e8re Agnello, favorise l&#8217;inclusion dans la soci\u00e9t\u00e9 des personnes d\u00e9ficientes visuelles en construisant avec elles des solutions d&#8217;autonomie et d&#8217;\u00e9panouissement : accompagnement [&hellip;]\" \/>\n<meta property=\"og:url\" content=\"https:\/\/ufb.be\/nl\/beneficiary\/eqla-asbl-anciennement-oeuvre-nationale-des-aveugles\/\" \/>\n<meta property=\"og:site_name\" content=\"UFB\" \/>\n<meta property=\"article:modified_time\" content=\"2025-03-24T13:06:45+00:00\" \/>\n<meta property=\"og:image\" content=\"https:\/\/ufb.be\/wp-content\/uploads\/2022\/10\/Eqla-accompagnement-1.jpg\" \/>\n\t<meta property=\"og:image:width\" content=\"1080\" \/>\n\t<meta property=\"og:image:height\" content=\"720\" \/>\n\t<meta property=\"og:image:type\" content=\"image\/jpeg\" \/>\n<meta name=\"twitter:card\" content=\"summary_large_image\" \/>\n<meta name=\"twitter:label1\" content=\"Geschatte leestijd\" \/>\n\t<meta name=\"twitter:data1\" content=\"2 minutes\" \/>\n<script type=\"application\/ld+json\" class=\"yoast-schema-graph\">{\"@context\":\"https:\\\/\\\/schema.org\",\"@graph\":[{\"@type\":\"WebPage\",\"@id\":\"https:\\\/\\\/ufb.be\\\/nl\\\/beneficiary\\\/eqla-asbl-anciennement-oeuvre-nationale-des-aveugles\\\/\",\"url\":\"https:\\\/\\\/ufb.be\\\/nl\\\/beneficiary\\\/eqla-asbl-anciennement-oeuvre-nationale-des-aveugles\\\/\",\"name\":\"Eqla asbl (anciennement Oeuvre Nationale des Aveugles) - UFB\",\"isPartOf\":{\"@id\":\"https:\\\/\\\/ufb.be\\\/nl\\\/#website\"},\"primaryImageOfPage\":{\"@id\":\"https:\\\/\\\/ufb.be\\\/nl\\\/beneficiary\\\/eqla-asbl-anciennement-oeuvre-nationale-des-aveugles\\\/#primaryimage\"},\"image\":{\"@id\":\"https:\\\/\\\/ufb.be\\\/nl\\\/beneficiary\\\/eqla-asbl-anciennement-oeuvre-nationale-des-aveugles\\\/#primaryimage\"},\"thumbnailUrl\":\"https:\\\/\\\/ufb.be\\\/wp-content\\\/uploads\\\/2022\\\/10\\\/Eqla-accompagnement-1.jpg\",\"datePublished\":\"2022-10-25T12:33:12+00:00\",\"dateModified\":\"2025-03-24T13:06:45+00:00\",\"breadcrumb\":{\"@id\":\"https:\\\/\\\/ufb.be\\\/nl\\\/beneficiary\\\/eqla-asbl-anciennement-oeuvre-nationale-des-aveugles\\\/#breadcrumb\"},\"inLanguage\":\"nl-NL\",\"potentialAction\":[{\"@type\":\"ReadAction\",\"target\":[\"https:\\\/\\\/ufb.be\\\/nl\\\/beneficiary\\\/eqla-asbl-anciennement-oeuvre-nationale-des-aveugles\\\/\"]}]},{\"@type\":\"ImageObject\",\"inLanguage\":\"nl-NL\",\"@id\":\"https:\\\/\\\/ufb.be\\\/nl\\\/beneficiary\\\/eqla-asbl-anciennement-oeuvre-nationale-des-aveugles\\\/#primaryimage\",\"url\":\"https:\\\/\\\/ufb.be\\\/wp-content\\\/uploads\\\/2022\\\/10\\\/Eqla-accompagnement-1.jpg\",\"contentUrl\":\"https:\\\/\\\/ufb.be\\\/wp-content\\\/uploads\\\/2022\\\/10\\\/Eqla-accompagnement-1.jpg\",\"width\":1080,\"height\":720},{\"@type\":\"BreadcrumbList\",\"@id\":\"https:\\\/\\\/ufb.be\\\/nl\\\/beneficiary\\\/eqla-asbl-anciennement-oeuvre-nationale-des-aveugles\\\/#breadcrumb\",\"itemListElement\":[{\"@type\":\"ListItem\",\"position\":1,\"name\":\"Accueil\",\"item\":\"https:\\\/\\\/ufb.be\\\/nl\\\/\"},{\"@type\":\"ListItem\",\"position\":2,\"name\":\"Beneficiaries\",\"item\":\"https:\\\/\\\/ufb.be\\\/nl\\\/beneficiary\\\/\"},{\"@type\":\"ListItem\",\"position\":3,\"name\":\"Eqla asbl (anciennement Oeuvre Nationale des Aveugles)\"}]},{\"@type\":\"WebSite\",\"@id\":\"https:\\\/\\\/ufb.be\\\/nl\\\/#website\",\"url\":\"https:\\\/\\\/ufb.be\\\/nl\\\/\",\"name\":\"United Fund for Belgium\",\"description\":\"Combattons l\u2019exclusion pour plus d\u2019int\u00e9gration sociale\",\"publisher\":{\"@id\":\"https:\\\/\\\/ufb.be\\\/nl\\\/#organization\"},\"alternateName\":\"UFB\",\"potentialAction\":[{\"@type\":\"SearchAction\",\"target\":{\"@type\":\"EntryPoint\",\"urlTemplate\":\"https:\\\/\\\/ufb.be\\\/nl\\\/?s={search_term_string}\"},\"query-input\":{\"@type\":\"PropertyValueSpecification\",\"valueRequired\":true,\"valueName\":\"search_term_string\"}}],\"inLanguage\":\"nl-NL\"},{\"@type\":\"Organization\",\"@id\":\"https:\\\/\\\/ufb.be\\\/nl\\\/#organization\",\"name\":\"United Fund for Belgium\",\"alternateName\":\"UFB\",\"url\":\"https:\\\/\\\/ufb.be\\\/nl\\\/\",\"logo\":{\"@type\":\"ImageObject\",\"inLanguage\":\"nl-NL\",\"@id\":\"https:\\\/\\\/ufb.be\\\/nl\\\/#\\\/schema\\\/logo\\\/image\\\/\",\"url\":\"https:\\\/\\\/ufb.be\\\/wp-content\\\/uploads\\\/2025\\\/07\\\/Logo-UFB-RS.png\",\"contentUrl\":\"https:\\\/\\\/ufb.be\\\/wp-content\\\/uploads\\\/2025\\\/07\\\/Logo-UFB-RS.png\",\"width\":200,\"height\":200,\"caption\":\"United Fund for Belgium\"},\"image\":{\"@id\":\"https:\\\/\\\/ufb.be\\\/nl\\\/#\\\/schema\\\/logo\\\/image\\\/\"}}]}<\/script>\n<!-- \/ Yoast SEO plugin. -->","yoast_head_json":{"title":"Eqla asbl (anciennement Oeuvre Nationale des Aveugles) - UFB","robots":{"index":"index","follow":"follow","max-snippet":"max-snippet:-1","max-image-preview":"max-image-preview:large","max-video-preview":"max-video-preview:-1"},"canonical":"https:\/\/ufb.be\/nl\/beneficiary\/eqla-asbl-anciennement-oeuvre-nationale-des-aveugles\/","og_locale":"nl_NL","og_type":"article","og_title":"Eqla asbl (anciennement Oeuvre Nationale des Aveugles) - UFB","og_description":"L&#8217;ORGANISATION EN QUELQUES LIGNES Eqla est une association belge qui agit au quotidien avec et pour des personnes d\u00e9ficientes visuelles. Gr\u00e2ce \u00e0 diff\u00e9rents services de proximit\u00e9, l&#8217;association, n\u00e9e en 1922 sous l&#8217;impulsion du P\u00e8re Agnello, favorise l&#8217;inclusion dans la soci\u00e9t\u00e9 des personnes d\u00e9ficientes visuelles en construisant avec elles des solutions d&#8217;autonomie et d&#8217;\u00e9panouissement : accompagnement [&hellip;]","og_url":"https:\/\/ufb.be\/nl\/beneficiary\/eqla-asbl-anciennement-oeuvre-nationale-des-aveugles\/","og_site_name":"UFB","article_modified_time":"2025-03-24T13:06:45+00:00","og_image":[{"width":1080,"height":720,"url":"https:\/\/ufb.be\/wp-content\/uploads\/2022\/10\/Eqla-accompagnement-1.jpg","type":"image\/jpeg"}],"twitter_card":"summary_large_image","twitter_misc":{"Geschatte leestijd":"2 minutes"},"schema":{"@context":"https:\/\/schema.org","@graph":[{"@type":"WebPage","@id":"https:\/\/ufb.be\/nl\/beneficiary\/eqla-asbl-anciennement-oeuvre-nationale-des-aveugles\/","url":"https:\/\/ufb.be\/nl\/beneficiary\/eqla-asbl-anciennement-oeuvre-nationale-des-aveugles\/","name":"Eqla asbl (anciennement Oeuvre Nationale des Aveugles) - UFB","isPartOf":{"@id":"https:\/\/ufb.be\/nl\/#website"},"primaryImageOfPage":{"@id":"https:\/\/ufb.be\/nl\/beneficiary\/eqla-asbl-anciennement-oeuvre-nationale-des-aveugles\/#primaryimage"},"image":{"@id":"https:\/\/ufb.be\/nl\/beneficiary\/eqla-asbl-anciennement-oeuvre-nationale-des-aveugles\/#primaryimage"},"thumbnailUrl":"https:\/\/ufb.be\/wp-content\/uploads\/2022\/10\/Eqla-accompagnement-1.jpg","datePublished":"2022-10-25T12:33:12+00:00","dateModified":"2025-03-24T13:06:45+00:00","breadcrumb":{"@id":"https:\/\/ufb.be\/nl\/beneficiary\/eqla-asbl-anciennement-oeuvre-nationale-des-aveugles\/#breadcrumb"},"inLanguage":"nl-NL","potentialAction":[{"@type":"ReadAction","target":["https:\/\/ufb.be\/nl\/beneficiary\/eqla-asbl-anciennement-oeuvre-nationale-des-aveugles\/"]}]},{"@type":"ImageObject","inLanguage":"nl-NL","@id":"https:\/\/ufb.be\/nl\/beneficiary\/eqla-asbl-anciennement-oeuvre-nationale-des-aveugles\/#primaryimage","url":"https:\/\/ufb.be\/wp-content\/uploads\/2022\/10\/Eqla-accompagnement-1.jpg","contentUrl":"https:\/\/ufb.be\/wp-content\/uploads\/2022\/10\/Eqla-accompagnement-1.jpg","width":1080,"height":720},{"@type":"BreadcrumbList","@id":"https:\/\/ufb.be\/nl\/beneficiary\/eqla-asbl-anciennement-oeuvre-nationale-des-aveugles\/#breadcrumb","itemListElement":[{"@type":"ListItem","position":1,"name":"Accueil","item":"https:\/\/ufb.be\/nl\/"},{"@type":"ListItem","position":2,"name":"Beneficiaries","item":"https:\/\/ufb.be\/nl\/beneficiary\/"},{"@type":"ListItem","position":3,"name":"Eqla asbl (anciennement Oeuvre Nationale des Aveugles)"}]},{"@type":"WebSite","@id":"https:\/\/ufb.be\/nl\/#website","url":"https:\/\/ufb.be\/nl\/","name":"United Fund for Belgium","description":"Combattons l\u2019exclusion pour plus d\u2019int\u00e9gration sociale","publisher":{"@id":"https:\/\/ufb.be\/nl\/#organization"},"alternateName":"UFB","potentialAction":[{"@type":"SearchAction","target":{"@type":"EntryPoint","urlTemplate":"https:\/\/ufb.be\/nl\/?s={search_term_string}"},"query-input":{"@type":"PropertyValueSpecification","valueRequired":true,"valueName":"search_term_string"}}],"inLanguage":"nl-NL"},{"@type":"Organization","@id":"https:\/\/ufb.be\/nl\/#organization","name":"United Fund for Belgium","alternateName":"UFB","url":"https:\/\/ufb.be\/nl\/","logo":{"@type":"ImageObject","inLanguage":"nl-NL","@id":"https:\/\/ufb.be\/nl\/#\/schema\/logo\/image\/","url":"https:\/\/ufb.be\/wp-content\/uploads\/2025\/07\/Logo-UFB-RS.png","contentUrl":"https:\/\/ufb.be\/wp-content\/uploads\/2025\/07\/Logo-UFB-RS.png","width":200,"height":200,"caption":"United Fund for Belgium"},"image":{"@id":"https:\/\/ufb.be\/nl\/#\/schema\/logo\/image\/"}}]}},"_links":{"self":[{"href":"https:\/\/ufb.be\/nl\/wp-json\/wp\/v2\/beneficiary\/33743","targetHints":{"allow":["GET"]}}],"collection":[{"href":"https:\/\/ufb.be\/nl\/wp-json\/wp\/v2\/beneficiary"}],"about":[{"href":"https:\/\/ufb.be\/nl\/wp-json\/wp\/v2\/types\/beneficiary"}],"wp:featuredmedia":[{"embeddable":true,"href":"https:\/\/ufb.be\/nl\/wp-json\/wp\/v2\/media\/49993"}],"wp:attachment":[{"href":"https:\/\/ufb.be\/nl\/wp-json\/wp\/v2\/media?parent=33743"}],"curies":[{"name":"wp","href":"https:\/\/api.w.org\/{rel}","templated":true}]}}