{"id":33980,"date":"2022-10-31T10:16:01","date_gmt":"2022-10-31T10:16:01","guid":{"rendered":"https:\/\/ufb.be\/?post_type=beneficiary&#038;p=33980"},"modified":"2025-10-27T12:18:07","modified_gmt":"2025-10-27T11:18:07","slug":"zaharra-asbl-accompagnement-psychologique-des-personnes-agees-a-domicile-ou-en-maison-de-repos","status":"publish","type":"beneficiary","link":"https:\/\/ufb.be\/nl\/beneficiary\/zaharra-asbl-accompagnement-psychologique-des-personnes-agees-a-domicile-ou-en-maison-de-repos\/","title":{"rendered":"Zaharra asbl &#8211; Accompagnement psychologique des personnes \u00e2g\u00e9es \u00e0 domicile ou en maison de repos"},"content":{"rendered":"<p>L&#8217;ORGANISATION EN QUELQUES LIGNES<\/p>\n<p>Depuis 2016, en maison de repos ou \u00e0 domicile, l&#8217;asbl Zaharra tente de rem\u00e9dier au mieux aux diff\u00e9rentes difficult\u00e9s rencontr\u00e9es par la personne \u00e2g\u00e9e, et par l\u2019\u00e9coute nous visons avant tout son bien \u00eatre. Cela passe aussi par la perception des int\u00e9r\u00eats de la personne afin de mettre en place des activit\u00e9s qui correspondent au mieux, aux besoins, aux envies, aux souhaits.<\/p>\n<p>&nbsp;<\/p>\n<p>LES \u00c9V\u00c8NEMENTS MARQUANTS DE L&#8217;ORGANISATION<\/p>\n<ul>\n<li><strong>2016 \u2013 2019:<\/strong> projet th\u00e9\u00e2tre en maison de repos \u00ab Ensemble sur sce\u0300ne : extre\u0302mement de\u0301licat tout c\u0327a \u00bb, a\u0300 la re\u0301sidence Terrasses des Hauts Pre\u0301s, a\u0300 Uccle. A remporte\u0301 un prix d\u2019excellence,\u00a0 \u00abJ\u2019ai un oiseau dans la te\u0302te\u00bb, a\u0300 la maison de repos et de soins Le Val des Roses, a\u0300 Forest.<\/li>\n<li><strong>2019:<\/strong> projet r\u00e9miniscence en maison de repos &#8220;bo\u00eete \u00e0 souvenirs&#8221;<\/li>\n<li><strong>2018 -2021:<\/strong> projet \u00e9criture &#8221; lire la plume \u00e0 la main&#8221;<\/li>\n<\/ul>\n<p>&nbsp;<\/p>\n<p>LES PROJETS, MISSIONS ET\/OU ACTIVIT\u00c9S LES PLUS IMPORTANTS ET DE LEUR IMPACT<\/p>\n<ul>\n<li>Nous accompagnons des personnes \u00e2g\u00e9es en institution ou \u00e0 domicile en visant un mieux-\u00eatre.<\/li>\n<li>Des projets cr\u00e9atifs divers : Le plaisir est le point fort des projets autour de la cr\u00e9ativit\u00e9. Nous prenons le plaisir de jouer avec les mots, les couleurs, les textures, autour de la peinture, lecture, photos.<\/li>\n<li>Des projets de r\u00e9flexion avec les r\u00e9sidents de maison de repos, leurs proches, les soignants. Et aussi autour de th\u00e9matiques qui nous questionnent comme la psychiatrique en maison de repos.<\/li>\n<\/ul>\n<p>&nbsp;<\/p>\n<p>COURT T\u00c9MOIGNAGE EN RAPPORT AVEC L&#8217;ASSOCIATION OU L\u2019UN DES PROJETS OU ACTIVIT\u00c9S<\/p>\n<p>Lors du projet th\u00e9\u00e2tre \u00e0 la maison de repos l&#8217;Olivier:<\/p>\n<p>&#8211; &#8220;quel d\u00e9clic il y a eu entre nous, pour nous, quand on a parl\u00e9 de la beaut\u00e9 de leur pr\u00e9sence (des r\u00e9sidents)&#8221;<\/p>\n<p>&#8211; &#8220;on ne voit ce sourire chez Igor que quand il est sur sc\u00e8ne, au th\u00e9\u00e2tre.&#8221;<\/p>\n<p>&nbsp;<\/p>\n<p>Site web: <a href=\"https:\/\/zaharraasbl.wixsite.com\/zaharra\">Zaharra asbl<\/a><\/p>\n<p>Pour plus d\u2019informations, veuillez contacter notre Project Manager, S\u00e9verine Laneau\u00a0<a href=\"mailto:slaneau@ufb.be\">slaneau@ufb.be<\/a>\u00a0qui pourra r\u00e9pondre \u00e0 votre demande et vous renseigner comment vous pouvez soutenir ce ou un autre projet \u00e0 travers UFB.<\/p>\n","protected":false},"featured_media":34012,"parent":0,"template":"","meta":{"_acf_changed":false},"class_list":["post-33980","beneficiary","type-beneficiary","status-publish","has-post-thumbnail","hentry","year_type-206","province_type-brussels","social_type-personnes-en-detresse"],"acf":[],"yoast_head":"<!-- This site is optimized with the Yoast SEO plugin v27.3 - https:\/\/yoast.com\/product\/yoast-seo-wordpress\/ -->\n<title>Zaharra asbl - Accompagnement psychologique des personnes \u00e2g\u00e9es \u00e0 domicile ou en maison de repos - UFB<\/title>\n<meta name=\"robots\" content=\"index, follow, max-snippet:-1, max-image-preview:large, max-video-preview:-1\" \/>\n<link rel=\"canonical\" href=\"https:\/\/ufb.be\/nl\/beneficiary\/zaharra-asbl-accompagnement-psychologique-des-personnes-agees-a-domicile-ou-en-maison-de-repos\/\" \/>\n<meta property=\"og:locale\" content=\"nl_NL\" \/>\n<meta property=\"og:type\" content=\"article\" \/>\n<meta property=\"og:title\" content=\"Zaharra asbl - Accompagnement psychologique des personnes \u00e2g\u00e9es \u00e0 domicile ou en maison de repos - UFB\" \/>\n<meta property=\"og:description\" content=\"L&#8217;ORGANISATION EN QUELQUES LIGNES Depuis 2016, en maison de repos ou \u00e0 domicile, l&#8217;asbl Zaharra tente de rem\u00e9dier au mieux aux diff\u00e9rentes difficult\u00e9s rencontr\u00e9es par la personne \u00e2g\u00e9e, et par l\u2019\u00e9coute nous visons avant tout son bien \u00eatre. Cela passe aussi par la perception des int\u00e9r\u00eats de la personne afin de mettre en place des [&hellip;]\" \/>\n<meta property=\"og:url\" content=\"https:\/\/ufb.be\/nl\/beneficiary\/zaharra-asbl-accompagnement-psychologique-des-personnes-agees-a-domicile-ou-en-maison-de-repos\/\" \/>\n<meta property=\"og:site_name\" content=\"UFB\" \/>\n<meta property=\"article:modified_time\" content=\"2025-10-27T11:18:07+00:00\" \/>\n<meta property=\"og:image\" content=\"https:\/\/ufb.be\/wp-content\/uploads\/2022\/10\/image_zaharra-2.png\" \/>\n\t<meta property=\"og:image:width\" content=\"750\" \/>\n\t<meta property=\"og:image:height\" content=\"496\" \/>\n\t<meta property=\"og:image:type\" content=\"image\/png\" \/>\n<meta name=\"twitter:card\" content=\"summary_large_image\" \/>\n<meta name=\"twitter:label1\" content=\"Geschatte leestijd\" \/>\n\t<meta name=\"twitter:data1\" content=\"2 minutes\" \/>\n<script type=\"application\/ld+json\" class=\"yoast-schema-graph\">{\"@context\":\"https:\\\/\\\/schema.org\",\"@graph\":[{\"@type\":\"WebPage\",\"@id\":\"https:\\\/\\\/ufb.be\\\/nl\\\/beneficiary\\\/zaharra-asbl-accompagnement-psychologique-des-personnes-agees-a-domicile-ou-en-maison-de-repos\\\/\",\"url\":\"https:\\\/\\\/ufb.be\\\/nl\\\/beneficiary\\\/zaharra-asbl-accompagnement-psychologique-des-personnes-agees-a-domicile-ou-en-maison-de-repos\\\/\",\"name\":\"Zaharra asbl - Accompagnement psychologique des personnes \u00e2g\u00e9es \u00e0 domicile ou en maison de repos - UFB\",\"isPartOf\":{\"@id\":\"https:\\\/\\\/ufb.be\\\/nl\\\/#website\"},\"primaryImageOfPage\":{\"@id\":\"https:\\\/\\\/ufb.be\\\/nl\\\/beneficiary\\\/zaharra-asbl-accompagnement-psychologique-des-personnes-agees-a-domicile-ou-en-maison-de-repos\\\/#primaryimage\"},\"image\":{\"@id\":\"https:\\\/\\\/ufb.be\\\/nl\\\/beneficiary\\\/zaharra-asbl-accompagnement-psychologique-des-personnes-agees-a-domicile-ou-en-maison-de-repos\\\/#primaryimage\"},\"thumbnailUrl\":\"https:\\\/\\\/ufb.be\\\/wp-content\\\/uploads\\\/2022\\\/10\\\/image_zaharra-2.png\",\"datePublished\":\"2022-10-31T10:16:01+00:00\",\"dateModified\":\"2025-10-27T11:18:07+00:00\",\"breadcrumb\":{\"@id\":\"https:\\\/\\\/ufb.be\\\/nl\\\/beneficiary\\\/zaharra-asbl-accompagnement-psychologique-des-personnes-agees-a-domicile-ou-en-maison-de-repos\\\/#breadcrumb\"},\"inLanguage\":\"nl-NL\",\"potentialAction\":[{\"@type\":\"ReadAction\",\"target\":[\"https:\\\/\\\/ufb.be\\\/nl\\\/beneficiary\\\/zaharra-asbl-accompagnement-psychologique-des-personnes-agees-a-domicile-ou-en-maison-de-repos\\\/\"]}]},{\"@type\":\"ImageObject\",\"inLanguage\":\"nl-NL\",\"@id\":\"https:\\\/\\\/ufb.be\\\/nl\\\/beneficiary\\\/zaharra-asbl-accompagnement-psychologique-des-personnes-agees-a-domicile-ou-en-maison-de-repos\\\/#primaryimage\",\"url\":\"https:\\\/\\\/ufb.be\\\/wp-content\\\/uploads\\\/2022\\\/10\\\/image_zaharra-2.png\",\"contentUrl\":\"https:\\\/\\\/ufb.be\\\/wp-content\\\/uploads\\\/2022\\\/10\\\/image_zaharra-2.png\",\"width\":750,\"height\":496},{\"@type\":\"BreadcrumbList\",\"@id\":\"https:\\\/\\\/ufb.be\\\/nl\\\/beneficiary\\\/zaharra-asbl-accompagnement-psychologique-des-personnes-agees-a-domicile-ou-en-maison-de-repos\\\/#breadcrumb\",\"itemListElement\":[{\"@type\":\"ListItem\",\"position\":1,\"name\":\"Accueil\",\"item\":\"https:\\\/\\\/ufb.be\\\/nl\\\/\"},{\"@type\":\"ListItem\",\"position\":2,\"name\":\"Beneficiaries\",\"item\":\"https:\\\/\\\/ufb.be\\\/nl\\\/beneficiary\\\/\"},{\"@type\":\"ListItem\",\"position\":3,\"name\":\"Zaharra asbl &#8211; Accompagnement psychologique des personnes \u00e2g\u00e9es \u00e0 domicile ou en maison de repos\"}]},{\"@type\":\"WebSite\",\"@id\":\"https:\\\/\\\/ufb.be\\\/nl\\\/#website\",\"url\":\"https:\\\/\\\/ufb.be\\\/nl\\\/\",\"name\":\"United Fund for Belgium\",\"description\":\"Combattons l\u2019exclusion pour plus d\u2019int\u00e9gration sociale\",\"publisher\":{\"@id\":\"https:\\\/\\\/ufb.be\\\/nl\\\/#organization\"},\"alternateName\":\"UFB\",\"potentialAction\":[{\"@type\":\"SearchAction\",\"target\":{\"@type\":\"EntryPoint\",\"urlTemplate\":\"https:\\\/\\\/ufb.be\\\/nl\\\/?s={search_term_string}\"},\"query-input\":{\"@type\":\"PropertyValueSpecification\",\"valueRequired\":true,\"valueName\":\"search_term_string\"}}],\"inLanguage\":\"nl-NL\"},{\"@type\":\"Organization\",\"@id\":\"https:\\\/\\\/ufb.be\\\/nl\\\/#organization\",\"name\":\"United Fund for Belgium\",\"alternateName\":\"UFB\",\"url\":\"https:\\\/\\\/ufb.be\\\/nl\\\/\",\"logo\":{\"@type\":\"ImageObject\",\"inLanguage\":\"nl-NL\",\"@id\":\"https:\\\/\\\/ufb.be\\\/nl\\\/#\\\/schema\\\/logo\\\/image\\\/\",\"url\":\"https:\\\/\\\/ufb.be\\\/wp-content\\\/uploads\\\/2025\\\/07\\\/Logo-UFB-RS.png\",\"contentUrl\":\"https:\\\/\\\/ufb.be\\\/wp-content\\\/uploads\\\/2025\\\/07\\\/Logo-UFB-RS.png\",\"width\":200,\"height\":200,\"caption\":\"United Fund for Belgium\"},\"image\":{\"@id\":\"https:\\\/\\\/ufb.be\\\/nl\\\/#\\\/schema\\\/logo\\\/image\\\/\"}}]}<\/script>\n<!-- \/ Yoast SEO plugin. -->","yoast_head_json":{"title":"Zaharra asbl - Accompagnement psychologique des personnes \u00e2g\u00e9es \u00e0 domicile ou en maison de repos - UFB","robots":{"index":"index","follow":"follow","max-snippet":"max-snippet:-1","max-image-preview":"max-image-preview:large","max-video-preview":"max-video-preview:-1"},"canonical":"https:\/\/ufb.be\/nl\/beneficiary\/zaharra-asbl-accompagnement-psychologique-des-personnes-agees-a-domicile-ou-en-maison-de-repos\/","og_locale":"nl_NL","og_type":"article","og_title":"Zaharra asbl - Accompagnement psychologique des personnes \u00e2g\u00e9es \u00e0 domicile ou en maison de repos - UFB","og_description":"L&#8217;ORGANISATION EN QUELQUES LIGNES Depuis 2016, en maison de repos ou \u00e0 domicile, l&#8217;asbl Zaharra tente de rem\u00e9dier au mieux aux diff\u00e9rentes difficult\u00e9s rencontr\u00e9es par la personne \u00e2g\u00e9e, et par l\u2019\u00e9coute nous visons avant tout son bien \u00eatre. Cela passe aussi par la perception des int\u00e9r\u00eats de la personne afin de mettre en place des [&hellip;]","og_url":"https:\/\/ufb.be\/nl\/beneficiary\/zaharra-asbl-accompagnement-psychologique-des-personnes-agees-a-domicile-ou-en-maison-de-repos\/","og_site_name":"UFB","article_modified_time":"2025-10-27T11:18:07+00:00","og_image":[{"width":750,"height":496,"url":"https:\/\/ufb.be\/wp-content\/uploads\/2022\/10\/image_zaharra-2.png","type":"image\/png"}],"twitter_card":"summary_large_image","twitter_misc":{"Geschatte leestijd":"2 minutes"},"schema":{"@context":"https:\/\/schema.org","@graph":[{"@type":"WebPage","@id":"https:\/\/ufb.be\/nl\/beneficiary\/zaharra-asbl-accompagnement-psychologique-des-personnes-agees-a-domicile-ou-en-maison-de-repos\/","url":"https:\/\/ufb.be\/nl\/beneficiary\/zaharra-asbl-accompagnement-psychologique-des-personnes-agees-a-domicile-ou-en-maison-de-repos\/","name":"Zaharra asbl - Accompagnement psychologique des personnes \u00e2g\u00e9es \u00e0 domicile ou en maison de repos - UFB","isPartOf":{"@id":"https:\/\/ufb.be\/nl\/#website"},"primaryImageOfPage":{"@id":"https:\/\/ufb.be\/nl\/beneficiary\/zaharra-asbl-accompagnement-psychologique-des-personnes-agees-a-domicile-ou-en-maison-de-repos\/#primaryimage"},"image":{"@id":"https:\/\/ufb.be\/nl\/beneficiary\/zaharra-asbl-accompagnement-psychologique-des-personnes-agees-a-domicile-ou-en-maison-de-repos\/#primaryimage"},"thumbnailUrl":"https:\/\/ufb.be\/wp-content\/uploads\/2022\/10\/image_zaharra-2.png","datePublished":"2022-10-31T10:16:01+00:00","dateModified":"2025-10-27T11:18:07+00:00","breadcrumb":{"@id":"https:\/\/ufb.be\/nl\/beneficiary\/zaharra-asbl-accompagnement-psychologique-des-personnes-agees-a-domicile-ou-en-maison-de-repos\/#breadcrumb"},"inLanguage":"nl-NL","potentialAction":[{"@type":"ReadAction","target":["https:\/\/ufb.be\/nl\/beneficiary\/zaharra-asbl-accompagnement-psychologique-des-personnes-agees-a-domicile-ou-en-maison-de-repos\/"]}]},{"@type":"ImageObject","inLanguage":"nl-NL","@id":"https:\/\/ufb.be\/nl\/beneficiary\/zaharra-asbl-accompagnement-psychologique-des-personnes-agees-a-domicile-ou-en-maison-de-repos\/#primaryimage","url":"https:\/\/ufb.be\/wp-content\/uploads\/2022\/10\/image_zaharra-2.png","contentUrl":"https:\/\/ufb.be\/wp-content\/uploads\/2022\/10\/image_zaharra-2.png","width":750,"height":496},{"@type":"BreadcrumbList","@id":"https:\/\/ufb.be\/nl\/beneficiary\/zaharra-asbl-accompagnement-psychologique-des-personnes-agees-a-domicile-ou-en-maison-de-repos\/#breadcrumb","itemListElement":[{"@type":"ListItem","position":1,"name":"Accueil","item":"https:\/\/ufb.be\/nl\/"},{"@type":"ListItem","position":2,"name":"Beneficiaries","item":"https:\/\/ufb.be\/nl\/beneficiary\/"},{"@type":"ListItem","position":3,"name":"Zaharra asbl &#8211; Accompagnement psychologique des personnes \u00e2g\u00e9es \u00e0 domicile ou en maison de repos"}]},{"@type":"WebSite","@id":"https:\/\/ufb.be\/nl\/#website","url":"https:\/\/ufb.be\/nl\/","name":"United Fund for Belgium","description":"Combattons l\u2019exclusion pour plus d\u2019int\u00e9gration sociale","publisher":{"@id":"https:\/\/ufb.be\/nl\/#organization"},"alternateName":"UFB","potentialAction":[{"@type":"SearchAction","target":{"@type":"EntryPoint","urlTemplate":"https:\/\/ufb.be\/nl\/?s={search_term_string}"},"query-input":{"@type":"PropertyValueSpecification","valueRequired":true,"valueName":"search_term_string"}}],"inLanguage":"nl-NL"},{"@type":"Organization","@id":"https:\/\/ufb.be\/nl\/#organization","name":"United Fund for Belgium","alternateName":"UFB","url":"https:\/\/ufb.be\/nl\/","logo":{"@type":"ImageObject","inLanguage":"nl-NL","@id":"https:\/\/ufb.be\/nl\/#\/schema\/logo\/image\/","url":"https:\/\/ufb.be\/wp-content\/uploads\/2025\/07\/Logo-UFB-RS.png","contentUrl":"https:\/\/ufb.be\/wp-content\/uploads\/2025\/07\/Logo-UFB-RS.png","width":200,"height":200,"caption":"United Fund for Belgium"},"image":{"@id":"https:\/\/ufb.be\/nl\/#\/schema\/logo\/image\/"}}]}},"_links":{"self":[{"href":"https:\/\/ufb.be\/nl\/wp-json\/wp\/v2\/beneficiary\/33980","targetHints":{"allow":["GET"]}}],"collection":[{"href":"https:\/\/ufb.be\/nl\/wp-json\/wp\/v2\/beneficiary"}],"about":[{"href":"https:\/\/ufb.be\/nl\/wp-json\/wp\/v2\/types\/beneficiary"}],"wp:featuredmedia":[{"embeddable":true,"href":"https:\/\/ufb.be\/nl\/wp-json\/wp\/v2\/media\/34012"}],"wp:attachment":[{"href":"https:\/\/ufb.be\/nl\/wp-json\/wp\/v2\/media?parent=33980"}],"curies":[{"name":"wp","href":"https:\/\/api.w.org\/{rel}","templated":true}]}}