{"id":34015,"date":"2022-10-31T11:39:15","date_gmt":"2022-10-31T11:39:15","guid":{"rendered":"https:\/\/ufb.be\/?post_type=beneficiary&#038;p=34015"},"modified":"2025-03-26T16:14:47","modified_gmt":"2025-03-26T15:14:47","slug":"leau-vive-asbl-aide-aux-enfants-en-difficulte","status":"publish","type":"beneficiary","link":"https:\/\/ufb.be\/nl\/beneficiary\/leau-vive-asbl-aide-aux-enfants-en-difficulte\/","title":{"rendered":"L&#8217;Eau Vive asbl &#8211; Aide aux enfants en difficult\u00e9"},"content":{"rendered":"<p>L&#8217;ORGANISATION EN QUELQUES LIGNES<\/p>\n<p>L\u2019ASBL a \u00e9t\u00e9 cr\u00e9\u00e9e en 1977. Nous sommes un S.R.G. (service r\u00e9sidentiel g\u00e9n\u00e9ral), subsidi\u00e9 par la F\u00e9d\u00e9ration Wallonie Bruxelles (Aide \u00e0 la Jeunesse). Notre S.R.G. a la volont\u00e9 d\u2019apporter une aide \u00e0 des enfants (20 prises en charge) dont la sant\u00e9 ou la s\u00e9curit\u00e9 est en danger ou dont les conditions d\u2019\u00e9ducation sont compromises par leurs comportements, celui de leur famille ou familiers.<\/p>\n<p><img fetchpriority=\"high\" decoding=\"async\" class=\"alignnone wp-image-34022\" src=\"https:\/\/ufb.be\/wp-content\/uploads\/2022\/10\/leauviveasbl-300x198.png\" alt=\"\" width=\"277\" height=\"183\" srcset=\"https:\/\/ufb.be\/wp-content\/uploads\/2022\/10\/leauviveasbl-300x198.png 300w, https:\/\/ufb.be\/wp-content\/uploads\/2022\/10\/leauviveasbl-600x397.png 600w, https:\/\/ufb.be\/wp-content\/uploads\/2022\/10\/leauviveasbl.png 750w\" sizes=\"(max-width: 277px) 100vw, 277px\" \/><\/p>\n<p>PARLEZ-NOUS BRI\u00c8VEMENT DES \u00c9V\u00c8NEMENTS MARQUANTS DE L&#8217;ORGANISATION<img decoding=\"async\" class=\" wp-image-34025 alignright\" src=\"https:\/\/ufb.be\/wp-content\/uploads\/2022\/10\/Photo-exterieur-1-United-scaled-1-225x300.jpg\" alt=\"\" width=\"144\" height=\"192\" srcset=\"https:\/\/ufb.be\/wp-content\/uploads\/2022\/10\/Photo-exterieur-1-United-scaled-1-225x300.jpg 225w, https:\/\/ufb.be\/wp-content\/uploads\/2022\/10\/Photo-exterieur-1-United-scaled-1-768x1024.jpg 768w, https:\/\/ufb.be\/wp-content\/uploads\/2022\/10\/Photo-exterieur-1-United-scaled-1-1152x1536.jpg 1152w, https:\/\/ufb.be\/wp-content\/uploads\/2022\/10\/Photo-exterieur-1-United-scaled-1-1536x2048.jpg 1536w, https:\/\/ufb.be\/wp-content\/uploads\/2022\/10\/Photo-exterieur-1-United-scaled-1-300x400.jpg 300w, https:\/\/ufb.be\/wp-content\/uploads\/2022\/10\/Photo-exterieur-1-United-scaled-1-600x800.jpg 600w, https:\/\/ufb.be\/wp-content\/uploads\/2022\/10\/Photo-exterieur-1-United-scaled-1.jpg 1920w\" sizes=\"(max-width: 144px) 100vw, 144px\" \/><\/p>\n<p>Pour chaque jeune, l\u2019\u00e9v\u00e9nement marquant est la rencontre annuelle avec les mandants (S.A.J. ou S.P.J.) qui renouvellent ou non la mesure de placement. Par ailleurs, notre service est ouvert 24h sur 24. Nous essayons d\u2019offrir aux jeunes un cadre s\u00e9curisant, \u00ab comme dans une famille \u00bb. Pour chaque jeune donc, les anniversaires, les p\u00e9riodes de vacances, la St-Nicolas, les f\u00eates de fin d\u2019ann\u00e9e peuvent \u00eatre consid\u00e9r\u00e9es comme des \u00e9v\u00e9nements marquants.<\/p>\n<p><img decoding=\"async\" class=\"alignnone wp-image-34031\" src=\"https:\/\/ufb.be\/wp-content\/uploads\/2022\/10\/cuisine-grp-1-ev-scaled-3-300x169.jpg\" alt=\"\" width=\"247\" height=\"139\" srcset=\"https:\/\/ufb.be\/wp-content\/uploads\/2022\/10\/cuisine-grp-1-ev-scaled-3-300x169.jpg 300w, https:\/\/ufb.be\/wp-content\/uploads\/2022\/10\/cuisine-grp-1-ev-scaled-3-1024x576.jpg 1024w, https:\/\/ufb.be\/wp-content\/uploads\/2022\/10\/cuisine-grp-1-ev-scaled-3-768x432.jpg 768w, https:\/\/ufb.be\/wp-content\/uploads\/2022\/10\/cuisine-grp-1-ev-scaled-3-1536x864.jpg 1536w, https:\/\/ufb.be\/wp-content\/uploads\/2022\/10\/cuisine-grp-1-ev-scaled-3-2048x1152.jpg 2048w, https:\/\/ufb.be\/wp-content\/uploads\/2022\/10\/cuisine-grp-1-ev-scaled-3-600x338.jpg 600w\" sizes=\"(max-width: 247px) 100vw, 247px\" \/><\/p>\n<p>LES PROJETS, MISSIONS ET\/OU ACTIVIT\u00c9S LES PLUS IMPORTANTS ET DE LEUR IMPACT<\/p>\n<p>Notre mission principale est d\u2019organiser l\u2019accueil collectif et l\u2019\u00e9ducation d\u2019enfants qui n\u00e9cessitent une aide en dehors du milieu familial. A titre compl\u00e9mentaire, nous assurons la supervision ainsi que l\u2019encadrement \u00e9ducatif et social d\u2019enfants qui vivent en r\u00e9sidence autonome et nous mettons en \u0153uvre des programmes d\u2019aide en vue de la r\u00e9insertion des enfants dans leur milieu de vie.<\/p>\n<p><img loading=\"lazy\" decoding=\"async\" class=\"alignnone wp-image-34034\" src=\"https:\/\/ufb.be\/wp-content\/uploads\/2022\/10\/Peugeot-scaled-1-300x225.jpg\" alt=\"\" width=\"251\" height=\"188\" srcset=\"https:\/\/ufb.be\/wp-content\/uploads\/2022\/10\/Peugeot-scaled-1-300x225.jpg 300w, https:\/\/ufb.be\/wp-content\/uploads\/2022\/10\/Peugeot-scaled-1-1024x768.jpg 1024w, https:\/\/ufb.be\/wp-content\/uploads\/2022\/10\/Peugeot-scaled-1-768x576.jpg 768w, https:\/\/ufb.be\/wp-content\/uploads\/2022\/10\/Peugeot-scaled-1-1536x1152.jpg 1536w, https:\/\/ufb.be\/wp-content\/uploads\/2022\/10\/Peugeot-scaled-1-2048x1536.jpg 2048w, https:\/\/ufb.be\/wp-content\/uploads\/2022\/10\/Peugeot-scaled-1-600x450.jpg 600w\" sizes=\"(max-width: 251px) 100vw, 251px\" \/><\/p>\n<p>COURT T\u00c9MOIGNAGE EN RAPPORT AVEC L&#8217;ASSOCIATION OU L\u2019UN DES PROJETS OU ACTIVIT\u00c9S<\/p>\n<p><em>\u00abJe suis venu montrer \u00e0 mes enfants l\u2019endroit o\u00f9 j\u2019ai grandi, de 6 \u00e0 18 ans.\u00bb<\/em> Kevin<\/p>\n<p><em>\u00abChouette ! Hier, mon r\u00e9f\u00e9rent a pr\u00e9par\u00e9 une petite f\u00eate pour mon anniversaire. J\u2019\u00e9tais le roi du groupe.\u00bb <\/em>Th\u00e9o<\/p>\n<p><em>\u00abJ\u2019ai peur, je rentre dans la grande \u00e9cole.\u00bb <\/em>Juliette<\/p>\n<p>&nbsp;<\/p>\n<p>Pour plus d\u2019informations, veuillez contacter notre Project Manager, S\u00e9verine Laneau\u00a0<a href=\"mailto:slaneau@ufb.be\">slaneau@ufb.be<\/a>\u00a0qui pourra r\u00e9pondre \u00e0 votre demande et vous renseigner comment vous pouvez soutenir ce ou un autre projet \u00e0 travers UFB.<\/p>\n","protected":false},"featured_media":53670,"parent":0,"template":"","meta":{"_acf_changed":false},"class_list":["post-34015","beneficiary","type-beneficiary","status-publish","has-post-thumbnail","hentry","year_type-206","province_type-namur","social_type-bien-etre-des-enfants"],"acf":[],"yoast_head":"<!-- This site is optimized with the Yoast SEO plugin v27.3 - https:\/\/yoast.com\/product\/yoast-seo-wordpress\/ -->\n<title>L&#039;Eau Vive asbl - Aide aux enfants en difficult\u00e9 - UFB<\/title>\n<meta name=\"robots\" content=\"index, follow, max-snippet:-1, max-image-preview:large, max-video-preview:-1\" \/>\n<link rel=\"canonical\" href=\"https:\/\/ufb.be\/nl\/beneficiary\/leau-vive-asbl-aide-aux-enfants-en-difficulte\/\" \/>\n<meta property=\"og:locale\" content=\"nl_NL\" \/>\n<meta property=\"og:type\" content=\"article\" \/>\n<meta property=\"og:title\" content=\"L&#039;Eau Vive asbl - Aide aux enfants en difficult\u00e9 - UFB\" \/>\n<meta property=\"og:description\" content=\"L&#8217;ORGANISATION EN QUELQUES LIGNES L\u2019ASBL a \u00e9t\u00e9 cr\u00e9\u00e9e en 1977. Nous sommes un S.R.G. (service r\u00e9sidentiel g\u00e9n\u00e9ral), subsidi\u00e9 par la F\u00e9d\u00e9ration Wallonie Bruxelles (Aide \u00e0 la Jeunesse). Notre S.R.G. a la volont\u00e9 d\u2019apporter une aide \u00e0 des enfants (20 prises en charge) dont la sant\u00e9 ou la s\u00e9curit\u00e9 est en danger ou dont les conditions [&hellip;]\" \/>\n<meta property=\"og:url\" content=\"https:\/\/ufb.be\/nl\/beneficiary\/leau-vive-asbl-aide-aux-enfants-en-difficulte\/\" \/>\n<meta property=\"og:site_name\" content=\"UFB\" \/>\n<meta property=\"article:modified_time\" content=\"2025-03-26T15:14:47+00:00\" \/>\n<meta property=\"og:image\" content=\"https:\/\/ufb.be\/wp-content\/uploads\/2022\/10\/Design-sans-titre-19.png\" \/>\n\t<meta property=\"og:image:width\" content=\"930\" \/>\n\t<meta property=\"og:image:height\" content=\"620\" \/>\n\t<meta property=\"og:image:type\" content=\"image\/png\" \/>\n<meta name=\"twitter:card\" content=\"summary_large_image\" \/>\n<meta name=\"twitter:label1\" content=\"Geschatte leestijd\" \/>\n\t<meta name=\"twitter:data1\" content=\"3 minutes\" \/>\n<script type=\"application\/ld+json\" class=\"yoast-schema-graph\">{\"@context\":\"https:\\\/\\\/schema.org\",\"@graph\":[{\"@type\":\"WebPage\",\"@id\":\"https:\\\/\\\/ufb.be\\\/nl\\\/beneficiary\\\/leau-vive-asbl-aide-aux-enfants-en-difficulte\\\/\",\"url\":\"https:\\\/\\\/ufb.be\\\/nl\\\/beneficiary\\\/leau-vive-asbl-aide-aux-enfants-en-difficulte\\\/\",\"name\":\"L'Eau Vive asbl - Aide aux enfants en difficult\u00e9 - UFB\",\"isPartOf\":{\"@id\":\"https:\\\/\\\/ufb.be\\\/nl\\\/#website\"},\"primaryImageOfPage\":{\"@id\":\"https:\\\/\\\/ufb.be\\\/nl\\\/beneficiary\\\/leau-vive-asbl-aide-aux-enfants-en-difficulte\\\/#primaryimage\"},\"image\":{\"@id\":\"https:\\\/\\\/ufb.be\\\/nl\\\/beneficiary\\\/leau-vive-asbl-aide-aux-enfants-en-difficulte\\\/#primaryimage\"},\"thumbnailUrl\":\"https:\\\/\\\/ufb.be\\\/wp-content\\\/uploads\\\/2022\\\/10\\\/Design-sans-titre-19.png\",\"datePublished\":\"2022-10-31T11:39:15+00:00\",\"dateModified\":\"2025-03-26T15:14:47+00:00\",\"breadcrumb\":{\"@id\":\"https:\\\/\\\/ufb.be\\\/nl\\\/beneficiary\\\/leau-vive-asbl-aide-aux-enfants-en-difficulte\\\/#breadcrumb\"},\"inLanguage\":\"nl-NL\",\"potentialAction\":[{\"@type\":\"ReadAction\",\"target\":[\"https:\\\/\\\/ufb.be\\\/nl\\\/beneficiary\\\/leau-vive-asbl-aide-aux-enfants-en-difficulte\\\/\"]}]},{\"@type\":\"ImageObject\",\"inLanguage\":\"nl-NL\",\"@id\":\"https:\\\/\\\/ufb.be\\\/nl\\\/beneficiary\\\/leau-vive-asbl-aide-aux-enfants-en-difficulte\\\/#primaryimage\",\"url\":\"https:\\\/\\\/ufb.be\\\/wp-content\\\/uploads\\\/2022\\\/10\\\/Design-sans-titre-19.png\",\"contentUrl\":\"https:\\\/\\\/ufb.be\\\/wp-content\\\/uploads\\\/2022\\\/10\\\/Design-sans-titre-19.png\",\"width\":930,\"height\":620},{\"@type\":\"BreadcrumbList\",\"@id\":\"https:\\\/\\\/ufb.be\\\/nl\\\/beneficiary\\\/leau-vive-asbl-aide-aux-enfants-en-difficulte\\\/#breadcrumb\",\"itemListElement\":[{\"@type\":\"ListItem\",\"position\":1,\"name\":\"Accueil\",\"item\":\"https:\\\/\\\/ufb.be\\\/nl\\\/\"},{\"@type\":\"ListItem\",\"position\":2,\"name\":\"Beneficiaries\",\"item\":\"https:\\\/\\\/ufb.be\\\/nl\\\/beneficiary\\\/\"},{\"@type\":\"ListItem\",\"position\":3,\"name\":\"L&rsquo;Eau Vive asbl &#8211; Aide aux enfants en difficult\u00e9\"}]},{\"@type\":\"WebSite\",\"@id\":\"https:\\\/\\\/ufb.be\\\/nl\\\/#website\",\"url\":\"https:\\\/\\\/ufb.be\\\/nl\\\/\",\"name\":\"United Fund for Belgium\",\"description\":\"Combattons l\u2019exclusion pour plus d\u2019int\u00e9gration sociale\",\"publisher\":{\"@id\":\"https:\\\/\\\/ufb.be\\\/nl\\\/#organization\"},\"alternateName\":\"UFB\",\"potentialAction\":[{\"@type\":\"SearchAction\",\"target\":{\"@type\":\"EntryPoint\",\"urlTemplate\":\"https:\\\/\\\/ufb.be\\\/nl\\\/?s={search_term_string}\"},\"query-input\":{\"@type\":\"PropertyValueSpecification\",\"valueRequired\":true,\"valueName\":\"search_term_string\"}}],\"inLanguage\":\"nl-NL\"},{\"@type\":\"Organization\",\"@id\":\"https:\\\/\\\/ufb.be\\\/nl\\\/#organization\",\"name\":\"United Fund for Belgium\",\"alternateName\":\"UFB\",\"url\":\"https:\\\/\\\/ufb.be\\\/nl\\\/\",\"logo\":{\"@type\":\"ImageObject\",\"inLanguage\":\"nl-NL\",\"@id\":\"https:\\\/\\\/ufb.be\\\/nl\\\/#\\\/schema\\\/logo\\\/image\\\/\",\"url\":\"https:\\\/\\\/ufb.be\\\/wp-content\\\/uploads\\\/2025\\\/07\\\/Logo-UFB-RS.png\",\"contentUrl\":\"https:\\\/\\\/ufb.be\\\/wp-content\\\/uploads\\\/2025\\\/07\\\/Logo-UFB-RS.png\",\"width\":200,\"height\":200,\"caption\":\"United Fund for Belgium\"},\"image\":{\"@id\":\"https:\\\/\\\/ufb.be\\\/nl\\\/#\\\/schema\\\/logo\\\/image\\\/\"}}]}<\/script>\n<!-- \/ Yoast SEO plugin. -->","yoast_head_json":{"title":"L'Eau Vive asbl - Aide aux enfants en difficult\u00e9 - UFB","robots":{"index":"index","follow":"follow","max-snippet":"max-snippet:-1","max-image-preview":"max-image-preview:large","max-video-preview":"max-video-preview:-1"},"canonical":"https:\/\/ufb.be\/nl\/beneficiary\/leau-vive-asbl-aide-aux-enfants-en-difficulte\/","og_locale":"nl_NL","og_type":"article","og_title":"L'Eau Vive asbl - Aide aux enfants en difficult\u00e9 - UFB","og_description":"L&#8217;ORGANISATION EN QUELQUES LIGNES L\u2019ASBL a \u00e9t\u00e9 cr\u00e9\u00e9e en 1977. Nous sommes un S.R.G. (service r\u00e9sidentiel g\u00e9n\u00e9ral), subsidi\u00e9 par la F\u00e9d\u00e9ration Wallonie Bruxelles (Aide \u00e0 la Jeunesse). Notre S.R.G. a la volont\u00e9 d\u2019apporter une aide \u00e0 des enfants (20 prises en charge) dont la sant\u00e9 ou la s\u00e9curit\u00e9 est en danger ou dont les conditions [&hellip;]","og_url":"https:\/\/ufb.be\/nl\/beneficiary\/leau-vive-asbl-aide-aux-enfants-en-difficulte\/","og_site_name":"UFB","article_modified_time":"2025-03-26T15:14:47+00:00","og_image":[{"width":930,"height":620,"url":"https:\/\/ufb.be\/wp-content\/uploads\/2022\/10\/Design-sans-titre-19.png","type":"image\/png"}],"twitter_card":"summary_large_image","twitter_misc":{"Geschatte leestijd":"3 minutes"},"schema":{"@context":"https:\/\/schema.org","@graph":[{"@type":"WebPage","@id":"https:\/\/ufb.be\/nl\/beneficiary\/leau-vive-asbl-aide-aux-enfants-en-difficulte\/","url":"https:\/\/ufb.be\/nl\/beneficiary\/leau-vive-asbl-aide-aux-enfants-en-difficulte\/","name":"L'Eau Vive asbl - Aide aux enfants en difficult\u00e9 - UFB","isPartOf":{"@id":"https:\/\/ufb.be\/nl\/#website"},"primaryImageOfPage":{"@id":"https:\/\/ufb.be\/nl\/beneficiary\/leau-vive-asbl-aide-aux-enfants-en-difficulte\/#primaryimage"},"image":{"@id":"https:\/\/ufb.be\/nl\/beneficiary\/leau-vive-asbl-aide-aux-enfants-en-difficulte\/#primaryimage"},"thumbnailUrl":"https:\/\/ufb.be\/wp-content\/uploads\/2022\/10\/Design-sans-titre-19.png","datePublished":"2022-10-31T11:39:15+00:00","dateModified":"2025-03-26T15:14:47+00:00","breadcrumb":{"@id":"https:\/\/ufb.be\/nl\/beneficiary\/leau-vive-asbl-aide-aux-enfants-en-difficulte\/#breadcrumb"},"inLanguage":"nl-NL","potentialAction":[{"@type":"ReadAction","target":["https:\/\/ufb.be\/nl\/beneficiary\/leau-vive-asbl-aide-aux-enfants-en-difficulte\/"]}]},{"@type":"ImageObject","inLanguage":"nl-NL","@id":"https:\/\/ufb.be\/nl\/beneficiary\/leau-vive-asbl-aide-aux-enfants-en-difficulte\/#primaryimage","url":"https:\/\/ufb.be\/wp-content\/uploads\/2022\/10\/Design-sans-titre-19.png","contentUrl":"https:\/\/ufb.be\/wp-content\/uploads\/2022\/10\/Design-sans-titre-19.png","width":930,"height":620},{"@type":"BreadcrumbList","@id":"https:\/\/ufb.be\/nl\/beneficiary\/leau-vive-asbl-aide-aux-enfants-en-difficulte\/#breadcrumb","itemListElement":[{"@type":"ListItem","position":1,"name":"Accueil","item":"https:\/\/ufb.be\/nl\/"},{"@type":"ListItem","position":2,"name":"Beneficiaries","item":"https:\/\/ufb.be\/nl\/beneficiary\/"},{"@type":"ListItem","position":3,"name":"L&rsquo;Eau Vive asbl &#8211; Aide aux enfants en difficult\u00e9"}]},{"@type":"WebSite","@id":"https:\/\/ufb.be\/nl\/#website","url":"https:\/\/ufb.be\/nl\/","name":"United Fund for Belgium","description":"Combattons l\u2019exclusion pour plus d\u2019int\u00e9gration sociale","publisher":{"@id":"https:\/\/ufb.be\/nl\/#organization"},"alternateName":"UFB","potentialAction":[{"@type":"SearchAction","target":{"@type":"EntryPoint","urlTemplate":"https:\/\/ufb.be\/nl\/?s={search_term_string}"},"query-input":{"@type":"PropertyValueSpecification","valueRequired":true,"valueName":"search_term_string"}}],"inLanguage":"nl-NL"},{"@type":"Organization","@id":"https:\/\/ufb.be\/nl\/#organization","name":"United Fund for Belgium","alternateName":"UFB","url":"https:\/\/ufb.be\/nl\/","logo":{"@type":"ImageObject","inLanguage":"nl-NL","@id":"https:\/\/ufb.be\/nl\/#\/schema\/logo\/image\/","url":"https:\/\/ufb.be\/wp-content\/uploads\/2025\/07\/Logo-UFB-RS.png","contentUrl":"https:\/\/ufb.be\/wp-content\/uploads\/2025\/07\/Logo-UFB-RS.png","width":200,"height":200,"caption":"United Fund for Belgium"},"image":{"@id":"https:\/\/ufb.be\/nl\/#\/schema\/logo\/image\/"}}]}},"_links":{"self":[{"href":"https:\/\/ufb.be\/nl\/wp-json\/wp\/v2\/beneficiary\/34015","targetHints":{"allow":["GET"]}}],"collection":[{"href":"https:\/\/ufb.be\/nl\/wp-json\/wp\/v2\/beneficiary"}],"about":[{"href":"https:\/\/ufb.be\/nl\/wp-json\/wp\/v2\/types\/beneficiary"}],"wp:featuredmedia":[{"embeddable":true,"href":"https:\/\/ufb.be\/nl\/wp-json\/wp\/v2\/media\/53670"}],"wp:attachment":[{"href":"https:\/\/ufb.be\/nl\/wp-json\/wp\/v2\/media?parent=34015"}],"curies":[{"name":"wp","href":"https:\/\/api.w.org\/{rel}","templated":true}]}}