{"id":36613,"date":"2023-01-23T09:54:06","date_gmt":"2023-01-23T09:54:06","guid":{"rendered":"https:\/\/ufb.be\/?post_type=beneficiary&#038;p=36613"},"modified":"2025-04-04T13:33:07","modified_gmt":"2025-04-04T12:33:07","slug":"service-sociale-liege-laveu","status":"publish","type":"beneficiary","link":"https:\/\/ufb.be\/nl\/beneficiary\/service-sociale-liege-laveu\/","title":{"rendered":"Service Sociale Li\u00e8ge Laveu"},"content":{"rendered":"<p>L&#8217;ORGANISATION EN QUELQUES LIGNES<\/p>\n<p>L\u2019association a pour but de promouvoir la justice et la solidarit\u00e9, de combattre l\u2019exclusion sociale et ses causes profondes, en dehors de toute exclusive. Elle a pour objet d\u2019accueillir, \u00e9couter toute personne qui en fait la demande, sans distinction d\u2019appartenance philosophique ou religieuse, d\u2019apporter de fa\u00e7on suppl\u00e9tive une aide d\u2019urgence aux personnes et familles en difficult\u00e9. Elle les aide \u00e0 r\u00e9aliser une autonomie financi\u00e8re et \u00e0 s\u2019\u00e9panouir dans tous les domaines de la vie familiale, professionnelle, sociale, culturelle.<\/p>\n<p><img decoding=\"async\" class=\"alignnone wp-image-36617\" src=\"https:\/\/ufb.be\/wp-content\/uploads\/2023\/01\/IMG_0884-225x300.jpg\" alt=\"\" width=\"192\" height=\"256\" srcset=\"https:\/\/ufb.be\/wp-content\/uploads\/2023\/01\/IMG_0884-225x300.jpg 225w, https:\/\/ufb.be\/wp-content\/uploads\/2023\/01\/IMG_0884-768x1024.jpg 768w, https:\/\/ufb.be\/wp-content\/uploads\/2023\/01\/IMG_0884-1152x1536.jpg 1152w, https:\/\/ufb.be\/wp-content\/uploads\/2023\/01\/IMG_0884-300x400.jpg 300w, https:\/\/ufb.be\/wp-content\/uploads\/2023\/01\/IMG_0884-600x800.jpg 600w, https:\/\/ufb.be\/wp-content\/uploads\/2023\/01\/IMG_0884.jpg 1224w\" sizes=\"(max-width: 192px) 100vw, 192px\" \/><\/p>\n<p>LES \u00c9V\u00c8NEMENTS MARQUANTS DE L&#8217;ORGANISATION<img fetchpriority=\"high\" decoding=\"async\" class=\" wp-image-36620 alignright\" src=\"https:\/\/ufb.be\/wp-content\/uploads\/2023\/01\/IMG_4180-225x300.jpg\" alt=\"\" width=\"203\" height=\"271\" srcset=\"https:\/\/ufb.be\/wp-content\/uploads\/2023\/01\/IMG_4180-225x300.jpg 225w, https:\/\/ufb.be\/wp-content\/uploads\/2023\/01\/IMG_4180-768x1024.jpg 768w, https:\/\/ufb.be\/wp-content\/uploads\/2023\/01\/IMG_4180-1152x1536.jpg 1152w, https:\/\/ufb.be\/wp-content\/uploads\/2023\/01\/IMG_4180-300x400.jpg 300w, https:\/\/ufb.be\/wp-content\/uploads\/2023\/01\/IMG_4180-600x800.jpg 600w, https:\/\/ufb.be\/wp-content\/uploads\/2023\/01\/IMG_4180.jpg 1224w\" sizes=\"(max-width: 203px) 100vw, 203px\" \/><\/p>\n<ul>\n<li>17\/12\/2007: constitution de notre ASBL et d\u00e9p\u00f4t de nos statuts au moniteur.<\/li>\n<li>2010: partenariat avec le CPAS, la maison m\u00e9dicale, le centre multim\u00e9dia.<\/li>\n<li>2011: le rez-de-chauss\u00e9e du service est am\u00e9nag\u00e9 en vue de la distribution de colis alimentaire . 2014: l&#8217;espace Bien-\u00eatre voit le jour: coiffeur une fois par mois + s\u00e9ances de sophrologie . 2016: le Panier Solidaire (Ville de Li\u00e8ge) se met en place et permet de distribuer de meilleurs produits aux usagers<\/li>\n<\/ul>\n<p><img decoding=\"async\" class=\"alignnone wp-image-36623\" src=\"https:\/\/ufb.be\/wp-content\/uploads\/2023\/01\/UNITED3-225x300.jpg\" alt=\"\" width=\"188\" height=\"251\" srcset=\"https:\/\/ufb.be\/wp-content\/uploads\/2023\/01\/UNITED3-225x300.jpg 225w, https:\/\/ufb.be\/wp-content\/uploads\/2023\/01\/UNITED3-300x400.jpg 300w, https:\/\/ufb.be\/wp-content\/uploads\/2023\/01\/UNITED3-600x800.jpg 600w, https:\/\/ufb.be\/wp-content\/uploads\/2023\/01\/UNITED3.jpg 768w\" sizes=\"(max-width: 188px) 100vw, 188px\" \/><\/p>\n<p>LES PROJETS, MISSIONS ET\/OU ACTIVIT\u00c9S LES PLUS IMPORTANTS ET LEUR IMPACT<\/p>\n<ul>\n<li>Ecoute et accueil des personnes en difficult\u00e9.<\/li>\n<li>Suivi individuel, accompagnement dans les d\u00e9marches, guidance budg\u00e9taire, aide\u00a0 alimentaire, service brocante, travail sur le bien-\u00eatre.<\/li>\n<li>Travail en r\u00e9seau avec les autres associations du quartier, avec les services partenaires du R\u00e9seau Social du Pays de Li\u00e8ge.<\/li>\n<\/ul>\n<p><img loading=\"lazy\" decoding=\"async\" class=\"alignnone wp-image-36629\" src=\"https:\/\/ufb.be\/wp-content\/uploads\/2023\/01\/UNITED2-225x300.jpg\" alt=\"\" width=\"208\" height=\"277\" srcset=\"https:\/\/ufb.be\/wp-content\/uploads\/2023\/01\/UNITED2-225x300.jpg 225w, https:\/\/ufb.be\/wp-content\/uploads\/2023\/01\/UNITED2-300x400.jpg 300w, https:\/\/ufb.be\/wp-content\/uploads\/2023\/01\/UNITED2-600x800.jpg 600w, https:\/\/ufb.be\/wp-content\/uploads\/2023\/01\/UNITED2.jpg 768w\" sizes=\"(max-width: 208px) 100vw, 208px\" \/>\u00a0 \u00a0 \u00a0 \u00a0 \u00a0 \u00a0 \u00a0 \u00a0 \u00a0 \u00a0 \u00a0 \u00a0 \u00a0 \u00a0 \u00a0 \u00a0 \u00a0 \u00a0 \u00a0 \u00a0 \u00a0 \u00a0 \u00a0 \u00a0 \u00a0 <img loading=\"lazy\" decoding=\"async\" class=\"alignnone wp-image-36635\" src=\"https:\/\/ufb.be\/wp-content\/uploads\/2023\/01\/UNITED4-225x300.jpg\" alt=\"\" width=\"208\" height=\"277\" srcset=\"https:\/\/ufb.be\/wp-content\/uploads\/2023\/01\/UNITED4-225x300.jpg 225w, https:\/\/ufb.be\/wp-content\/uploads\/2023\/01\/UNITED4-300x400.jpg 300w, https:\/\/ufb.be\/wp-content\/uploads\/2023\/01\/UNITED4-600x800.jpg 600w, https:\/\/ufb.be\/wp-content\/uploads\/2023\/01\/UNITED4.jpg 768w\" sizes=\"(max-width: 208px) 100vw, 208px\" \/><\/p>\n<p>COURT T\u00c9MOIGNAGE EN RAPPORT AVEC L&#8217;ASSOCIATION PARLANT DE LEURs PROJETS OU ACTIVIT\u00c9S<\/p>\n<p><em>&#8220;Bonjour, je suis membre usager, b\u00e9n\u00e9ficiaire du Service social. Depuis que je vis dans le quartier (pr\u00e8s de 4 ans), je me suis sentie accueillie plus que nulle part ailleurs. L\u2019\u00e9quipe a toujours r\u00e9ussi \u00e0 donner une grande chaleur \u00e0 tous. Autour de la table avec soupe et caf\u00e9, ou en excursion pour de merveilleuses sorties culturelles et autres.<\/em><\/p>\n<p><em>Depuis le confinement, les choses ont chang\u00e9 mais juste parce qu\u2019on ne peut plus se retrouver \u00e0 plusieurs autour d\u2019une table. J\u2019admire tous les b\u00e9n\u00e9voles au service de notre collectivit\u00e9. Jamais nous n\u2019avons manqu\u00e9 de quoi que ce soit en ce qui concerne les colis alimentaires et \u00e7a, c\u2019est gr\u00e2ce \u00e0 leur z\u00e8le. Tout aussi important, une certaine solidarit\u00e9 a pu s\u2019installer entre les b\u00e9n\u00e9ficiaires du service social. Pour ma part, je suis devenue plus proche de l\u2019une\u00a0 ou l\u2019autre et c\u2019est vraiment important en ces temps de crise.<\/em><\/p>\n<p><em>N\u2019oublions pas non plus que pour \u00ab rester ensemble \u00bb, nous n\u2019avons pas arr\u00eat\u00e9 notre \u00ab petit kawa \u00bb, et j\u2019y tiens personnellement !!! L\u00e0-bas, les personnes viennent prendre un bon caf\u00e9, discuter, jouer un peu\u2026 et le plus important, c\u2019est de se retrouver ensemble pour un simple petit bonjour, le temps d\u2019une paire d\u2019heures.<\/em><\/p>\n<p><em>C\u2019est \u00e7a la vie de notre quartier!!!&#8221;<\/em><\/p>\n","protected":false},"featured_media":36614,"parent":0,"template":"","meta":{"_acf_changed":false},"class_list":["post-36613","beneficiary","type-beneficiary","status-publish","has-post-thumbnail","hentry","year_type-170","province_type-liege","social_type-soutien-aux-communautes-defavorisees"],"acf":[],"yoast_head":"<!-- This site is optimized with the Yoast SEO plugin v27.3 - https:\/\/yoast.com\/product\/yoast-seo-wordpress\/ -->\n<title>Service Sociale Li\u00e8ge Laveu - UFB<\/title>\n<meta name=\"robots\" content=\"index, follow, max-snippet:-1, max-image-preview:large, max-video-preview:-1\" \/>\n<link rel=\"canonical\" href=\"https:\/\/ufb.be\/nl\/beneficiary\/service-sociale-liege-laveu\/\" \/>\n<meta property=\"og:locale\" content=\"nl_NL\" \/>\n<meta property=\"og:type\" content=\"article\" \/>\n<meta property=\"og:title\" content=\"Service Sociale Li\u00e8ge Laveu - UFB\" \/>\n<meta property=\"og:description\" content=\"L&#8217;ORGANISATION EN QUELQUES LIGNES L\u2019association a pour but de promouvoir la justice et la solidarit\u00e9, de combattre l\u2019exclusion sociale et ses causes profondes, en dehors de toute exclusive. Elle a pour objet d\u2019accueillir, \u00e9couter toute personne qui en fait la demande, sans distinction d\u2019appartenance philosophique ou religieuse, d\u2019apporter de fa\u00e7on suppl\u00e9tive une aide d\u2019urgence aux [&hellip;]\" \/>\n<meta property=\"og:url\" content=\"https:\/\/ufb.be\/nl\/beneficiary\/service-sociale-liege-laveu\/\" \/>\n<meta property=\"og:site_name\" content=\"UFB\" \/>\n<meta property=\"article:modified_time\" content=\"2025-04-04T12:33:07+00:00\" \/>\n<meta property=\"og:image\" content=\"https:\/\/ufb.be\/wp-content\/uploads\/2023\/01\/image_servicesocialeliege.png\" \/>\n\t<meta property=\"og:image:width\" content=\"750\" \/>\n\t<meta property=\"og:image:height\" content=\"496\" \/>\n\t<meta property=\"og:image:type\" content=\"image\/png\" \/>\n<meta name=\"twitter:card\" content=\"summary_large_image\" \/>\n<meta name=\"twitter:label1\" content=\"Geschatte leestijd\" \/>\n\t<meta name=\"twitter:data1\" content=\"4 minutes\" \/>\n<script type=\"application\/ld+json\" class=\"yoast-schema-graph\">{\"@context\":\"https:\\\/\\\/schema.org\",\"@graph\":[{\"@type\":\"WebPage\",\"@id\":\"https:\\\/\\\/ufb.be\\\/nl\\\/beneficiary\\\/service-sociale-liege-laveu\\\/\",\"url\":\"https:\\\/\\\/ufb.be\\\/nl\\\/beneficiary\\\/service-sociale-liege-laveu\\\/\",\"name\":\"Service Sociale Li\u00e8ge Laveu - UFB\",\"isPartOf\":{\"@id\":\"https:\\\/\\\/ufb.be\\\/nl\\\/#website\"},\"primaryImageOfPage\":{\"@id\":\"https:\\\/\\\/ufb.be\\\/nl\\\/beneficiary\\\/service-sociale-liege-laveu\\\/#primaryimage\"},\"image\":{\"@id\":\"https:\\\/\\\/ufb.be\\\/nl\\\/beneficiary\\\/service-sociale-liege-laveu\\\/#primaryimage\"},\"thumbnailUrl\":\"https:\\\/\\\/ufb.be\\\/wp-content\\\/uploads\\\/2023\\\/01\\\/image_servicesocialeliege.png\",\"datePublished\":\"2023-01-23T09:54:06+00:00\",\"dateModified\":\"2025-04-04T12:33:07+00:00\",\"breadcrumb\":{\"@id\":\"https:\\\/\\\/ufb.be\\\/nl\\\/beneficiary\\\/service-sociale-liege-laveu\\\/#breadcrumb\"},\"inLanguage\":\"nl-NL\",\"potentialAction\":[{\"@type\":\"ReadAction\",\"target\":[\"https:\\\/\\\/ufb.be\\\/nl\\\/beneficiary\\\/service-sociale-liege-laveu\\\/\"]}]},{\"@type\":\"ImageObject\",\"inLanguage\":\"nl-NL\",\"@id\":\"https:\\\/\\\/ufb.be\\\/nl\\\/beneficiary\\\/service-sociale-liege-laveu\\\/#primaryimage\",\"url\":\"https:\\\/\\\/ufb.be\\\/wp-content\\\/uploads\\\/2023\\\/01\\\/image_servicesocialeliege.png\",\"contentUrl\":\"https:\\\/\\\/ufb.be\\\/wp-content\\\/uploads\\\/2023\\\/01\\\/image_servicesocialeliege.png\",\"width\":750,\"height\":496},{\"@type\":\"BreadcrumbList\",\"@id\":\"https:\\\/\\\/ufb.be\\\/nl\\\/beneficiary\\\/service-sociale-liege-laveu\\\/#breadcrumb\",\"itemListElement\":[{\"@type\":\"ListItem\",\"position\":1,\"name\":\"Accueil\",\"item\":\"https:\\\/\\\/ufb.be\\\/nl\\\/\"},{\"@type\":\"ListItem\",\"position\":2,\"name\":\"Beneficiaries\",\"item\":\"https:\\\/\\\/ufb.be\\\/nl\\\/beneficiary\\\/\"},{\"@type\":\"ListItem\",\"position\":3,\"name\":\"Service Sociale Li\u00e8ge Laveu\"}]},{\"@type\":\"WebSite\",\"@id\":\"https:\\\/\\\/ufb.be\\\/nl\\\/#website\",\"url\":\"https:\\\/\\\/ufb.be\\\/nl\\\/\",\"name\":\"United Fund for Belgium\",\"description\":\"Combattons l\u2019exclusion pour plus d\u2019int\u00e9gration sociale\",\"publisher\":{\"@id\":\"https:\\\/\\\/ufb.be\\\/nl\\\/#organization\"},\"alternateName\":\"UFB\",\"potentialAction\":[{\"@type\":\"SearchAction\",\"target\":{\"@type\":\"EntryPoint\",\"urlTemplate\":\"https:\\\/\\\/ufb.be\\\/nl\\\/?s={search_term_string}\"},\"query-input\":{\"@type\":\"PropertyValueSpecification\",\"valueRequired\":true,\"valueName\":\"search_term_string\"}}],\"inLanguage\":\"nl-NL\"},{\"@type\":\"Organization\",\"@id\":\"https:\\\/\\\/ufb.be\\\/nl\\\/#organization\",\"name\":\"United Fund for Belgium\",\"alternateName\":\"UFB\",\"url\":\"https:\\\/\\\/ufb.be\\\/nl\\\/\",\"logo\":{\"@type\":\"ImageObject\",\"inLanguage\":\"nl-NL\",\"@id\":\"https:\\\/\\\/ufb.be\\\/nl\\\/#\\\/schema\\\/logo\\\/image\\\/\",\"url\":\"https:\\\/\\\/ufb.be\\\/wp-content\\\/uploads\\\/2025\\\/07\\\/Logo-UFB-RS.png\",\"contentUrl\":\"https:\\\/\\\/ufb.be\\\/wp-content\\\/uploads\\\/2025\\\/07\\\/Logo-UFB-RS.png\",\"width\":200,\"height\":200,\"caption\":\"United Fund for Belgium\"},\"image\":{\"@id\":\"https:\\\/\\\/ufb.be\\\/nl\\\/#\\\/schema\\\/logo\\\/image\\\/\"}}]}<\/script>\n<!-- \/ Yoast SEO plugin. -->","yoast_head_json":{"title":"Service Sociale Li\u00e8ge Laveu - UFB","robots":{"index":"index","follow":"follow","max-snippet":"max-snippet:-1","max-image-preview":"max-image-preview:large","max-video-preview":"max-video-preview:-1"},"canonical":"https:\/\/ufb.be\/nl\/beneficiary\/service-sociale-liege-laveu\/","og_locale":"nl_NL","og_type":"article","og_title":"Service Sociale Li\u00e8ge Laveu - UFB","og_description":"L&#8217;ORGANISATION EN QUELQUES LIGNES L\u2019association a pour but de promouvoir la justice et la solidarit\u00e9, de combattre l\u2019exclusion sociale et ses causes profondes, en dehors de toute exclusive. Elle a pour objet d\u2019accueillir, \u00e9couter toute personne qui en fait la demande, sans distinction d\u2019appartenance philosophique ou religieuse, d\u2019apporter de fa\u00e7on suppl\u00e9tive une aide d\u2019urgence aux [&hellip;]","og_url":"https:\/\/ufb.be\/nl\/beneficiary\/service-sociale-liege-laveu\/","og_site_name":"UFB","article_modified_time":"2025-04-04T12:33:07+00:00","og_image":[{"width":750,"height":496,"url":"https:\/\/ufb.be\/wp-content\/uploads\/2023\/01\/image_servicesocialeliege.png","type":"image\/png"}],"twitter_card":"summary_large_image","twitter_misc":{"Geschatte leestijd":"4 minutes"},"schema":{"@context":"https:\/\/schema.org","@graph":[{"@type":"WebPage","@id":"https:\/\/ufb.be\/nl\/beneficiary\/service-sociale-liege-laveu\/","url":"https:\/\/ufb.be\/nl\/beneficiary\/service-sociale-liege-laveu\/","name":"Service Sociale Li\u00e8ge Laveu - UFB","isPartOf":{"@id":"https:\/\/ufb.be\/nl\/#website"},"primaryImageOfPage":{"@id":"https:\/\/ufb.be\/nl\/beneficiary\/service-sociale-liege-laveu\/#primaryimage"},"image":{"@id":"https:\/\/ufb.be\/nl\/beneficiary\/service-sociale-liege-laveu\/#primaryimage"},"thumbnailUrl":"https:\/\/ufb.be\/wp-content\/uploads\/2023\/01\/image_servicesocialeliege.png","datePublished":"2023-01-23T09:54:06+00:00","dateModified":"2025-04-04T12:33:07+00:00","breadcrumb":{"@id":"https:\/\/ufb.be\/nl\/beneficiary\/service-sociale-liege-laveu\/#breadcrumb"},"inLanguage":"nl-NL","potentialAction":[{"@type":"ReadAction","target":["https:\/\/ufb.be\/nl\/beneficiary\/service-sociale-liege-laveu\/"]}]},{"@type":"ImageObject","inLanguage":"nl-NL","@id":"https:\/\/ufb.be\/nl\/beneficiary\/service-sociale-liege-laveu\/#primaryimage","url":"https:\/\/ufb.be\/wp-content\/uploads\/2023\/01\/image_servicesocialeliege.png","contentUrl":"https:\/\/ufb.be\/wp-content\/uploads\/2023\/01\/image_servicesocialeliege.png","width":750,"height":496},{"@type":"BreadcrumbList","@id":"https:\/\/ufb.be\/nl\/beneficiary\/service-sociale-liege-laveu\/#breadcrumb","itemListElement":[{"@type":"ListItem","position":1,"name":"Accueil","item":"https:\/\/ufb.be\/nl\/"},{"@type":"ListItem","position":2,"name":"Beneficiaries","item":"https:\/\/ufb.be\/nl\/beneficiary\/"},{"@type":"ListItem","position":3,"name":"Service Sociale Li\u00e8ge Laveu"}]},{"@type":"WebSite","@id":"https:\/\/ufb.be\/nl\/#website","url":"https:\/\/ufb.be\/nl\/","name":"United Fund for Belgium","description":"Combattons l\u2019exclusion pour plus d\u2019int\u00e9gration sociale","publisher":{"@id":"https:\/\/ufb.be\/nl\/#organization"},"alternateName":"UFB","potentialAction":[{"@type":"SearchAction","target":{"@type":"EntryPoint","urlTemplate":"https:\/\/ufb.be\/nl\/?s={search_term_string}"},"query-input":{"@type":"PropertyValueSpecification","valueRequired":true,"valueName":"search_term_string"}}],"inLanguage":"nl-NL"},{"@type":"Organization","@id":"https:\/\/ufb.be\/nl\/#organization","name":"United Fund for Belgium","alternateName":"UFB","url":"https:\/\/ufb.be\/nl\/","logo":{"@type":"ImageObject","inLanguage":"nl-NL","@id":"https:\/\/ufb.be\/nl\/#\/schema\/logo\/image\/","url":"https:\/\/ufb.be\/wp-content\/uploads\/2025\/07\/Logo-UFB-RS.png","contentUrl":"https:\/\/ufb.be\/wp-content\/uploads\/2025\/07\/Logo-UFB-RS.png","width":200,"height":200,"caption":"United Fund for Belgium"},"image":{"@id":"https:\/\/ufb.be\/nl\/#\/schema\/logo\/image\/"}}]}},"_links":{"self":[{"href":"https:\/\/ufb.be\/nl\/wp-json\/wp\/v2\/beneficiary\/36613","targetHints":{"allow":["GET"]}}],"collection":[{"href":"https:\/\/ufb.be\/nl\/wp-json\/wp\/v2\/beneficiary"}],"about":[{"href":"https:\/\/ufb.be\/nl\/wp-json\/wp\/v2\/types\/beneficiary"}],"wp:featuredmedia":[{"embeddable":true,"href":"https:\/\/ufb.be\/nl\/wp-json\/wp\/v2\/media\/36614"}],"wp:attachment":[{"href":"https:\/\/ufb.be\/nl\/wp-json\/wp\/v2\/media?parent=36613"}],"curies":[{"name":"wp","href":"https:\/\/api.w.org\/{rel}","templated":true}]}}