{"id":55429,"date":"2025-07-08T11:20:57","date_gmt":"2025-07-08T10:20:57","guid":{"rendered":"https:\/\/ufb.be\/beneficiary\/du-nouveau-materiel-numerique-pour-lasbl-dora-dores\/"},"modified":"2025-07-31T09:13:26","modified_gmt":"2025-07-31T08:13:26","slug":"du-nouveau-materiel-numerique-pour-lasbl-dora-dores","status":"publish","type":"beneficiary","link":"https:\/\/ufb.be\/nl\/beneficiary\/du-nouveau-materiel-numerique-pour-lasbl-dora-dores\/","title":{"rendered":"Nieuwe digitale apparatuur voor ASBL Dora dor\u00ebs"},"content":{"rendered":"<p><span style=\"font-weight: 400;\">DE VZW<\/span> <i><span style=\"font-weight: 400;\">Dora Dor\u00ebs<\/span><\/i><span style=\"font-weight: 400;\"> gevestigd in Hoei in de provincie Luik, helpt mensen die ge\u00ebmigreerd zijn om zich met succes te integreren in Belgi\u00eb.<\/span><\/p>\n<p><span style=\"font-weight: 400;\">Dankzij de steun van UFB heeft de VZW nieuw digitaal materiaal kunnen aankopen voor de cursussen die ze voor haar begunstigden organiseert.<\/span><\/p>\n<h2><b>Mensen ondersteunen vanaf het moment dat ze in Belgi\u00eb aankomen  <\/b><\/h2>\n<p> <span style=\"font-weight: 400;\"><img fetchpriority=\"high\" decoding=\"async\" class=\"size-medium wp-image-53884 alignleft\" src=\"https:\/\/ufb.be\/wp-content\/uploads\/2025\/04\/Capture-decran-2025-04-04-142537-300x223.png\" alt=\"\" width=\"300\" height=\"223\" srcset=\"https:\/\/ufb.be\/wp-content\/uploads\/2025\/04\/Capture-decran-2025-04-04-142537-300x223.png 300w, https:\/\/ufb.be\/wp-content\/uploads\/2025\/04\/Capture-decran-2025-04-04-142537.png 607w\" sizes=\"(max-width: 300px) 100vw, 300px\" \/> De VZW is opgericht in 2003.<\/span> <a href=\"https:\/\/www.dora-dores.be\/missions\"><i><span style=\"font-weight: 400;\">Dora Dor\u00ebs<\/span><\/i><\/a><span style=\"font-weight: 400;\"> opgericht om mensen die naar Belgi\u00eb zijn ge\u00ebmigreerd te helpen bij hun sociale en professionele integratie. <\/span> <\/p>\n<p><span style=\"font-weight: 400;\">Met waarden gericht op integratie, sociale insluiting en het verminderen van ongelijkheid, heeft de VZW <\/span><i><span style=\"font-weight: 400;\">Dora Dor\u00ebs <\/span><\/i><span style=\"font-weight: 400;\">momenteel 75 mensen, waarvan de overgrote meerderheid vrouwen zijn die vooral de mogelijkheid waarderen om te leren terwijl hun kinderen op school zitten. <\/span> <\/p>\n<p><span style=\"font-weight: 400;\">De VZW biedt verschillende soorten activiteiten aan, waaronder Franse taalcursussen, theoretische rijlessen en een huiswerkschool voor de kinderen van de begunstigden.<\/span><\/p>\n<p><span style=\"font-weight: 400;\">Ze biedt ook opleidingen aan om je te helpen het Belgische systeem beter te begrijpen en je eraan aan te passen, vooral op het vlak van gezondheidszorg, sociale zekerheid, tewerkstelling en statuut.<\/span><\/p>\n<h2><b>Nieuwe digitale apparatuur voor begunstigden  <\/b><\/h2>\n<p><span style=\"font-weight: 400;\">DE VZW <\/span><i><span style=\"font-weight: 400;\">Dora Dor\u00ebs<\/span><\/i><span style=\"font-weight: 400;\"> wil een moderne en interactieve leeromgeving bieden aan de mensen die zij in haar gebouwen ontvangt. <\/span> <\/p>\n<p><span style=\"font-weight: 400;\">Omdat sommige begunstigden geen toegang hebben tot digitale hulpmiddelen, was het essentieel om nieuwe apparatuur aan te schaffen zodat ze de aangeboden cursussen konden volgen.<\/span><\/p>\n<p><span style=\"font-weight: 400;\">Met deze subsidie van \u20ac10.000 konden 5 laptops, 2 interactieve whiteboards en antivirussoftware worden aangeschaft om het gebruik van de apparatuur op de lange termijn te garanderen.<\/span><\/p>\n<p><span style=\"font-weight: 400;\">Het interactieve whiteboard biedt dynamischere lessen en stimuleert de betrokkenheid en actieve deelname van leerlingen.  <\/span><\/p>\n<p><span style=\"font-weight: 400;\">Deelnemers krijgen laptops tot hun beschikking voor Franse taaltraining, huiswerkbegeleiding en workshops over arbeidsintegratie.<\/span><\/p>\n<p><span style=\"font-weight: 400;\">&#8220;<\/span><i><span style=\"font-weight: 400;\">Namens onze cursisten en het hele Dora Dor\u00ebs team, een grote dankjewel voor jullie vertrouwen en jullie onschatbare steun, want &#8216;in het helpen van elkaar zit de echte rijkdom&#8217;.<\/span><\/i><span style=\"font-weight: 400;\">.&#8221; Hamid Canolli, directeur van de VZW. <\/span><\/p>\n<h2><b>Dankzij uw steun kunnen we onze activiteiten voortzetten<\/b><\/h2>\n<p><span style=\"font-weight: 400;\">Dankzij de ontvangen steun is deze aankoop mogelijk gemaakt. Dankzij ieders bijdrage   <\/span><i><span style=\"font-weight: 400;\">Dora Dor\u00ebs <\/span><\/i><span style=\"font-weight: 400;\">dynamische trainingscursussen aanbieden aan haar begunstigden.<\/span><\/p>\n<p><span style=\"font-weight: 400;\">Met jouw hulp kunnen we non-profitorganisaties zoals<\/span><i><span style=\"font-weight: 400;\"> Dora Dor\u00ebs <\/span><\/i><span style=\"font-weight: 400;\">nieuwkomers in Belgi\u00eb sociaal en professioneel integreren <\/span> <\/p>\n<p><a href=\"https:\/\/ufb.be\/nl\/ons-steunen-financiele-gifte\/\"><span style=\"font-weight: 400;\">Doe een gift<\/span><\/a><\/p>\n<p>&nbsp;<\/p>\n","protected":false},"featured_media":53891,"parent":0,"template":"","meta":{"_acf_changed":false},"class_list":["post-55429","beneficiary","type-beneficiary","status-publish","has-post-thumbnail","hentry","year_type-201","province_type-luik-nl","social_type-de-arbeidsmarkt-betreden"],"acf":[],"yoast_head":"<!-- This site is optimized with the Yoast SEO plugin v27.3 - https:\/\/yoast.com\/product\/yoast-seo-wordpress\/ -->\n<title>Nieuwe digitale apparatuur voor ASBL Dora dor\u00ebs - UFB<\/title>\n<meta name=\"robots\" content=\"index, follow, max-snippet:-1, max-image-preview:large, max-video-preview:-1\" \/>\n<link rel=\"canonical\" href=\"https:\/\/ufb.be\/nl\/beneficiary\/du-nouveau-materiel-numerique-pour-lasbl-dora-dores\/\" \/>\n<meta property=\"og:locale\" content=\"nl_NL\" \/>\n<meta property=\"og:type\" content=\"article\" \/>\n<meta property=\"og:title\" content=\"Nieuwe digitale apparatuur voor ASBL Dora dor\u00ebs - UFB\" \/>\n<meta property=\"og:description\" content=\"DE VZW Dora Dor\u00ebs gevestigd in Hoei in de provincie Luik, helpt mensen die ge\u00ebmigreerd zijn om zich met succes te integreren in Belgi\u00eb. Dankzij de steun van UFB heeft de VZW nieuw digitaal materiaal kunnen aankopen voor de cursussen die ze voor haar begunstigden organiseert. Mensen ondersteunen vanaf het moment dat ze in Belgi\u00eb [&hellip;]\" \/>\n<meta property=\"og:url\" content=\"https:\/\/ufb.be\/nl\/beneficiary\/du-nouveau-materiel-numerique-pour-lasbl-dora-dores\/\" \/>\n<meta property=\"og:site_name\" content=\"UFB\" \/>\n<meta property=\"article:modified_time\" content=\"2025-07-31T08:13:26+00:00\" \/>\n<meta property=\"og:image\" content=\"https:\/\/ufb.be\/wp-content\/uploads\/2025\/04\/Capture-decran-2025-04-04-142520.png\" \/>\n\t<meta property=\"og:image:width\" content=\"703\" \/>\n\t<meta property=\"og:image:height\" content=\"525\" \/>\n\t<meta property=\"og:image:type\" content=\"image\/png\" \/>\n<meta name=\"twitter:card\" content=\"summary_large_image\" \/>\n<meta name=\"twitter:label1\" content=\"Geschatte leestijd\" \/>\n\t<meta name=\"twitter:data1\" content=\"2 minutes\" \/>\n<script type=\"application\/ld+json\" class=\"yoast-schema-graph\">{\"@context\":\"https:\\\/\\\/schema.org\",\"@graph\":[{\"@type\":\"WebPage\",\"@id\":\"https:\\\/\\\/ufb.be\\\/nl\\\/beneficiary\\\/du-nouveau-materiel-numerique-pour-lasbl-dora-dores\\\/\",\"url\":\"https:\\\/\\\/ufb.be\\\/nl\\\/beneficiary\\\/du-nouveau-materiel-numerique-pour-lasbl-dora-dores\\\/\",\"name\":\"Nieuwe digitale apparatuur voor ASBL Dora dor\u00ebs - UFB\",\"isPartOf\":{\"@id\":\"https:\\\/\\\/ufb.be\\\/nl\\\/#website\"},\"primaryImageOfPage\":{\"@id\":\"https:\\\/\\\/ufb.be\\\/nl\\\/beneficiary\\\/du-nouveau-materiel-numerique-pour-lasbl-dora-dores\\\/#primaryimage\"},\"image\":{\"@id\":\"https:\\\/\\\/ufb.be\\\/nl\\\/beneficiary\\\/du-nouveau-materiel-numerique-pour-lasbl-dora-dores\\\/#primaryimage\"},\"thumbnailUrl\":\"https:\\\/\\\/ufb.be\\\/wp-content\\\/uploads\\\/2025\\\/04\\\/Capture-decran-2025-04-04-142520.png\",\"datePublished\":\"2025-07-08T10:20:57+00:00\",\"dateModified\":\"2025-07-31T08:13:26+00:00\",\"breadcrumb\":{\"@id\":\"https:\\\/\\\/ufb.be\\\/nl\\\/beneficiary\\\/du-nouveau-materiel-numerique-pour-lasbl-dora-dores\\\/#breadcrumb\"},\"inLanguage\":\"nl-NL\",\"potentialAction\":[{\"@type\":\"ReadAction\",\"target\":[\"https:\\\/\\\/ufb.be\\\/nl\\\/beneficiary\\\/du-nouveau-materiel-numerique-pour-lasbl-dora-dores\\\/\"]}]},{\"@type\":\"ImageObject\",\"inLanguage\":\"nl-NL\",\"@id\":\"https:\\\/\\\/ufb.be\\\/nl\\\/beneficiary\\\/du-nouveau-materiel-numerique-pour-lasbl-dora-dores\\\/#primaryimage\",\"url\":\"https:\\\/\\\/ufb.be\\\/wp-content\\\/uploads\\\/2025\\\/04\\\/Capture-decran-2025-04-04-142520.png\",\"contentUrl\":\"https:\\\/\\\/ufb.be\\\/wp-content\\\/uploads\\\/2025\\\/04\\\/Capture-decran-2025-04-04-142520.png\",\"width\":703,\"height\":525},{\"@type\":\"BreadcrumbList\",\"@id\":\"https:\\\/\\\/ufb.be\\\/nl\\\/beneficiary\\\/du-nouveau-materiel-numerique-pour-lasbl-dora-dores\\\/#breadcrumb\",\"itemListElement\":[{\"@type\":\"ListItem\",\"position\":1,\"name\":\"Accueil\",\"item\":\"https:\\\/\\\/ufb.be\\\/nl\\\/\"},{\"@type\":\"ListItem\",\"position\":2,\"name\":\"Beneficiaries\",\"item\":\"https:\\\/\\\/ufb.be\\\/nl\\\/beneficiary\\\/\"},{\"@type\":\"ListItem\",\"position\":3,\"name\":\"Nieuwe digitale apparatuur voor ASBL Dora dor\u00ebs\"}]},{\"@type\":\"WebSite\",\"@id\":\"https:\\\/\\\/ufb.be\\\/nl\\\/#website\",\"url\":\"https:\\\/\\\/ufb.be\\\/nl\\\/\",\"name\":\"United Fund for Belgium\",\"description\":\"Combattons l\u2019exclusion pour plus d\u2019int\u00e9gration sociale\",\"publisher\":{\"@id\":\"https:\\\/\\\/ufb.be\\\/nl\\\/#organization\"},\"alternateName\":\"UFB\",\"potentialAction\":[{\"@type\":\"SearchAction\",\"target\":{\"@type\":\"EntryPoint\",\"urlTemplate\":\"https:\\\/\\\/ufb.be\\\/nl\\\/?s={search_term_string}\"},\"query-input\":{\"@type\":\"PropertyValueSpecification\",\"valueRequired\":true,\"valueName\":\"search_term_string\"}}],\"inLanguage\":\"nl-NL\"},{\"@type\":\"Organization\",\"@id\":\"https:\\\/\\\/ufb.be\\\/nl\\\/#organization\",\"name\":\"United Fund for Belgium\",\"alternateName\":\"UFB\",\"url\":\"https:\\\/\\\/ufb.be\\\/nl\\\/\",\"logo\":{\"@type\":\"ImageObject\",\"inLanguage\":\"nl-NL\",\"@id\":\"https:\\\/\\\/ufb.be\\\/nl\\\/#\\\/schema\\\/logo\\\/image\\\/\",\"url\":\"https:\\\/\\\/ufb.be\\\/wp-content\\\/uploads\\\/2025\\\/07\\\/Logo-UFB-RS.png\",\"contentUrl\":\"https:\\\/\\\/ufb.be\\\/wp-content\\\/uploads\\\/2025\\\/07\\\/Logo-UFB-RS.png\",\"width\":200,\"height\":200,\"caption\":\"United Fund for Belgium\"},\"image\":{\"@id\":\"https:\\\/\\\/ufb.be\\\/nl\\\/#\\\/schema\\\/logo\\\/image\\\/\"}}]}<\/script>\n<!-- \/ Yoast SEO plugin. -->","yoast_head_json":{"title":"Nieuwe digitale apparatuur voor ASBL Dora dor\u00ebs - UFB","robots":{"index":"index","follow":"follow","max-snippet":"max-snippet:-1","max-image-preview":"max-image-preview:large","max-video-preview":"max-video-preview:-1"},"canonical":"https:\/\/ufb.be\/nl\/beneficiary\/du-nouveau-materiel-numerique-pour-lasbl-dora-dores\/","og_locale":"nl_NL","og_type":"article","og_title":"Nieuwe digitale apparatuur voor ASBL Dora dor\u00ebs - UFB","og_description":"DE VZW Dora Dor\u00ebs gevestigd in Hoei in de provincie Luik, helpt mensen die ge\u00ebmigreerd zijn om zich met succes te integreren in Belgi\u00eb. Dankzij de steun van UFB heeft de VZW nieuw digitaal materiaal kunnen aankopen voor de cursussen die ze voor haar begunstigden organiseert. Mensen ondersteunen vanaf het moment dat ze in Belgi\u00eb [&hellip;]","og_url":"https:\/\/ufb.be\/nl\/beneficiary\/du-nouveau-materiel-numerique-pour-lasbl-dora-dores\/","og_site_name":"UFB","article_modified_time":"2025-07-31T08:13:26+00:00","og_image":[{"width":703,"height":525,"url":"https:\/\/ufb.be\/wp-content\/uploads\/2025\/04\/Capture-decran-2025-04-04-142520.png","type":"image\/png"}],"twitter_card":"summary_large_image","twitter_misc":{"Geschatte leestijd":"2 minutes"},"schema":{"@context":"https:\/\/schema.org","@graph":[{"@type":"WebPage","@id":"https:\/\/ufb.be\/nl\/beneficiary\/du-nouveau-materiel-numerique-pour-lasbl-dora-dores\/","url":"https:\/\/ufb.be\/nl\/beneficiary\/du-nouveau-materiel-numerique-pour-lasbl-dora-dores\/","name":"Nieuwe digitale apparatuur voor ASBL Dora dor\u00ebs - UFB","isPartOf":{"@id":"https:\/\/ufb.be\/nl\/#website"},"primaryImageOfPage":{"@id":"https:\/\/ufb.be\/nl\/beneficiary\/du-nouveau-materiel-numerique-pour-lasbl-dora-dores\/#primaryimage"},"image":{"@id":"https:\/\/ufb.be\/nl\/beneficiary\/du-nouveau-materiel-numerique-pour-lasbl-dora-dores\/#primaryimage"},"thumbnailUrl":"https:\/\/ufb.be\/wp-content\/uploads\/2025\/04\/Capture-decran-2025-04-04-142520.png","datePublished":"2025-07-08T10:20:57+00:00","dateModified":"2025-07-31T08:13:26+00:00","breadcrumb":{"@id":"https:\/\/ufb.be\/nl\/beneficiary\/du-nouveau-materiel-numerique-pour-lasbl-dora-dores\/#breadcrumb"},"inLanguage":"nl-NL","potentialAction":[{"@type":"ReadAction","target":["https:\/\/ufb.be\/nl\/beneficiary\/du-nouveau-materiel-numerique-pour-lasbl-dora-dores\/"]}]},{"@type":"ImageObject","inLanguage":"nl-NL","@id":"https:\/\/ufb.be\/nl\/beneficiary\/du-nouveau-materiel-numerique-pour-lasbl-dora-dores\/#primaryimage","url":"https:\/\/ufb.be\/wp-content\/uploads\/2025\/04\/Capture-decran-2025-04-04-142520.png","contentUrl":"https:\/\/ufb.be\/wp-content\/uploads\/2025\/04\/Capture-decran-2025-04-04-142520.png","width":703,"height":525},{"@type":"BreadcrumbList","@id":"https:\/\/ufb.be\/nl\/beneficiary\/du-nouveau-materiel-numerique-pour-lasbl-dora-dores\/#breadcrumb","itemListElement":[{"@type":"ListItem","position":1,"name":"Accueil","item":"https:\/\/ufb.be\/nl\/"},{"@type":"ListItem","position":2,"name":"Beneficiaries","item":"https:\/\/ufb.be\/nl\/beneficiary\/"},{"@type":"ListItem","position":3,"name":"Nieuwe digitale apparatuur voor ASBL Dora dor\u00ebs"}]},{"@type":"WebSite","@id":"https:\/\/ufb.be\/nl\/#website","url":"https:\/\/ufb.be\/nl\/","name":"United Fund for Belgium","description":"Combattons l\u2019exclusion pour plus d\u2019int\u00e9gration sociale","publisher":{"@id":"https:\/\/ufb.be\/nl\/#organization"},"alternateName":"UFB","potentialAction":[{"@type":"SearchAction","target":{"@type":"EntryPoint","urlTemplate":"https:\/\/ufb.be\/nl\/?s={search_term_string}"},"query-input":{"@type":"PropertyValueSpecification","valueRequired":true,"valueName":"search_term_string"}}],"inLanguage":"nl-NL"},{"@type":"Organization","@id":"https:\/\/ufb.be\/nl\/#organization","name":"United Fund for Belgium","alternateName":"UFB","url":"https:\/\/ufb.be\/nl\/","logo":{"@type":"ImageObject","inLanguage":"nl-NL","@id":"https:\/\/ufb.be\/nl\/#\/schema\/logo\/image\/","url":"https:\/\/ufb.be\/wp-content\/uploads\/2025\/07\/Logo-UFB-RS.png","contentUrl":"https:\/\/ufb.be\/wp-content\/uploads\/2025\/07\/Logo-UFB-RS.png","width":200,"height":200,"caption":"United Fund for Belgium"},"image":{"@id":"https:\/\/ufb.be\/nl\/#\/schema\/logo\/image\/"}}]}},"_links":{"self":[{"href":"https:\/\/ufb.be\/nl\/wp-json\/wp\/v2\/beneficiary\/55429","targetHints":{"allow":["GET"]}}],"collection":[{"href":"https:\/\/ufb.be\/nl\/wp-json\/wp\/v2\/beneficiary"}],"about":[{"href":"https:\/\/ufb.be\/nl\/wp-json\/wp\/v2\/types\/beneficiary"}],"wp:featuredmedia":[{"embeddable":true,"href":"https:\/\/ufb.be\/nl\/wp-json\/wp\/v2\/media\/53891"}],"wp:attachment":[{"href":"https:\/\/ufb.be\/nl\/wp-json\/wp\/v2\/media?parent=55429"}],"curies":[{"name":"wp","href":"https:\/\/api.w.org\/{rel}","templated":true}]}}