{"id":8115,"date":"2020-11-13T12:47:37","date_gmt":"2020-11-13T12:47:37","guid":{"rendered":"https:\/\/ufb1.wpengine.com\/?post_type=beneficiary&#038;p=8115"},"modified":"2025-03-24T15:44:24","modified_gmt":"2025-03-24T14:44:24","slug":"les-renes-de-la-vie-asbl-integration-denfants-handicapes-par-lequitation","status":"publish","type":"beneficiary","link":"https:\/\/ufb.be\/nl\/beneficiary\/les-renes-de-la-vie-asbl-integration-denfants-handicapes-par-lequitation\/","title":{"rendered":"Les R\u00eanes de la Vie asbl &#8211; Int\u00e9gration d&#8217;enfants handicap\u00e9s par l&#8217;\u00e9quitation"},"content":{"rendered":"<h4><span style=\"color: #808080;\">ORGANISATION<\/span><\/h4>\n<p>L\u2019ASBL Les R\u00eanes <span style=\"color: #808080;\">de<\/span> la Vie travaille sur la relation entre l\u2019enfant porteur de handicap, le poney et la nature en d\u00e9veloppant une approche th\u00e9rapeutique et sociale. Cr\u00e9\u00e9e en 1982 par Marie-Claire de Sellier, apr\u00e8s avoir \u00e9t\u00e9 les pionniers dans le secteur, l\u2019ASBL Les R\u00eanes de la Vie reste unique par sa triple approche th\u00e9rapeutique, int\u00e9grative et p\u00e9dagogique.<\/p>\n<h4><span style=\"color: #808080;\">EVENEMENTS<\/span><\/h4>\n<p>Nous organisons des s\u00e9ances d&#8217;hippoth\u00e9rapie pour les enfants porteurs de handicaps, porteurs de troubles du comportement, pr\u00e9caris\u00e9s ou plac\u00e9s par le juge. Cela leur apporte non seulement beaucoup de bonheur mais mes s\u00e9ances et le contact avec le poney et la nature aide \u00e9norm\u00e9ment les enfants.<\/p>\n<h4><span style=\"color: #808080;\">PROJETS, MISSIONS, ACTIVITES LES PLUS IMPORTANTS ET LEUR IMPACT<\/span><\/h4>\n<p>L\u2019approche du Centre d\u2019Hippoth\u00e9rapie, les R\u00eanes de la Vie, est d\u2019interpeller l\u2019enfant dans sa globalit\u00e9, tant au niveau de ses sens que de ses comp\u00e9tences, tant dans son individualit\u00e9 que dans ses relations aux autres. Le cheval, tour \u00e0 tour \u00e9veilleur, r\u00e9v\u00e9lateur, facilitateur ou catalyseur des possibilit\u00e9s de l\u2019enfant, lui permettra de r\u00e9aliser des progr\u00e8s\u00a0:<\/p>\n<ul>\n<li>Au niveau Relationnel : la th\u00e9rapie avec le cheval apporte un nouveau regard sur soi et sur le monde ext\u00e9rieur. L\u2019hippoth\u00e9rapie offre l\u2019exp\u00e9rimentation d\u2019une relation gratifiante et valorisante. De plus, elle permet le d\u00e9veloppement de la ma\u00eetrise de ses \u00e9motions et de la confiance en soi.<\/li>\n<li>Au niveau Psychomoteur : l\u2019enfant, gr\u00e2ce au contact avec le cheval prend conscience de son sch\u00e9ma corporel. Il parvient \u00e0 d\u00e9velopper son \u00e9quilibre, son sens du rythme. De plus avec l\u2019aide de son th\u00e9rapeute et de son poney, l\u2019enfant va r\u00e9aliser des exercices visant l\u2019acquisition de la lat\u00e9ralit\u00e9, de la coordination et de la ma\u00eetrise spatio-temporelle.<\/li>\n<li>Au niveau Moteur : par la position \u00e0 cheval, le mouvement de l\u2019animal induit chez l\u2019enfant un massage en profondeur qui r\u00e9gularise le tonus musculaire, qui inhibe la spasticit\u00e9, assouplit le rachis et lib\u00e8re le mouvement. Certains enfants font de tels progr\u00e8s qu\u2019ils sont alors int\u00e9gr\u00e9s dans les cours d\u2019\u00e9quitation adapt\u00e9e.<\/li>\n<\/ul>\n<p>&nbsp;<\/p>\n","protected":false},"featured_media":18442,"parent":0,"template":"","meta":{"_acf_changed":false},"class_list":["post-8115","beneficiary","type-beneficiary","status-publish","has-post-thumbnail","hentry","year_type-202","province_type-brabant-wallon","social_type-personnes-en-situation-de-handicap"],"acf":[],"yoast_head":"<!-- This site is optimized with the Yoast SEO plugin v27.3 - https:\/\/yoast.com\/product\/yoast-seo-wordpress\/ -->\n<title>Les R\u00eanes de la Vie asbl - Int\u00e9gration d&#039;enfants handicap\u00e9s par l&#039;\u00e9quitation - UFB<\/title>\n<meta name=\"robots\" content=\"index, follow, max-snippet:-1, max-image-preview:large, max-video-preview:-1\" \/>\n<link rel=\"canonical\" href=\"https:\/\/ufb.be\/nl\/beneficiary\/les-renes-de-la-vie-asbl-integration-denfants-handicapes-par-lequitation\/\" \/>\n<meta property=\"og:locale\" content=\"nl_NL\" \/>\n<meta property=\"og:type\" content=\"article\" \/>\n<meta property=\"og:title\" content=\"Les R\u00eanes de la Vie asbl - Int\u00e9gration d&#039;enfants handicap\u00e9s par l&#039;\u00e9quitation - UFB\" \/>\n<meta property=\"og:description\" content=\"ORGANISATION L\u2019ASBL Les R\u00eanes de la Vie travaille sur la relation entre l\u2019enfant porteur de handicap, le poney et la nature en d\u00e9veloppant une approche th\u00e9rapeutique et sociale. Cr\u00e9\u00e9e en 1982 par Marie-Claire de Sellier, apr\u00e8s avoir \u00e9t\u00e9 les pionniers dans le secteur, l\u2019ASBL Les R\u00eanes de la Vie reste unique par sa triple approche [&hellip;]\" \/>\n<meta property=\"og:url\" content=\"https:\/\/ufb.be\/nl\/beneficiary\/les-renes-de-la-vie-asbl-integration-denfants-handicapes-par-lequitation\/\" \/>\n<meta property=\"og:site_name\" content=\"UFB\" \/>\n<meta property=\"article:modified_time\" content=\"2025-03-24T14:44:24+00:00\" \/>\n<meta property=\"og:image\" content=\"https:\/\/ufb.be\/wp-content\/uploads\/2020\/11\/image_renes-de-la-vie-.jpg\" \/>\n\t<meta property=\"og:image:width\" content=\"1640\" \/>\n\t<meta property=\"og:image:height\" content=\"924\" \/>\n\t<meta property=\"og:image:type\" content=\"image\/jpeg\" \/>\n<meta name=\"twitter:card\" content=\"summary_large_image\" \/>\n<meta name=\"twitter:label1\" content=\"Geschatte leestijd\" \/>\n\t<meta name=\"twitter:data1\" content=\"2 minutes\" \/>\n<script type=\"application\/ld+json\" class=\"yoast-schema-graph\">{\"@context\":\"https:\\\/\\\/schema.org\",\"@graph\":[{\"@type\":\"WebPage\",\"@id\":\"https:\\\/\\\/ufb.be\\\/nl\\\/beneficiary\\\/les-renes-de-la-vie-asbl-integration-denfants-handicapes-par-lequitation\\\/\",\"url\":\"https:\\\/\\\/ufb.be\\\/nl\\\/beneficiary\\\/les-renes-de-la-vie-asbl-integration-denfants-handicapes-par-lequitation\\\/\",\"name\":\"Les R\u00eanes de la Vie asbl - Int\u00e9gration d'enfants handicap\u00e9s par l'\u00e9quitation - UFB\",\"isPartOf\":{\"@id\":\"https:\\\/\\\/ufb.be\\\/nl\\\/#website\"},\"primaryImageOfPage\":{\"@id\":\"https:\\\/\\\/ufb.be\\\/nl\\\/beneficiary\\\/les-renes-de-la-vie-asbl-integration-denfants-handicapes-par-lequitation\\\/#primaryimage\"},\"image\":{\"@id\":\"https:\\\/\\\/ufb.be\\\/nl\\\/beneficiary\\\/les-renes-de-la-vie-asbl-integration-denfants-handicapes-par-lequitation\\\/#primaryimage\"},\"thumbnailUrl\":\"https:\\\/\\\/ufb.be\\\/wp-content\\\/uploads\\\/2020\\\/11\\\/image_renes-de-la-vie-.jpg\",\"datePublished\":\"2020-11-13T12:47:37+00:00\",\"dateModified\":\"2025-03-24T14:44:24+00:00\",\"breadcrumb\":{\"@id\":\"https:\\\/\\\/ufb.be\\\/nl\\\/beneficiary\\\/les-renes-de-la-vie-asbl-integration-denfants-handicapes-par-lequitation\\\/#breadcrumb\"},\"inLanguage\":\"nl-NL\",\"potentialAction\":[{\"@type\":\"ReadAction\",\"target\":[\"https:\\\/\\\/ufb.be\\\/nl\\\/beneficiary\\\/les-renes-de-la-vie-asbl-integration-denfants-handicapes-par-lequitation\\\/\"]}]},{\"@type\":\"ImageObject\",\"inLanguage\":\"nl-NL\",\"@id\":\"https:\\\/\\\/ufb.be\\\/nl\\\/beneficiary\\\/les-renes-de-la-vie-asbl-integration-denfants-handicapes-par-lequitation\\\/#primaryimage\",\"url\":\"https:\\\/\\\/ufb.be\\\/wp-content\\\/uploads\\\/2020\\\/11\\\/image_renes-de-la-vie-.jpg\",\"contentUrl\":\"https:\\\/\\\/ufb.be\\\/wp-content\\\/uploads\\\/2020\\\/11\\\/image_renes-de-la-vie-.jpg\",\"width\":1640,\"height\":924},{\"@type\":\"BreadcrumbList\",\"@id\":\"https:\\\/\\\/ufb.be\\\/nl\\\/beneficiary\\\/les-renes-de-la-vie-asbl-integration-denfants-handicapes-par-lequitation\\\/#breadcrumb\",\"itemListElement\":[{\"@type\":\"ListItem\",\"position\":1,\"name\":\"Accueil\",\"item\":\"https:\\\/\\\/ufb.be\\\/nl\\\/\"},{\"@type\":\"ListItem\",\"position\":2,\"name\":\"Beneficiaries\",\"item\":\"https:\\\/\\\/ufb.be\\\/nl\\\/beneficiary\\\/\"},{\"@type\":\"ListItem\",\"position\":3,\"name\":\"Les R\u00eanes de la Vie asbl &#8211; Int\u00e9gration d&rsquo;enfants handicap\u00e9s par l&rsquo;\u00e9quitation\"}]},{\"@type\":\"WebSite\",\"@id\":\"https:\\\/\\\/ufb.be\\\/nl\\\/#website\",\"url\":\"https:\\\/\\\/ufb.be\\\/nl\\\/\",\"name\":\"United Fund for Belgium\",\"description\":\"Combattons l\u2019exclusion pour plus d\u2019int\u00e9gration sociale\",\"publisher\":{\"@id\":\"https:\\\/\\\/ufb.be\\\/nl\\\/#organization\"},\"alternateName\":\"UFB\",\"potentialAction\":[{\"@type\":\"SearchAction\",\"target\":{\"@type\":\"EntryPoint\",\"urlTemplate\":\"https:\\\/\\\/ufb.be\\\/nl\\\/?s={search_term_string}\"},\"query-input\":{\"@type\":\"PropertyValueSpecification\",\"valueRequired\":true,\"valueName\":\"search_term_string\"}}],\"inLanguage\":\"nl-NL\"},{\"@type\":\"Organization\",\"@id\":\"https:\\\/\\\/ufb.be\\\/nl\\\/#organization\",\"name\":\"United Fund for Belgium\",\"alternateName\":\"UFB\",\"url\":\"https:\\\/\\\/ufb.be\\\/nl\\\/\",\"logo\":{\"@type\":\"ImageObject\",\"inLanguage\":\"nl-NL\",\"@id\":\"https:\\\/\\\/ufb.be\\\/nl\\\/#\\\/schema\\\/logo\\\/image\\\/\",\"url\":\"https:\\\/\\\/ufb.be\\\/wp-content\\\/uploads\\\/2025\\\/07\\\/Logo-UFB-RS.png\",\"contentUrl\":\"https:\\\/\\\/ufb.be\\\/wp-content\\\/uploads\\\/2025\\\/07\\\/Logo-UFB-RS.png\",\"width\":200,\"height\":200,\"caption\":\"United Fund for Belgium\"},\"image\":{\"@id\":\"https:\\\/\\\/ufb.be\\\/nl\\\/#\\\/schema\\\/logo\\\/image\\\/\"}}]}<\/script>\n<!-- \/ Yoast SEO plugin. -->","yoast_head_json":{"title":"Les R\u00eanes de la Vie asbl - Int\u00e9gration d'enfants handicap\u00e9s par l'\u00e9quitation - UFB","robots":{"index":"index","follow":"follow","max-snippet":"max-snippet:-1","max-image-preview":"max-image-preview:large","max-video-preview":"max-video-preview:-1"},"canonical":"https:\/\/ufb.be\/nl\/beneficiary\/les-renes-de-la-vie-asbl-integration-denfants-handicapes-par-lequitation\/","og_locale":"nl_NL","og_type":"article","og_title":"Les R\u00eanes de la Vie asbl - Int\u00e9gration d'enfants handicap\u00e9s par l'\u00e9quitation - UFB","og_description":"ORGANISATION L\u2019ASBL Les R\u00eanes de la Vie travaille sur la relation entre l\u2019enfant porteur de handicap, le poney et la nature en d\u00e9veloppant une approche th\u00e9rapeutique et sociale. Cr\u00e9\u00e9e en 1982 par Marie-Claire de Sellier, apr\u00e8s avoir \u00e9t\u00e9 les pionniers dans le secteur, l\u2019ASBL Les R\u00eanes de la Vie reste unique par sa triple approche [&hellip;]","og_url":"https:\/\/ufb.be\/nl\/beneficiary\/les-renes-de-la-vie-asbl-integration-denfants-handicapes-par-lequitation\/","og_site_name":"UFB","article_modified_time":"2025-03-24T14:44:24+00:00","og_image":[{"width":1640,"height":924,"url":"https:\/\/ufb.be\/wp-content\/uploads\/2020\/11\/image_renes-de-la-vie-.jpg","type":"image\/jpeg"}],"twitter_card":"summary_large_image","twitter_misc":{"Geschatte leestijd":"2 minutes"},"schema":{"@context":"https:\/\/schema.org","@graph":[{"@type":"WebPage","@id":"https:\/\/ufb.be\/nl\/beneficiary\/les-renes-de-la-vie-asbl-integration-denfants-handicapes-par-lequitation\/","url":"https:\/\/ufb.be\/nl\/beneficiary\/les-renes-de-la-vie-asbl-integration-denfants-handicapes-par-lequitation\/","name":"Les R\u00eanes de la Vie asbl - Int\u00e9gration d'enfants handicap\u00e9s par l'\u00e9quitation - UFB","isPartOf":{"@id":"https:\/\/ufb.be\/nl\/#website"},"primaryImageOfPage":{"@id":"https:\/\/ufb.be\/nl\/beneficiary\/les-renes-de-la-vie-asbl-integration-denfants-handicapes-par-lequitation\/#primaryimage"},"image":{"@id":"https:\/\/ufb.be\/nl\/beneficiary\/les-renes-de-la-vie-asbl-integration-denfants-handicapes-par-lequitation\/#primaryimage"},"thumbnailUrl":"https:\/\/ufb.be\/wp-content\/uploads\/2020\/11\/image_renes-de-la-vie-.jpg","datePublished":"2020-11-13T12:47:37+00:00","dateModified":"2025-03-24T14:44:24+00:00","breadcrumb":{"@id":"https:\/\/ufb.be\/nl\/beneficiary\/les-renes-de-la-vie-asbl-integration-denfants-handicapes-par-lequitation\/#breadcrumb"},"inLanguage":"nl-NL","potentialAction":[{"@type":"ReadAction","target":["https:\/\/ufb.be\/nl\/beneficiary\/les-renes-de-la-vie-asbl-integration-denfants-handicapes-par-lequitation\/"]}]},{"@type":"ImageObject","inLanguage":"nl-NL","@id":"https:\/\/ufb.be\/nl\/beneficiary\/les-renes-de-la-vie-asbl-integration-denfants-handicapes-par-lequitation\/#primaryimage","url":"https:\/\/ufb.be\/wp-content\/uploads\/2020\/11\/image_renes-de-la-vie-.jpg","contentUrl":"https:\/\/ufb.be\/wp-content\/uploads\/2020\/11\/image_renes-de-la-vie-.jpg","width":1640,"height":924},{"@type":"BreadcrumbList","@id":"https:\/\/ufb.be\/nl\/beneficiary\/les-renes-de-la-vie-asbl-integration-denfants-handicapes-par-lequitation\/#breadcrumb","itemListElement":[{"@type":"ListItem","position":1,"name":"Accueil","item":"https:\/\/ufb.be\/nl\/"},{"@type":"ListItem","position":2,"name":"Beneficiaries","item":"https:\/\/ufb.be\/nl\/beneficiary\/"},{"@type":"ListItem","position":3,"name":"Les R\u00eanes de la Vie asbl &#8211; Int\u00e9gration d&rsquo;enfants handicap\u00e9s par l&rsquo;\u00e9quitation"}]},{"@type":"WebSite","@id":"https:\/\/ufb.be\/nl\/#website","url":"https:\/\/ufb.be\/nl\/","name":"United Fund for Belgium","description":"Combattons l\u2019exclusion pour plus d\u2019int\u00e9gration sociale","publisher":{"@id":"https:\/\/ufb.be\/nl\/#organization"},"alternateName":"UFB","potentialAction":[{"@type":"SearchAction","target":{"@type":"EntryPoint","urlTemplate":"https:\/\/ufb.be\/nl\/?s={search_term_string}"},"query-input":{"@type":"PropertyValueSpecification","valueRequired":true,"valueName":"search_term_string"}}],"inLanguage":"nl-NL"},{"@type":"Organization","@id":"https:\/\/ufb.be\/nl\/#organization","name":"United Fund for Belgium","alternateName":"UFB","url":"https:\/\/ufb.be\/nl\/","logo":{"@type":"ImageObject","inLanguage":"nl-NL","@id":"https:\/\/ufb.be\/nl\/#\/schema\/logo\/image\/","url":"https:\/\/ufb.be\/wp-content\/uploads\/2025\/07\/Logo-UFB-RS.png","contentUrl":"https:\/\/ufb.be\/wp-content\/uploads\/2025\/07\/Logo-UFB-RS.png","width":200,"height":200,"caption":"United Fund for Belgium"},"image":{"@id":"https:\/\/ufb.be\/nl\/#\/schema\/logo\/image\/"}}]}},"_links":{"self":[{"href":"https:\/\/ufb.be\/nl\/wp-json\/wp\/v2\/beneficiary\/8115","targetHints":{"allow":["GET"]}}],"collection":[{"href":"https:\/\/ufb.be\/nl\/wp-json\/wp\/v2\/beneficiary"}],"about":[{"href":"https:\/\/ufb.be\/nl\/wp-json\/wp\/v2\/types\/beneficiary"}],"wp:featuredmedia":[{"embeddable":true,"href":"https:\/\/ufb.be\/nl\/wp-json\/wp\/v2\/media\/18442"}],"wp:attachment":[{"href":"https:\/\/ufb.be\/nl\/wp-json\/wp\/v2\/media?parent=8115"}],"curies":[{"name":"wp","href":"https:\/\/api.w.org\/{rel}","templated":true}]}}